{"version":"1.0","provider_name":"Fotograf\u00eda de Maternidad, reci\u00e9n nacidos y embarazo en Madrid","provider_url":"https:\/\/www.carolrenauxphoto.com\/en","author_name":"renauxadmin","author_url":"https:\/\/www.carolrenauxphoto.com\/en\/author\/renauxadmin\/","title":"Pol\u00edtica de privacidad - Fotograf\u00eda de Maternidad, reci\u00e9n nacidos y embarazo en Madrid","type":"rich","width":600,"height":338,"html":"<blockquote class=\"wp-embedded-content\" data-secret=\"LtgKpoCwjo\"><a href=\"https:\/\/www.carolrenauxphoto.com\/en\/politica-privacidad\/\">Pol\u00edtica de privacidad<\/a><\/blockquote><iframe sandbox=\"allow-scripts\" security=\"restricted\" src=\"https:\/\/www.carolrenauxphoto.com\/en\/politica-privacidad\/embed\/#?secret=LtgKpoCwjo\" width=\"600\" height=\"338\" title=\"&#8220;Pol\u00edtica de privacidad&#8221; &#8212; Fotograf\u00eda de Maternidad, reci\u00e9n nacidos y embarazo en Madrid\" data-secret=\"LtgKpoCwjo\" frameborder=\"0\" marginwidth=\"0\" marginheight=\"0\" scrolling=\"no\" class=\"wp-embedded-content\"><\/iframe><script>\n\/*! This file is auto-generated *\/\n!function(d,l){\"use strict\";l.querySelector&&d.addEventListener&&\"undefined\"!=typeof URL&&(d.wp=d.wp||{},d.wp.receiveEmbedMessage||(d.wp.receiveEmbedMessage=function(e){var t=e.data;if((t||t.secret||t.message||t.value)&&!\/[^a-zA-Z0-9]\/.test(t.secret)){for(var s,r,n,a=l.querySelectorAll('iframe[data-secret=\"'+t.secret+'\"]'),o=l.querySelectorAll('blockquote[data-secret=\"'+t.secret+'\"]'),c=new RegExp(\"^https?:$\",\"i\"),i=0;i<o.length;i++)o[i].style.display=\"none\";for(i=0;i<a.length;i++)s=a[i],e.source===s.contentWindow&&(s.removeAttribute(\"style\"),\"height\"===t.message?(1e3<(r=parseInt(t.value,10))?r=1e3:~~r<200&&(r=200),s.height=r):\"link\"===t.message&&(r=new URL(s.getAttribute(\"src\")),n=new URL(t.value),c.test(n.protocol))&&n.host===r.host&&l.activeElement===s&&(d.top.location.href=t.value))}},d.addEventListener(\"message\",d.wp.receiveEmbedMessage,!1),l.addEventListener(\"DOMContentLoaded\",function(){for(var e,t,s=l.querySelectorAll(\"iframe.wp-embedded-content\"),r=0;r<s.length;r++)(t=(e=s[r]).getAttribute(\"data-secret\"))||(t=Math.random().toString(36).substring(2,12),e.src+=\"#?secret=\"+t,e.setAttribute(\"data-secret\",t)),e.contentWindow.postMessage({message:\"ready\",secret:t},\"*\")},!1)))}(window,document);\n\/\/# sourceURL=https:\/\/www.carolrenauxphoto.com\/wp-includes\/js\/wp-embed.min.js\n<\/script>","description":"POL\u00cdTICAS DE PRIVACIDAD Qui\u00e9nes somos La direcci\u00f3n de nuestra web es: https:\/\/www.carolrenauxphoto.com Qu\u00e9 datos personales recogemos y por qu\u00e9 los recogemos Comentarios Cuando los visitantes dejan comentarios en la web, recopilamos los datos que se muestran en el formulario de comentarios, as\u00ed como la direcci\u00f3n IP del visitante y la cadena de agentes de usuario ... Read more","thumbnail_url":"https:\/\/www.carolrenauxphoto.com\/wp-content\/uploads\/2026\/03\/FOTOGRAFA-DE-MATERNIDAD-CAROL-RENAUX-scaled.jpg","thumbnail_width":1707,"thumbnail_height":2560}