{"id":22,"date":"2020-03-02T08:37:08","date_gmt":"2020-03-02T08:37:08","guid":{"rendered":"https:\/\/www.carolrenauxphoto.com\/?page_id=22"},"modified":"2026-03-04T15:15:21","modified_gmt":"2026-03-04T15:15:21","slug":"fotografia-de-maternidad-recien-nacidos-y-embarazadas-en-madrid","status":"publish","type":"page","link":"https:\/\/www.carolrenauxphoto.com\/en\/","title":{"rendered":"Carol Renaux Photo"},"content":{"rendered":"\t\t<div data-elementor-type=\"wp-page\" data-elementor-id=\"22\" class=\"elementor elementor-22\">\n\t\t\t\t\t\t<section class=\"elementor-section elementor-top-section elementor-element elementor-element-0410a3a elementor-section-stretched elementor-section-boxed elementor-section-height-default elementor-section-height-default\" data-id=\"0410a3a\" data-element_type=\"section\" data-e-type=\"section\" data-settings=\"{&quot;stretch_section&quot;:&quot;section-stretched&quot;}\">\n\t\t\t\t\t\t<div class=\"elementor-container elementor-column-gap-default\">\n\t\t\t\t\t<div class=\"elementor-column elementor-col-100 elementor-top-column elementor-element elementor-element-cdbd10c\" data-id=\"cdbd10c\" data-element_type=\"column\" data-e-type=\"column\">\n\t\t\t<div class=\"elementor-widget-wrap elementor-element-populated\">\n\t\t\t\t\t\t<div class=\"elementor-element elementor-element-d7fbbc8 elementor-widget elementor-widget-heading\" data-id=\"d7fbbc8\" data-element_type=\"widget\" data-e-type=\"widget\" data-widget_type=\"heading.default\">\n\t\t\t\t<div class=\"elementor-widget-container\">\n\t\t\t\t\t<h1 class=\"elementor-heading-title elementor-size-default\">Fotograf\u00eda de Maternidad, reci\u00e9n nacidos,embarazadas y familias en Madrid<\/h1>\t\t\t\t<\/div>\n\t\t\t\t<\/div>\n\t\t\t\t<div class=\"elementor-element elementor-element-c20182a elementor-widget elementor-widget-spacer\" data-id=\"c20182a\" data-element_type=\"widget\" data-e-type=\"widget\" data-widget_type=\"spacer.default\">\n\t\t\t\t<div class=\"elementor-widget-container\">\n\t\t\t\t\t\t\t<div class=\"elementor-spacer\">\n\t\t\t<div class=\"elementor-spacer-inner\"><\/div>\n\t\t<\/div>\n\t\t\t\t\t\t<\/div>\n\t\t\t\t<\/div>\n\t\t\t\t<div class=\"elementor-element elementor-element-f14d12f elementor-widget elementor-widget-text-editor\" data-id=\"f14d12f\" data-element_type=\"widget\" data-e-type=\"widget\" data-widget_type=\"text-editor.default\">\n\t\t\t\t<div class=\"elementor-widget-container\">\n\t\t\t\t\t\t\t\t\t<p style=\"text-align: center;\">\u201cLa vida es una mezcla de magia y cotidianidad, yo fotograf\u00edo ambas\u00bb<\/p>\t\t\t\t\t\t\t\t<\/div>\n\t\t\t\t<\/div>\n\t\t\t\t<div class=\"elementor-element elementor-element-b9c598e elementor-widget elementor-widget-text-editor\" data-id=\"b9c598e\" data-element_type=\"widget\" data-e-type=\"widget\" data-widget_type=\"text-editor.default\">\n\t\t\t\t<div class=\"elementor-widget-container\">\n\t\t\t\t\t\t\t\t\t<p>Me llamo Carol Renaux y mi fotograf\u00eda es honesta, emotiva y natural.<\/p><p>Hace m\u00e1s de 12 a\u00f1os que la fotograf\u00eda me permite hablar de personas y sus historias. Capturo momentos especiales y cotidianos de sus vidas, creando recuerdos \u00fanicos que perduren en el tiempo.<\/p><p>Fotograf\u00edo mujeres embarazadas, sus maternidades, lactancias, reci\u00e9n nacidos, beb\u00e9s y\u00a0 familias.\u00a0<\/p><p>Mi trabajo tambi\u00e9n se extiende al \u00e1mbito de la fotograf\u00eda corporativa y editorial.<\/p><p>Trabajo sobre todo en Madrid, pero me muevo all\u00ed donde tu familia o marca me necesite.<\/p>\t\t\t\t\t\t\t\t<\/div>\n\t\t\t\t<\/div>\n\t\t\t\t\t<\/div>\n\t\t<\/div>\n\t\t\t\t\t<\/div>\n\t\t<\/section>\n\t\t\t\t<section class=\"elementor-section elementor-top-section elementor-element elementor-element-7cca823 elementor-section-stretched elementor-section-boxed elementor-section-height-default elementor-section-height-default\" data-id=\"7cca823\" data-element_type=\"section\" data-e-type=\"section\" data-settings=\"{&quot;stretch_section&quot;:&quot;section-stretched&quot;}\">\n\t\t\t\t\t\t<div class=\"elementor-container elementor-column-gap-default\">\n\t\t\t\t\t<div class=\"elementor-column elementor-col-100 elementor-top-column elementor-element elementor-element-141d399\" data-id=\"141d399\" data-element_type=\"column\" data-e-type=\"column\">\n\t\t\t<div class=\"elementor-widget-wrap elementor-element-populated\">\n\t\t\t\t\t\t<div class=\"elementor-element elementor-element-9cd47e4 elementor-widget elementor-widget-heading\" data-id=\"9cd47e4\" data-element_type=\"widget\" data-e-type=\"widget\" data-widget_type=\"heading.default\">\n\t\t\t\t<div class=\"elementor-widget-container\">\n\t\t\t\t\t<h1 class=\"elementor-heading-title elementor-size-default\">\u00bfQu\u00e9 tipo de sesiones realizo?<\/h1>\t\t\t\t<\/div>\n\t\t\t\t<\/div>\n\t\t\t\t\t<\/div>\n\t\t<\/div>\n\t\t\t\t\t<\/div>\n\t\t<\/section>\n\t\t\t\t<section class=\"elementor-section elementor-top-section elementor-element elementor-element-c2f0eb9 elementor-section-stretched elementor-section-full_width elementor-section-height-default elementor-section-height-default\" data-id=\"c2f0eb9\" data-element_type=\"section\" data-e-type=\"section\" data-settings=\"{&quot;stretch_section&quot;:&quot;section-stretched&quot;}\">\n\t\t\t\t\t\t<div class=\"elementor-container elementor-column-gap-default\">\n\t\t\t\t\t<div class=\"elementor-column elementor-col-33 elementor-top-column elementor-element elementor-element-d236b6f\" data-id=\"d236b6f\" data-element_type=\"column\" data-e-type=\"column\">\n\t\t\t<div class=\"elementor-widget-wrap elementor-element-populated\">\n\t\t\t\t\t\t<div class=\"elementor-element elementor-element-721c980 elementor-widget elementor-widget-text-editor\" data-id=\"721c980\" data-element_type=\"widget\" data-e-type=\"widget\" data-widget_type=\"text-editor.default\">\n\t\t\t\t<div class=\"elementor-widget-container\">\n\t\t\t\t\t\t\t\t\t<p style=\"text-align: center;\">Reci\u00e9n nacidos y beb\u00e9s<\/p>\t\t\t\t\t\t\t\t<\/div>\n\t\t\t\t<\/div>\n\t\t\t\t<div class=\"elementor-element elementor-element-899379e elementor-widget elementor-widget-image\" data-id=\"899379e\" data-element_type=\"widget\" data-e-type=\"widget\" data-widget_type=\"image.default\">\n\t\t\t\t<div class=\"elementor-widget-container\">\n\t\t\t\t\t\t\t\t\t\t\t\t\t\t\t\t<a href=\"https:\/\/www.carolrenauxphoto.com\/bebes\/\">\n\t\t\t\t\t\t\t<img fetchpriority=\"high\" decoding=\"async\" width=\"683\" height=\"1024\" src=\"https:\/\/www.carolrenauxphoto.com\/wp-content\/uploads\/2026\/03\/SESION-DE-RECIEN-NACIDO-EN-MADRID-CAROL-RENAUX-683x1024.jpg\" class=\"attachment-large size-large wp-image-1620\" alt=\"SESI\u00d3N DE RECI\u00c9N NACIDOS EN MADRID CAROL RENAUX\" srcset=\"https:\/\/www.carolrenauxphoto.com\/wp-content\/uploads\/2026\/03\/SESION-DE-RECIEN-NACIDO-EN-MADRID-CAROL-RENAUX-683x1024.jpg 683w, https:\/\/www.carolrenauxphoto.com\/wp-content\/uploads\/2026\/03\/SESION-DE-RECIEN-NACIDO-EN-MADRID-CAROL-RENAUX-200x300.jpg 200w, https:\/\/www.carolrenauxphoto.com\/wp-content\/uploads\/2026\/03\/SESION-DE-RECIEN-NACIDO-EN-MADRID-CAROL-RENAUX-768x1152.jpg 768w, https:\/\/www.carolrenauxphoto.com\/wp-content\/uploads\/2026\/03\/SESION-DE-RECIEN-NACIDO-EN-MADRID-CAROL-RENAUX-1024x1536.jpg 1024w, https:\/\/www.carolrenauxphoto.com\/wp-content\/uploads\/2026\/03\/SESION-DE-RECIEN-NACIDO-EN-MADRID-CAROL-RENAUX-1365x2048.jpg 1365w, https:\/\/www.carolrenauxphoto.com\/wp-content\/uploads\/2026\/03\/SESION-DE-RECIEN-NACIDO-EN-MADRID-CAROL-RENAUX-scaled.jpg 1707w\" sizes=\"(max-width: 683px) 100vw, 683px\" \/>\t\t\t\t\t\t\t\t<\/a>\n\t\t\t\t\t\t\t\t\t\t\t\t\t\t\t<\/div>\n\t\t\t\t<\/div>\n\t\t\t\t\t<\/div>\n\t\t<\/div>\n\t\t\t\t<div class=\"elementor-column elementor-col-33 elementor-top-column elementor-element elementor-element-66f106d\" data-id=\"66f106d\" data-element_type=\"column\" data-e-type=\"column\">\n\t\t\t<div class=\"elementor-widget-wrap elementor-element-populated\">\n\t\t\t\t\t\t<div class=\"elementor-element elementor-element-c537236 elementor-widget elementor-widget-text-editor\" data-id=\"c537236\" data-element_type=\"widget\" data-e-type=\"widget\" data-widget_type=\"text-editor.default\">\n\t\t\t\t<div class=\"elementor-widget-container\">\n\t\t\t\t\t\t\t\t\t<p style=\"text-align: center;\">Embarazo<\/p>\t\t\t\t\t\t\t\t<\/div>\n\t\t\t\t<\/div>\n\t\t\t\t<div class=\"elementor-element elementor-element-147aa46 elementor-widget elementor-widget-image\" data-id=\"147aa46\" data-element_type=\"widget\" data-e-type=\"widget\" data-widget_type=\"image.default\">\n\t\t\t\t<div class=\"elementor-widget-container\">\n\t\t\t\t\t\t\t\t\t\t\t\t\t\t\t\t<a href=\"https:\/\/www.carolrenauxphoto.com\/embarazo\/\">\n\t\t\t\t\t\t\t<img decoding=\"async\" width=\"683\" height=\"1024\" src=\"https:\/\/www.carolrenauxphoto.com\/wp-content\/uploads\/2026\/03\/Sesion-de-embarazo-en-Madrid-Carol-Renaux-2-683x1024.jpg\" class=\"attachment-large size-large wp-image-1626\" alt=\"Fotograf\u00eda de embarazadas en Madrid Carol Renaux\" srcset=\"https:\/\/www.carolrenauxphoto.com\/wp-content\/uploads\/2026\/03\/Sesion-de-embarazo-en-Madrid-Carol-Renaux-2-683x1024.jpg 683w, https:\/\/www.carolrenauxphoto.com\/wp-content\/uploads\/2026\/03\/Sesion-de-embarazo-en-Madrid-Carol-Renaux-2-200x300.jpg 200w, https:\/\/www.carolrenauxphoto.com\/wp-content\/uploads\/2026\/03\/Sesion-de-embarazo-en-Madrid-Carol-Renaux-2-768x1152.jpg 768w, https:\/\/www.carolrenauxphoto.com\/wp-content\/uploads\/2026\/03\/Sesion-de-embarazo-en-Madrid-Carol-Renaux-2-1024x1536.jpg 1024w, https:\/\/www.carolrenauxphoto.com\/wp-content\/uploads\/2026\/03\/Sesion-de-embarazo-en-Madrid-Carol-Renaux-2-1365x2048.jpg 1365w, https:\/\/www.carolrenauxphoto.com\/wp-content\/uploads\/2026\/03\/Sesion-de-embarazo-en-Madrid-Carol-Renaux-2-scaled.jpg 1707w\" sizes=\"(max-width: 683px) 100vw, 683px\" \/>\t\t\t\t\t\t\t\t<\/a>\n\t\t\t\t\t\t\t\t\t\t\t\t\t\t\t<\/div>\n\t\t\t\t<\/div>\n\t\t\t\t\t<\/div>\n\t\t<\/div>\n\t\t\t\t<div class=\"elementor-column elementor-col-33 elementor-top-column elementor-element elementor-element-b6204c0\" data-id=\"b6204c0\" data-element_type=\"column\" data-e-type=\"column\">\n\t\t\t<div class=\"elementor-widget-wrap elementor-element-populated\">\n\t\t\t\t\t\t<div class=\"elementor-element elementor-element-c0eabb2 elementor-widget elementor-widget-text-editor\" data-id=\"c0eabb2\" data-element_type=\"widget\" data-e-type=\"widget\" data-widget_type=\"text-editor.default\">\n\t\t\t\t<div class=\"elementor-widget-container\">\n\t\t\t\t\t\t\t\t\t<p style=\"text-align: center;\">Familias<\/p>\t\t\t\t\t\t\t\t<\/div>\n\t\t\t\t<\/div>\n\t\t\t\t<div class=\"elementor-element elementor-element-e2b8ce3 elementor-widget elementor-widget-image\" data-id=\"e2b8ce3\" data-element_type=\"widget\" data-e-type=\"widget\" data-widget_type=\"image.default\">\n\t\t\t\t<div class=\"elementor-widget-container\">\n\t\t\t\t\t\t\t\t\t\t\t\t\t\t\t\t<a href=\"https:\/\/www.carolrenauxphoto.com\/familias\/\">\n\t\t\t\t\t\t\t<img decoding=\"async\" width=\"683\" height=\"1024\" src=\"https:\/\/www.carolrenauxphoto.com\/wp-content\/uploads\/2026\/03\/FOTOGRAFIA-DE-FAMILIA-EN-MADRID-CAROL-RENAUX-1-683x1024.jpg\" class=\"attachment-large size-large wp-image-1621\" alt=\"SESI\u00d3N DE FOTOS DE FAMILIA EN MADRID CAROL RENAUX\" srcset=\"https:\/\/www.carolrenauxphoto.com\/wp-content\/uploads\/2026\/03\/FOTOGRAFIA-DE-FAMILIA-EN-MADRID-CAROL-RENAUX-1-683x1024.jpg 683w, https:\/\/www.carolrenauxphoto.com\/wp-content\/uploads\/2026\/03\/FOTOGRAFIA-DE-FAMILIA-EN-MADRID-CAROL-RENAUX-1-200x300.jpg 200w, https:\/\/www.carolrenauxphoto.com\/wp-content\/uploads\/2026\/03\/FOTOGRAFIA-DE-FAMILIA-EN-MADRID-CAROL-RENAUX-1-768x1152.jpg 768w, https:\/\/www.carolrenauxphoto.com\/wp-content\/uploads\/2026\/03\/FOTOGRAFIA-DE-FAMILIA-EN-MADRID-CAROL-RENAUX-1-1024x1536.jpg 1024w, https:\/\/www.carolrenauxphoto.com\/wp-content\/uploads\/2026\/03\/FOTOGRAFIA-DE-FAMILIA-EN-MADRID-CAROL-RENAUX-1-1365x2048.jpg 1365w, https:\/\/www.carolrenauxphoto.com\/wp-content\/uploads\/2026\/03\/FOTOGRAFIA-DE-FAMILIA-EN-MADRID-CAROL-RENAUX-1-scaled.jpg 1707w\" sizes=\"(max-width: 683px) 100vw, 683px\" \/>\t\t\t\t\t\t\t\t<\/a>\n\t\t\t\t\t\t\t\t\t\t\t\t\t\t\t<\/div>\n\t\t\t\t<\/div>\n\t\t\t\t\t<\/div>\n\t\t<\/div>\n\t\t\t\t\t<\/div>\n\t\t<\/section>\n\t\t\t\t<section class=\"elementor-section elementor-top-section elementor-element elementor-element-4e98bf4 elementor-section-stretched elementor-section-full_width elementor-section-height-default elementor-section-height-default\" data-id=\"4e98bf4\" data-element_type=\"section\" data-e-type=\"section\" data-settings=\"{&quot;stretch_section&quot;:&quot;section-stretched&quot;}\">\n\t\t\t\t\t\t<div class=\"elementor-container elementor-column-gap-default\">\n\t\t\t\t\t<div class=\"elementor-column elementor-col-33 elementor-top-column elementor-element elementor-element-1c1be07\" data-id=\"1c1be07\" data-element_type=\"column\" data-e-type=\"column\">\n\t\t\t<div class=\"elementor-widget-wrap elementor-element-populated\">\n\t\t\t\t\t\t<div class=\"elementor-element elementor-element-6097798 elementor-widget elementor-widget-text-editor\" data-id=\"6097798\" data-element_type=\"widget\" data-e-type=\"widget\" data-widget_type=\"text-editor.default\">\n\t\t\t\t<div class=\"elementor-widget-container\">\n\t\t\t\t\t\t\t\t\t<p style=\"text-align: center;\">Eventos<\/p>\t\t\t\t\t\t\t\t<\/div>\n\t\t\t\t<\/div>\n\t\t\t\t<div class=\"elementor-element elementor-element-bdef14c elementor-widget elementor-widget-image\" data-id=\"bdef14c\" data-element_type=\"widget\" data-e-type=\"widget\" data-widget_type=\"image.default\">\n\t\t\t\t<div class=\"elementor-widget-container\">\n\t\t\t\t\t\t\t\t\t\t\t\t\t\t\t\t<a href=\"https:\/\/www.carolrenauxphoto.com\/eventos\/\">\n\t\t\t\t\t\t\t<img loading=\"lazy\" decoding=\"async\" width=\"683\" height=\"1024\" src=\"https:\/\/www.carolrenauxphoto.com\/wp-content\/uploads\/2026\/03\/fotografia-de-eventos-en-madrid-carol-renaux-683x1024.jpg\" class=\"attachment-large size-large wp-image-1625\" alt=\"Fot\u00f3grafa de eventos en Madrid Carol Renaux\" srcset=\"https:\/\/www.carolrenauxphoto.com\/wp-content\/uploads\/2026\/03\/fotografia-de-eventos-en-madrid-carol-renaux-683x1024.jpg 683w, https:\/\/www.carolrenauxphoto.com\/wp-content\/uploads\/2026\/03\/fotografia-de-eventos-en-madrid-carol-renaux-200x300.jpg 200w, https:\/\/www.carolrenauxphoto.com\/wp-content\/uploads\/2026\/03\/fotografia-de-eventos-en-madrid-carol-renaux-768x1152.jpg 768w, https:\/\/www.carolrenauxphoto.com\/wp-content\/uploads\/2026\/03\/fotografia-de-eventos-en-madrid-carol-renaux-1024x1536.jpg 1024w, https:\/\/www.carolrenauxphoto.com\/wp-content\/uploads\/2026\/03\/fotografia-de-eventos-en-madrid-carol-renaux-1365x2048.jpg 1365w, https:\/\/www.carolrenauxphoto.com\/wp-content\/uploads\/2026\/03\/fotografia-de-eventos-en-madrid-carol-renaux-scaled.jpg 1707w\" sizes=\"(max-width: 683px) 100vw, 683px\" \/>\t\t\t\t\t\t\t\t<\/a>\n\t\t\t\t\t\t\t\t\t\t\t\t\t\t\t<\/div>\n\t\t\t\t<\/div>\n\t\t\t\t\t<\/div>\n\t\t<\/div>\n\t\t\t\t<div class=\"elementor-column elementor-col-33 elementor-top-column elementor-element elementor-element-2c8a29e\" data-id=\"2c8a29e\" data-element_type=\"column\" data-e-type=\"column\">\n\t\t\t<div class=\"elementor-widget-wrap elementor-element-populated\">\n\t\t\t\t\t\t<div class=\"elementor-element elementor-element-c21716d elementor-widget elementor-widget-text-editor\" data-id=\"c21716d\" data-element_type=\"widget\" data-e-type=\"widget\" data-widget_type=\"text-editor.default\">\n\t\t\t\t<div class=\"elementor-widget-container\">\n\t\t\t\t\t\t\t\t\t<p style=\"text-align: center;\">Corporativa<\/p>\t\t\t\t\t\t\t\t<\/div>\n\t\t\t\t<\/div>\n\t\t\t\t<div class=\"elementor-element elementor-element-80099d9 elementor-widget elementor-widget-image\" data-id=\"80099d9\" data-element_type=\"widget\" data-e-type=\"widget\" data-widget_type=\"image.default\">\n\t\t\t\t<div class=\"elementor-widget-container\">\n\t\t\t\t\t\t\t\t\t\t\t\t\t\t\t\t<a href=\"https:\/\/www.carolrenauxphoto.com\/corporativa\/\">\n\t\t\t\t\t\t\t<img loading=\"lazy\" decoding=\"async\" width=\"683\" height=\"1024\" src=\"https:\/\/www.carolrenauxphoto.com\/wp-content\/uploads\/2026\/03\/FOTOGRAFIA-DE-RETRATO-CORPORATIVO-CAROL-RENAUX-683x1024.jpg\" class=\"attachment-large size-large wp-image-1623\" alt=\"Sesiones de retrato profesional que hablan de ti en Madrid Carol Renaux\" srcset=\"https:\/\/www.carolrenauxphoto.com\/wp-content\/uploads\/2026\/03\/FOTOGRAFIA-DE-RETRATO-CORPORATIVO-CAROL-RENAUX-683x1024.jpg 683w, https:\/\/www.carolrenauxphoto.com\/wp-content\/uploads\/2026\/03\/FOTOGRAFIA-DE-RETRATO-CORPORATIVO-CAROL-RENAUX-200x300.jpg 200w, https:\/\/www.carolrenauxphoto.com\/wp-content\/uploads\/2026\/03\/FOTOGRAFIA-DE-RETRATO-CORPORATIVO-CAROL-RENAUX-768x1152.jpg 768w, https:\/\/www.carolrenauxphoto.com\/wp-content\/uploads\/2026\/03\/FOTOGRAFIA-DE-RETRATO-CORPORATIVO-CAROL-RENAUX-1024x1536.jpg 1024w, https:\/\/www.carolrenauxphoto.com\/wp-content\/uploads\/2026\/03\/FOTOGRAFIA-DE-RETRATO-CORPORATIVO-CAROL-RENAUX-1365x2048.jpg 1365w, https:\/\/www.carolrenauxphoto.com\/wp-content\/uploads\/2026\/03\/FOTOGRAFIA-DE-RETRATO-CORPORATIVO-CAROL-RENAUX-scaled.jpg 1707w\" sizes=\"(max-width: 683px) 100vw, 683px\" \/>\t\t\t\t\t\t\t\t<\/a>\n\t\t\t\t\t\t\t\t\t\t\t\t\t\t\t<\/div>\n\t\t\t\t<\/div>\n\t\t\t\t\t<\/div>\n\t\t<\/div>\n\t\t\t\t<div class=\"elementor-column elementor-col-33 elementor-top-column elementor-element elementor-element-cb813cc\" data-id=\"cb813cc\" data-element_type=\"column\" data-e-type=\"column\">\n\t\t\t<div class=\"elementor-widget-wrap elementor-element-populated\">\n\t\t\t\t\t\t<div class=\"elementor-element elementor-element-8d4cc54 elementor-widget elementor-widget-text-editor\" data-id=\"8d4cc54\" data-element_type=\"widget\" data-e-type=\"widget\" data-widget_type=\"text-editor.default\">\n\t\t\t\t<div class=\"elementor-widget-container\">\n\t\t\t\t\t\t\t\t\t<p style=\"text-align: center;\">\u00a0Bodas<\/p>\t\t\t\t\t\t\t\t<\/div>\n\t\t\t\t<\/div>\n\t\t\t\t<div class=\"elementor-element elementor-element-f5d2e84 elementor-widget elementor-widget-image\" data-id=\"f5d2e84\" data-element_type=\"widget\" data-e-type=\"widget\" data-widget_type=\"image.default\">\n\t\t\t\t<div class=\"elementor-widget-container\">\n\t\t\t\t\t\t\t\t\t\t\t\t\t\t\t\t<a href=\"https:\/\/www.carolrenauxphoto.com\/bodas\/\">\n\t\t\t\t\t\t\t<img loading=\"lazy\" decoding=\"async\" width=\"683\" height=\"1024\" src=\"https:\/\/www.carolrenauxphoto.com\/wp-content\/uploads\/2026\/03\/Fotografia-de-bodas-en-Madrid-Carol-Renaux-683x1024.jpg\" class=\"attachment-large size-large wp-image-1619\" alt=\"Fot\u00f3grafa de bodas en Madrid Carol Renaux\" srcset=\"https:\/\/www.carolrenauxphoto.com\/wp-content\/uploads\/2026\/03\/Fotografia-de-bodas-en-Madrid-Carol-Renaux-683x1024.jpg 683w, https:\/\/www.carolrenauxphoto.com\/wp-content\/uploads\/2026\/03\/Fotografia-de-bodas-en-Madrid-Carol-Renaux-200x300.jpg 200w, https:\/\/www.carolrenauxphoto.com\/wp-content\/uploads\/2026\/03\/Fotografia-de-bodas-en-Madrid-Carol-Renaux-768x1152.jpg 768w, https:\/\/www.carolrenauxphoto.com\/wp-content\/uploads\/2026\/03\/Fotografia-de-bodas-en-Madrid-Carol-Renaux-1024x1536.jpg 1024w, https:\/\/www.carolrenauxphoto.com\/wp-content\/uploads\/2026\/03\/Fotografia-de-bodas-en-Madrid-Carol-Renaux-1365x2048.jpg 1365w, https:\/\/www.carolrenauxphoto.com\/wp-content\/uploads\/2026\/03\/Fotografia-de-bodas-en-Madrid-Carol-Renaux-scaled.jpg 1707w\" sizes=\"(max-width: 683px) 100vw, 683px\" \/>\t\t\t\t\t\t\t\t<\/a>\n\t\t\t\t\t\t\t\t\t\t\t\t\t\t\t<\/div>\n\t\t\t\t<\/div>\n\t\t\t\t\t<\/div>\n\t\t<\/div>\n\t\t\t\t\t<\/div>\n\t\t<\/section>\n\t\t\t\t<section class=\"elementor-section elementor-top-section elementor-element elementor-element-1088032 elementor-section-boxed elementor-section-height-default elementor-section-height-default\" data-id=\"1088032\" data-element_type=\"section\" data-e-type=\"section\">\n\t\t\t\t\t\t<div class=\"elementor-container elementor-column-gap-default\">\n\t\t\t\t\t<div class=\"elementor-column elementor-col-100 elementor-top-column elementor-element elementor-element-b11f55d\" data-id=\"b11f55d\" data-element_type=\"column\" data-e-type=\"column\">\n\t\t\t<div class=\"elementor-widget-wrap elementor-element-populated\">\n\t\t\t\t\t\t<div class=\"elementor-element elementor-element-6652bb8 elementor-widget elementor-widget-heading\" data-id=\"6652bb8\" data-element_type=\"widget\" data-e-type=\"widget\" data-widget_type=\"heading.default\">\n\t\t\t\t<div class=\"elementor-widget-container\">\n\t\t\t\t\t<h2 class=\"elementor-heading-title elementor-size-default\">CON\u00d3CEME<\/h2>\t\t\t\t<\/div>\n\t\t\t\t<\/div>\n\t\t\t\t\t<\/div>\n\t\t<\/div>\n\t\t\t\t\t<\/div>\n\t\t<\/section>\n\t\t\t\t<section class=\"elementor-section elementor-top-section elementor-element elementor-element-c399369 elementor-section-stretched elementor-section-full_width elementor-section-height-default elementor-section-height-default\" data-id=\"c399369\" data-element_type=\"section\" data-e-type=\"section\" data-settings=\"{&quot;stretch_section&quot;:&quot;section-stretched&quot;,&quot;background_background&quot;:&quot;classic&quot;}\">\n\t\t\t\t\t\t<div class=\"elementor-container elementor-column-gap-default\">\n\t\t\t\t\t<div class=\"elementor-column elementor-col-50 elementor-top-column elementor-element elementor-element-b855bec\" data-id=\"b855bec\" data-element_type=\"column\" data-e-type=\"column\">\n\t\t\t<div class=\"elementor-widget-wrap elementor-element-populated\">\n\t\t\t\t\t\t<div class=\"elementor-element elementor-element-d9e55f4 elementor-widget elementor-widget-image\" data-id=\"d9e55f4\" data-element_type=\"widget\" data-e-type=\"widget\" data-widget_type=\"image.default\">\n\t\t\t\t<div class=\"elementor-widget-container\">\n\t\t\t\t\t\t\t\t\t\t\t\t\t\t\t<img loading=\"lazy\" decoding=\"async\" width=\"683\" height=\"1024\" src=\"https:\/\/www.carolrenauxphoto.com\/wp-content\/uploads\/2026\/03\/CAROL-RENAUX-2025-683x1024.jpg\" class=\"attachment-large size-large wp-image-1606\" alt=\"Carol Renaux fot\u00f3grafa de Maternidad y reci\u00e9n nacidos en Madrid\" srcset=\"https:\/\/www.carolrenauxphoto.com\/wp-content\/uploads\/2026\/03\/CAROL-RENAUX-2025-683x1024.jpg 683w, https:\/\/www.carolrenauxphoto.com\/wp-content\/uploads\/2026\/03\/CAROL-RENAUX-2025-200x300.jpg 200w, https:\/\/www.carolrenauxphoto.com\/wp-content\/uploads\/2026\/03\/CAROL-RENAUX-2025-768x1152.jpg 768w, https:\/\/www.carolrenauxphoto.com\/wp-content\/uploads\/2026\/03\/CAROL-RENAUX-2025-1024x1536.jpg 1024w, https:\/\/www.carolrenauxphoto.com\/wp-content\/uploads\/2026\/03\/CAROL-RENAUX-2025.jpg 1365w\" sizes=\"(max-width: 683px) 100vw, 683px\" \/>\t\t\t\t\t\t\t\t\t\t\t\t\t\t\t<\/div>\n\t\t\t\t<\/div>\n\t\t\t\t\t<\/div>\n\t\t<\/div>\n\t\t\t\t<div class=\"elementor-column elementor-col-50 elementor-top-column elementor-element elementor-element-9f4bfc0\" data-id=\"9f4bfc0\" data-element_type=\"column\" data-e-type=\"column\" data-settings=\"{&quot;background_background&quot;:&quot;classic&quot;}\">\n\t\t\t<div class=\"elementor-widget-wrap elementor-element-populated\">\n\t\t\t\t\t\t<div class=\"elementor-element elementor-element-df3fede elementor-widget elementor-widget-text-editor\" data-id=\"df3fede\" data-element_type=\"widget\" data-e-type=\"widget\" data-widget_type=\"text-editor.default\">\n\t\t\t\t<div class=\"elementor-widget-container\">\n\t\t\t\t\t\t\t\t\t<p style=\"text-align: left;\">Hola! \u00a1Me alegro de que me hayas encontrado!<\/p><p style=\"text-align: left;\">Me llamo Carol y me encanta contar y fotografiar la vida de una forma honesta, emotiva y natural.<br \/>Mi objetivo c\u00f3mo fot\u00f3grafa es emocionar. Y, para lograrlo, me ayuda mucho conectar con las personas a las que fotograf\u00edo.<br \/>Soy un esp\u00edritu inquieto, apasionada, alegre, muy sensible y t\u00edmida.<br \/>No s\u00e9 hacer las cosas sin implicarme y cada trabajo se lleva un trocito de m\u00ed y me enriquece como fot\u00f3grafa y como mujer.<br \/>Actualmente vivo en Madrid pero me desplazo d\u00f3nde haga falta para fotografiar historias, para fotografiar la vida.<\/p><p style=\"text-align: left;\">Todos escondemos historias \u00fanicas.<\/p><p style=\"text-align: center;\"><a href=\"https:\/\/www.carolrenauxphoto.com\/conoceme\/\"><strong>\u00bfMe dejas contar la tuya en im\u00e1genes? &gt;&gt;<\/strong><\/a><\/p>\t\t\t\t\t\t\t\t<\/div>\n\t\t\t\t<\/div>\n\t\t\t\t\t<\/div>\n\t\t<\/div>\n\t\t\t\t\t<\/div>\n\t\t<\/section>\n\t\t\t\t<section class=\"elementor-section elementor-top-section elementor-element elementor-element-e5c59af elementor-section-boxed elementor-section-height-default elementor-section-height-default\" data-id=\"e5c59af\" data-element_type=\"section\" data-e-type=\"section\">\n\t\t\t\t\t\t<div class=\"elementor-container elementor-column-gap-default\">\n\t\t\t\t\t<div class=\"elementor-column elementor-col-100 elementor-top-column elementor-element elementor-element-062ec0d\" data-id=\"062ec0d\" data-element_type=\"column\" data-e-type=\"column\">\n\t\t\t<div class=\"elementor-widget-wrap elementor-element-populated\">\n\t\t\t\t\t\t<div class=\"elementor-element elementor-element-12eba7e elementor-widget elementor-widget-heading\" data-id=\"12eba7e\" data-element_type=\"widget\" data-e-type=\"widget\" data-widget_type=\"heading.default\">\n\t\t\t\t<div class=\"elementor-widget-container\">\n\t\t\t\t\t<h2 class=\"elementor-heading-title elementor-size-default\">TESTIMONIOS<\/h2>\t\t\t\t<\/div>\n\t\t\t\t<\/div>\n\t\t\t\t\t<\/div>\n\t\t<\/div>\n\t\t\t\t\t<\/div>\n\t\t<\/section>\n\t\t\t\t<section class=\"elementor-section elementor-top-section elementor-element elementor-element-e75b32d elementor-section-stretched elementor-section-boxed elementor-section-height-default elementor-section-height-default\" data-id=\"e75b32d\" data-element_type=\"section\" data-e-type=\"section\" data-settings=\"{&quot;stretch_section&quot;:&quot;section-stretched&quot;,&quot;background_background&quot;:&quot;classic&quot;}\">\n\t\t\t\t\t\t<div class=\"elementor-container elementor-column-gap-default\">\n\t\t\t\t\t<div class=\"elementor-column elementor-col-100 elementor-top-column elementor-element elementor-element-8cf4811\" data-id=\"8cf4811\" data-element_type=\"column\" data-e-type=\"column\" data-settings=\"{&quot;background_background&quot;:&quot;classic&quot;}\">\n\t\t\t<div class=\"elementor-widget-wrap elementor-element-populated\">\n\t\t\t\t\t\t<div class=\"elementor-element elementor-element-8e01f1e elementor-widget elementor-widget-shortcode\" data-id=\"8e01f1e\" data-element_type=\"widget\" data-e-type=\"widget\" data-widget_type=\"shortcode.default\">\n\t\t\t\t<div class=\"elementor-widget-container\">\n\t\t\t\t\t\t\t<div class=\"elementor-shortcode\"><div class=\"tc-testimonial-wrap\"><div class=\"tc-testimonial tcnav-vmid owl-carousel\"><div class=\"tc-testimonial-single\"><div class=\"tc-client\"><div class=\"tc-client-thumb\"><a href=\"\"><img loading=\"lazy\" decoding=\"async\" width=\"100\" height=\"100\" src=\"https:\/\/www.carolrenauxphoto.com\/wp-content\/uploads\/2020\/11\/TLC_LOGO_The-original-Rewards-150x150.jpg\" class=\"attachment-100x100 size-100x100 wp-post-image\" alt=\"\" \/><\/a><\/div><div class=\"tc-author-details\"><div class=\"author-infobox\"><p class=\"tc-author-name\">TLC MARKETING (AGENCIA DE MARKETING)<span class=\"role\">Corporativo<span><\/p><\/div><div class=\"author-infobox\"><p class=\"tc-author-name\"><span class=\"role\"><span><\/p><\/div><\/div><\/div><div class=\"tc-content\"><p>Profesional comprometida y muy cercana en el trato. Cuida al m\u00e1ximo todos los detalles, haciendo la sesi\u00f3n muy amena y distendida. Sin duda una experiencia muy recomendable.<\/p>\n<\/div><\/div><div class=\"tc-testimonial-single\"><div class=\"tc-client\"><div class=\"tc-client-thumb\"><a href=\"\"><img loading=\"lazy\" decoding=\"async\" width=\"100\" height=\"99\" src=\"https:\/\/www.carolrenauxphoto.com\/wp-content\/uploads\/2020\/10\/NAYLA.jpg\" class=\"attachment-100x100 size-100x100 wp-post-image\" alt=\"\" \/><\/a><\/div><div class=\"tc-author-details\"><div class=\"author-infobox\"><p class=\"tc-author-name\">NAYLA NORRYH (EXPERTA EN MARKETING PARA EMPRENDEDORES)<span class=\"role\">Corporativo<span><\/p><\/div><div class=\"author-infobox\"><p class=\"tc-author-name\"><span class=\"role\"><span><\/p><\/div><\/div><\/div><div class=\"tc-content\"><p>Carol me hizo una sesi\u00f3n de fotos corporativas para mi web y redes sociales. La sesi\u00f3n super\u00f3 todas mis expectativas!!! Desde la preparaci\u00f3n previa, la b\u00fasqueda de las locaciones y el d\u00eda de las fotos, todo incre\u00edble!! Lo que m\u00e1s valoro fue su predisposici\u00f3n ABSOLUTA para que las fotos queden tal cual me las estaba imaginando. Me sent\u00ed s\u00faper c\u00f3moda y me encant\u00f3 la flexibilidad que me brind\u00f3 para ir adapt\u00e1ndonos a lo que iba surgiendo a medida que ve\u00edamos las fotos. Recomiendo su trabajo al 1000%!!!<\/p>\n<\/div><\/div><div class=\"tc-testimonial-single\"><div class=\"tc-client\"><div class=\"tc-client-thumb\"><a href=\"\"><img loading=\"lazy\" decoding=\"async\" width=\"100\" height=\"99\" src=\"https:\/\/www.carolrenauxphoto.com\/wp-content\/uploads\/2020\/10\/CRISTINA-LOPEZ-CULTURAVIVAMADRID.jpg\" class=\"attachment-100x100 size-100x100 wp-post-image\" alt=\"\" \/><\/a><\/div><div class=\"tc-author-details\"><div class=\"author-infobox\"><p class=\"tc-author-name\">CULTURA VIVA MADRID (CRISTINA LOPEZ MESA)<span class=\"role\">Corporativa<span><\/p><\/div><div class=\"author-infobox\"><p class=\"tc-author-name\"><span class=\"role\"><span><\/p><\/div><\/div><\/div><div class=\"tc-content\"><p>Hemos trabajado en varias ocasiones con Carol, tanto para nuestra web como para dossieres especializados. Es una fot\u00f3grafa muy profesional y met\u00f3dica a la vez que intuitiva. Siempre ha sabido captar perfectamente qu\u00e9 quer\u00edamos comunicar y lo hemos logrado gracias a su trabajo. Relaci\u00f3n calidad precio inmejorable. Sin duda recomendable 100%.<\/p>\n<\/div><\/div><div class=\"tc-testimonial-single\"><div class=\"tc-client\"><div class=\"tc-client-thumb\"><a href=\"\"><img loading=\"lazy\" decoding=\"async\" width=\"100\" height=\"99\" src=\"https:\/\/www.carolrenauxphoto.com\/wp-content\/uploads\/2020\/10\/Cristina-Mochales-Truly.jpg\" class=\"attachment-100x100 size-100x100 wp-post-image\" alt=\"\" \/><\/a><\/div><div class=\"tc-author-details\"><div class=\"author-infobox\"><p class=\"tc-author-name\">CRISTINA MOCHALES (TRULY SPAIN)<span class=\"role\">Corporativa<span><\/p><\/div><div class=\"author-infobox\"><p class=\"tc-author-name\"><span class=\"role\"><span><\/p><\/div><\/div><\/div><div class=\"tc-content\"><p>Carol es nuestra fot\u00f3grafa de referencia. Comenzamos a trabajar con ella desde mi Agencia de Viajes de Lujo, Truly Spain, ya hace varios a\u00f1os y desde entonces cada vez que necesitamos algo contamos con ella. Su profesionalidad, su involucraci\u00f3n desde el primer momento con todo (ubicaciones, vestuario..) , su conocimiento, su mirada, y sobre todo su producto y resultados nos parecen impecables. Hemos realizado con ella desde sesiones fotogr\u00e1ficas del equipo, hasta mi \u00faltima sesi\u00f3n fotogr\u00e1fica para Conde Nast Traveller, con motivo del premio que recib\u00ed este a\u00f1o, en fin.. no puedo hablar mas que maravillas de ella.<\/p>\n<\/div><\/div><div class=\"tc-testimonial-single\"><div class=\"tc-client\"><div class=\"tc-client-thumb\"><a href=\"\"><img loading=\"lazy\" decoding=\"async\" width=\"100\" height=\"99\" src=\"https:\/\/www.carolrenauxphoto.com\/wp-content\/uploads\/2020\/10\/HENAR-Y-JESUS-s.jpg\" class=\"attachment-100x100 size-100x100 wp-post-image\" alt=\"\" \/><\/a><\/div><div class=\"tc-author-details\"><div class=\"author-infobox\"><p class=\"tc-author-name\">HENAR MART\u00cdN<span class=\"role\">Embarazo -Beb\u00e9s - Familias<span><\/p><\/div><div class=\"author-infobox\"><p class=\"tc-author-name\"><span class=\"role\"><span><\/p><\/div><\/div><\/div><div class=\"tc-content\"><p>Conocimos a Carol porque una amiga nos regal\u00f3 una sesi\u00f3n de fotos de embarazo con ella y nos encant\u00f3 la experiencia!! Aunque al principio nos daba verg\u00fcenza, Carol se encarg\u00f3 de hacernos sentir a gusto, disfrutar de la sesi\u00f3n y sobre todo guardar un precioso recuerda de esa etapa.<\/p>\n<p>Cuando naci\u00f3 nuestra peque\u00f1a no dudamos en que ser\u00eda ella la encargada de hacer el reportaje.. no pudimos estar m\u00e1s tranquilos! Es una aut\u00e9ntica profesional y de ni\u00f1os se ve que entiende un poco&#x1f61c;<\/p>\n<\/div><\/div><div class=\"tc-testimonial-single\"><div class=\"tc-client\"><div class=\"tc-client-thumb\"><a href=\"\"><img loading=\"lazy\" decoding=\"async\" width=\"100\" height=\"99\" src=\"https:\/\/www.carolrenauxphoto.com\/wp-content\/uploads\/2020\/10\/ANGELA-TEROL.jpg\" class=\"attachment-100x100 size-100x100 wp-post-image\" alt=\"\" \/><\/a><\/div><div class=\"tc-author-details\"><div class=\"author-infobox\"><p class=\"tc-author-name\">ANGELA TEROL URQUIJO<span class=\"role\">Embarazo -Beb\u00e9s - Familias<span><\/p><\/div><div class=\"author-infobox\"><p class=\"tc-author-name\"><span class=\"role\"><span><\/p><\/div><\/div><\/div><div class=\"tc-content\"><p>Regal\u00e9 una sesi\u00f3n a mi madre para una sesi\u00f3n en familia con sus nietos y Carol, no solo les hizo unas fotos incre\u00edbles, sino que busc\u00f3 localizaciones preciosas cerca de nuestra casa, hizo amena la sesi\u00f3n para los m\u00e1s peque\u00f1os y tuvo paciencia infinita.<\/p>\n<p>Muchas gracias por todo!<\/p>\n<\/div><\/div><div class=\"tc-testimonial-single\"><div class=\"tc-client\"><div class=\"tc-client-thumb\"><a href=\"\"><img loading=\"lazy\" decoding=\"async\" width=\"100\" height=\"99\" src=\"https:\/\/www.carolrenauxphoto.com\/wp-content\/uploads\/2020\/10\/LAURA-RUYALES.jpg\" class=\"attachment-100x100 size-100x100 wp-post-image\" alt=\"\" \/><\/a><\/div><div class=\"tc-author-details\"><div class=\"author-infobox\"><p class=\"tc-author-name\">LAURA RUYALES GARC\u00cdA (SESI\u00d3N DE BEB\u00c9\/ FAMILIA)<span class=\"role\">Beb\u00e9 - Familia<span><\/p><\/div><div class=\"author-infobox\"><p class=\"tc-author-name\"><span class=\"role\"><span><\/p><\/div><\/div><\/div><div class=\"tc-content\"><p>Carol se desplaz\u00f3 hasta el pueblo de la sierra donde pasamos el verano, a una hora de Madrid, para hacer una sesi\u00f3n de fotos de familia. Nos ofreci\u00f3 todas las facilidades del mundo sin preocuparse por el tiempo de m\u00e1s que le llevar\u00eda venir hasta aqu\u00ed y hacernos la sesi\u00f3n tanto en interior como en exterior. La sesi\u00f3n fue s\u00faper bonita, en un ambiente comod\u00edsimo y con una conexi\u00f3n total con ella. El resultado no puede ser mejor: las fotos que nos ha entregado son incre\u00edbles, no imaginaba algo que se ajustara tanto a la idea de fotos que yo ten\u00eda: espont\u00e1neas, tiernas, naturales, sin posados... A partir de ahora, pedir\u00e9 a Carol que fotograf\u00ede cada momento importante que quiera inmortalizar.<\/p>\n<\/div><\/div><div class=\"tc-testimonial-single\"><div class=\"tc-client\"><div class=\"tc-client-thumb\"><a href=\"\"><img loading=\"lazy\" decoding=\"async\" width=\"100\" height=\"99\" src=\"https:\/\/www.carolrenauxphoto.com\/wp-content\/uploads\/2020\/09\/MEME.jpg\" class=\"attachment-100x100 size-100x100 wp-post-image\" alt=\"\" \/><\/a><\/div><div class=\"tc-author-details\"><div class=\"author-infobox\"><p class=\"tc-author-name\">MEME MART\u00cdN (PROFESORA DE YOGA)<span class=\"role\">Corporativa<span><\/p><\/div><div class=\"author-infobox\"><p class=\"tc-author-name\"><span class=\"role\"><span><\/p><\/div><\/div><\/div><div class=\"tc-content\"><p>Carol es una profesional estupenda, destaco la calidad de sus fotos y el ambiente que crea, te hace sentir en casa.<\/p>\n<p>He tenido varias sesiones con ella, y sin duda repetir\u00e9.<\/p>\n<p>A nivel profesional, me hizo las fotos de la web y redes sociales, hizo que me sintiera protagonista y que dejara de lado la verg\u00fcenza. Consigue que saques tu personalidad y que te sientas con confianza y eso se refleja en las fotos.<\/p>\n<p>La recomiendo totalmente, a m\u00ed me encanta, estoy deseando un nuevo reportaje.<\/p>\n<\/div><\/div><div class=\"tc-testimonial-single\"><div class=\"tc-client\"><div class=\"tc-client-thumb\"><a href=\"\"><img loading=\"lazy\" decoding=\"async\" width=\"100\" height=\"99\" src=\"https:\/\/www.carolrenauxphoto.com\/wp-content\/uploads\/2020\/09\/ARIANNA.jpg\" class=\"attachment-100x100 size-100x100 wp-post-image\" alt=\"\" \/><\/a><\/div><div class=\"tc-author-details\"><div class=\"author-infobox\"><p class=\"tc-author-name\">ARIANNA BONAS (SESI\u00d3N DE BEB\u00c9 EN EL RETIRO NOVIEMBRE 2019)<span class=\"role\">Beb\u00e9s<span><\/p><\/div><div class=\"author-infobox\"><p class=\"tc-author-name\"><span class=\"role\"><span><\/p><\/div><\/div><\/div><div class=\"tc-content\"><p>Carol es una amor! Hicimos una sesi\u00f3n de fotos con el peque cuando ten\u00eda 5 meses. Nos sentimos s\u00faper c\u00f3modos con ella y las fotos son una pasada. Muy naturales y con mucho gusto. Repetiremos seguro! !<\/p>\n<\/div><\/div><div class=\"tc-testimonial-single\"><div class=\"tc-client\"><div class=\"tc-client-thumb\"><a href=\"\"><img loading=\"lazy\" decoding=\"async\" width=\"100\" height=\"99\" src=\"https:\/\/www.carolrenauxphoto.com\/wp-content\/uploads\/2020\/09\/PATRICIA.jpg\" class=\"attachment-100x100 size-100x100 wp-post-image\" alt=\"\" \/><\/a><\/div><div class=\"tc-author-details\"><div class=\"author-infobox\"><p class=\"tc-author-name\">PATRICIA VICARIO (SESI\u00d3N DE EMBARAZO AGOSTO 2016, DICIEMBRE 2020, SESI\u00d3N DE RECI\u00c9N NACIDO DICIEMBRE 2019)<span class=\"role\">Embarazo-Reci\u00e9n nacido<span><\/p><\/div><div class=\"author-infobox\"><p class=\"tc-author-name\"><span class=\"role\"><span><\/p><\/div><\/div><\/div><div class=\"tc-content\"><p>Carol es una fot\u00f3grafa excelente que sabe captar la luz como nadie y plasmar en una foto ese momento tan \u00fanico y especial como es el primer embarazo y hacerlo inolvidable!!<\/p>\n<p>Tiene una sensibilidad incre\u00edble para las fotos de reci\u00e9n nacido y mucha, mucha paciencia con los ni\u00f1os. Hemos contado con ella 3 veces y lo seguiremos haciendo. Sin duda la mejor!!<\/p>\n<\/div><\/div><div class=\"tc-testimonial-single\"><div class=\"tc-client\"><div class=\"tc-client-thumb\"><a href=\"\"><img loading=\"lazy\" decoding=\"async\" width=\"100\" height=\"99\" src=\"https:\/\/www.carolrenauxphoto.com\/wp-content\/uploads\/2020\/06\/ALICIA.jpg\" class=\"attachment-100x100 size-100x100 wp-post-image\" alt=\"\" \/><\/a><\/div><div class=\"tc-author-details\"><div class=\"author-infobox\"><p class=\"tc-author-name\">ALICIA MARCOS (ALICIA Y ALBERTO 25052018)<span class=\"role\">Bodas<span><\/p><\/div><div class=\"author-infobox\"><p class=\"tc-author-name\"><span class=\"role\"><span><\/p><\/div><\/div><\/div><div class=\"tc-content\"><p>Carol hizo las fotos el d\u00eda de nuestra boda y fue un gran acierto. No me canso de mirar las fotos de ese d\u00eda que tienen un mont\u00f3n de detalles captados y de sonrisas de familiares y amigos. Sin duda entendi\u00f3 lo que quer\u00edamos y consigui\u00f3 un resultado incre\u00edble incluso cuando las condiciones climatol\u00f3gicas cambiaron. Una mujer todoterreno. No me canso de recomendarla porque es una gran profesional y una apuesta segura.<\/p>\n<\/div><\/div><div class=\"tc-testimonial-single\"><div class=\"tc-client\"><div class=\"tc-client-thumb\"><a href=\"\"><img loading=\"lazy\" decoding=\"async\" width=\"100\" height=\"99\" src=\"https:\/\/www.carolrenauxphoto.com\/wp-content\/uploads\/2020\/06\/CLARA.jpg\" class=\"attachment-100x100 size-100x100 wp-post-image\" alt=\"\" \/><\/a><\/div><div class=\"tc-author-details\"><div class=\"author-infobox\"><p class=\"tc-author-name\">CLARA G\u00d3MEZ ZARAGOZA (CLARA E IGNACIO 310819)<span class=\"role\">Bodas<span><\/p><\/div><div class=\"author-infobox\"><p class=\"tc-author-name\"><span class=\"role\"><span><\/p><\/div><\/div><\/div><div class=\"tc-content\"><p>Fue un verdadero lujo contar con Carol para las fotos del d\u00eda de nuestra boda! Desde un primer momento transmite mucha paz y sabe perfectamente de lo que habla. Inmortaliz\u00f3 con much\u00edsimo cari\u00f1o y profesionalidad los momentos m\u00e1s importantes de ese d\u00eda gracias a su discreci\u00f3n y cercan\u00eda. Una fot\u00f3grafa todoterreno que no dud\u00f3 en presentarse en Barcelona sin apenas conocernos, fotografiando a unos novios patosos ante la c\u00e1mara y t\u00edmidos. Las fotos son preciosas y la forma de entregarlas no puede ser mejor. Estamos content\u00edsimos con su servicio y sin duda repetir\u00edamos!!!<\/p>\n<\/div><\/div><div class=\"tc-testimonial-single\"><div class=\"tc-client\"><div class=\"tc-client-thumb\"><a href=\"\"><img loading=\"lazy\" decoding=\"async\" width=\"100\" height=\"99\" src=\"https:\/\/www.carolrenauxphoto.com\/wp-content\/uploads\/2020\/06\/LAURA.jpg\" class=\"attachment-100x100 size-100x100 wp-post-image\" alt=\"\" \/><\/a><\/div><div class=\"tc-author-details\"><div class=\"author-infobox\"><p class=\"tc-author-name\">LAURA GARC\u00cdA MINGUITO (LAURA Y TOM\u00c1S 160219)<span class=\"role\">Bodas<span><\/p><\/div><div class=\"author-infobox\"><p class=\"tc-author-name\"><span class=\"role\"><span><\/p><\/div><\/div><\/div><div class=\"tc-content\"><p>Tuvimos la suerte de conocerla por un regalo de sesi\u00f3n de embarazo que me hicieron mis amigas por mi 40 cumplea\u00f1os! Y ya en esa primera sesi\u00f3n surgi\u00f3 nuestro flechazo hacia ella..y es que Carol es genial!<\/p>\n<p>Es de esas personas que te hace sentir c\u00f3modo desde el primer momento, y sobre todo te hace disfrutar de la situaci\u00f3n! Para m\u00ed y mi familia se ha convertido en nuestra fot\u00f3grafa de referencia! Su fotograf\u00eda es fresca, espont\u00e1nea, tierna, original y capta de manera \u00fanica la emoci\u00f3n! Recomendable 100%.<\/p>\n<\/div><\/div><\/div><\/div><\/div>\n\t\t\t\t\t\t<\/div>\n\t\t\t\t<\/div>\n\t\t\t\t\t<\/div>\n\t\t<\/div>\n\t\t\t\t\t<\/div>\n\t\t<\/section>\n\t\t\t\t<section class=\"elementor-section elementor-top-section elementor-element elementor-element-4989bb5 elementor-section-stretched elementor-section-boxed elementor-section-height-default elementor-section-height-default\" data-id=\"4989bb5\" data-element_type=\"section\" data-e-type=\"section\" data-settings=\"{&quot;stretch_section&quot;:&quot;section-stretched&quot;}\">\n\t\t\t\t\t\t<div class=\"elementor-container elementor-column-gap-default\">\n\t\t\t\t\t<div class=\"elementor-column elementor-col-100 elementor-top-column elementor-element elementor-element-667988a\" data-id=\"667988a\" data-element_type=\"column\" data-e-type=\"column\">\n\t\t\t<div class=\"elementor-widget-wrap elementor-element-populated\">\n\t\t\t\t\t\t<div class=\"elementor-element elementor-element-90840f7 elementor-widget elementor-widget-heading\" data-id=\"90840f7\" data-element_type=\"widget\" data-e-type=\"widget\" data-widget_type=\"heading.default\">\n\t\t\t\t<div class=\"elementor-widget-container\">\n\t\t\t\t\t<h2 class=\"elementor-heading-title elementor-size-default\">INSTAGRAM<\/h2>\t\t\t\t<\/div>\n\t\t\t\t<\/div>\n\t\t\t\t\t<\/div>\n\t\t<\/div>\n\t\t\t\t\t<\/div>\n\t\t<\/section>\n\t\t\t\t<section class=\"elementor-section elementor-top-section elementor-element elementor-element-d431e3f elementor-section-stretched elementor-section-full_width elementor-section-height-default elementor-section-height-default\" data-id=\"d431e3f\" data-element_type=\"section\" data-e-type=\"section\" data-settings=\"{&quot;stretch_section&quot;:&quot;section-stretched&quot;}\">\n\t\t\t\t\t\t<div class=\"elementor-container elementor-column-gap-default\">\n\t\t\t\t\t<div class=\"elementor-column elementor-col-100 elementor-top-column elementor-element elementor-element-9e072cf\" data-id=\"9e072cf\" data-element_type=\"column\" data-e-type=\"column\">\n\t\t\t<div class=\"elementor-widget-wrap elementor-element-populated\">\n\t\t\t\t\t\t<div class=\"elementor-element elementor-element-daf0b32 elementor-widget elementor-widget-shortcode\" data-id=\"daf0b32\" data-element_type=\"widget\" data-e-type=\"widget\" data-widget_type=\"shortcode.default\">\n\t\t\t\t<div class=\"elementor-widget-container\">\n\t\t\t\t\t\t\t<div class=\"elementor-shortcode\">[instagram-feed]<\/div>\n\t\t\t\t\t\t<\/div>\n\t\t\t\t<\/div>\n\t\t\t\t\t<\/div>\n\t\t<\/div>\n\t\t\t\t\t<\/div>\n\t\t<\/section>\n\t\t\t\t<section class=\"elementor-section elementor-top-section elementor-element elementor-element-98045cb elementor-section-stretched elementor-section-full_width elementor-section-height-default elementor-section-height-default\" data-id=\"98045cb\" data-element_type=\"section\" data-e-type=\"section\" data-settings=\"{&quot;stretch_section&quot;:&quot;section-stretched&quot;,&quot;background_background&quot;:&quot;classic&quot;}\">\n\t\t\t\t\t\t<div class=\"elementor-container elementor-column-gap-default\">\n\t\t\t\t\t<div class=\"elementor-column elementor-col-100 elementor-top-column elementor-element elementor-element-8446865\" data-id=\"8446865\" data-element_type=\"column\" data-e-type=\"column\">\n\t\t\t<div class=\"elementor-widget-wrap elementor-element-populated\">\n\t\t\t\t\t\t<div class=\"elementor-element elementor-element-34453a5 elementor-widget elementor-widget-heading\" data-id=\"34453a5\" data-element_type=\"widget\" data-e-type=\"widget\" data-widget_type=\"heading.default\">\n\t\t\t\t<div class=\"elementor-widget-container\">\n\t\t\t\t\t<h2 class=\"elementor-heading-title elementor-size-default\">CONTACTA CONMIGO<\/h2>\t\t\t\t<\/div>\n\t\t\t\t<\/div>\n\t\t\t\t\t<\/div>\n\t\t<\/div>\n\t\t\t\t\t<\/div>\n\t\t<\/section>\n\t\t\t\t<section class=\"elementor-section elementor-top-section elementor-element elementor-element-7ad8543 elementor-section-stretched elementor-section-boxed elementor-section-height-default elementor-section-height-default\" data-id=\"7ad8543\" data-element_type=\"section\" data-e-type=\"section\" data-settings=\"{&quot;stretch_section&quot;:&quot;section-stretched&quot;,&quot;background_background&quot;:&quot;classic&quot;}\">\n\t\t\t\t\t\t<div class=\"elementor-container elementor-column-gap-default\">\n\t\t\t\t\t<div class=\"elementor-column elementor-col-100 elementor-top-column elementor-element elementor-element-76dec6c\" data-id=\"76dec6c\" data-element_type=\"column\" data-e-type=\"column\" data-settings=\"{&quot;background_background&quot;:&quot;classic&quot;}\">\n\t\t\t<div class=\"elementor-widget-wrap elementor-element-populated\">\n\t\t\t\t\t\t<div class=\"elementor-element elementor-element-7817dd5 form-generico elementor-widget elementor-widget-shortcode\" data-id=\"7817dd5\" data-element_type=\"widget\" data-e-type=\"widget\" data-widget_type=\"shortcode.default\">\n\t\t\t\t<div class=\"elementor-widget-container\">\n\t\t\t\t\t\t\t<div class=\"elementor-shortcode\">\n<div class=\"wpcf7 no-js\" id=\"wpcf7-f536-o1\" lang=\"es-ES\" dir=\"ltr\" data-wpcf7-id=\"536\">\n<div class=\"screen-reader-response\"><p role=\"status\" aria-live=\"polite\" aria-atomic=\"true\"><\/p> <ul><\/ul><\/div>\n<form action=\"\/en\/wp-json\/wp\/v2\/pages\/22#wpcf7-f536-o1\" method=\"post\" class=\"wpcf7-form init\" aria-label=\"Formulario de contacto\" novalidate=\"novalidate\" data-status=\"init\">\n<fieldset class=\"hidden-fields-container\"><input type=\"hidden\" name=\"_wpcf7\" value=\"536\" \/><input type=\"hidden\" name=\"_wpcf7_version\" value=\"6.1.6\" \/><input type=\"hidden\" name=\"_wpcf7_locale\" value=\"es_ES\" \/><input type=\"hidden\" name=\"_wpcf7_unit_tag\" value=\"wpcf7-f536-o1\" \/><input type=\"hidden\" name=\"_wpcf7_container_post\" value=\"0\" \/><input type=\"hidden\" name=\"_wpcf7_posted_data_hash\" value=\"\" \/><input type=\"hidden\" name=\"_wpcf7_recaptcha_response\" value=\"\" \/>\n<\/fieldset>\n<p><label> \u00bfC\u00f3mo te llamas?* <span class=\"wpcf7-form-control-wrap\" data-name=\"your-name\"><input size=\"40\" maxlength=\"400\" class=\"wpcf7-form-control wpcf7-text wpcf7-validates-as-required\" aria-required=\"true\" aria-invalid=\"false\" value=\"\" type=\"text\" name=\"your-name\" \/><\/span> <\/label>\n<\/p>\n<p><label> Tu correo electr\u00f3nico* <span class=\"wpcf7-form-control-wrap\" data-name=\"your-email\"><input size=\"40\" maxlength=\"400\" class=\"wpcf7-form-control wpcf7-email wpcf7-validates-as-required wpcf7-text wpcf7-validates-as-email\" aria-required=\"true\" aria-invalid=\"false\" value=\"\" type=\"email\" name=\"your-email\" \/><\/span> <\/label>\n<\/p>\n<p><label> Preg\u00fantame todo lo que necesites <span class=\"wpcf7-form-control-wrap\" data-name=\"your-message\"><textarea cols=\"40\" rows=\"10\" maxlength=\"2000\" class=\"wpcf7-form-control wpcf7-textarea\" aria-invalid=\"false\" name=\"your-message\"><\/textarea><\/span> <\/label>\n<\/p>\n<p>* (campos obligatorios)<br \/>\n<span class=\"wpcf7-form-control-wrap\" data-name=\"acceptance-353\"><span class=\"wpcf7-form-control wpcf7-acceptance\"><span class=\"wpcf7-list-item\"><label><input type=\"checkbox\" name=\"acceptance-353\" value=\"1\" aria-invalid=\"false\" \/><span class=\"wpcf7-list-item-label\"><a href=\"\" rel=\"noopener\" target=\"_blank\">He le\u00eddo y acepto la Ley de Pol\u00edticas de Privacidad<\/a><\/span><\/label><\/span><\/span><\/span>\n<\/p>\n<p><input class=\"wpcf7-form-control wpcf7-submit has-spinner\" type=\"submit\" value=\"Enviar\" \/>\n<\/p><div class=\"wpcf7-response-output\" aria-hidden=\"true\"><\/div>\n<\/form>\n<\/div>\n<\/div>\n\t\t\t\t\t\t<\/div>\n\t\t\t\t<\/div>\n\t\t\t\t\t<\/div>\n\t\t<\/div>\n\t\t\t\t\t<\/div>\n\t\t<\/section>\n\t\t\t\t<\/div>\n\t\t","protected":false},"excerpt":{"rendered":"<p>Fotograf\u00eda de Maternidad, reci\u00e9n nacidos,embarazadas y familias en Madrid \u201cLa vida es una mezcla de magia y cotidianidad, yo fotograf\u00edo ambas\u00bb Me llamo Carol Renaux y mi fotograf\u00eda es honesta, emotiva y natural. Hace m\u00e1s de 12 a\u00f1os que la fotograf\u00eda me permite hablar de personas y sus historias. Capturo momentos especiales y cotidianos de &#8230; <a title=\"LAURA GARC\u00cdA MINGUITO (LAURA Y TOM\u00c1S 160219)\" class=\"read-more\" href=\"https:\/\/www.carolrenauxphoto.com\/en\/tctestimonial\/testimonio1\/\" aria-label=\"Read more about LAURA GARC\u00cdA MINGUITO (LAURA Y TOM\u00c1S 160219)\">Read more<\/a><\/p>","protected":false},"author":1,"featured_media":0,"parent":0,"menu_order":0,"comment_status":"closed","ping_status":"closed","template":"","meta":{"_joinchat":[],"footnotes":""},"class_list":["post-22","page","type-page","status-publish","hentry"],"yoast_head":"<!-- This site is optimized with the Yoast SEO plugin v28.1 - https:\/\/yoast.com\/product\/yoast-seo-wordpress\/ -->\n<title>Carol Renaux Photo - Fotograf\u00eda de Maternidad, reci\u00e9n nacidos y embarazo en Madrid<\/title>\n<meta name=\"description\" content=\"Me llamo Carol Renaux y mi fotograf\u00eda es honesta y emotiva. Fotograf\u00eda de maternidad, reci\u00e9n nacidos, embarazo y familias en Madrid\" \/>\n<meta name=\"robots\" content=\"index, follow, max-snippet:-1, max-image-preview:large, max-video-preview:-1\" \/>\n<link rel=\"canonical\" href=\"https:\/\/www.carolrenauxphoto.com\/en\/\" \/>\n<meta property=\"og:locale\" content=\"en_GB\" \/>\n<meta property=\"og:type\" content=\"article\" \/>\n<meta property=\"og:title\" content=\"Carol Renaux Photo - Fotograf\u00eda de Maternidad, reci\u00e9n nacidos y embarazo en Madrid\" \/>\n<meta property=\"og:description\" content=\"Me llamo Carol Renaux y mi fotograf\u00eda es honesta y emotiva. Fotograf\u00eda de maternidad, reci\u00e9n nacidos, embarazo y familias en Madrid\" \/>\n<meta property=\"og:url\" content=\"https:\/\/www.carolrenauxphoto.com\/en\/\" \/>\n<meta property=\"og:site_name\" content=\"Fotograf\u00eda de Maternidad, reci\u00e9n nacidos y embarazo en Madrid\" \/>\n<meta property=\"article:publisher\" content=\"https:\/\/www.facebook.com\/carolrenauxphoto\/\" \/>\n<meta property=\"article:modified_time\" content=\"2026-03-04T15:15:21+00:00\" \/>\n<meta property=\"og:image\" content=\"https:\/\/www.carolrenauxphoto.com\/wp-content\/uploads\/2026\/03\/SESION-DE-RECIEN-NACIDO-EN-MADRID-CAROL-RENAUX-683x1024.jpg\" \/>\n<meta name=\"twitter:card\" content=\"summary_large_image\" \/>\n<meta name=\"twitter:label1\" content=\"Estimated reading time\" \/>\n\t<meta name=\"twitter:data1\" content=\"3 minutes\" \/>\n<script type=\"application\/ld+json\" class=\"yoast-schema-graph\">{\"@context\":\"https:\\\/\\\/schema.org\",\"@graph\":[{\"@type\":\"WebPage\",\"@id\":\"https:\\\/\\\/www.carolrenauxphoto.com\\\/\",\"url\":\"https:\\\/\\\/www.carolrenauxphoto.com\\\/\",\"name\":\"Carol Renaux Photo - Fotograf\u00eda de Maternidad, reci\u00e9n nacidos y embarazo en Madrid\",\"isPartOf\":{\"@id\":\"https:\\\/\\\/www.carolrenauxphoto.com\\\/#website\"},\"primaryImageOfPage\":{\"@id\":\"https:\\\/\\\/www.carolrenauxphoto.com\\\/#primaryimage\"},\"image\":{\"@id\":\"https:\\\/\\\/www.carolrenauxphoto.com\\\/#primaryimage\"},\"thumbnailUrl\":\"https:\\\/\\\/www.carolrenauxphoto.com\\\/wp-content\\\/uploads\\\/2026\\\/03\\\/SESION-DE-RECIEN-NACIDO-EN-MADRID-CAROL-RENAUX-683x1024.jpg\",\"datePublished\":\"2020-03-02T08:37:08+00:00\",\"dateModified\":\"2026-03-04T15:15:21+00:00\",\"description\":\"Me llamo Carol Renaux y mi fotograf\u00eda es honesta y emotiva. Fotograf\u00eda de maternidad, reci\u00e9n nacidos, embarazo y familias en Madrid\",\"breadcrumb\":{\"@id\":\"https:\\\/\\\/www.carolrenauxphoto.com\\\/#breadcrumb\"},\"inLanguage\":\"en-GB\",\"potentialAction\":[{\"@type\":\"ReadAction\",\"target\":[\"https:\\\/\\\/www.carolrenauxphoto.com\\\/\"]}]},{\"@type\":\"ImageObject\",\"inLanguage\":\"en-GB\",\"@id\":\"https:\\\/\\\/www.carolrenauxphoto.com\\\/#primaryimage\",\"url\":\"https:\\\/\\\/www.carolrenauxphoto.com\\\/wp-content\\\/uploads\\\/2026\\\/03\\\/SESION-DE-RECIEN-NACIDO-EN-MADRID-CAROL-RENAUX-683x1024.jpg\",\"contentUrl\":\"https:\\\/\\\/www.carolrenauxphoto.com\\\/wp-content\\\/uploads\\\/2026\\\/03\\\/SESION-DE-RECIEN-NACIDO-EN-MADRID-CAROL-RENAUX-683x1024.jpg\"},{\"@type\":\"BreadcrumbList\",\"@id\":\"https:\\\/\\\/www.carolrenauxphoto.com\\\/#breadcrumb\",\"itemListElement\":[{\"@type\":\"ListItem\",\"position\":1,\"name\":\"Portada\",\"item\":\"https:\\\/\\\/www.carolrenauxphoto.com\\\/\"},{\"@type\":\"ListItem\",\"position\":2,\"name\":\"Carol Renaux Photo\"}]},{\"@type\":\"WebSite\",\"@id\":\"https:\\\/\\\/www.carolrenauxphoto.com\\\/#website\",\"url\":\"https:\\\/\\\/www.carolrenauxphoto.com\\\/\",\"name\":\"Fotograf\u00eda de Maternidad, reci\u00e9n nacidos y embarazo en Madrid\",\"description\":\"Fot\u00f3grafa de Maternidad, reci\u00e9n nacidos y embarazo en Madrid\",\"publisher\":{\"@id\":\"https:\\\/\\\/www.carolrenauxphoto.com\\\/#organization\"},\"potentialAction\":[{\"@type\":\"SearchAction\",\"target\":{\"@type\":\"EntryPoint\",\"urlTemplate\":\"https:\\\/\\\/www.carolrenauxphoto.com\\\/?s={search_term_string}\"},\"query-input\":{\"@type\":\"PropertyValueSpecification\",\"valueRequired\":true,\"valueName\":\"search_term_string\"}}],\"inLanguage\":\"en-GB\"},{\"@type\":\"Organization\",\"@id\":\"https:\\\/\\\/www.carolrenauxphoto.com\\\/#organization\",\"name\":\"Fotograf\u00eda de Maternidad, reci\u00e9n nacidos y embarazo en Madrid\",\"url\":\"https:\\\/\\\/www.carolrenauxphoto.com\\\/\",\"logo\":{\"@type\":\"ImageObject\",\"inLanguage\":\"en-GB\",\"@id\":\"https:\\\/\\\/www.carolrenauxphoto.com\\\/#\\\/schema\\\/logo\\\/image\\\/\",\"url\":\"https:\\\/\\\/www.carolrenauxphoto.com\\\/wp-content\\\/uploads\\\/2020\\\/06\\\/carol-renaux-photo-menu.jpg\",\"contentUrl\":\"https:\\\/\\\/www.carolrenauxphoto.com\\\/wp-content\\\/uploads\\\/2020\\\/06\\\/carol-renaux-photo-menu.jpg\",\"width\":322,\"height\":77,\"caption\":\"Fotograf\u00eda de Maternidad, reci\u00e9n nacidos y embarazo en Madrid\"},\"image\":{\"@id\":\"https:\\\/\\\/www.carolrenauxphoto.com\\\/#\\\/schema\\\/logo\\\/image\\\/\"},\"sameAs\":[\"https:\\\/\\\/www.facebook.com\\\/carolrenauxphoto\\\/\",\"https:\\\/\\\/www.instagram.com\\\/carolrenauxphoto\\\/\",\"https:\\\/\\\/www.pinterest.es\\\/carolrenauxphoto\\\/\"]}]}<\/script>\n<!-- \/ Yoast SEO plugin. -->","yoast_head_json":{"title":"Carol Renaux Photo - Fotograf\u00eda de Maternidad, reci\u00e9n nacidos y embarazo en Madrid","description":"Me llamo Carol Renaux y mi fotograf\u00eda es honesta y emotiva. Fotograf\u00eda de maternidad, reci\u00e9n nacidos, embarazo y familias en Madrid","robots":{"index":"index","follow":"follow","max-snippet":"max-snippet:-1","max-image-preview":"max-image-preview:large","max-video-preview":"max-video-preview:-1"},"canonical":"https:\/\/www.carolrenauxphoto.com\/en\/","og_locale":"en_GB","og_type":"article","og_title":"Carol Renaux Photo - Fotograf\u00eda de Maternidad, reci\u00e9n nacidos y embarazo en Madrid","og_description":"Me llamo Carol Renaux y mi fotograf\u00eda es honesta y emotiva. Fotograf\u00eda de maternidad, reci\u00e9n nacidos, embarazo y familias en Madrid","og_url":"https:\/\/www.carolrenauxphoto.com\/en\/","og_site_name":"Fotograf\u00eda de Maternidad, reci\u00e9n nacidos y embarazo en Madrid","article_publisher":"https:\/\/www.facebook.com\/carolrenauxphoto\/","article_modified_time":"2026-03-04T15:15:21+00:00","og_image":[{"url":"https:\/\/www.carolrenauxphoto.com\/wp-content\/uploads\/2026\/03\/SESION-DE-RECIEN-NACIDO-EN-MADRID-CAROL-RENAUX-683x1024.jpg","type":"","width":"","height":""}],"twitter_card":"summary_large_image","twitter_misc":{"Estimated reading time":"3 minutes"},"schema":{"@context":"https:\/\/schema.org","@graph":[{"@type":"WebPage","@id":"https:\/\/www.carolrenauxphoto.com\/","url":"https:\/\/www.carolrenauxphoto.com\/","name":"Carol Renaux Photo - Fotograf\u00eda de Maternidad, reci\u00e9n nacidos y embarazo en Madrid","isPartOf":{"@id":"https:\/\/www.carolrenauxphoto.com\/#website"},"primaryImageOfPage":{"@id":"https:\/\/www.carolrenauxphoto.com\/#primaryimage"},"image":{"@id":"https:\/\/www.carolrenauxphoto.com\/#primaryimage"},"thumbnailUrl":"https:\/\/www.carolrenauxphoto.com\/wp-content\/uploads\/2026\/03\/SESION-DE-RECIEN-NACIDO-EN-MADRID-CAROL-RENAUX-683x1024.jpg","datePublished":"2020-03-02T08:37:08+00:00","dateModified":"2026-03-04T15:15:21+00:00","description":"Me llamo Carol Renaux y mi fotograf\u00eda es honesta y emotiva. Fotograf\u00eda de maternidad, reci\u00e9n nacidos, embarazo y familias en Madrid","breadcrumb":{"@id":"https:\/\/www.carolrenauxphoto.com\/#breadcrumb"},"inLanguage":"en-GB","potentialAction":[{"@type":"ReadAction","target":["https:\/\/www.carolrenauxphoto.com\/"]}]},{"@type":"ImageObject","inLanguage":"en-GB","@id":"https:\/\/www.carolrenauxphoto.com\/#primaryimage","url":"https:\/\/www.carolrenauxphoto.com\/wp-content\/uploads\/2026\/03\/SESION-DE-RECIEN-NACIDO-EN-MADRID-CAROL-RENAUX-683x1024.jpg","contentUrl":"https:\/\/www.carolrenauxphoto.com\/wp-content\/uploads\/2026\/03\/SESION-DE-RECIEN-NACIDO-EN-MADRID-CAROL-RENAUX-683x1024.jpg"},{"@type":"BreadcrumbList","@id":"https:\/\/www.carolrenauxphoto.com\/#breadcrumb","itemListElement":[{"@type":"ListItem","position":1,"name":"Portada","item":"https:\/\/www.carolrenauxphoto.com\/"},{"@type":"ListItem","position":2,"name":"Carol Renaux Photo"}]},{"@type":"WebSite","@id":"https:\/\/www.carolrenauxphoto.com\/#website","url":"https:\/\/www.carolrenauxphoto.com\/","name":"Fotograf\u00eda de Maternidad, reci\u00e9n nacidos y embarazo en Madrid","description":"Fot\u00f3grafa de Maternidad, reci\u00e9n nacidos y embarazo en Madrid","publisher":{"@id":"https:\/\/www.carolrenauxphoto.com\/#organization"},"potentialAction":[{"@type":"SearchAction","target":{"@type":"EntryPoint","urlTemplate":"https:\/\/www.carolrenauxphoto.com\/?s={search_term_string}"},"query-input":{"@type":"PropertyValueSpecification","valueRequired":true,"valueName":"search_term_string"}}],"inLanguage":"en-GB"},{"@type":"Organization","@id":"https:\/\/www.carolrenauxphoto.com\/#organization","name":"Fotograf\u00eda de Maternidad, reci\u00e9n nacidos y embarazo en Madrid","url":"https:\/\/www.carolrenauxphoto.com\/","logo":{"@type":"ImageObject","inLanguage":"en-GB","@id":"https:\/\/www.carolrenauxphoto.com\/#\/schema\/logo\/image\/","url":"https:\/\/www.carolrenauxphoto.com\/wp-content\/uploads\/2020\/06\/carol-renaux-photo-menu.jpg","contentUrl":"https:\/\/www.carolrenauxphoto.com\/wp-content\/uploads\/2020\/06\/carol-renaux-photo-menu.jpg","width":322,"height":77,"caption":"Fotograf\u00eda de Maternidad, reci\u00e9n nacidos y embarazo en Madrid"},"image":{"@id":"https:\/\/www.carolrenauxphoto.com\/#\/schema\/logo\/image\/"},"sameAs":["https:\/\/www.facebook.com\/carolrenauxphoto\/","https:\/\/www.instagram.com\/carolrenauxphoto\/","https:\/\/www.pinterest.es\/carolrenauxphoto\/"]}]}},"_links":{"self":[{"href":"https:\/\/www.carolrenauxphoto.com\/en\/wp-json\/wp\/v2\/pages\/22","targetHints":{"allow":["GET"]}}],"collection":[{"href":"https:\/\/www.carolrenauxphoto.com\/en\/wp-json\/wp\/v2\/pages"}],"about":[{"href":"https:\/\/www.carolrenauxphoto.com\/en\/wp-json\/wp\/v2\/types\/page"}],"author":[{"embeddable":true,"href":"https:\/\/www.carolrenauxphoto.com\/en\/wp-json\/wp\/v2\/users\/1"}],"replies":[{"embeddable":true,"href":"https:\/\/www.carolrenauxphoto.com\/en\/wp-json\/wp\/v2\/comments?post=22"}],"version-history":[{"count":54,"href":"https:\/\/www.carolrenauxphoto.com\/en\/wp-json\/wp\/v2\/pages\/22\/revisions"}],"predecessor-version":[{"id":1690,"href":"https:\/\/www.carolrenauxphoto.com\/en\/wp-json\/wp\/v2\/pages\/22\/revisions\/1690"}],"wp:attachment":[{"href":"https:\/\/www.carolrenauxphoto.com\/en\/wp-json\/wp\/v2\/media?parent=22"}],"curies":[{"name":"wp","href":"https:\/\/api.w.org\/{rel}","templated":true}]}}