{"id":35,"date":"2020-03-02T09:54:37","date_gmt":"2020-03-02T09:54:37","guid":{"rendered":"https:\/\/www.carolrenauxphoto.com\/?page_id=35"},"modified":"2021-01-20T19:02:07","modified_gmt":"2021-01-20T19:02:07","slug":"conoceme","status":"publish","type":"page","link":"https:\/\/www.carolrenauxphoto.com\/en\/conoceme\/","title":{"rendered":"Con\u00f3ceme"},"content":{"rendered":"<div data-elementor-type=\"wp-page\" data-elementor-id=\"35\" class=\"elementor elementor-35\">\n\t\t\t\t\t\t<section class=\"elementor-section elementor-top-section elementor-element elementor-element-63d879e elementor-section-stretched elementor-section-full_width elementor-section-height-default elementor-section-height-default\" data-id=\"63d879e\" data-element_type=\"section\" data-e-type=\"section\" data-settings=\"{&quot;stretch_section&quot;:&quot;section-stretched&quot;,&quot;background_background&quot;:&quot;classic&quot;}\">\n\t\t\t\t\t\t<div class=\"elementor-container elementor-column-gap-default\">\n\t\t\t\t\t<div class=\"elementor-column elementor-col-33 elementor-top-column elementor-element elementor-element-575e6d3\" data-id=\"575e6d3\" data-element_type=\"column\" data-e-type=\"column\">\n\t\t\t<div class=\"elementor-widget-wrap elementor-element-populated\">\n\t\t\t\t\t\t<div class=\"elementor-element elementor-element-8c85ed7 elementor-widget elementor-widget-image\" data-id=\"8c85ed7\" data-element_type=\"widget\" data-e-type=\"widget\" data-widget_type=\"image.default\">\n\t\t\t\t<div class=\"elementor-widget-container\">\n\t\t\t\t\t\t\t\t\t\t\t\t\t\t\t<img fetchpriority=\"high\" decoding=\"async\" width=\"904\" height=\"498\" src=\"https:\/\/www.carolrenauxphoto.com\/wp-content\/uploads\/2020\/10\/conoceme-home-ok.jpg\" class=\"attachment-full size-full wp-image-1309\" alt=\"\" srcset=\"https:\/\/www.carolrenauxphoto.com\/wp-content\/uploads\/2020\/10\/conoceme-home-ok.jpg 904w, https:\/\/www.carolrenauxphoto.com\/wp-content\/uploads\/2020\/10\/conoceme-home-ok-300x165.jpg 300w, https:\/\/www.carolrenauxphoto.com\/wp-content\/uploads\/2020\/10\/conoceme-home-ok-768x423.jpg 768w\" sizes=\"(max-width: 904px) 100vw, 904px\" \/>\t\t\t\t\t\t\t\t\t\t\t\t\t\t\t<\/div>\n\t\t\t\t<\/div>\n\t\t\t\t\t<\/div>\n\t\t<\/div>\n\t\t\t\t<div class=\"elementor-column elementor-col-33 elementor-top-column elementor-element elementor-element-1da3633\" data-id=\"1da3633\" data-element_type=\"column\" data-e-type=\"column\">\n\t\t\t<div class=\"elementor-widget-wrap elementor-element-populated\">\n\t\t\t\t\t\t<div class=\"elementor-element elementor-element-5c7e992 elementor-widget elementor-widget-image\" data-id=\"5c7e992\" data-element_type=\"widget\" data-e-type=\"widget\" data-widget_type=\"image.default\">\n\t\t\t\t<div class=\"elementor-widget-container\">\n\t\t\t\t\t\t\t\t\t\t\t\t\t\t\t<img decoding=\"async\" width=\"904\" height=\"498\" src=\"https:\/\/www.carolrenauxphoto.com\/wp-content\/uploads\/2020\/10\/conoceme-03.jpg\" class=\"attachment-full size-full wp-image-1319\" alt=\"\" srcset=\"https:\/\/www.carolrenauxphoto.com\/wp-content\/uploads\/2020\/10\/conoceme-03.jpg 904w, https:\/\/www.carolrenauxphoto.com\/wp-content\/uploads\/2020\/10\/conoceme-03-300x165.jpg 300w, https:\/\/www.carolrenauxphoto.com\/wp-content\/uploads\/2020\/10\/conoceme-03-768x423.jpg 768w\" sizes=\"(max-width: 904px) 100vw, 904px\" \/>\t\t\t\t\t\t\t\t\t\t\t\t\t\t\t<\/div>\n\t\t\t\t<\/div>\n\t\t\t\t\t<\/div>\n\t\t<\/div>\n\t\t\t\t<div class=\"elementor-column elementor-col-33 elementor-top-column elementor-element elementor-element-8ad5a83\" data-id=\"8ad5a83\" data-element_type=\"column\" data-e-type=\"column\">\n\t\t\t<div class=\"elementor-widget-wrap elementor-element-populated\">\n\t\t\t\t\t\t<div class=\"elementor-element elementor-element-5490ee4 elementor-widget elementor-widget-image\" data-id=\"5490ee4\" data-element_type=\"widget\" data-e-type=\"widget\" data-widget_type=\"image.default\">\n\t\t\t\t<div class=\"elementor-widget-container\">\n\t\t\t\t\t\t\t\t\t\t\t\t\t\t\t<img decoding=\"async\" width=\"904\" height=\"498\" src=\"https:\/\/www.carolrenauxphoto.com\/wp-content\/uploads\/2020\/10\/conoceme-02.jpg\" class=\"attachment-full size-full wp-image-1320\" alt=\"\" srcset=\"https:\/\/www.carolrenauxphoto.com\/wp-content\/uploads\/2020\/10\/conoceme-02.jpg 904w, https:\/\/www.carolrenauxphoto.com\/wp-content\/uploads\/2020\/10\/conoceme-02-300x165.jpg 300w, https:\/\/www.carolrenauxphoto.com\/wp-content\/uploads\/2020\/10\/conoceme-02-768x423.jpg 768w\" sizes=\"(max-width: 904px) 100vw, 904px\" \/>\t\t\t\t\t\t\t\t\t\t\t\t\t\t\t<\/div>\n\t\t\t\t<\/div>\n\t\t\t\t\t<\/div>\n\t\t<\/div>\n\t\t\t\t\t<\/div>\n\t\t<\/section>\n\t\t\t\t<section class=\"elementor-section elementor-top-section elementor-element elementor-element-42fdd34 elementor-section-boxed elementor-section-height-default elementor-section-height-default\" data-id=\"42fdd34\" data-element_type=\"section\" data-e-type=\"section\">\n\t\t\t\t\t\t<div class=\"elementor-container elementor-column-gap-default\">\n\t\t\t\t\t<div class=\"elementor-column elementor-col-100 elementor-top-column elementor-element elementor-element-3856fb5\" data-id=\"3856fb5\" data-element_type=\"column\" data-e-type=\"column\">\n\t\t\t<div class=\"elementor-widget-wrap elementor-element-populated\">\n\t\t\t\t\t\t<div class=\"elementor-element elementor-element-5416ec5 elementor-widget elementor-widget-heading\" data-id=\"5416ec5\" data-element_type=\"widget\" data-e-type=\"widget\" data-widget_type=\"heading.default\">\n\t\t\t\t<div class=\"elementor-widget-container\">\n\t\t\t\t\t<h2 class=\"elementor-heading-title elementor-size-default\">CON\u00d3CEME<\/h2>\t\t\t\t<\/div>\n\t\t\t\t<\/div>\n\t\t\t\t\t<\/div>\n\t\t<\/div>\n\t\t\t\t\t<\/div>\n\t\t<\/section>\n\t\t\t\t<section class=\"elementor-section elementor-top-section elementor-element elementor-element-ede87ff elementor-section-stretched elementor-section-boxed elementor-section-height-default elementor-section-height-default\" data-id=\"ede87ff\" data-element_type=\"section\" data-e-type=\"section\" data-settings=\"{&quot;stretch_section&quot;:&quot;section-stretched&quot;,&quot;background_background&quot;:&quot;classic&quot;}\">\n\t\t\t\t\t\t<div class=\"elementor-container elementor-column-gap-default\">\n\t\t\t\t\t<div class=\"elementor-column elementor-col-100 elementor-top-column elementor-element elementor-element-a266691\" data-id=\"a266691\" data-element_type=\"column\" data-e-type=\"column\" data-settings=\"{&quot;background_background&quot;:&quot;classic&quot;}\">\n\t\t\t<div class=\"elementor-widget-wrap elementor-element-populated\">\n\t\t\t\t\t\t<div class=\"elementor-element elementor-element-45f9caa elementor-widget elementor-widget-text-editor\" data-id=\"45f9caa\" data-element_type=\"widget\" data-e-type=\"widget\" data-widget_type=\"text-editor.default\">\n\t\t\t\t<div class=\"elementor-widget-container\">\n\t\t\t\t\t\t\t\t\t<p>\u00a1Hola! \u00a1Me alegro de que me hayas encontrado!<\/p>\n<p>Me llamo Carol y me encanta contar y fotografiar la vida de una forma honesta, emotiva y natural.<\/p>\n<p>Desde ni\u00f1a me apasionan el cine, los libros y la fotograf\u00eda, me obsesiona el paso del tiempo y c\u00f3mo conseguir atraparlo de alguna manera.<\/p>\n<p>Cuando era peque\u00f1a so\u00f1aba con ser fot\u00f3grafa o escritora, pero acab\u00e9 estudiando una ingenier\u00eda.<\/p>\n<p>Trabaj\u00e9 durante varios a\u00f1os como ingeniera pero la maternidad supuso un tsunami personal brutal que me permiti\u00f3 volver a conectar con los sue\u00f1os de esa ni\u00f1a que a\u00fan habita en mi.<\/p>\n<p>La fotograf\u00eda volvi\u00f3 a encontrarme, aunque nunca nos hubi\u00e9semos separado y volvi\u00f3 de una forma tan fuerte que tom\u00e9 la arriesgada decisi\u00f3n de dejar mi carrera como ingeniera y formarme como fot\u00f3grafa y desde entonces no he dejado de hacerlo.<\/p>\n<p>Realic\u00e9 el Master profesional de fotograf\u00eda de la escuela Workshopexperience de Madrid en 2014 y he realizado numerosos cursos y talleres especializados en retrato, edici\u00f3n, fotograf\u00eda de bodas y fotograf\u00eda de beb\u00e9s y familias, etc.<\/p>\n<p>Desde 2015 trabajo como fot\u00f3grafa profesional independiente realizando fotograf\u00eda de bodas, beb\u00e9s y emprendendores y como fot\u00f3grafa freelance para varios de los mejores estudios fotogr\u00e1ficos de Madrid, c\u00f3mo Elena Bau Estudio, ESIF fotograf\u00eda, Fotoalpunto d\u00f3nde he aprendido much\u00edsimo de grandes profesionales de la fotograf\u00eda.<\/p>\n<p>En toda esta aventura me acompa\u00f1a mi familia belgoespa\u00f1ola que est\u00e1 formada por mis 3 hijos:&nbsp; Emilie, Pablo y Trist\u00e1n y mi chico, David, sin el cual yo nunca me hubiera atrevido a seguir mis sue\u00f1os, as\u00ed como mi familia y mis amigos, que no siempre me han entendido pero siempre me han apoyado.<\/p>\n<p>Soy un esp\u00edritu inquieto, siempre tengo mil cosas en la cabeza y mil planes por hacer, soy apasionada, alegre, muy sensible y t\u00edmida pero hablo mucho, en castellano que es mi lengua materna pero tambi\u00e9n en franc\u00e9s, ingl\u00e9s y portugu\u00e9s as\u00ed que tengo carrete en varios idiomas\u2026<\/p>\n<p>Actualmente vivo en Madrid pero me desplazo d\u00f3nde haga falta para fotografiar historias, para fotografiar la vida.<\/p>\n<p>Y es que todos escondemos historias \u00fanicas.<\/p>\n<p style=\"text-align: center;\"><strong><a href=\"https:\/\/www.carolrenauxphoto.com\/en\/hablamos\/#info-reserva\">\u00bfMe dejas contar la tuya en im\u00e1genes? &gt;&gt;<\/a>,<\/strong><\/p>\t\t\t\t\t\t\t\t<\/div>\n\t\t\t\t<\/div>\n\t\t\t\t\t<\/div>\n\t\t<\/div>\n\t\t\t\t\t<\/div>\n\t\t<\/section>\n\t\t\t\t<section class=\"elementor-section elementor-top-section elementor-element elementor-element-19ad265 elementor-section-boxed elementor-section-height-default elementor-section-height-default\" data-id=\"19ad265\" data-element_type=\"section\" data-e-type=\"section\">\n\t\t\t\t\t\t<div class=\"elementor-container elementor-column-gap-default\">\n\t\t\t\t\t<div class=\"elementor-column elementor-col-100 elementor-top-column elementor-element elementor-element-b1c73c2\" data-id=\"b1c73c2\" data-element_type=\"column\" data-e-type=\"column\">\n\t\t\t<div class=\"elementor-widget-wrap elementor-element-populated\">\n\t\t\t\t\t\t<div class=\"elementor-element elementor-element-2f17970 elementor-widget elementor-widget-heading\" data-id=\"2f17970\" data-element_type=\"widget\" data-e-type=\"widget\" data-widget_type=\"heading.default\">\n\t\t\t\t<div class=\"elementor-widget-container\">\n\t\t\t\t\t<h2 class=\"elementor-heading-title elementor-size-default\">MANIFIESTO<\/h2>\t\t\t\t<\/div>\n\t\t\t\t<\/div>\n\t\t\t\t\t<\/div>\n\t\t<\/div>\n\t\t\t\t\t<\/div>\n\t\t<\/section>\n\t\t\t\t<section class=\"elementor-section elementor-top-section elementor-element elementor-element-2282340 elementor-section-stretched elementor-section-boxed elementor-section-height-default elementor-section-height-default\" data-id=\"2282340\" data-element_type=\"section\" data-e-type=\"section\" data-settings=\"{&quot;stretch_section&quot;:&quot;section-stretched&quot;,&quot;background_background&quot;:&quot;classic&quot;}\">\n\t\t\t\t\t\t<div class=\"elementor-container elementor-column-gap-default\">\n\t\t\t\t\t<div class=\"elementor-column elementor-col-100 elementor-top-column elementor-element elementor-element-713287c\" data-id=\"713287c\" data-element_type=\"column\" data-e-type=\"column\" data-settings=\"{&quot;background_background&quot;:&quot;classic&quot;}\">\n\t\t\t<div class=\"elementor-widget-wrap elementor-element-populated\">\n\t\t\t\t\t\t<div class=\"elementor-element elementor-element-bd7d1bd elementor-widget elementor-widget-text-editor\" data-id=\"bd7d1bd\" data-element_type=\"widget\" data-e-type=\"widget\" data-widget_type=\"text-editor.default\">\n\t\t\t\t<div class=\"elementor-widget-container\">\n\t\t\t\t\t\t\t\t\t<p style=\"text-align: left;\">Cada vez que alguien me pide informaci\u00f3n o se acerca a mi web para ver mi trabajo y conocerme mejor, me gustar\u00eda decirle que al contratar una sesi\u00f3n de fotos, adem\u00e1s de contratar a una fot\u00f3grafa profesional con amplia experiencia que estar\u00e1 a su disposici\u00f3n durante el tiempo que dure la sesi\u00f3n, que seleccionar\u00e1 y editar\u00e1 las fotos y las entregar\u00e1 en formato digital, \u00e1lbum o en papel tambi\u00e9n se llevar\u00e1:<\/p><p style=\"text-align: left;\">-El ver esas fotos dentro de 6 meses o 6 a\u00f1os y sorprenderse de lo peque\u00f1ito que era su beb\u00e9 y sentir el v\u00e9rtigo de lo r\u00e1pido que han pasado esos primeros meses.<\/p><p style=\"text-align: left;\">-Se lleva el mirar a esa embarazada que fue y ver lo guapa que estaba a pesar de lo poco que le apetec\u00eda hacerse fotos con tantos kilos encima.<\/p><p style=\"text-align: left;\">-Se llevas el ver lo bonita que es su familia, aunque la crianza pueda ser dura y est\u00e9 tan inmersa en la log\u00edstica del d\u00eda a d\u00eda que ni lo vea.<\/p><p style=\"text-align: left;\">-Se lleva una peque\u00f1a c\u00e1psula del tiempo en forma de fotos a la que poder volver siempre, para ver c\u00f3mo era cuando hoy ya sea ayer<\/p><p style=\"text-align: left;\">Y es que aunque yo me gano la vida con esto y tengo que vender mi trabajo, te dir\u00e9 que la fotograf\u00eda para mi no es s\u00f3lo un trabajo, a mi la fotograf\u00eda me permite conocer gente maravillosa a la que fotograf\u00edo, me ayuda a contar historias bellas y cotidianas y me ayuda a entender mi propia vida.<\/p><p>As\u00ed que si todo esto tambi\u00e9n resuena en ti, estar\u00e9 encantada de ser tu fot\u00f3grafa..<\/p>\t\t\t\t\t\t\t\t<\/div>\n\t\t\t\t<\/div>\n\t\t\t\t\t<\/div>\n\t\t<\/div>\n\t\t\t\t\t<\/div>\n\t\t<\/section>\n\t\t\t\t<section class=\"elementor-section elementor-top-section elementor-element elementor-element-026edb0 elementor-section-boxed elementor-section-height-default elementor-section-height-default\" data-id=\"026edb0\" data-element_type=\"section\" data-e-type=\"section\">\n\t\t\t\t\t\t<div class=\"elementor-container elementor-column-gap-default\">\n\t\t\t\t\t<div class=\"elementor-column elementor-col-100 elementor-top-column elementor-element elementor-element-cd7c71d\" data-id=\"cd7c71d\" data-element_type=\"column\" data-e-type=\"column\">\n\t\t\t<div class=\"elementor-widget-wrap elementor-element-populated\">\n\t\t\t\t\t\t<div class=\"elementor-element elementor-element-5a7ffb2 elementor-widget elementor-widget-heading\" data-id=\"5a7ffb2\" data-element_type=\"widget\" data-e-type=\"widget\" data-widget_type=\"heading.default\">\n\t\t\t\t<div class=\"elementor-widget-container\">\n\t\t\t\t\t<h2 class=\"elementor-heading-title elementor-size-default\">\u00a1Cont\u00e1ctame!<\/h2>\t\t\t\t<\/div>\n\t\t\t\t<\/div>\n\t\t\t\t<div class=\"elementor-element elementor-element-e950f2f elementor-align-center elementor-widget elementor-widget-button\" data-id=\"e950f2f\" data-element_type=\"widget\" data-e-type=\"widget\" data-widget_type=\"button.default\">\n\t\t\t\t<div class=\"elementor-widget-container\">\n\t\t\t\t\t\t\t\t\t<div class=\"elementor-button-wrapper\">\n\t\t\t\t\t<a class=\"elementor-button elementor-button-link elementor-size-xl\" href=\"https:\/\/www.carolrenauxphoto.com\/en\/hablamos\/#info-reserva\">\n\t\t\t\t\t\t<span class=\"elementor-button-content-wrapper\">\n\t\t\t\t\t\t<span class=\"elementor-button-icon\">\n\t\t\t\t<i aria-hidden=\"true\" class=\"far fa-arrow-alt-circle-right\"><\/i>\t\t\t<\/span>\n\t\t\t\t\t\t\t\t<\/span>\n\t\t\t\t\t<\/a>\n\t\t\t\t<\/div>\n\t\t\t\t\t\t\t\t<\/div>\n\t\t\t\t<\/div>\n\t\t\t\t\t<\/div>\n\t\t<\/div>\n\t\t\t\t\t<\/div>\n\t\t<\/section>\n\t\t\t\t<\/div>","protected":false},"excerpt":{"rendered":"<p>CON\u00d3CEME \u00a1Hola! \u00a1Me alegro de que me hayas encontrado! Me llamo Carol y me encanta contar y fotografiar la vida de una forma honesta, emotiva y natural. Desde ni\u00f1a me apasionan el cine, los libros y la fotograf\u00eda, me obsesiona el paso del tiempo y c\u00f3mo conseguir atraparlo de alguna manera. Cuando era peque\u00f1a so\u00f1aba &#8230; <a title=\"Con\u00f3ceme\" class=\"read-more\" href=\"https:\/\/www.carolrenauxphoto.com\/en\/conoceme\/\" aria-label=\"Read more about Con\u00f3ceme\">Read more<\/a><\/p>","protected":false},"author":1,"featured_media":0,"parent":0,"menu_order":0,"comment_status":"closed","ping_status":"closed","template":"","meta":{"_joinchat":[],"footnotes":""},"class_list":["post-35","page","type-page","status-publish"],"yoast_head":"<!-- This site is optimized with the Yoast SEO plugin v28.1 - https:\/\/yoast.com\/product\/yoast-seo-wordpress\/ -->\n<title>Con\u00f3ceme - Fotograf\u00eda de Maternidad, reci\u00e9n nacidos y embarazo en Madrid<\/title>\n<meta name=\"description\" content=\"Con\u00f3ceme. Soy Carol Renaux y me gusta contar historias a trav\u00e9s de mis fotograf\u00edas.\" \/>\n<meta name=\"robots\" content=\"index, follow, max-snippet:-1, max-image-preview:large, max-video-preview:-1\" \/>\n<link rel=\"canonical\" href=\"https:\/\/www.carolrenauxphoto.com\/en\/conoceme\/\" \/>\n<meta property=\"og:locale\" content=\"en_GB\" \/>\n<meta property=\"og:type\" content=\"article\" \/>\n<meta property=\"og:title\" content=\"Con\u00f3ceme - Fotograf\u00eda de Maternidad, reci\u00e9n nacidos y embarazo en Madrid\" \/>\n<meta property=\"og:description\" content=\"Con\u00f3ceme. Soy Carol Renaux y me gusta contar historias a trav\u00e9s de mis fotograf\u00edas.\" \/>\n<meta property=\"og:url\" content=\"https:\/\/www.carolrenauxphoto.com\/en\/conoceme\/\" \/>\n<meta property=\"og:site_name\" content=\"Fotograf\u00eda de Maternidad, reci\u00e9n nacidos y embarazo en Madrid\" \/>\n<meta property=\"article:publisher\" content=\"https:\/\/www.facebook.com\/carolrenauxphoto\/\" \/>\n<meta property=\"article:modified_time\" content=\"2021-01-20T19:02:07+00:00\" \/>\n<meta property=\"og:image\" content=\"https:\/\/www.carolrenauxphoto.com\/wp-content\/uploads\/2020\/10\/conoceme-home-ok.jpg\" \/>\n<meta name=\"twitter:card\" content=\"summary_large_image\" \/>\n<meta name=\"twitter:label1\" content=\"Estimated reading time\" \/>\n\t<meta name=\"twitter:data1\" content=\"3 minutes\" \/>\n<script type=\"application\/ld+json\" class=\"yoast-schema-graph\">{\"@context\":\"https:\\\/\\\/schema.org\",\"@graph\":[{\"@type\":\"WebPage\",\"@id\":\"https:\\\/\\\/www.carolrenauxphoto.com\\\/conoceme\\\/\",\"url\":\"https:\\\/\\\/www.carolrenauxphoto.com\\\/conoceme\\\/\",\"name\":\"Con\u00f3ceme - Fotograf\u00eda de Maternidad, reci\u00e9n nacidos y embarazo en Madrid\",\"isPartOf\":{\"@id\":\"https:\\\/\\\/www.carolrenauxphoto.com\\\/#website\"},\"primaryImageOfPage\":{\"@id\":\"https:\\\/\\\/www.carolrenauxphoto.com\\\/conoceme\\\/#primaryimage\"},\"image\":{\"@id\":\"https:\\\/\\\/www.carolrenauxphoto.com\\\/conoceme\\\/#primaryimage\"},\"thumbnailUrl\":\"https:\\\/\\\/www.carolrenauxphoto.com\\\/wp-content\\\/uploads\\\/2020\\\/10\\\/conoceme-home-ok.jpg\",\"datePublished\":\"2020-03-02T09:54:37+00:00\",\"dateModified\":\"2021-01-20T19:02:07+00:00\",\"description\":\"Con\u00f3ceme. Soy Carol Renaux y me gusta contar historias a trav\u00e9s de mis fotograf\u00edas.\",\"breadcrumb\":{\"@id\":\"https:\\\/\\\/www.carolrenauxphoto.com\\\/conoceme\\\/#breadcrumb\"},\"inLanguage\":\"en-GB\",\"potentialAction\":[{\"@type\":\"ReadAction\",\"target\":[\"https:\\\/\\\/www.carolrenauxphoto.com\\\/conoceme\\\/\"]}]},{\"@type\":\"ImageObject\",\"inLanguage\":\"en-GB\",\"@id\":\"https:\\\/\\\/www.carolrenauxphoto.com\\\/conoceme\\\/#primaryimage\",\"url\":\"https:\\\/\\\/www.carolrenauxphoto.com\\\/wp-content\\\/uploads\\\/2020\\\/10\\\/conoceme-home-ok.jpg\",\"contentUrl\":\"https:\\\/\\\/www.carolrenauxphoto.com\\\/wp-content\\\/uploads\\\/2020\\\/10\\\/conoceme-home-ok.jpg\"},{\"@type\":\"BreadcrumbList\",\"@id\":\"https:\\\/\\\/www.carolrenauxphoto.com\\\/conoceme\\\/#breadcrumb\",\"itemListElement\":[{\"@type\":\"ListItem\",\"position\":1,\"name\":\"Portada\",\"item\":\"https:\\\/\\\/www.carolrenauxphoto.com\\\/\"},{\"@type\":\"ListItem\",\"position\":2,\"name\":\"Con\u00f3ceme\"}]},{\"@type\":\"WebSite\",\"@id\":\"https:\\\/\\\/www.carolrenauxphoto.com\\\/#website\",\"url\":\"https:\\\/\\\/www.carolrenauxphoto.com\\\/\",\"name\":\"Fotograf\u00eda de Maternidad, reci\u00e9n nacidos y embarazo en Madrid\",\"description\":\"Fot\u00f3grafa de Maternidad, reci\u00e9n nacidos y embarazo en Madrid\",\"publisher\":{\"@id\":\"https:\\\/\\\/www.carolrenauxphoto.com\\\/#organization\"},\"potentialAction\":[{\"@type\":\"SearchAction\",\"target\":{\"@type\":\"EntryPoint\",\"urlTemplate\":\"https:\\\/\\\/www.carolrenauxphoto.com\\\/?s={search_term_string}\"},\"query-input\":{\"@type\":\"PropertyValueSpecification\",\"valueRequired\":true,\"valueName\":\"search_term_string\"}}],\"inLanguage\":\"en-GB\"},{\"@type\":\"Organization\",\"@id\":\"https:\\\/\\\/www.carolrenauxphoto.com\\\/#organization\",\"name\":\"Fotograf\u00eda de Maternidad, reci\u00e9n nacidos y embarazo en Madrid\",\"url\":\"https:\\\/\\\/www.carolrenauxphoto.com\\\/\",\"logo\":{\"@type\":\"ImageObject\",\"inLanguage\":\"en-GB\",\"@id\":\"https:\\\/\\\/www.carolrenauxphoto.com\\\/#\\\/schema\\\/logo\\\/image\\\/\",\"url\":\"https:\\\/\\\/www.carolrenauxphoto.com\\\/wp-content\\\/uploads\\\/2020\\\/06\\\/carol-renaux-photo-menu.jpg\",\"contentUrl\":\"https:\\\/\\\/www.carolrenauxphoto.com\\\/wp-content\\\/uploads\\\/2020\\\/06\\\/carol-renaux-photo-menu.jpg\",\"width\":322,\"height\":77,\"caption\":\"Fotograf\u00eda de Maternidad, reci\u00e9n nacidos y embarazo en Madrid\"},\"image\":{\"@id\":\"https:\\\/\\\/www.carolrenauxphoto.com\\\/#\\\/schema\\\/logo\\\/image\\\/\"},\"sameAs\":[\"https:\\\/\\\/www.facebook.com\\\/carolrenauxphoto\\\/\",\"https:\\\/\\\/www.instagram.com\\\/carolrenauxphoto\\\/\",\"https:\\\/\\\/www.pinterest.es\\\/carolrenauxphoto\\\/\"]}]}<\/script>\n<!-- \/ Yoast SEO plugin. -->","yoast_head_json":{"title":"Con\u00f3ceme - Fotograf\u00eda de Maternidad, reci\u00e9n nacidos y embarazo en Madrid","description":"Con\u00f3ceme. Soy Carol Renaux y me gusta contar historias a trav\u00e9s de mis fotograf\u00edas.","robots":{"index":"index","follow":"follow","max-snippet":"max-snippet:-1","max-image-preview":"max-image-preview:large","max-video-preview":"max-video-preview:-1"},"canonical":"https:\/\/www.carolrenauxphoto.com\/en\/conoceme\/","og_locale":"en_GB","og_type":"article","og_title":"Con\u00f3ceme - Fotograf\u00eda de Maternidad, reci\u00e9n nacidos y embarazo en Madrid","og_description":"Con\u00f3ceme. Soy Carol Renaux y me gusta contar historias a trav\u00e9s de mis fotograf\u00edas.","og_url":"https:\/\/www.carolrenauxphoto.com\/en\/conoceme\/","og_site_name":"Fotograf\u00eda de Maternidad, reci\u00e9n nacidos y embarazo en Madrid","article_publisher":"https:\/\/www.facebook.com\/carolrenauxphoto\/","article_modified_time":"2021-01-20T19:02:07+00:00","og_image":[{"url":"https:\/\/www.carolrenauxphoto.com\/wp-content\/uploads\/2020\/10\/conoceme-home-ok.jpg","type":"","width":"","height":""}],"twitter_card":"summary_large_image","twitter_misc":{"Estimated reading time":"3 minutes"},"schema":{"@context":"https:\/\/schema.org","@graph":[{"@type":"WebPage","@id":"https:\/\/www.carolrenauxphoto.com\/conoceme\/","url":"https:\/\/www.carolrenauxphoto.com\/conoceme\/","name":"Con\u00f3ceme - Fotograf\u00eda de Maternidad, reci\u00e9n nacidos y embarazo en Madrid","isPartOf":{"@id":"https:\/\/www.carolrenauxphoto.com\/#website"},"primaryImageOfPage":{"@id":"https:\/\/www.carolrenauxphoto.com\/conoceme\/#primaryimage"},"image":{"@id":"https:\/\/www.carolrenauxphoto.com\/conoceme\/#primaryimage"},"thumbnailUrl":"https:\/\/www.carolrenauxphoto.com\/wp-content\/uploads\/2020\/10\/conoceme-home-ok.jpg","datePublished":"2020-03-02T09:54:37+00:00","dateModified":"2021-01-20T19:02:07+00:00","description":"Con\u00f3ceme. Soy Carol Renaux y me gusta contar historias a trav\u00e9s de mis fotograf\u00edas.","breadcrumb":{"@id":"https:\/\/www.carolrenauxphoto.com\/conoceme\/#breadcrumb"},"inLanguage":"en-GB","potentialAction":[{"@type":"ReadAction","target":["https:\/\/www.carolrenauxphoto.com\/conoceme\/"]}]},{"@type":"ImageObject","inLanguage":"en-GB","@id":"https:\/\/www.carolrenauxphoto.com\/conoceme\/#primaryimage","url":"https:\/\/www.carolrenauxphoto.com\/wp-content\/uploads\/2020\/10\/conoceme-home-ok.jpg","contentUrl":"https:\/\/www.carolrenauxphoto.com\/wp-content\/uploads\/2020\/10\/conoceme-home-ok.jpg"},{"@type":"BreadcrumbList","@id":"https:\/\/www.carolrenauxphoto.com\/conoceme\/#breadcrumb","itemListElement":[{"@type":"ListItem","position":1,"name":"Portada","item":"https:\/\/www.carolrenauxphoto.com\/"},{"@type":"ListItem","position":2,"name":"Con\u00f3ceme"}]},{"@type":"WebSite","@id":"https:\/\/www.carolrenauxphoto.com\/#website","url":"https:\/\/www.carolrenauxphoto.com\/","name":"Fotograf\u00eda de Maternidad, reci\u00e9n nacidos y embarazo en Madrid","description":"Fot\u00f3grafa de Maternidad, reci\u00e9n nacidos y embarazo en Madrid","publisher":{"@id":"https:\/\/www.carolrenauxphoto.com\/#organization"},"potentialAction":[{"@type":"SearchAction","target":{"@type":"EntryPoint","urlTemplate":"https:\/\/www.carolrenauxphoto.com\/?s={search_term_string}"},"query-input":{"@type":"PropertyValueSpecification","valueRequired":true,"valueName":"search_term_string"}}],"inLanguage":"en-GB"},{"@type":"Organization","@id":"https:\/\/www.carolrenauxphoto.com\/#organization","name":"Fotograf\u00eda de Maternidad, reci\u00e9n nacidos y embarazo en Madrid","url":"https:\/\/www.carolrenauxphoto.com\/","logo":{"@type":"ImageObject","inLanguage":"en-GB","@id":"https:\/\/www.carolrenauxphoto.com\/#\/schema\/logo\/image\/","url":"https:\/\/www.carolrenauxphoto.com\/wp-content\/uploads\/2020\/06\/carol-renaux-photo-menu.jpg","contentUrl":"https:\/\/www.carolrenauxphoto.com\/wp-content\/uploads\/2020\/06\/carol-renaux-photo-menu.jpg","width":322,"height":77,"caption":"Fotograf\u00eda de Maternidad, reci\u00e9n nacidos y embarazo en Madrid"},"image":{"@id":"https:\/\/www.carolrenauxphoto.com\/#\/schema\/logo\/image\/"},"sameAs":["https:\/\/www.facebook.com\/carolrenauxphoto\/","https:\/\/www.instagram.com\/carolrenauxphoto\/","https:\/\/www.pinterest.es\/carolrenauxphoto\/"]}]}},"_links":{"self":[{"href":"https:\/\/www.carolrenauxphoto.com\/en\/wp-json\/wp\/v2\/pages\/35","targetHints":{"allow":["GET"]}}],"collection":[{"href":"https:\/\/www.carolrenauxphoto.com\/en\/wp-json\/wp\/v2\/pages"}],"about":[{"href":"https:\/\/www.carolrenauxphoto.com\/en\/wp-json\/wp\/v2\/types\/page"}],"author":[{"embeddable":true,"href":"https:\/\/www.carolrenauxphoto.com\/en\/wp-json\/wp\/v2\/users\/1"}],"replies":[{"embeddable":true,"href":"https:\/\/www.carolrenauxphoto.com\/en\/wp-json\/wp\/v2\/comments?post=35"}],"version-history":[{"count":0,"href":"https:\/\/www.carolrenauxphoto.com\/en\/wp-json\/wp\/v2\/pages\/35\/revisions"}],"wp:attachment":[{"href":"https:\/\/www.carolrenauxphoto.com\/en\/wp-json\/wp\/v2\/media?parent=35"}],"curies":[{"name":"wp","href":"https:\/\/api.w.org\/{rel}","templated":true}]}}