{"id":677,"date":"2020-06-24T11:03:54","date_gmt":"2020-06-24T11:03:54","guid":{"rendered":"https:\/\/www.carolrenauxphoto.com\/?page_id=677"},"modified":"2026-03-03T11:18:38","modified_gmt":"2026-03-03T11:18:38","slug":"reciennacidosybebes","status":"publish","type":"page","link":"https:\/\/www.carolrenauxphoto.com\/en\/reciennacidosybebes\/","title":{"rendered":"Reci\u00e9n nacidos y Beb\u00e9s"},"content":{"rendered":"<div data-elementor-type=\"wp-page\" data-elementor-id=\"677\" class=\"elementor elementor-677\">\n\t\t\t\t\t\t<section class=\"elementor-section elementor-top-section elementor-element elementor-element-63d879e elementor-section-stretched elementor-section-full_width elementor-section-height-default elementor-section-height-default\" data-id=\"63d879e\" data-element_type=\"section\" data-e-type=\"section\" data-settings=\"{&quot;stretch_section&quot;:&quot;section-stretched&quot;,&quot;background_background&quot;:&quot;classic&quot;}\">\n\t\t\t\t\t\t<div class=\"elementor-container elementor-column-gap-default\">\n\t\t\t\t\t<div class=\"elementor-column elementor-col-100 elementor-top-column elementor-element elementor-element-575e6d3\" data-id=\"575e6d3\" data-element_type=\"column\" data-e-type=\"column\">\n\t\t\t<div class=\"elementor-widget-wrap elementor-element-populated\">\n\t\t\t\t\t\t<div class=\"elementor-element elementor-element-8c85ed7 elementor-widget elementor-widget-image\" data-id=\"8c85ed7\" data-element_type=\"widget\" data-e-type=\"widget\" data-widget_type=\"image.default\">\n\t\t\t\t<div class=\"elementor-widget-container\">\n\t\t\t\t\t\t\t\t\t\t\t\t\t\t\t<img fetchpriority=\"high\" decoding=\"async\" width=\"1200\" height=\"406\" src=\"https:\/\/www.carolrenauxphoto.com\/wp-content\/uploads\/2020\/06\/cab-bebes.jpg\" class=\"attachment-full size-full wp-image-752\" alt=\"\" srcset=\"https:\/\/www.carolrenauxphoto.com\/wp-content\/uploads\/2020\/06\/cab-bebes.jpg 1200w, https:\/\/www.carolrenauxphoto.com\/wp-content\/uploads\/2020\/06\/cab-bebes-300x102.jpg 300w, https:\/\/www.carolrenauxphoto.com\/wp-content\/uploads\/2020\/06\/cab-bebes-1024x346.jpg 1024w, https:\/\/www.carolrenauxphoto.com\/wp-content\/uploads\/2020\/06\/cab-bebes-768x260.jpg 768w\" sizes=\"(max-width: 1200px) 100vw, 1200px\" \/>\t\t\t\t\t\t\t\t\t\t\t\t\t\t\t<\/div>\n\t\t\t\t<\/div>\n\t\t\t\t\t<\/div>\n\t\t<\/div>\n\t\t\t\t\t<\/div>\n\t\t<\/section>\n\t\t\t\t<section class=\"elementor-section elementor-top-section elementor-element elementor-element-42fdd34 elementor-section-boxed elementor-section-height-default elementor-section-height-default\" data-id=\"42fdd34\" data-element_type=\"section\" data-e-type=\"section\">\n\t\t\t\t\t\t<div class=\"elementor-container elementor-column-gap-default\">\n\t\t\t\t\t<div class=\"elementor-column elementor-col-100 elementor-top-column elementor-element elementor-element-3856fb5\" data-id=\"3856fb5\" data-element_type=\"column\" data-e-type=\"column\">\n\t\t\t<div class=\"elementor-widget-wrap elementor-element-populated\">\n\t\t\t\t\t\t<div class=\"elementor-element elementor-element-5416ec5 elementor-widget elementor-widget-heading\" data-id=\"5416ec5\" data-element_type=\"widget\" data-e-type=\"widget\" data-widget_type=\"heading.default\">\n\t\t\t\t<div class=\"elementor-widget-container\">\n\t\t\t\t\t<h1 class=\"elementor-heading-title elementor-size-default\"><a href=\"https:\/\/www.carolrenauxphoto.com\/en\/bebes\/\">RECI\u00c9N NACIDOS Y BEB\u00c9S EN MADRID<\/a><\/h1>\t\t\t\t<\/div>\n\t\t\t\t<\/div>\n\t\t\t\t\t<\/div>\n\t\t<\/div>\n\t\t\t\t\t<\/div>\n\t\t<\/section>\n\t\t\t\t<section class=\"elementor-section elementor-top-section elementor-element elementor-element-2c65def elementor-section-boxed elementor-section-height-default elementor-section-height-default\" data-id=\"2c65def\" data-element_type=\"section\" data-e-type=\"section\">\n\t\t\t\t\t\t<div class=\"elementor-container elementor-column-gap-default\">\n\t\t\t\t\t<div class=\"elementor-column elementor-col-100 elementor-top-column elementor-element elementor-element-f270b65\" data-id=\"f270b65\" data-element_type=\"column\" data-e-type=\"column\">\n\t\t\t<div class=\"elementor-widget-wrap elementor-element-populated\">\n\t\t\t\t\t\t<div class=\"elementor-element elementor-element-11c36f9 elementor-widget elementor-widget-heading\" data-id=\"11c36f9\" data-element_type=\"widget\" data-e-type=\"widget\" data-widget_type=\"heading.default\">\n\t\t\t\t<div class=\"elementor-widget-container\">\n\t\t\t\t\t<h1 class=\"elementor-heading-title elementor-size-default\"><a href=\"https:\/\/www.carolrenauxphoto.com\/en\/bebes\/\">Fotograf\u00eda de reci\u00e9n nacidos y beb\u00e9s en Madrid<\/a><\/h1>\t\t\t\t<\/div>\n\t\t\t\t<\/div>\n\t\t\t\t\t<\/div>\n\t\t<\/div>\n\t\t\t\t\t<\/div>\n\t\t<\/section>\n\t\t\t\t<section class=\"elementor-section elementor-top-section elementor-element elementor-element-ede87ff elementor-section-stretched elementor-section-boxed elementor-section-height-default elementor-section-height-default\" data-id=\"ede87ff\" data-element_type=\"section\" data-e-type=\"section\" data-settings=\"{&quot;stretch_section&quot;:&quot;section-stretched&quot;,&quot;background_background&quot;:&quot;classic&quot;}\">\n\t\t\t\t\t\t<div class=\"elementor-container elementor-column-gap-default\">\n\t\t\t\t\t<div class=\"elementor-column elementor-col-100 elementor-top-column elementor-element elementor-element-a266691\" data-id=\"a266691\" data-element_type=\"column\" data-e-type=\"column\" data-settings=\"{&quot;background_background&quot;:&quot;classic&quot;}\">\n\t\t\t<div class=\"elementor-widget-wrap elementor-element-populated\">\n\t\t\t\t\t\t<div class=\"elementor-element elementor-element-45f9caa elementor-widget elementor-widget-text-editor\" data-id=\"45f9caa\" data-element_type=\"widget\" data-e-type=\"widget\" data-widget_type=\"text-editor.default\">\n\t\t\t\t<div class=\"elementor-widget-container\">\n\t\t\t\t\t\t\t\t\t<p>Traer un beb\u00e9 a este mundo es un viaje fascinante para el que nadie te prepara.<\/p><p>Da igual si lees mucho, si tienes hermanos o amigos con hijos.. porque nada ser\u00e1 c\u00f3mo pensabas.<\/p><p>\u00c9ste es T\u00da viaje: \u00fanico, fascinante, complicado, que pondr\u00e1 tu vida del rev\u00e9s y te transformar\u00e1 hasta el punto de alumbrar, adem\u00e1s de tu beb\u00e9, una nueva versi\u00f3n de ti misma..y no sucede s\u00f3lo con el primero sino con cada hijo que tenemos.<\/p><p>Los primeros meses son muy intensos y pueden ser muy duros, pero pasan r\u00e1pido, muy r\u00e1pido, y antes de que te des cuenta habr\u00e1s pasado de los entuertos y de los primeros d\u00edas a gestionar las crisis de los dos a\u00f1os.<\/p><p>El tiempo se escurre entre tus dedos y tienes la sensaci\u00f3n de que todo va demasiado r\u00e1pido. Es probablemente la experiencia m\u00e1s intensa y potente que hayas vivido. Te priva de sue\u00f1o, pone a prueba tu paciencia, hace tambalear tus cimientos y pone patas tu vida tal como la conoc\u00edas. Los primeros meses son brutalmente exigentes y agotadores, y parece que no tengan fin\u2026 pero \u00a1pasa muy r\u00e1pido!<\/p><p>Para m\u00ed las fotograf\u00edas son peque\u00f1as c\u00e1psulas de tiempo a las que podemos volver siempre que queramos para recordar c\u00f3mo \u00e9ramos, y si hay un momento m\u00e1gico al que siempre querremos volver ser\u00e1 a esos primeros d\u00edas en los que un peque\u00f1o ser puso nuestra vida patas arriba.<\/p><p>Hacer una sesi\u00f3n de fotos de los primeros d\u00edas o los primeros meses es la ocasi\u00f3n ideal para que te detengas en la vor\u00e1gine del postparto y vivas un rato \u00edntimo y agradable, centrando tu mirada en tu beb\u00e9, en vosotros, compartiendo conmigo c\u00f3mo est\u00e1n siendo estos primeros d\u00edas y c\u00f3mo resultado os dejar\u00e9 un peque\u00f1o gran tesoro para vuestra memoria familiar: vuestras primeras fotograf\u00edas juntos.<\/p><p>\u00bfQu\u00e9 te apetecer\u00e1 ver en ellas cuando eches la vista atr\u00e1s dentro de unos a\u00f1os? \u00bfQu\u00e9 quieres que les digan a tus hijos? Esta es tu familia, estos somos nosotros.<\/p>\t\t\t\t\t\t\t\t<\/div>\n\t\t\t\t<\/div>\n\t\t\t\t\t<\/div>\n\t\t<\/div>\n\t\t\t\t\t<\/div>\n\t\t<\/section>\n\t\t\t\t<section class=\"elementor-section elementor-top-section elementor-element elementor-element-3ebdc22 elementor-section-stretched elementor-section-full_width elementor-section-height-default elementor-section-height-default\" data-id=\"3ebdc22\" data-element_type=\"section\" data-e-type=\"section\" data-settings=\"{&quot;stretch_section&quot;:&quot;section-stretched&quot;,&quot;background_background&quot;:&quot;classic&quot;}\">\n\t\t\t\t\t\t<div class=\"elementor-container elementor-column-gap-default\">\n\t\t\t\t\t<div class=\"elementor-column elementor-col-100 elementor-top-column elementor-element elementor-element-765fa15\" data-id=\"765fa15\" data-element_type=\"column\" data-e-type=\"column\" data-settings=\"{&quot;background_background&quot;:&quot;classic&quot;}\">\n\t\t\t<div class=\"elementor-widget-wrap elementor-element-populated\">\n\t\t\t\t\t\t<div class=\"elementor-element elementor-element-976081b elementor-widget elementor-widget-shortcode\" data-id=\"976081b\" data-element_type=\"widget\" data-e-type=\"widget\" data-widget_type=\"shortcode.default\">\n\t\t\t\t<div class=\"elementor-widget-container\">\n\t\t\t\t\t\t\t<div class=\"elementor-shortcode\"><!-- Final Tiles Grid Gallery for WordPress v3.6.13 free --><style>#ftg-55 .tile .icon { color:#ffffff; }#ftg-55 .ftg-items .loading-bar i { background:#666; }#ftg-55 .ftg-items .loading-bar { background:#fff; }#ftg-55 .tile .icon { font-size:20px; }#ftg-55 .tile .icon { margin: -10px 0 0 -10px; }#ftg-55 .tile .caption-block .text-wrapper span.text { font-size:12px; }#ftg-55 .tile .caption-outside .text-wrapper span.text { font-size:12px; }#ftg-55 .tile .caption-block .text-wrapper span.title { font-size:14px; }#ftg-55 .tile .caption-outside .text-wrapper span.title { font-size:14px; }#ftg-55 .tile { background-color: transparent; }#ftg-55 .tile .caption-block .text-wrapper span.text { color: #ffffff; }#ftg-55 .tile .caption-block .text-wrapper span.title { color: #ffffff; }#ftg-55 .tile .caption-outside .text-wrapper span.text { color: #ffffff; }#ftg-55 .tile .caption-outside .text-wrapper span.title { color: #ffffff; }#ftg-55 .tile .ftg-social a { color: #ffffff; }#ftg-55 .tile .caption-block { transition-duration:0.1s; }#ftg-55 .tile .tile-inner:before { background-color: #000000; }#ftg-55 .tile .tile-inner:before { background-color: rgba(0, 0, 0, 0.8); }#ftg-55 .tile:hover img {-moz-transform: ;-webkit-transform: ;-o-transform: ;-ms-transform: ;transform: ;}<\/style><a name=\"5\"><\/a><div class=\"final-tiles-gallery  ftg-hover-enabled caption-inside  caption-none caption-middle caption-center\" id=\"ftg-55\" style=\"width: 100%\"><div class='ftg-items'><div class='loading-bar'><i><\/i><\/div><div  class='tile ftg-preload'><a title=\"\" data-lightbox='ftg-55' rel='ftg-55'  class='tile-inner  ftg-lightbox' href='https:\/\/www.carolrenauxphoto.com\/wp-content\/uploads\/2020\/07\/BEBES-1.jpg' ><img alt='Bebes - Carol Renaux Photo' class='item skip-lazy' data-class='item' data-ftg-source='https:\/\/www.carolrenauxphoto.com\/wp-content\/uploads\/2020\/07\/BEBES-1.jpg' src='https:\/\/www.carolrenauxphoto.com\/wp-content\/uploads\/2020\/07\/BEBES-1.jpg' width='1020' height='680' \/><\/a><div class='ftg-social'><\/div><\/div><div  class='tile ftg-preload'><a title=\"\" data-lightbox='ftg-55' rel='ftg-55'  class='tile-inner  ftg-lightbox' href='https:\/\/www.carolrenauxphoto.com\/wp-content\/uploads\/2020\/07\/BEBES-2.jpg' ><img alt='Bebes - Carol Renaux Photo' class='item skip-lazy' data-class='item' data-ftg-source='https:\/\/www.carolrenauxphoto.com\/wp-content\/uploads\/2020\/07\/BEBES-2.jpg' src='https:\/\/www.carolrenauxphoto.com\/wp-content\/uploads\/2020\/07\/BEBES-2.jpg' width='1020' height='680' \/><\/a><div class='ftg-social'><\/div><\/div><div  class='tile ftg-preload'><a title=\"\" data-lightbox='ftg-55' rel='ftg-55'  class='tile-inner  ftg-lightbox' href='https:\/\/www.carolrenauxphoto.com\/wp-content\/uploads\/2020\/07\/BEBES-3-683x1024.jpg' ><img alt='Bebes - Carol Renaux Photo' class='item skip-lazy' data-class='item' data-ftg-source='https:\/\/www.carolrenauxphoto.com\/wp-content\/uploads\/2020\/07\/BEBES-3-683x1024.jpg' src='https:\/\/www.carolrenauxphoto.com\/wp-content\/uploads\/2020\/07\/BEBES-3-683x1024.jpg' width='683' height='1024' \/><\/a><div class='ftg-social'><\/div><\/div><div  class='tile ftg-preload'><a title=\"\" data-lightbox='ftg-55' rel='ftg-55'  class='tile-inner  ftg-lightbox' href='https:\/\/www.carolrenauxphoto.com\/wp-content\/uploads\/2020\/07\/BEBES-4.jpg' ><img alt='Bebes - Carol Renaux Photo' class='item skip-lazy' data-class='item' data-ftg-source='https:\/\/www.carolrenauxphoto.com\/wp-content\/uploads\/2020\/07\/BEBES-4.jpg' src='https:\/\/www.carolrenauxphoto.com\/wp-content\/uploads\/2020\/07\/BEBES-4.jpg' width='1020' height='680' \/><\/a><div class='ftg-social'><\/div><\/div><div  class='tile ftg-preload'><a title=\"\" data-lightbox='ftg-55' rel='ftg-55'  class='tile-inner  ftg-lightbox' href='https:\/\/www.carolrenauxphoto.com\/wp-content\/uploads\/2020\/07\/BEBES-5.jpg' ><img alt='Bebes - Carol Renaux Photo' class='item skip-lazy' data-class='item' data-ftg-source='https:\/\/www.carolrenauxphoto.com\/wp-content\/uploads\/2020\/07\/BEBES-5.jpg' src='https:\/\/www.carolrenauxphoto.com\/wp-content\/uploads\/2020\/07\/BEBES-5.jpg' width='1020' height='680' \/><\/a><div class='ftg-social'><\/div><\/div><div  class='tile ftg-preload'><a title=\"\" data-lightbox='ftg-55' rel='ftg-55'  class='tile-inner  ftg-lightbox' href='https:\/\/www.carolrenauxphoto.com\/wp-content\/uploads\/2020\/07\/BEBES-6-683x1024.jpg' ><img alt='Bebes - Carol Renaux Photo' class='item skip-lazy' data-class='item' data-ftg-source='https:\/\/www.carolrenauxphoto.com\/wp-content\/uploads\/2020\/07\/BEBES-6-683x1024.jpg' src='https:\/\/www.carolrenauxphoto.com\/wp-content\/uploads\/2020\/07\/BEBES-6-683x1024.jpg' width='683' height='1024' \/><\/a><div class='ftg-social'><\/div><\/div><div  class='tile ftg-preload'><a title=\"\" data-lightbox='ftg-55' rel='ftg-55'  class='tile-inner  ftg-lightbox' href='https:\/\/www.carolrenauxphoto.com\/wp-content\/uploads\/2020\/07\/BEBES-7.jpg' ><img alt='Bebes - Carol Renaux Photo' class='item skip-lazy' data-class='item' data-ftg-source='https:\/\/www.carolrenauxphoto.com\/wp-content\/uploads\/2020\/07\/BEBES-7.jpg' src='https:\/\/www.carolrenauxphoto.com\/wp-content\/uploads\/2020\/07\/BEBES-7.jpg' width='1020' height='680' \/><\/a><div class='ftg-social'><\/div><\/div><div  class='tile ftg-preload'><a title=\"\" data-lightbox='ftg-55' rel='ftg-55'  class='tile-inner  ftg-lightbox' href='https:\/\/www.carolrenauxphoto.com\/wp-content\/uploads\/2020\/07\/BEBES-8.jpg' ><img alt='Bebes - Carol Renaux Photo' class='item skip-lazy' data-class='item' data-ftg-source='https:\/\/www.carolrenauxphoto.com\/wp-content\/uploads\/2020\/07\/BEBES-8.jpg' src='https:\/\/www.carolrenauxphoto.com\/wp-content\/uploads\/2020\/07\/BEBES-8.jpg' width='1020' height='680' \/><\/a><div class='ftg-social'><\/div><\/div><div  class='tile ftg-preload'><a title=\"\" data-lightbox='ftg-55' rel='ftg-55'  class='tile-inner  ftg-lightbox' href='https:\/\/www.carolrenauxphoto.com\/wp-content\/uploads\/2020\/07\/BEBES-9-683x1024.jpg' ><img alt='Bebes - Carol Renaux Photo' class='item skip-lazy' data-class='item' data-ftg-source='https:\/\/www.carolrenauxphoto.com\/wp-content\/uploads\/2020\/07\/BEBES-9-683x1024.jpg' src='https:\/\/www.carolrenauxphoto.com\/wp-content\/uploads\/2020\/07\/BEBES-9-683x1024.jpg' width='683' height='1024' \/><\/a><div class='ftg-social'><\/div><\/div><div  class='tile ftg-preload'><a title=\"\" data-lightbox='ftg-55' rel='ftg-55'  class='tile-inner  ftg-lightbox' href='https:\/\/www.carolrenauxphoto.com\/wp-content\/uploads\/2020\/07\/BEBES-10.jpg' ><img alt='Bebes - Carol Renaux Photo' class='item skip-lazy' data-class='item' data-ftg-source='https:\/\/www.carolrenauxphoto.com\/wp-content\/uploads\/2020\/07\/BEBES-10.jpg' src='https:\/\/www.carolrenauxphoto.com\/wp-content\/uploads\/2020\/07\/BEBES-10.jpg' width='1020' height='680' \/><\/a><div class='ftg-social'><\/div><\/div><div  class='tile ftg-preload'><a title=\"\" data-lightbox='ftg-55' rel='ftg-55'  class='tile-inner  ftg-lightbox' href='https:\/\/www.carolrenauxphoto.com\/wp-content\/uploads\/2020\/07\/BEBES-11.jpg' ><img alt='Bebes - Carol Renaux Photo' class='item skip-lazy' data-class='item' data-ftg-source='https:\/\/www.carolrenauxphoto.com\/wp-content\/uploads\/2020\/07\/BEBES-11.jpg' src='https:\/\/www.carolrenauxphoto.com\/wp-content\/uploads\/2020\/07\/BEBES-11.jpg' width='1020' height='680' \/><\/a><div class='ftg-social'><\/div><\/div><div  class='tile ftg-preload'><a title=\"\" data-lightbox='ftg-55' rel='ftg-55'  class='tile-inner  ftg-lightbox' href='https:\/\/www.carolrenauxphoto.com\/wp-content\/uploads\/2020\/07\/BEBES-12.jpg' ><img alt='Bebes - Carol Renaux Photo' class='item skip-lazy' data-class='item' data-ftg-source='https:\/\/www.carolrenauxphoto.com\/wp-content\/uploads\/2020\/07\/BEBES-12.jpg' src='https:\/\/www.carolrenauxphoto.com\/wp-content\/uploads\/2020\/07\/BEBES-12.jpg' width='1020' height='680' \/><\/a><div class='ftg-social'><\/div><\/div><\/div><\/div>\n<\/div>\n\t\t\t\t\t\t<\/div>\n\t\t\t\t<\/div>\n\t\t\t\t\t<\/div>\n\t\t<\/div>\n\t\t\t\t\t<\/div>\n\t\t<\/section>\n\t\t\t\t<section class=\"elementor-section elementor-top-section elementor-element elementor-element-b93b2ee elementor-section-boxed elementor-section-height-default elementor-section-height-default\" data-id=\"b93b2ee\" data-element_type=\"section\" data-e-type=\"section\">\n\t\t\t\t\t\t<div class=\"elementor-container elementor-column-gap-default\">\n\t\t\t\t\t<div class=\"elementor-column elementor-col-100 elementor-top-column elementor-element elementor-element-c906436\" data-id=\"c906436\" data-element_type=\"column\" data-e-type=\"column\">\n\t\t\t<div class=\"elementor-widget-wrap elementor-element-populated\">\n\t\t\t\t\t\t<div class=\"elementor-element elementor-element-47afc86 elementor-widget elementor-widget-heading\" data-id=\"47afc86\" data-element_type=\"widget\" data-e-type=\"widget\" data-widget_type=\"heading.default\">\n\t\t\t\t<div class=\"elementor-widget-container\">\n\t\t\t\t\t<h2 class=\"elementor-heading-title elementor-size-default\">\u00a1Quiero reservar!<\/h2>\t\t\t\t<\/div>\n\t\t\t\t<\/div>\n\t\t\t\t<div class=\"elementor-element elementor-element-9e1d2c2 elementor-align-center elementor-widget elementor-widget-button\" data-id=\"9e1d2c2\" data-element_type=\"widget\" data-e-type=\"widget\" data-widget_type=\"button.default\">\n\t\t\t\t<div class=\"elementor-widget-container\">\n\t\t\t\t\t\t\t\t\t<div class=\"elementor-button-wrapper\">\n\t\t\t\t\t<a class=\"elementor-button elementor-button-link elementor-size-xl\" href=\"https:\/\/www.carolrenauxphoto.com\/en\/hablamos\/#info-reserva\">\n\t\t\t\t\t\t<span class=\"elementor-button-content-wrapper\">\n\t\t\t\t\t\t<span class=\"elementor-button-icon\">\n\t\t\t\t<i aria-hidden=\"true\" class=\"far fa-arrow-alt-circle-right\"><\/i>\t\t\t<\/span>\n\t\t\t\t\t\t\t\t<\/span>\n\t\t\t\t\t<\/a>\n\t\t\t\t<\/div>\n\t\t\t\t\t\t\t\t<\/div>\n\t\t\t\t<\/div>\n\t\t\t\t\t<\/div>\n\t\t<\/div>\n\t\t\t\t\t<\/div>\n\t\t<\/section>\n\t\t\t\t<section class=\"elementor-section elementor-top-section elementor-element elementor-element-1cc585c elementor-section-stretched elementor-section-boxed elementor-section-height-default elementor-section-height-default\" data-id=\"1cc585c\" data-element_type=\"section\" data-e-type=\"section\" data-settings=\"{&quot;stretch_section&quot;:&quot;section-stretched&quot;,&quot;background_background&quot;:&quot;classic&quot;}\">\n\t\t\t\t\t\t<div class=\"elementor-container elementor-column-gap-default\">\n\t\t\t\t\t<div class=\"elementor-column elementor-col-100 elementor-top-column elementor-element elementor-element-2330975\" data-id=\"2330975\" data-element_type=\"column\" data-e-type=\"column\">\n\t\t\t<div class=\"elementor-widget-wrap elementor-element-populated\">\n\t\t\t\t\t\t<div class=\"elementor-element elementor-element-15913e5 elementor-widget elementor-widget-accordion\" data-id=\"15913e5\" data-element_type=\"widget\" data-e-type=\"widget\" data-widget_type=\"accordion.default\">\n\t\t\t\t<div class=\"elementor-widget-container\">\n\t\t\t\t\t\t\t<div class=\"elementor-accordion\">\n\t\t\t\t\t\t\t<div class=\"elementor-accordion-item\">\n\t\t\t\t\t<div id=\"elementor-tab-title-2261\" class=\"elementor-tab-title\" data-tab=\"1\" role=\"button\" aria-controls=\"elementor-tab-content-2261\" aria-expanded=\"false\">\n\t\t\t\t\t\t\t\t\t\t\t\t\t<span class=\"elementor-accordion-icon elementor-accordion-icon-left\" aria-hidden=\"true\">\n\t\t\t\t\t\t\t\t\t\t\t\t\t\t\t<span class=\"elementor-accordion-icon-closed\"><i class=\"fas fa-plus\"><\/i><\/span>\n\t\t\t\t\t\t\t\t<span class=\"elementor-accordion-icon-opened\"><i class=\"fas fa-minus\"><\/i><\/span>\n\t\t\t\t\t\t\t\t\t\t\t\t\t\t<\/span>\n\t\t\t\t\t\t\t\t\t\t\t\t<a class=\"elementor-accordion-title\" tabindex=\"0\">Tal vez te preguntes \u00bfvale la pena hacerse una sesi\u00f3n de fotos con una fot\u00f3grafa profesional?<\/a>\n\t\t\t\t\t<\/div>\n\t\t\t\t\t<div id=\"elementor-tab-content-2261\" class=\"elementor-tab-content elementor-clearfix\" data-tab=\"1\" role=\"region\" aria-labelledby=\"elementor-tab-title-2261\"><p>Tienes ganas, pero no terminas de decidirte. Son fotos muy bonitas, pero\u2026 \u00bftendr\u00e1s ganas y energ\u00eda para recibir en tu casa a una fot\u00f3grafa despu\u00e9s del parto? \u00bfY si tu beb\u00e9 llora? \u00bfY si la experiencia es m\u00e1s un agobio que un disfrute? \u00bfRealmente vale la pena hacer este tipo de fotos?<\/p><p><strong>La respuesta es un rotundo s\u00ed. <\/strong><\/p><p>Porque es un momento irrepetible (literalmente, aunque la frase suene a t\u00f3pica) y es extremadamente fugaz. Los reci\u00e9n nacidos cambian a una velocidad incre\u00edble, y en pocos d\u00edas dejan de ser \u00abreci\u00e9n\u00bb nacidos y pierden las caracter\u00edsticas \u00fanicas con las que se produce el primer contacto contigo.<\/p><p>Quiz\u00e1s est\u00e9s pensando: bueno, me encanta hacer fotos, puedo hacerle fotos yo misma, pero\u2026 \u00bfsaldr\u00e1s t\u00fa entonces? \u00bfy con tu pareja y otros hijos si ya los tienes? Contratar a una profesional que haga las fotos de tu beb\u00e9 es tambi\u00e9n un autorregalo para ti, ya que te permite disfrutar del momento y vivirlo con los cinco sentidos.<\/p><p>\t\t<div data-elementor-type=\"wp-post\" data-elementor-id=\"1071\" class=\"elementor elementor-1071\">\n\t\t\t\t\t\t<section class=\"elementor-section elementor-top-section elementor-element elementor-element-5c09849 elementor-section-boxed elementor-section-height-default elementor-section-height-default\" data-id=\"5c09849\" data-element_type=\"section\" data-e-type=\"section\">\n\t\t\t\t\t\t<div class=\"elementor-container elementor-column-gap-default\">\n\t\t\t\t\t<div class=\"elementor-column elementor-col-100 elementor-top-column elementor-element elementor-element-c656e90\" data-id=\"c656e90\" data-element_type=\"column\" data-e-type=\"column\">\n\t\t\t<div class=\"elementor-widget-wrap elementor-element-populated\">\n\t\t\t\t\t\t<div class=\"elementor-element elementor-element-3e60cd4 elementor-widget elementor-widget-image-gallery\" data-id=\"3e60cd4\" data-element_type=\"widget\" data-e-type=\"widget\" data-widget_type=\"image-gallery.default\">\n\t\t\t\t<div class=\"elementor-widget-container\">\n\t\t\t\t\t\t\t<div class=\"elementor-image-gallery\">\n\t\t\t<div id='gallery-1' class='gallery galleryid-677 gallery-columns-3 gallery-size-full'><figure class='gallery-item'>\n\t\t\t<div class='gallery-icon landscape'>\n\t\t\t\t<a data-elementor-open-lightbox=\"yes\" data-elementor-lightbox-slideshow=\"3e60cd4\" data-elementor-lightbox-title=\"Bebes - Carol Renaux Photo\" data-e-action-hash=\"#elementor-action%3Aaction%3Dlightbox%26settings%3DeyJpZCI6MTA3MywidXJsIjoiaHR0cHM6XC9cL3d3dy5jYXJvbHJlbmF1eHBob3RvLmNvbVwvd3AtY29udGVudFwvdXBsb2Fkc1wvMjAyMFwvMDdcL01PU0FJQ08tMi1CRUJFUy0xLmpwZyIsInNsaWRlc2hvdyI6IjNlNjBjZDQifQ%3D%3D\" href='https:\/\/www.carolrenauxphoto.com\/wp-content\/uploads\/2020\/07\/MOSAICO-2-BEBES-1.jpg'><img decoding=\"async\" width=\"1020\" height=\"680\" src=\"https:\/\/www.carolrenauxphoto.com\/wp-content\/uploads\/2020\/07\/MOSAICO-2-BEBES-1.jpg\" class=\"attachment-full size-full\" alt=\"Bebes - Carol Renaux Photo\" srcset=\"https:\/\/www.carolrenauxphoto.com\/wp-content\/uploads\/2020\/07\/MOSAICO-2-BEBES-1.jpg 1020w, https:\/\/www.carolrenauxphoto.com\/wp-content\/uploads\/2020\/07\/MOSAICO-2-BEBES-1-300x200.jpg 300w, https:\/\/www.carolrenauxphoto.com\/wp-content\/uploads\/2020\/07\/MOSAICO-2-BEBES-1-768x512.jpg 768w\" sizes=\"(max-width: 1020px) 100vw, 1020px\" \/><\/a>\n\t\t\t<\/div><\/figure><figure class='gallery-item'>\n\t\t\t<div class='gallery-icon landscape'>\n\t\t\t\t<a data-elementor-open-lightbox=\"yes\" data-elementor-lightbox-slideshow=\"3e60cd4\" data-elementor-lightbox-title=\"Bebes - Carol Renaux Photo\" data-e-action-hash=\"#elementor-action%3Aaction%3Dlightbox%26settings%3DeyJpZCI6MTA3NCwidXJsIjoiaHR0cHM6XC9cL3d3dy5jYXJvbHJlbmF1eHBob3RvLmNvbVwvd3AtY29udGVudFwvdXBsb2Fkc1wvMjAyMFwvMDdcL01PU0FJQ08tMi1CRUJFUy0yLmpwZyIsInNsaWRlc2hvdyI6IjNlNjBjZDQifQ%3D%3D\" href='https:\/\/www.carolrenauxphoto.com\/wp-content\/uploads\/2020\/07\/MOSAICO-2-BEBES-2.jpg'><img decoding=\"async\" width=\"1020\" height=\"680\" src=\"https:\/\/www.carolrenauxphoto.com\/wp-content\/uploads\/2020\/07\/MOSAICO-2-BEBES-2.jpg\" class=\"attachment-full size-full\" alt=\"Bebes - Carol Renaux Photo\" srcset=\"https:\/\/www.carolrenauxphoto.com\/wp-content\/uploads\/2020\/07\/MOSAICO-2-BEBES-2.jpg 1020w, https:\/\/www.carolrenauxphoto.com\/wp-content\/uploads\/2020\/07\/MOSAICO-2-BEBES-2-300x200.jpg 300w, https:\/\/www.carolrenauxphoto.com\/wp-content\/uploads\/2020\/07\/MOSAICO-2-BEBES-2-768x512.jpg 768w\" sizes=\"(max-width: 1020px) 100vw, 1020px\" \/><\/a>\n\t\t\t<\/div><\/figure><figure class='gallery-item'>\n\t\t\t<div class='gallery-icon landscape'>\n\t\t\t\t<a data-elementor-open-lightbox=\"yes\" data-elementor-lightbox-slideshow=\"3e60cd4\" data-elementor-lightbox-title=\"Bebes - Carol Renaux Photo\" data-e-action-hash=\"#elementor-action%3Aaction%3Dlightbox%26settings%3DeyJpZCI6MTA3NSwidXJsIjoiaHR0cHM6XC9cL3d3dy5jYXJvbHJlbmF1eHBob3RvLmNvbVwvd3AtY29udGVudFwvdXBsb2Fkc1wvMjAyMFwvMDdcL01PU0FJQ08tMi1CRUJFUy0zLmpwZyIsInNsaWRlc2hvdyI6IjNlNjBjZDQifQ%3D%3D\" href='https:\/\/www.carolrenauxphoto.com\/wp-content\/uploads\/2020\/07\/MOSAICO-2-BEBES-3.jpg'><img loading=\"lazy\" decoding=\"async\" width=\"1020\" height=\"680\" src=\"https:\/\/www.carolrenauxphoto.com\/wp-content\/uploads\/2020\/07\/MOSAICO-2-BEBES-3.jpg\" class=\"attachment-full size-full\" alt=\"Bebes - Carol Renaux Photo\" srcset=\"https:\/\/www.carolrenauxphoto.com\/wp-content\/uploads\/2020\/07\/MOSAICO-2-BEBES-3.jpg 1020w, https:\/\/www.carolrenauxphoto.com\/wp-content\/uploads\/2020\/07\/MOSAICO-2-BEBES-3-300x200.jpg 300w, https:\/\/www.carolrenauxphoto.com\/wp-content\/uploads\/2020\/07\/MOSAICO-2-BEBES-3-768x512.jpg 768w\" sizes=\"(max-width: 1020px) 100vw, 1020px\" \/><\/a>\n\t\t\t<\/div><\/figure><figure class='gallery-item'>\n\t\t\t<div class='gallery-icon landscape'>\n\t\t\t\t<a data-elementor-open-lightbox=\"yes\" data-elementor-lightbox-slideshow=\"3e60cd4\" data-elementor-lightbox-title=\"Bebes - Carol Renaux Photo\" data-e-action-hash=\"#elementor-action%3Aaction%3Dlightbox%26settings%3DeyJpZCI6MTA3NiwidXJsIjoiaHR0cHM6XC9cL3d3dy5jYXJvbHJlbmF1eHBob3RvLmNvbVwvd3AtY29udGVudFwvdXBsb2Fkc1wvMjAyMFwvMDdcL01PU0FJQ08tMi1CRUJFUy00LmpwZyIsInNsaWRlc2hvdyI6IjNlNjBjZDQifQ%3D%3D\" href='https:\/\/www.carolrenauxphoto.com\/wp-content\/uploads\/2020\/07\/MOSAICO-2-BEBES-4.jpg'><img loading=\"lazy\" decoding=\"async\" width=\"1020\" height=\"680\" src=\"https:\/\/www.carolrenauxphoto.com\/wp-content\/uploads\/2020\/07\/MOSAICO-2-BEBES-4.jpg\" class=\"attachment-full size-full\" alt=\"Bebes - Carol Renaux Photo\" srcset=\"https:\/\/www.carolrenauxphoto.com\/wp-content\/uploads\/2020\/07\/MOSAICO-2-BEBES-4.jpg 1020w, https:\/\/www.carolrenauxphoto.com\/wp-content\/uploads\/2020\/07\/MOSAICO-2-BEBES-4-300x200.jpg 300w, https:\/\/www.carolrenauxphoto.com\/wp-content\/uploads\/2020\/07\/MOSAICO-2-BEBES-4-768x512.jpg 768w\" sizes=\"(max-width: 1020px) 100vw, 1020px\" \/><\/a>\n\t\t\t<\/div><\/figure><figure class='gallery-item'>\n\t\t\t<div class='gallery-icon landscape'>\n\t\t\t\t<a data-elementor-open-lightbox=\"yes\" data-elementor-lightbox-slideshow=\"3e60cd4\" data-elementor-lightbox-title=\"Bebes - Carol Renaux Photo\" data-e-action-hash=\"#elementor-action%3Aaction%3Dlightbox%26settings%3DeyJpZCI6MTA3NywidXJsIjoiaHR0cHM6XC9cL3d3dy5jYXJvbHJlbmF1eHBob3RvLmNvbVwvd3AtY29udGVudFwvdXBsb2Fkc1wvMjAyMFwvMDdcL01PU0FJQ08tMi1CRUJFUy01LmpwZyIsInNsaWRlc2hvdyI6IjNlNjBjZDQifQ%3D%3D\" href='https:\/\/www.carolrenauxphoto.com\/wp-content\/uploads\/2020\/07\/MOSAICO-2-BEBES-5.jpg'><img loading=\"lazy\" decoding=\"async\" width=\"1020\" height=\"680\" src=\"https:\/\/www.carolrenauxphoto.com\/wp-content\/uploads\/2020\/07\/MOSAICO-2-BEBES-5.jpg\" class=\"attachment-full size-full\" alt=\"Bebes - Carol Renaux Photo\" srcset=\"https:\/\/www.carolrenauxphoto.com\/wp-content\/uploads\/2020\/07\/MOSAICO-2-BEBES-5.jpg 1020w, https:\/\/www.carolrenauxphoto.com\/wp-content\/uploads\/2020\/07\/MOSAICO-2-BEBES-5-300x200.jpg 300w, https:\/\/www.carolrenauxphoto.com\/wp-content\/uploads\/2020\/07\/MOSAICO-2-BEBES-5-768x512.jpg 768w\" sizes=\"(max-width: 1020px) 100vw, 1020px\" \/><\/a>\n\t\t\t<\/div><\/figure><figure class='gallery-item'>\n\t\t\t<div class='gallery-icon landscape'>\n\t\t\t\t<a data-elementor-open-lightbox=\"yes\" data-elementor-lightbox-slideshow=\"3e60cd4\" data-elementor-lightbox-title=\"Bebes - Carol Renaux Photo\" data-e-action-hash=\"#elementor-action%3Aaction%3Dlightbox%26settings%3DeyJpZCI6MTA3OCwidXJsIjoiaHR0cHM6XC9cL3d3dy5jYXJvbHJlbmF1eHBob3RvLmNvbVwvd3AtY29udGVudFwvdXBsb2Fkc1wvMjAyMFwvMDdcL01PU0FJQ08tMi1CRUJFUy02LmpwZyIsInNsaWRlc2hvdyI6IjNlNjBjZDQifQ%3D%3D\" href='https:\/\/www.carolrenauxphoto.com\/wp-content\/uploads\/2020\/07\/MOSAICO-2-BEBES-6.jpg'><img loading=\"lazy\" decoding=\"async\" width=\"1020\" height=\"680\" src=\"https:\/\/www.carolrenauxphoto.com\/wp-content\/uploads\/2020\/07\/MOSAICO-2-BEBES-6.jpg\" class=\"attachment-full size-full\" alt=\"Bebes - Carol Renaux Photo\" srcset=\"https:\/\/www.carolrenauxphoto.com\/wp-content\/uploads\/2020\/07\/MOSAICO-2-BEBES-6.jpg 1020w, https:\/\/www.carolrenauxphoto.com\/wp-content\/uploads\/2020\/07\/MOSAICO-2-BEBES-6-300x200.jpg 300w, https:\/\/www.carolrenauxphoto.com\/wp-content\/uploads\/2020\/07\/MOSAICO-2-BEBES-6-768x512.jpg 768w\" sizes=\"(max-width: 1020px) 100vw, 1020px\" \/><\/a>\n\t\t\t<\/div><\/figure>\n\t\t<\/div>\n\t\t<\/div>\n\t\t\t\t\t\t<\/div>\n\t\t\t\t<\/div>\n\t\t\t\t\t<\/div>\n\t\t<\/div>\n\t\t\t\t\t<\/div>\n\t\t<\/section>\n\t\t\t\t<\/div>\n\t\t<\/p><\/div>\n\t\t\t\t<\/div>\n\t\t\t\t\t\t\t<div class=\"elementor-accordion-item\">\n\t\t\t\t\t<div id=\"elementor-tab-title-2262\" class=\"elementor-tab-title\" data-tab=\"2\" role=\"button\" aria-controls=\"elementor-tab-content-2262\" aria-expanded=\"false\">\n\t\t\t\t\t\t\t\t\t\t\t\t\t<span class=\"elementor-accordion-icon elementor-accordion-icon-left\" aria-hidden=\"true\">\n\t\t\t\t\t\t\t\t\t\t\t\t\t\t\t<span class=\"elementor-accordion-icon-closed\"><i class=\"fas fa-plus\"><\/i><\/span>\n\t\t\t\t\t\t\t\t<span class=\"elementor-accordion-icon-opened\"><i class=\"fas fa-minus\"><\/i><\/span>\n\t\t\t\t\t\t\t\t\t\t\t\t\t\t<\/span>\n\t\t\t\t\t\t\t\t\t\t\t\t<a class=\"elementor-accordion-title\" tabindex=\"0\">\u00bfC\u00f3mo son las sesiones que realizas?<\/a>\n\t\t\t\t\t<\/div>\n\t\t\t\t\t<div id=\"elementor-tab-content-2262\" class=\"elementor-tab-content elementor-clearfix\" data-tab=\"2\" role=\"region\" aria-labelledby=\"elementor-tab-title-2262\"><p>Realizo sesiones a domicilio, normalmente por la ma\u00f1ana, para fotografiaros en vuestra casa, en vuestra intimidad, con vuestras cosas, vuestra luz.<\/p><p>Vuestro hogar es el entorno m\u00e1s tranquilo y seguro para vuestro beb\u00e9 y para vosotros. No se necesita nada m\u00e1s que un espacio acogedor y una ventana con luz natural. Podemos hacer las fotos en vuestra cama, en el sof\u00e1, en tu sill\u00f3n mientras das el pecho\u2026<\/p><p>Creo que lo verdaderamente importante en las fotos es que os transporten, cuando las mir\u00e9is tiempo despu\u00e9s, al momento m\u00e1gico de los primeros d\u00edas. Y para eso me gusta hacer muchas fotos del beb\u00e9, del beb\u00e9 con su madre, con su padre, con los hermanos, todos juntos, y fotos de detalles, como la piel que se descama, los pliegues, los piececitos, las manos..etc<\/p><p>Mi estilo es natural es natural, minimalista y art\u00edstico que respeta al beb\u00e9, a la madre y a todos los miembros de la familia.<\/p><p>Trabajo siempre que pueda con luz natural y no uso apenas atrezzo.<\/p><p>No me gusta dirigiros en exceso. Prefiero observar primero y retratar lo que veo. Solo en momentos puntuales os har\u00e9 propuestas sobre el tipo de imagen que buscamos, pero siempre buscando mostraros tal cual sois.<\/p><p>Quiero que os ve\u00e1is tal como sois, y mostrar la verdadera esencia de vuestra familia en im\u00e1genes.<\/p><p>\t\t<div data-elementor-type=\"wp-post\" data-elementor-id=\"1082\" class=\"elementor elementor-1082\">\n\t\t\t\t\t\t<section class=\"elementor-section elementor-top-section elementor-element elementor-element-b7cc46f elementor-section-boxed elementor-section-height-default elementor-section-height-default\" data-id=\"b7cc46f\" data-element_type=\"section\" data-e-type=\"section\">\n\t\t\t\t\t\t<div class=\"elementor-container elementor-column-gap-default\">\n\t\t\t\t\t<div class=\"elementor-column elementor-col-33 elementor-top-column elementor-element elementor-element-7de5343\" data-id=\"7de5343\" data-element_type=\"column\" data-e-type=\"column\">\n\t\t\t<div class=\"elementor-widget-wrap elementor-element-populated\">\n\t\t\t\t\t\t<div class=\"elementor-element elementor-element-86302c3 elementor-widget elementor-widget-image\" data-id=\"86302c3\" data-element_type=\"widget\" data-e-type=\"widget\" data-widget_type=\"image.default\">\n\t\t\t\t<div class=\"elementor-widget-container\">\n\t\t\t\t\t\t\t\t\t\t\t\t\t\t\t\t<a href=\"https:\/\/www.carolrenauxphoto.com\/wp-content\/uploads\/2020\/07\/MOSAICO-3-BEBES-1.jpg\" data-elementor-open-lightbox=\"yes\" data-elementor-lightbox-title=\"MOSAICO-3-BEBES-1\" data-e-action-hash=\"#elementor-action%3Aaction%3Dlightbox%26settings%3DeyJpZCI6MTA4NCwidXJsIjoiaHR0cHM6XC9cL3d3dy5jYXJvbHJlbmF1eHBob3RvLmNvbVwvd3AtY29udGVudFwvdXBsb2Fkc1wvMjAyMFwvMDdcL01PU0FJQ08tMy1CRUJFUy0xLmpwZyJ9\">\n\t\t\t\t\t\t\t<img loading=\"lazy\" decoding=\"async\" width=\"1020\" height=\"680\" src=\"https:\/\/www.carolrenauxphoto.com\/wp-content\/uploads\/2020\/07\/MOSAICO-3-BEBES-1.jpg\" class=\"attachment-large size-large wp-image-1084\" alt=\"\" srcset=\"https:\/\/www.carolrenauxphoto.com\/wp-content\/uploads\/2020\/07\/MOSAICO-3-BEBES-1.jpg 1020w, https:\/\/www.carolrenauxphoto.com\/wp-content\/uploads\/2020\/07\/MOSAICO-3-BEBES-1-300x200.jpg 300w, https:\/\/www.carolrenauxphoto.com\/wp-content\/uploads\/2020\/07\/MOSAICO-3-BEBES-1-768x512.jpg 768w\" sizes=\"(max-width: 1020px) 100vw, 1020px\" \/>\t\t\t\t\t\t\t\t<\/a>\n\t\t\t\t\t\t\t\t\t\t\t\t\t\t\t<\/div>\n\t\t\t\t<\/div>\n\t\t\t\t<div class=\"elementor-element elementor-element-621a84e elementor-widget elementor-widget-image\" data-id=\"621a84e\" data-element_type=\"widget\" data-e-type=\"widget\" data-widget_type=\"image.default\">\n\t\t\t\t<div class=\"elementor-widget-container\">\n\t\t\t\t\t\t\t\t\t\t\t\t\t\t\t\t<a href=\"https:\/\/www.carolrenauxphoto.com\/wp-content\/uploads\/2020\/07\/MOSAICO-3-BEBES-4.jpg\" data-elementor-open-lightbox=\"yes\" data-elementor-lightbox-title=\"MOSAICO-3-BEBES-4\" data-e-action-hash=\"#elementor-action%3Aaction%3Dlightbox%26settings%3DeyJpZCI6MTA4NywidXJsIjoiaHR0cHM6XC9cL3d3dy5jYXJvbHJlbmF1eHBob3RvLmNvbVwvd3AtY29udGVudFwvdXBsb2Fkc1wvMjAyMFwvMDdcL01PU0FJQ08tMy1CRUJFUy00LmpwZyJ9\">\n\t\t\t\t\t\t\t<img loading=\"lazy\" decoding=\"async\" width=\"1020\" height=\"680\" src=\"https:\/\/www.carolrenauxphoto.com\/wp-content\/uploads\/2020\/07\/MOSAICO-3-BEBES-4.jpg\" class=\"attachment-large size-large wp-image-1087\" alt=\"\" srcset=\"https:\/\/www.carolrenauxphoto.com\/wp-content\/uploads\/2020\/07\/MOSAICO-3-BEBES-4.jpg 1020w, https:\/\/www.carolrenauxphoto.com\/wp-content\/uploads\/2020\/07\/MOSAICO-3-BEBES-4-300x200.jpg 300w, https:\/\/www.carolrenauxphoto.com\/wp-content\/uploads\/2020\/07\/MOSAICO-3-BEBES-4-768x512.jpg 768w\" sizes=\"(max-width: 1020px) 100vw, 1020px\" \/>\t\t\t\t\t\t\t\t<\/a>\n\t\t\t\t\t\t\t\t\t\t\t\t\t\t\t<\/div>\n\t\t\t\t<\/div>\n\t\t\t\t<div class=\"elementor-element elementor-element-2894c35 elementor-widget elementor-widget-image\" data-id=\"2894c35\" data-element_type=\"widget\" data-e-type=\"widget\" data-widget_type=\"image.default\">\n\t\t\t\t<div class=\"elementor-widget-container\">\n\t\t\t\t\t\t\t\t\t\t\t\t\t\t\t\t<a href=\"https:\/\/www.carolrenauxphoto.com\/wp-content\/uploads\/2020\/07\/MOSAICO-3-BEBES-7.jpg\" data-elementor-open-lightbox=\"yes\" data-elementor-lightbox-title=\"MOSAICO-3-BEBES-7\" data-e-action-hash=\"#elementor-action%3Aaction%3Dlightbox%26settings%3DeyJpZCI6MTA5MCwidXJsIjoiaHR0cHM6XC9cL3d3dy5jYXJvbHJlbmF1eHBob3RvLmNvbVwvd3AtY29udGVudFwvdXBsb2Fkc1wvMjAyMFwvMDdcL01PU0FJQ08tMy1CRUJFUy03LmpwZyJ9\">\n\t\t\t\t\t\t\t<img loading=\"lazy\" decoding=\"async\" width=\"1020\" height=\"680\" src=\"https:\/\/www.carolrenauxphoto.com\/wp-content\/uploads\/2020\/07\/MOSAICO-3-BEBES-7.jpg\" class=\"attachment-large size-large wp-image-1090\" alt=\"\" srcset=\"https:\/\/www.carolrenauxphoto.com\/wp-content\/uploads\/2020\/07\/MOSAICO-3-BEBES-7.jpg 1020w, https:\/\/www.carolrenauxphoto.com\/wp-content\/uploads\/2020\/07\/MOSAICO-3-BEBES-7-300x200.jpg 300w, https:\/\/www.carolrenauxphoto.com\/wp-content\/uploads\/2020\/07\/MOSAICO-3-BEBES-7-768x512.jpg 768w\" sizes=\"(max-width: 1020px) 100vw, 1020px\" \/>\t\t\t\t\t\t\t\t<\/a>\n\t\t\t\t\t\t\t\t\t\t\t\t\t\t\t<\/div>\n\t\t\t\t<\/div>\n\t\t\t\t<div class=\"elementor-element elementor-element-39f7287 elementor-widget elementor-widget-image\" data-id=\"39f7287\" data-element_type=\"widget\" data-e-type=\"widget\" data-widget_type=\"image.default\">\n\t\t\t\t<div class=\"elementor-widget-container\">\n\t\t\t\t\t\t\t\t\t\t\t\t\t\t\t\t<a href=\"https:\/\/www.carolrenauxphoto.com\/wp-content\/uploads\/2020\/07\/MOSAICO-3-BEBES-9.jpg\" data-elementor-open-lightbox=\"yes\" data-elementor-lightbox-title=\"MOSAICO-3-BEBES-9\" data-e-action-hash=\"#elementor-action%3Aaction%3Dlightbox%26settings%3DeyJpZCI6MTA5MiwidXJsIjoiaHR0cHM6XC9cL3d3dy5jYXJvbHJlbmF1eHBob3RvLmNvbVwvd3AtY29udGVudFwvdXBsb2Fkc1wvMjAyMFwvMDdcL01PU0FJQ08tMy1CRUJFUy05LmpwZyJ9\">\n\t\t\t\t\t\t\t<img loading=\"lazy\" decoding=\"async\" width=\"1020\" height=\"680\" src=\"https:\/\/www.carolrenauxphoto.com\/wp-content\/uploads\/2020\/07\/MOSAICO-3-BEBES-9.jpg\" class=\"attachment-large size-large wp-image-1092\" alt=\"\" srcset=\"https:\/\/www.carolrenauxphoto.com\/wp-content\/uploads\/2020\/07\/MOSAICO-3-BEBES-9.jpg 1020w, https:\/\/www.carolrenauxphoto.com\/wp-content\/uploads\/2020\/07\/MOSAICO-3-BEBES-9-300x200.jpg 300w, https:\/\/www.carolrenauxphoto.com\/wp-content\/uploads\/2020\/07\/MOSAICO-3-BEBES-9-768x512.jpg 768w\" sizes=\"(max-width: 1020px) 100vw, 1020px\" \/>\t\t\t\t\t\t\t\t<\/a>\n\t\t\t\t\t\t\t\t\t\t\t\t\t\t\t<\/div>\n\t\t\t\t<\/div>\n\t\t\t\t\t<\/div>\n\t\t<\/div>\n\t\t\t\t<div class=\"elementor-column elementor-col-33 elementor-top-column elementor-element elementor-element-e683745\" data-id=\"e683745\" data-element_type=\"column\" data-e-type=\"column\">\n\t\t\t<div class=\"elementor-widget-wrap elementor-element-populated\">\n\t\t\t\t\t\t<div class=\"elementor-element elementor-element-5f9e807 elementor-widget elementor-widget-image\" data-id=\"5f9e807\" data-element_type=\"widget\" data-e-type=\"widget\" data-widget_type=\"image.default\">\n\t\t\t\t<div class=\"elementor-widget-container\">\n\t\t\t\t\t\t\t\t\t\t\t\t\t\t\t\t<a href=\"https:\/\/www.carolrenauxphoto.com\/wp-content\/uploads\/2020\/07\/MOSAICO-3-BEBES-2.jpg\" data-elementor-open-lightbox=\"yes\" data-elementor-lightbox-title=\"MOSAICO-3-BEBES-2\" data-e-action-hash=\"#elementor-action%3Aaction%3Dlightbox%26settings%3DeyJpZCI6MTA4NSwidXJsIjoiaHR0cHM6XC9cL3d3dy5jYXJvbHJlbmF1eHBob3RvLmNvbVwvd3AtY29udGVudFwvdXBsb2Fkc1wvMjAyMFwvMDdcL01PU0FJQ08tMy1CRUJFUy0yLmpwZyJ9\">\n\t\t\t\t\t\t\t<img loading=\"lazy\" decoding=\"async\" width=\"1020\" height=\"680\" src=\"https:\/\/www.carolrenauxphoto.com\/wp-content\/uploads\/2020\/07\/MOSAICO-3-BEBES-2.jpg\" class=\"attachment-large size-large wp-image-1085\" alt=\"\" srcset=\"https:\/\/www.carolrenauxphoto.com\/wp-content\/uploads\/2020\/07\/MOSAICO-3-BEBES-2.jpg 1020w, https:\/\/www.carolrenauxphoto.com\/wp-content\/uploads\/2020\/07\/MOSAICO-3-BEBES-2-300x200.jpg 300w, https:\/\/www.carolrenauxphoto.com\/wp-content\/uploads\/2020\/07\/MOSAICO-3-BEBES-2-768x512.jpg 768w\" sizes=\"(max-width: 1020px) 100vw, 1020px\" \/>\t\t\t\t\t\t\t\t<\/a>\n\t\t\t\t\t\t\t\t\t\t\t\t\t\t\t<\/div>\n\t\t\t\t<\/div>\n\t\t\t\t<div class=\"elementor-element elementor-element-9efa9d5 elementor-widget elementor-widget-image\" data-id=\"9efa9d5\" data-element_type=\"widget\" data-e-type=\"widget\" data-widget_type=\"image.default\">\n\t\t\t\t<div class=\"elementor-widget-container\">\n\t\t\t\t\t\t\t\t\t\t\t\t\t\t\t\t<a href=\"https:\/\/www.carolrenauxphoto.com\/wp-content\/uploads\/2020\/07\/MOSAICO-3-BEBES-5.jpg\" data-elementor-open-lightbox=\"yes\" data-elementor-lightbox-title=\"MOSAICO-3-BEBES-5\" data-e-action-hash=\"#elementor-action%3Aaction%3Dlightbox%26settings%3DeyJpZCI6MTA4OCwidXJsIjoiaHR0cHM6XC9cL3d3dy5jYXJvbHJlbmF1eHBob3RvLmNvbVwvd3AtY29udGVudFwvdXBsb2Fkc1wvMjAyMFwvMDdcL01PU0FJQ08tMy1CRUJFUy01LmpwZyJ9\">\n\t\t\t\t\t\t\t<img loading=\"lazy\" decoding=\"async\" width=\"1020\" height=\"680\" src=\"https:\/\/www.carolrenauxphoto.com\/wp-content\/uploads\/2020\/07\/MOSAICO-3-BEBES-5.jpg\" class=\"attachment-large size-large wp-image-1088\" alt=\"\" srcset=\"https:\/\/www.carolrenauxphoto.com\/wp-content\/uploads\/2020\/07\/MOSAICO-3-BEBES-5.jpg 1020w, https:\/\/www.carolrenauxphoto.com\/wp-content\/uploads\/2020\/07\/MOSAICO-3-BEBES-5-300x200.jpg 300w, https:\/\/www.carolrenauxphoto.com\/wp-content\/uploads\/2020\/07\/MOSAICO-3-BEBES-5-768x512.jpg 768w\" sizes=\"(max-width: 1020px) 100vw, 1020px\" \/>\t\t\t\t\t\t\t\t<\/a>\n\t\t\t\t\t\t\t\t\t\t\t\t\t\t\t<\/div>\n\t\t\t\t<\/div>\n\t\t\t\t<div class=\"elementor-element elementor-element-429bbe5 elementor-widget elementor-widget-image\" data-id=\"429bbe5\" data-element_type=\"widget\" data-e-type=\"widget\" data-widget_type=\"image.default\">\n\t\t\t\t<div class=\"elementor-widget-container\">\n\t\t\t\t\t\t\t\t\t\t\t\t\t\t\t\t<a href=\"https:\/\/www.carolrenauxphoto.com\/wp-content\/uploads\/2020\/07\/MOSAICO-3-BEBES-8.jpg\" data-elementor-open-lightbox=\"yes\" data-elementor-lightbox-title=\"MOSAICO-3-BEBES-8\" data-e-action-hash=\"#elementor-action%3Aaction%3Dlightbox%26settings%3DeyJpZCI6MTA5MSwidXJsIjoiaHR0cHM6XC9cL3d3dy5jYXJvbHJlbmF1eHBob3RvLmNvbVwvd3AtY29udGVudFwvdXBsb2Fkc1wvMjAyMFwvMDdcL01PU0FJQ08tMy1CRUJFUy04LmpwZyJ9\">\n\t\t\t\t\t\t\t<img loading=\"lazy\" decoding=\"async\" width=\"1020\" height=\"680\" src=\"https:\/\/www.carolrenauxphoto.com\/wp-content\/uploads\/2020\/07\/MOSAICO-3-BEBES-8.jpg\" class=\"attachment-large size-large wp-image-1091\" alt=\"\" srcset=\"https:\/\/www.carolrenauxphoto.com\/wp-content\/uploads\/2020\/07\/MOSAICO-3-BEBES-8.jpg 1020w, https:\/\/www.carolrenauxphoto.com\/wp-content\/uploads\/2020\/07\/MOSAICO-3-BEBES-8-300x200.jpg 300w, https:\/\/www.carolrenauxphoto.com\/wp-content\/uploads\/2020\/07\/MOSAICO-3-BEBES-8-768x512.jpg 768w\" sizes=\"(max-width: 1020px) 100vw, 1020px\" \/>\t\t\t\t\t\t\t\t<\/a>\n\t\t\t\t\t\t\t\t\t\t\t\t\t\t\t<\/div>\n\t\t\t\t<\/div>\n\t\t\t\t<div class=\"elementor-element elementor-element-6dcf9fa elementor-widget elementor-widget-image\" data-id=\"6dcf9fa\" data-element_type=\"widget\" data-e-type=\"widget\" data-widget_type=\"image.default\">\n\t\t\t\t<div class=\"elementor-widget-container\">\n\t\t\t\t\t\t\t\t\t\t\t\t\t\t\t\t<a href=\"https:\/\/www.carolrenauxphoto.com\/wp-content\/uploads\/2020\/07\/MOSAICO-3-BEBES-10.jpg\" data-elementor-open-lightbox=\"yes\" data-elementor-lightbox-title=\"MOSAICO-3-BEBES-10\" data-e-action-hash=\"#elementor-action%3Aaction%3Dlightbox%26settings%3DeyJpZCI6MTA5MywidXJsIjoiaHR0cHM6XC9cL3d3dy5jYXJvbHJlbmF1eHBob3RvLmNvbVwvd3AtY29udGVudFwvdXBsb2Fkc1wvMjAyMFwvMDdcL01PU0FJQ08tMy1CRUJFUy0xMC5qcGcifQ%3D%3D\">\n\t\t\t\t\t\t\t<img loading=\"lazy\" decoding=\"async\" width=\"1020\" height=\"680\" src=\"https:\/\/www.carolrenauxphoto.com\/wp-content\/uploads\/2020\/07\/MOSAICO-3-BEBES-10.jpg\" class=\"attachment-large size-large wp-image-1093\" alt=\"\" srcset=\"https:\/\/www.carolrenauxphoto.com\/wp-content\/uploads\/2020\/07\/MOSAICO-3-BEBES-10.jpg 1020w, https:\/\/www.carolrenauxphoto.com\/wp-content\/uploads\/2020\/07\/MOSAICO-3-BEBES-10-300x200.jpg 300w, https:\/\/www.carolrenauxphoto.com\/wp-content\/uploads\/2020\/07\/MOSAICO-3-BEBES-10-768x512.jpg 768w\" sizes=\"(max-width: 1020px) 100vw, 1020px\" \/>\t\t\t\t\t\t\t\t<\/a>\n\t\t\t\t\t\t\t\t\t\t\t\t\t\t\t<\/div>\n\t\t\t\t<\/div>\n\t\t\t\t\t<\/div>\n\t\t<\/div>\n\t\t\t\t<div class=\"elementor-column elementor-col-33 elementor-top-column elementor-element elementor-element-ac63766\" data-id=\"ac63766\" data-element_type=\"column\" data-e-type=\"column\">\n\t\t\t<div class=\"elementor-widget-wrap elementor-element-populated\">\n\t\t\t\t\t\t<div class=\"elementor-element elementor-element-8754cf2 elementor-widget elementor-widget-image\" data-id=\"8754cf2\" data-element_type=\"widget\" data-e-type=\"widget\" data-widget_type=\"image.default\">\n\t\t\t\t<div class=\"elementor-widget-container\">\n\t\t\t\t\t\t\t\t\t\t\t\t\t\t\t\t<a href=\"https:\/\/www.carolrenauxphoto.com\/wp-content\/uploads\/2020\/07\/MOSAICO-3-BEBES-3.jpg\" data-elementor-open-lightbox=\"yes\" data-elementor-lightbox-title=\"MOSAICO-3-BEBES-3\" data-e-action-hash=\"#elementor-action%3Aaction%3Dlightbox%26settings%3DeyJpZCI6MTA4NiwidXJsIjoiaHR0cHM6XC9cL3d3dy5jYXJvbHJlbmF1eHBob3RvLmNvbVwvd3AtY29udGVudFwvdXBsb2Fkc1wvMjAyMFwvMDdcL01PU0FJQ08tMy1CRUJFUy0zLmpwZyJ9\">\n\t\t\t\t\t\t\t<img loading=\"lazy\" decoding=\"async\" width=\"1020\" height=\"680\" src=\"https:\/\/www.carolrenauxphoto.com\/wp-content\/uploads\/2020\/07\/MOSAICO-3-BEBES-3.jpg\" class=\"attachment-large size-large wp-image-1086\" alt=\"\" srcset=\"https:\/\/www.carolrenauxphoto.com\/wp-content\/uploads\/2020\/07\/MOSAICO-3-BEBES-3.jpg 1020w, https:\/\/www.carolrenauxphoto.com\/wp-content\/uploads\/2020\/07\/MOSAICO-3-BEBES-3-300x200.jpg 300w, https:\/\/www.carolrenauxphoto.com\/wp-content\/uploads\/2020\/07\/MOSAICO-3-BEBES-3-768x512.jpg 768w\" sizes=\"(max-width: 1020px) 100vw, 1020px\" \/>\t\t\t\t\t\t\t\t<\/a>\n\t\t\t\t\t\t\t\t\t\t\t\t\t\t\t<\/div>\n\t\t\t\t<\/div>\n\t\t\t\t<div class=\"elementor-element elementor-element-a9d779d elementor-widget elementor-widget-image\" data-id=\"a9d779d\" data-element_type=\"widget\" data-e-type=\"widget\" data-widget_type=\"image.default\">\n\t\t\t\t<div class=\"elementor-widget-container\">\n\t\t\t\t\t\t\t\t\t\t\t\t\t\t\t\t<a href=\"https:\/\/www.carolrenauxphoto.com\/wp-content\/uploads\/2020\/07\/MOSAICO-3-BEBES-6.jpg\" data-elementor-open-lightbox=\"yes\" data-elementor-lightbox-title=\"MOSAICO-3-BEBES-6\" data-e-action-hash=\"#elementor-action%3Aaction%3Dlightbox%26settings%3DeyJpZCI6MTA4OSwidXJsIjoiaHR0cHM6XC9cL3d3dy5jYXJvbHJlbmF1eHBob3RvLmNvbVwvd3AtY29udGVudFwvdXBsb2Fkc1wvMjAyMFwvMDdcL01PU0FJQ08tMy1CRUJFUy02LmpwZyJ9\">\n\t\t\t\t\t\t\t<img loading=\"lazy\" decoding=\"async\" width=\"1020\" height=\"680\" src=\"https:\/\/www.carolrenauxphoto.com\/wp-content\/uploads\/2020\/07\/MOSAICO-3-BEBES-6.jpg\" class=\"attachment-large size-large wp-image-1089\" alt=\"\" srcset=\"https:\/\/www.carolrenauxphoto.com\/wp-content\/uploads\/2020\/07\/MOSAICO-3-BEBES-6.jpg 1020w, https:\/\/www.carolrenauxphoto.com\/wp-content\/uploads\/2020\/07\/MOSAICO-3-BEBES-6-300x200.jpg 300w, https:\/\/www.carolrenauxphoto.com\/wp-content\/uploads\/2020\/07\/MOSAICO-3-BEBES-6-768x512.jpg 768w\" sizes=\"(max-width: 1020px) 100vw, 1020px\" \/>\t\t\t\t\t\t\t\t<\/a>\n\t\t\t\t\t\t\t\t\t\t\t\t\t\t\t<\/div>\n\t\t\t\t<\/div>\n\t\t\t\t<div class=\"elementor-element elementor-element-5233464 elementor-widget elementor-widget-image\" data-id=\"5233464\" data-element_type=\"widget\" data-e-type=\"widget\" data-widget_type=\"image.default\">\n\t\t\t\t<div class=\"elementor-widget-container\">\n\t\t\t\t\t\t\t\t\t\t\t\t\t\t\t\t<a href=\"https:\/\/www.carolrenauxphoto.com\/wp-content\/uploads\/2020\/07\/MOSAICO-3-BEBES-11.jpg\" data-elementor-open-lightbox=\"yes\" data-elementor-lightbox-title=\"MOSAICO-3-BEBES-11\" data-e-action-hash=\"#elementor-action%3Aaction%3Dlightbox%26settings%3DeyJpZCI6MTA5NCwidXJsIjoiaHR0cHM6XC9cL3d3dy5jYXJvbHJlbmF1eHBob3RvLmNvbVwvd3AtY29udGVudFwvdXBsb2Fkc1wvMjAyMFwvMDdcL01PU0FJQ08tMy1CRUJFUy0xMS5qcGcifQ%3D%3D\">\n\t\t\t\t\t\t\t<img loading=\"lazy\" decoding=\"async\" width=\"683\" height=\"1024\" src=\"https:\/\/www.carolrenauxphoto.com\/wp-content\/uploads\/2020\/07\/MOSAICO-3-BEBES-11-683x1024.jpg\" class=\"attachment-large size-large wp-image-1094\" alt=\"\" srcset=\"https:\/\/www.carolrenauxphoto.com\/wp-content\/uploads\/2020\/07\/MOSAICO-3-BEBES-11-683x1024.jpg 683w, https:\/\/www.carolrenauxphoto.com\/wp-content\/uploads\/2020\/07\/MOSAICO-3-BEBES-11-200x300.jpg 200w, https:\/\/www.carolrenauxphoto.com\/wp-content\/uploads\/2020\/07\/MOSAICO-3-BEBES-11-768x1152.jpg 768w, https:\/\/www.carolrenauxphoto.com\/wp-content\/uploads\/2020\/07\/MOSAICO-3-BEBES-11.jpg 1020w\" sizes=\"(max-width: 683px) 100vw, 683px\" \/>\t\t\t\t\t\t\t\t<\/a>\n\t\t\t\t\t\t\t\t\t\t\t\t\t\t\t<\/div>\n\t\t\t\t<\/div>\n\t\t\t\t\t<\/div>\n\t\t<\/div>\n\t\t\t\t\t<\/div>\n\t\t<\/section>\n\t\t\t\t<\/div>\n\t\t<\/p><\/div>\n\t\t\t\t<\/div>\n\t\t\t\t\t\t\t<div class=\"elementor-accordion-item\">\n\t\t\t\t\t<div id=\"elementor-tab-title-2263\" class=\"elementor-tab-title\" data-tab=\"3\" role=\"button\" aria-controls=\"elementor-tab-content-2263\" aria-expanded=\"false\">\n\t\t\t\t\t\t\t\t\t\t\t\t\t<span class=\"elementor-accordion-icon elementor-accordion-icon-left\" aria-hidden=\"true\">\n\t\t\t\t\t\t\t\t\t\t\t\t\t\t\t<span class=\"elementor-accordion-icon-closed\"><i class=\"fas fa-plus\"><\/i><\/span>\n\t\t\t\t\t\t\t\t<span class=\"elementor-accordion-icon-opened\"><i class=\"fas fa-minus\"><\/i><\/span>\n\t\t\t\t\t\t\t\t\t\t\t\t\t\t<\/span>\n\t\t\t\t\t\t\t\t\t\t\t\t<a class=\"elementor-accordion-title\" tabindex=\"0\">\u00bfCu\u00e1l es el mejor momento para hacer una sesi\u00f3n de fotos a un beb\u00e9?<\/a>\n\t\t\t\t\t<\/div>\n\t\t\t\t\t<div id=\"elementor-tab-content-2263\" class=\"elementor-tab-content elementor-clearfix\" data-tab=\"3\" role=\"region\" aria-labelledby=\"elementor-tab-title-2263\"><p>Para mi cualquier momento es bueno: en la maternidad a las 48 horas de nacer (sesiones Fresh 48h), a los pocos d\u00edas (sesi\u00f3n de reci\u00e9n nacido a domicilio), a los dos meses, a los seis. Cada momento tiene su encanto y cada etapa del desarrollo del beb\u00e9 tiene sus particularidades.<\/p><p>Las fotos de reci\u00e9n nacido tienen unas particularidades especiales y se recomienda realizarlas preferiblemente entre los 7 y 15 d\u00edas de vida, En t\u00e9rminos generales, cuantos m\u00e1s d\u00edas de edad m\u00e1s pierde el beb\u00e9 esos rasgos tan caracter\u00edsticos de los primeros d\u00edas: muchas horas de sue\u00f1o, su postura fetal plegada, las descamaciones de la primera piel, lanugo en las orejas y en los hombros\u2026<\/p><p>Pero eso no quiere decir que no se puedan hacer fotos pasada esa edad id\u00f3nea para las fotos de reci\u00e9n nacido. Simplemente es bueno saber que cada momento tiene sus circunstancias y ello puede llevarnos a un tipo de fotograf\u00edas distintas de las que inicialmente hab\u00edas pensado, pero que siempre ser\u00e1n preciosas y especiales.<\/p><p>\u00a0<\/p><p style=\"text-align: center;\"><strong>Reci\u00e9n nacido<\/strong><\/p><p>\t\t<div data-elementor-type=\"wp-post\" data-elementor-id=\"1098\" class=\"elementor elementor-1098\">\n\t\t\t\t\t\t<section class=\"elementor-section elementor-top-section elementor-element elementor-element-efbf7e2 elementor-section-boxed elementor-section-height-default elementor-section-height-default\" data-id=\"efbf7e2\" data-element_type=\"section\" data-e-type=\"section\">\n\t\t\t\t\t\t<div class=\"elementor-container elementor-column-gap-default\">\n\t\t\t\t\t<div class=\"elementor-column elementor-col-33 elementor-top-column elementor-element elementor-element-a1eecc4\" data-id=\"a1eecc4\" data-element_type=\"column\" data-e-type=\"column\">\n\t\t\t<div class=\"elementor-widget-wrap elementor-element-populated\">\n\t\t\t\t\t\t<div class=\"elementor-element elementor-element-d2af3a3 elementor-widget elementor-widget-image\" data-id=\"d2af3a3\" data-element_type=\"widget\" data-e-type=\"widget\" data-widget_type=\"image.default\">\n\t\t\t\t<div class=\"elementor-widget-container\">\n\t\t\t\t\t\t\t\t\t\t\t\t\t\t\t\t<a href=\"https:\/\/www.carolrenauxphoto.com\/wp-content\/uploads\/2020\/07\/MOSAICO-4-BEBES-1.jpg\" data-elementor-open-lightbox=\"yes\" data-elementor-lightbox-title=\"MOSAICO-4-BEBES-1\" data-e-action-hash=\"#elementor-action%3Aaction%3Dlightbox%26settings%3DeyJpZCI6MTEwNSwidXJsIjoiaHR0cHM6XC9cL3d3dy5jYXJvbHJlbmF1eHBob3RvLmNvbVwvd3AtY29udGVudFwvdXBsb2Fkc1wvMjAyMFwvMDdcL01PU0FJQ08tNC1CRUJFUy0xLmpwZyJ9\">\n\t\t\t\t\t\t\t<img loading=\"lazy\" decoding=\"async\" width=\"683\" height=\"1024\" src=\"https:\/\/www.carolrenauxphoto.com\/wp-content\/uploads\/2020\/07\/MOSAICO-4-BEBES-1-683x1024.jpg\" class=\"attachment-large size-large wp-image-1105\" alt=\"\" srcset=\"https:\/\/www.carolrenauxphoto.com\/wp-content\/uploads\/2020\/07\/MOSAICO-4-BEBES-1-683x1024.jpg 683w, https:\/\/www.carolrenauxphoto.com\/wp-content\/uploads\/2020\/07\/MOSAICO-4-BEBES-1-200x300.jpg 200w, https:\/\/www.carolrenauxphoto.com\/wp-content\/uploads\/2020\/07\/MOSAICO-4-BEBES-1-768x1152.jpg 768w, https:\/\/www.carolrenauxphoto.com\/wp-content\/uploads\/2020\/07\/MOSAICO-4-BEBES-1.jpg 1020w\" sizes=\"(max-width: 683px) 100vw, 683px\" \/>\t\t\t\t\t\t\t\t<\/a>\n\t\t\t\t\t\t\t\t\t\t\t\t\t\t\t<\/div>\n\t\t\t\t<\/div>\n\t\t\t\t\t<\/div>\n\t\t<\/div>\n\t\t\t\t<div class=\"elementor-column elementor-col-33 elementor-top-column elementor-element elementor-element-e52c5f5\" data-id=\"e52c5f5\" data-element_type=\"column\" data-e-type=\"column\">\n\t\t\t<div class=\"elementor-widget-wrap elementor-element-populated\">\n\t\t\t\t\t\t<div class=\"elementor-element elementor-element-28960d7 elementor-widget elementor-widget-image\" data-id=\"28960d7\" data-element_type=\"widget\" data-e-type=\"widget\" data-widget_type=\"image.default\">\n\t\t\t\t<div class=\"elementor-widget-container\">\n\t\t\t\t\t\t\t\t\t\t\t\t\t\t\t\t<a href=\"https:\/\/www.carolrenauxphoto.com\/wp-content\/uploads\/2020\/07\/MOSAICO-4-BEBES-2.jpg\" data-elementor-open-lightbox=\"yes\" data-elementor-lightbox-title=\"MOSAICO-4-BEBES-2\" data-e-action-hash=\"#elementor-action%3Aaction%3Dlightbox%26settings%3DeyJpZCI6MTEwMSwidXJsIjoiaHR0cHM6XC9cL3d3dy5jYXJvbHJlbmF1eHBob3RvLmNvbVwvd3AtY29udGVudFwvdXBsb2Fkc1wvMjAyMFwvMDdcL01PU0FJQ08tNC1CRUJFUy0yLmpwZyJ9\">\n\t\t\t\t\t\t\t<img loading=\"lazy\" decoding=\"async\" width=\"1020\" height=\"680\" src=\"https:\/\/www.carolrenauxphoto.com\/wp-content\/uploads\/2020\/07\/MOSAICO-4-BEBES-2.jpg\" class=\"attachment-large size-large wp-image-1101\" alt=\"\" srcset=\"https:\/\/www.carolrenauxphoto.com\/wp-content\/uploads\/2020\/07\/MOSAICO-4-BEBES-2.jpg 1020w, https:\/\/www.carolrenauxphoto.com\/wp-content\/uploads\/2020\/07\/MOSAICO-4-BEBES-2-300x200.jpg 300w, https:\/\/www.carolrenauxphoto.com\/wp-content\/uploads\/2020\/07\/MOSAICO-4-BEBES-2-768x512.jpg 768w\" sizes=\"(max-width: 1020px) 100vw, 1020px\" \/>\t\t\t\t\t\t\t\t<\/a>\n\t\t\t\t\t\t\t\t\t\t\t\t\t\t\t<\/div>\n\t\t\t\t<\/div>\n\t\t\t\t<div class=\"elementor-element elementor-element-8c7d4b9 elementor-widget elementor-widget-image\" data-id=\"8c7d4b9\" data-element_type=\"widget\" data-e-type=\"widget\" data-widget_type=\"image.default\">\n\t\t\t\t<div class=\"elementor-widget-container\">\n\t\t\t\t\t\t\t\t\t\t\t\t\t\t\t\t<a href=\"https:\/\/www.carolrenauxphoto.com\/wp-content\/uploads\/2020\/07\/MOSAICO-4-BEBES-4.jpg\" data-elementor-open-lightbox=\"yes\" data-elementor-lightbox-title=\"MOSAICO-4-BEBES-4\" data-e-action-hash=\"#elementor-action%3Aaction%3Dlightbox%26settings%3DeyJpZCI6MTEwMywidXJsIjoiaHR0cHM6XC9cL3d3dy5jYXJvbHJlbmF1eHBob3RvLmNvbVwvd3AtY29udGVudFwvdXBsb2Fkc1wvMjAyMFwvMDdcL01PU0FJQ08tNC1CRUJFUy00LmpwZyJ9\">\n\t\t\t\t\t\t\t<img loading=\"lazy\" decoding=\"async\" width=\"1020\" height=\"680\" src=\"https:\/\/www.carolrenauxphoto.com\/wp-content\/uploads\/2020\/07\/MOSAICO-4-BEBES-4.jpg\" class=\"attachment-large size-large wp-image-1103\" alt=\"\" srcset=\"https:\/\/www.carolrenauxphoto.com\/wp-content\/uploads\/2020\/07\/MOSAICO-4-BEBES-4.jpg 1020w, https:\/\/www.carolrenauxphoto.com\/wp-content\/uploads\/2020\/07\/MOSAICO-4-BEBES-4-300x200.jpg 300w, https:\/\/www.carolrenauxphoto.com\/wp-content\/uploads\/2020\/07\/MOSAICO-4-BEBES-4-768x512.jpg 768w\" sizes=\"(max-width: 1020px) 100vw, 1020px\" \/>\t\t\t\t\t\t\t\t<\/a>\n\t\t\t\t\t\t\t\t\t\t\t\t\t\t\t<\/div>\n\t\t\t\t<\/div>\n\t\t\t\t\t<\/div>\n\t\t<\/div>\n\t\t\t\t<div class=\"elementor-column elementor-col-33 elementor-top-column elementor-element elementor-element-2bb101d\" data-id=\"2bb101d\" data-element_type=\"column\" data-e-type=\"column\">\n\t\t\t<div class=\"elementor-widget-wrap elementor-element-populated\">\n\t\t\t\t\t\t<div class=\"elementor-element elementor-element-dca9a97 elementor-widget elementor-widget-image\" data-id=\"dca9a97\" data-element_type=\"widget\" data-e-type=\"widget\" data-widget_type=\"image.default\">\n\t\t\t\t<div class=\"elementor-widget-container\">\n\t\t\t\t\t\t\t\t\t\t\t\t\t\t\t\t<a href=\"https:\/\/www.carolrenauxphoto.com\/wp-content\/uploads\/2020\/07\/MOSAICO-4-BEBES-3.jpg\" data-elementor-open-lightbox=\"yes\" data-elementor-lightbox-title=\"MOSAICO-4-BEBES-3\" data-e-action-hash=\"#elementor-action%3Aaction%3Dlightbox%26settings%3DeyJpZCI6MTEwMiwidXJsIjoiaHR0cHM6XC9cL3d3dy5jYXJvbHJlbmF1eHBob3RvLmNvbVwvd3AtY29udGVudFwvdXBsb2Fkc1wvMjAyMFwvMDdcL01PU0FJQ08tNC1CRUJFUy0zLmpwZyJ9\">\n\t\t\t\t\t\t\t<img loading=\"lazy\" decoding=\"async\" width=\"1020\" height=\"680\" src=\"https:\/\/www.carolrenauxphoto.com\/wp-content\/uploads\/2020\/07\/MOSAICO-4-BEBES-3.jpg\" class=\"attachment-large size-large wp-image-1102\" alt=\"\" srcset=\"https:\/\/www.carolrenauxphoto.com\/wp-content\/uploads\/2020\/07\/MOSAICO-4-BEBES-3.jpg 1020w, https:\/\/www.carolrenauxphoto.com\/wp-content\/uploads\/2020\/07\/MOSAICO-4-BEBES-3-300x200.jpg 300w, https:\/\/www.carolrenauxphoto.com\/wp-content\/uploads\/2020\/07\/MOSAICO-4-BEBES-3-768x512.jpg 768w\" sizes=\"(max-width: 1020px) 100vw, 1020px\" \/>\t\t\t\t\t\t\t\t<\/a>\n\t\t\t\t\t\t\t\t\t\t\t\t\t\t\t<\/div>\n\t\t\t\t<\/div>\n\t\t\t\t<div class=\"elementor-element elementor-element-3e83919 elementor-widget elementor-widget-image\" data-id=\"3e83919\" data-element_type=\"widget\" data-e-type=\"widget\" data-widget_type=\"image.default\">\n\t\t\t\t<div class=\"elementor-widget-container\">\n\t\t\t\t\t\t\t\t\t\t\t\t\t\t\t\t<a href=\"https:\/\/www.carolrenauxphoto.com\/wp-content\/uploads\/2020\/07\/MOSAICO-4-BEBES-5.jpg\" data-elementor-open-lightbox=\"yes\" data-elementor-lightbox-title=\"MOSAICO-4-BEBES-5\" data-e-action-hash=\"#elementor-action%3Aaction%3Dlightbox%26settings%3DeyJpZCI6MTEwNCwidXJsIjoiaHR0cHM6XC9cL3d3dy5jYXJvbHJlbmF1eHBob3RvLmNvbVwvd3AtY29udGVudFwvdXBsb2Fkc1wvMjAyMFwvMDdcL01PU0FJQ08tNC1CRUJFUy01LmpwZyJ9\">\n\t\t\t\t\t\t\t<img loading=\"lazy\" decoding=\"async\" width=\"1020\" height=\"680\" src=\"https:\/\/www.carolrenauxphoto.com\/wp-content\/uploads\/2020\/07\/MOSAICO-4-BEBES-5.jpg\" class=\"attachment-large size-large wp-image-1104\" alt=\"\" srcset=\"https:\/\/www.carolrenauxphoto.com\/wp-content\/uploads\/2020\/07\/MOSAICO-4-BEBES-5.jpg 1020w, https:\/\/www.carolrenauxphoto.com\/wp-content\/uploads\/2020\/07\/MOSAICO-4-BEBES-5-300x200.jpg 300w, https:\/\/www.carolrenauxphoto.com\/wp-content\/uploads\/2020\/07\/MOSAICO-4-BEBES-5-768x512.jpg 768w\" sizes=\"(max-width: 1020px) 100vw, 1020px\" \/>\t\t\t\t\t\t\t\t<\/a>\n\t\t\t\t\t\t\t\t\t\t\t\t\t\t\t<\/div>\n\t\t\t\t<\/div>\n\t\t\t\t\t<\/div>\n\t\t<\/div>\n\t\t\t\t\t<\/div>\n\t\t<\/section>\n\t\t\t\t<\/div>\n\t\t<\/p><p>\u00a0<\/p><p style=\"text-align: center;\"><strong>Beb\u00e9s mayores de un mes<\/strong><\/p><p>\t\t<div data-elementor-type=\"wp-post\" data-elementor-id=\"1111\" class=\"elementor elementor-1111\">\n\t\t\t\t\t\t<section class=\"elementor-section elementor-top-section elementor-element elementor-element-6003f28 elementor-section-boxed elementor-section-height-default elementor-section-height-default\" data-id=\"6003f28\" data-element_type=\"section\" data-e-type=\"section\">\n\t\t\t\t\t\t<div class=\"elementor-container elementor-column-gap-default\">\n\t\t\t\t\t<div class=\"elementor-column elementor-col-33 elementor-top-column elementor-element elementor-element-339f4d0\" data-id=\"339f4d0\" data-element_type=\"column\" data-e-type=\"column\">\n\t\t\t<div class=\"elementor-widget-wrap elementor-element-populated\">\n\t\t\t\t\t\t<div class=\"elementor-element elementor-element-cbbf90f elementor-widget elementor-widget-image\" data-id=\"cbbf90f\" data-element_type=\"widget\" data-e-type=\"widget\" data-widget_type=\"image.default\">\n\t\t\t\t<div class=\"elementor-widget-container\">\n\t\t\t\t\t\t\t\t\t\t\t\t\t\t\t\t<a href=\"https:\/\/www.carolrenauxphoto.com\/wp-content\/uploads\/2020\/07\/MOSAICO-5-BEBES-1.jpg\" data-elementor-open-lightbox=\"yes\" data-elementor-lightbox-title=\"MOSAICO-5-BEBES-1\" data-e-action-hash=\"#elementor-action%3Aaction%3Dlightbox%26settings%3DeyJpZCI6MTExMywidXJsIjoiaHR0cHM6XC9cL3d3dy5jYXJvbHJlbmF1eHBob3RvLmNvbVwvd3AtY29udGVudFwvdXBsb2Fkc1wvMjAyMFwvMDdcL01PU0FJQ08tNS1CRUJFUy0xLmpwZyJ9\">\n\t\t\t\t\t\t\t<img loading=\"lazy\" decoding=\"async\" width=\"1020\" height=\"680\" src=\"https:\/\/www.carolrenauxphoto.com\/wp-content\/uploads\/2020\/07\/MOSAICO-5-BEBES-1.jpg\" class=\"attachment-large size-large wp-image-1113\" alt=\"\" srcset=\"https:\/\/www.carolrenauxphoto.com\/wp-content\/uploads\/2020\/07\/MOSAICO-5-BEBES-1.jpg 1020w, https:\/\/www.carolrenauxphoto.com\/wp-content\/uploads\/2020\/07\/MOSAICO-5-BEBES-1-300x200.jpg 300w, https:\/\/www.carolrenauxphoto.com\/wp-content\/uploads\/2020\/07\/MOSAICO-5-BEBES-1-768x512.jpg 768w\" sizes=\"(max-width: 1020px) 100vw, 1020px\" \/>\t\t\t\t\t\t\t\t<\/a>\n\t\t\t\t\t\t\t\t\t\t\t\t\t\t\t<\/div>\n\t\t\t\t<\/div>\n\t\t\t\t<div class=\"elementor-element elementor-element-4b61011 elementor-widget elementor-widget-image\" data-id=\"4b61011\" data-element_type=\"widget\" data-e-type=\"widget\" data-widget_type=\"image.default\">\n\t\t\t\t<div class=\"elementor-widget-container\">\n\t\t\t\t\t\t\t\t\t\t\t\t\t\t\t\t<a href=\"https:\/\/www.carolrenauxphoto.com\/wp-content\/uploads\/2020\/07\/MOSAICO-5-BEBES-4.jpg\" data-elementor-open-lightbox=\"yes\" data-elementor-lightbox-title=\"MOSAICO-5-BEBES-4\" data-e-action-hash=\"#elementor-action%3Aaction%3Dlightbox%26settings%3DeyJpZCI6MTExNiwidXJsIjoiaHR0cHM6XC9cL3d3dy5jYXJvbHJlbmF1eHBob3RvLmNvbVwvd3AtY29udGVudFwvdXBsb2Fkc1wvMjAyMFwvMDdcL01PU0FJQ08tNS1CRUJFUy00LmpwZyJ9\">\n\t\t\t\t\t\t\t<img loading=\"lazy\" decoding=\"async\" width=\"1020\" height=\"680\" src=\"https:\/\/www.carolrenauxphoto.com\/wp-content\/uploads\/2020\/07\/MOSAICO-5-BEBES-4.jpg\" class=\"attachment-large size-large wp-image-1116\" alt=\"\" srcset=\"https:\/\/www.carolrenauxphoto.com\/wp-content\/uploads\/2020\/07\/MOSAICO-5-BEBES-4.jpg 1020w, https:\/\/www.carolrenauxphoto.com\/wp-content\/uploads\/2020\/07\/MOSAICO-5-BEBES-4-300x200.jpg 300w, https:\/\/www.carolrenauxphoto.com\/wp-content\/uploads\/2020\/07\/MOSAICO-5-BEBES-4-768x512.jpg 768w\" sizes=\"(max-width: 1020px) 100vw, 1020px\" \/>\t\t\t\t\t\t\t\t<\/a>\n\t\t\t\t\t\t\t\t\t\t\t\t\t\t\t<\/div>\n\t\t\t\t<\/div>\n\t\t\t\t\t<\/div>\n\t\t<\/div>\n\t\t\t\t<div class=\"elementor-column elementor-col-33 elementor-top-column elementor-element elementor-element-aba0d58\" data-id=\"aba0d58\" data-element_type=\"column\" data-e-type=\"column\">\n\t\t\t<div class=\"elementor-widget-wrap elementor-element-populated\">\n\t\t\t\t\t\t<div class=\"elementor-element elementor-element-ceef5f3 elementor-widget elementor-widget-image\" data-id=\"ceef5f3\" data-element_type=\"widget\" data-e-type=\"widget\" data-widget_type=\"image.default\">\n\t\t\t\t<div class=\"elementor-widget-container\">\n\t\t\t\t\t\t\t\t\t\t\t\t\t\t\t\t<a href=\"https:\/\/www.carolrenauxphoto.com\/wp-content\/uploads\/2020\/07\/MOSAICO-5-BEBES-2.jpg\" data-elementor-open-lightbox=\"yes\" data-elementor-lightbox-title=\"MOSAICO-5-BEBES-2\" data-e-action-hash=\"#elementor-action%3Aaction%3Dlightbox%26settings%3DeyJpZCI6MTExNCwidXJsIjoiaHR0cHM6XC9cL3d3dy5jYXJvbHJlbmF1eHBob3RvLmNvbVwvd3AtY29udGVudFwvdXBsb2Fkc1wvMjAyMFwvMDdcL01PU0FJQ08tNS1CRUJFUy0yLmpwZyJ9\">\n\t\t\t\t\t\t\t<img loading=\"lazy\" decoding=\"async\" width=\"1020\" height=\"680\" src=\"https:\/\/www.carolrenauxphoto.com\/wp-content\/uploads\/2020\/07\/MOSAICO-5-BEBES-2.jpg\" class=\"attachment-large size-large wp-image-1114\" alt=\"\" srcset=\"https:\/\/www.carolrenauxphoto.com\/wp-content\/uploads\/2020\/07\/MOSAICO-5-BEBES-2.jpg 1020w, https:\/\/www.carolrenauxphoto.com\/wp-content\/uploads\/2020\/07\/MOSAICO-5-BEBES-2-300x200.jpg 300w, https:\/\/www.carolrenauxphoto.com\/wp-content\/uploads\/2020\/07\/MOSAICO-5-BEBES-2-768x512.jpg 768w\" sizes=\"(max-width: 1020px) 100vw, 1020px\" \/>\t\t\t\t\t\t\t\t<\/a>\n\t\t\t\t\t\t\t\t\t\t\t\t\t\t\t<\/div>\n\t\t\t\t<\/div>\n\t\t\t\t<div class=\"elementor-element elementor-element-87e677c elementor-widget elementor-widget-image\" data-id=\"87e677c\" data-element_type=\"widget\" data-e-type=\"widget\" data-widget_type=\"image.default\">\n\t\t\t\t<div class=\"elementor-widget-container\">\n\t\t\t\t\t\t\t\t\t\t\t\t\t\t\t\t<a href=\"https:\/\/www.carolrenauxphoto.com\/wp-content\/uploads\/2020\/07\/MOSAICO-5-BEBES-5.jpg\" data-elementor-open-lightbox=\"yes\" data-elementor-lightbox-title=\"MOSAICO-5-BEBES-5\" data-e-action-hash=\"#elementor-action%3Aaction%3Dlightbox%26settings%3DeyJpZCI6MTExNywidXJsIjoiaHR0cHM6XC9cL3d3dy5jYXJvbHJlbmF1eHBob3RvLmNvbVwvd3AtY29udGVudFwvdXBsb2Fkc1wvMjAyMFwvMDdcL01PU0FJQ08tNS1CRUJFUy01LmpwZyJ9\">\n\t\t\t\t\t\t\t<img loading=\"lazy\" decoding=\"async\" width=\"1020\" height=\"680\" src=\"https:\/\/www.carolrenauxphoto.com\/wp-content\/uploads\/2020\/07\/MOSAICO-5-BEBES-5.jpg\" class=\"attachment-large size-large wp-image-1117\" alt=\"\" srcset=\"https:\/\/www.carolrenauxphoto.com\/wp-content\/uploads\/2020\/07\/MOSAICO-5-BEBES-5.jpg 1020w, https:\/\/www.carolrenauxphoto.com\/wp-content\/uploads\/2020\/07\/MOSAICO-5-BEBES-5-300x200.jpg 300w, https:\/\/www.carolrenauxphoto.com\/wp-content\/uploads\/2020\/07\/MOSAICO-5-BEBES-5-768x512.jpg 768w\" sizes=\"(max-width: 1020px) 100vw, 1020px\" \/>\t\t\t\t\t\t\t\t<\/a>\n\t\t\t\t\t\t\t\t\t\t\t\t\t\t\t<\/div>\n\t\t\t\t<\/div>\n\t\t\t\t\t<\/div>\n\t\t<\/div>\n\t\t\t\t<div class=\"elementor-column elementor-col-33 elementor-top-column elementor-element elementor-element-567acfe\" data-id=\"567acfe\" data-element_type=\"column\" data-e-type=\"column\">\n\t\t\t<div class=\"elementor-widget-wrap elementor-element-populated\">\n\t\t\t\t\t\t<div class=\"elementor-element elementor-element-8655e1e elementor-widget elementor-widget-image\" data-id=\"8655e1e\" data-element_type=\"widget\" data-e-type=\"widget\" data-widget_type=\"image.default\">\n\t\t\t\t<div class=\"elementor-widget-container\">\n\t\t\t\t\t\t\t\t\t\t\t\t\t\t\t\t<a href=\"https:\/\/www.carolrenauxphoto.com\/wp-content\/uploads\/2020\/07\/MOSAICO-5-BEBES-3.jpg\" data-elementor-open-lightbox=\"yes\" data-elementor-lightbox-title=\"MOSAICO-5-BEBES-3\" data-e-action-hash=\"#elementor-action%3Aaction%3Dlightbox%26settings%3DeyJpZCI6MTExNSwidXJsIjoiaHR0cHM6XC9cL3d3dy5jYXJvbHJlbmF1eHBob3RvLmNvbVwvd3AtY29udGVudFwvdXBsb2Fkc1wvMjAyMFwvMDdcL01PU0FJQ08tNS1CRUJFUy0zLmpwZyJ9\">\n\t\t\t\t\t\t\t<img loading=\"lazy\" decoding=\"async\" width=\"1020\" height=\"680\" src=\"https:\/\/www.carolrenauxphoto.com\/wp-content\/uploads\/2020\/07\/MOSAICO-5-BEBES-3.jpg\" class=\"attachment-large size-large wp-image-1115\" alt=\"\" srcset=\"https:\/\/www.carolrenauxphoto.com\/wp-content\/uploads\/2020\/07\/MOSAICO-5-BEBES-3.jpg 1020w, https:\/\/www.carolrenauxphoto.com\/wp-content\/uploads\/2020\/07\/MOSAICO-5-BEBES-3-300x200.jpg 300w, https:\/\/www.carolrenauxphoto.com\/wp-content\/uploads\/2020\/07\/MOSAICO-5-BEBES-3-768x512.jpg 768w\" sizes=\"(max-width: 1020px) 100vw, 1020px\" \/>\t\t\t\t\t\t\t\t<\/a>\n\t\t\t\t\t\t\t\t\t\t\t\t\t\t\t<\/div>\n\t\t\t\t<\/div>\n\t\t\t\t<div class=\"elementor-element elementor-element-0093c9a elementor-widget elementor-widget-image\" data-id=\"0093c9a\" data-element_type=\"widget\" data-e-type=\"widget\" data-widget_type=\"image.default\">\n\t\t\t\t<div class=\"elementor-widget-container\">\n\t\t\t\t\t\t\t\t\t\t\t\t\t\t\t\t<a href=\"https:\/\/www.carolrenauxphoto.com\/wp-content\/uploads\/2020\/07\/MOSAICO-5-BEBES-6.jpg\" data-elementor-open-lightbox=\"yes\" data-elementor-lightbox-title=\"MOSAICO-5-BEBES-6\" data-e-action-hash=\"#elementor-action%3Aaction%3Dlightbox%26settings%3DeyJpZCI6MTExOCwidXJsIjoiaHR0cHM6XC9cL3d3dy5jYXJvbHJlbmF1eHBob3RvLmNvbVwvd3AtY29udGVudFwvdXBsb2Fkc1wvMjAyMFwvMDdcL01PU0FJQ08tNS1CRUJFUy02LmpwZyJ9\">\n\t\t\t\t\t\t\t<img loading=\"lazy\" decoding=\"async\" width=\"1020\" height=\"680\" src=\"https:\/\/www.carolrenauxphoto.com\/wp-content\/uploads\/2020\/07\/MOSAICO-5-BEBES-6.jpg\" class=\"attachment-large size-large wp-image-1118\" alt=\"\" srcset=\"https:\/\/www.carolrenauxphoto.com\/wp-content\/uploads\/2020\/07\/MOSAICO-5-BEBES-6.jpg 1020w, https:\/\/www.carolrenauxphoto.com\/wp-content\/uploads\/2020\/07\/MOSAICO-5-BEBES-6-300x200.jpg 300w, https:\/\/www.carolrenauxphoto.com\/wp-content\/uploads\/2020\/07\/MOSAICO-5-BEBES-6-768x512.jpg 768w\" sizes=\"(max-width: 1020px) 100vw, 1020px\" \/>\t\t\t\t\t\t\t\t<\/a>\n\t\t\t\t\t\t\t\t\t\t\t\t\t\t\t<\/div>\n\t\t\t\t<\/div>\n\t\t\t\t\t<\/div>\n\t\t<\/div>\n\t\t\t\t\t<\/div>\n\t\t<\/section>\n\t\t\t\t<\/div>\n\t\t<\/p><\/div>\n\t\t\t\t<\/div>\n\t\t\t\t\t\t\t<div class=\"elementor-accordion-item\">\n\t\t\t\t\t<div id=\"elementor-tab-title-2264\" class=\"elementor-tab-title\" data-tab=\"4\" role=\"button\" aria-controls=\"elementor-tab-content-2264\" aria-expanded=\"false\">\n\t\t\t\t\t\t\t\t\t\t\t\t\t<span class=\"elementor-accordion-icon elementor-accordion-icon-left\" aria-hidden=\"true\">\n\t\t\t\t\t\t\t\t\t\t\t\t\t\t\t<span class=\"elementor-accordion-icon-closed\"><i class=\"fas fa-plus\"><\/i><\/span>\n\t\t\t\t\t\t\t\t<span class=\"elementor-accordion-icon-opened\"><i class=\"fas fa-minus\"><\/i><\/span>\n\t\t\t\t\t\t\t\t\t\t\t\t\t\t<\/span>\n\t\t\t\t\t\t\t\t\t\t\t\t<a class=\"elementor-accordion-title\" tabindex=\"0\">\u00bfQu\u00e9 incluye el reportaje fotogr\u00e1fico de beb\u00e9 en Madrid?<\/a>\n\t\t\t\t\t<\/div>\n\t\t\t\t\t<div id=\"elementor-tab-content-2264\" class=\"elementor-tab-content elementor-clearfix\" data-tab=\"4\" role=\"region\" aria-labelledby=\"elementor-tab-title-2264\"><ol><li>El tiempo necesario para realizar el reportaje. La duraci\u00f3n habitual suele ser de 2 horas, recomiendo hacerlo por la ma\u00f1ana que es cuando suele haber m\u00e1s luz en las casas.<\/li><li>La selecci\u00f3n y edici\u00f3n de las fotograf\u00edas que considere buenas del reportaje.<\/li><li>Sea cual sea el paquete que elij\u00e1is la entrega del reportaje se realiza en Galer\u00eda privada online, DVD personalizado y 3 copias en papel a tama\u00f1o 10&#215;15 pero tengo muchas otras opciones: cajitas con fotos impresas, \u00e1lbumes, lienzos..etc.<\/li><\/ol><\/div>\n\t\t\t\t<\/div>\n\t\t\t\t\t\t\t<div class=\"elementor-accordion-item\">\n\t\t\t\t\t<div id=\"elementor-tab-title-2265\" class=\"elementor-tab-title\" data-tab=\"5\" role=\"button\" aria-controls=\"elementor-tab-content-2265\" aria-expanded=\"false\">\n\t\t\t\t\t\t\t\t\t\t\t\t\t<span class=\"elementor-accordion-icon elementor-accordion-icon-left\" aria-hidden=\"true\">\n\t\t\t\t\t\t\t\t\t\t\t\t\t\t\t<span class=\"elementor-accordion-icon-closed\"><i class=\"fas fa-plus\"><\/i><\/span>\n\t\t\t\t\t\t\t\t<span class=\"elementor-accordion-icon-opened\"><i class=\"fas fa-minus\"><\/i><\/span>\n\t\t\t\t\t\t\t\t\t\t\t\t\t\t<\/span>\n\t\t\t\t\t\t\t\t\t\t\t\t<a class=\"elementor-accordion-title\" tabindex=\"0\">\u00bfY si quiero regalar un reportaje? \u00bfC\u00f3mo lo hago?<\/a>\n\t\t\t\t\t<\/div>\n\t\t\t\t\t<div id=\"elementor-tab-content-2265\" class=\"elementor-tab-content elementor-clearfix\" data-tab=\"5\" role=\"region\" aria-labelledby=\"elementor-tab-title-2265\"><p>En los casos en los que el reportaje es para regalo os suelo preparar una tarjeta regalo personalizada que meter\u00e9 en una cajita kraft muy chula para que pod\u00e1is entreg\u00e1rselo a la familia. Quedamos un d\u00eda para que os lo entregue o si sois de fuera de Madrid, o nos resulta complicado quedar personalmente, os lo env\u00edo por correo.<\/p><p><img loading=\"lazy\" decoding=\"async\" class=\"aligncenter wp-image-1121 size-full\" src=\"https:\/\/www.carolrenauxphoto.com\/wp-content\/uploads\/2020\/07\/TARJETA-REGALO-BEB\u00c9-2020.jpg\" alt=\"\" width=\"1080\" height=\"721\" srcset=\"https:\/\/www.carolrenauxphoto.com\/wp-content\/uploads\/2020\/07\/TARJETA-REGALO-BEB\u00c9-2020.jpg 1080w, https:\/\/www.carolrenauxphoto.com\/wp-content\/uploads\/2020\/07\/TARJETA-REGALO-BEB\u00c9-2020-300x200.jpg 300w, https:\/\/www.carolrenauxphoto.com\/wp-content\/uploads\/2020\/07\/TARJETA-REGALO-BEB\u00c9-2020-1024x684.jpg 1024w, https:\/\/www.carolrenauxphoto.com\/wp-content\/uploads\/2020\/07\/TARJETA-REGALO-BEB\u00c9-2020-768x513.jpg 768w\" sizes=\"(max-width: 1080px) 100vw, 1080px\" \/><\/p><\/div>\n\t\t\t\t<\/div>\n\t\t\t\t\t\t\t<div class=\"elementor-accordion-item\">\n\t\t\t\t\t<div id=\"elementor-tab-title-2266\" class=\"elementor-tab-title\" data-tab=\"6\" role=\"button\" aria-controls=\"elementor-tab-content-2266\" aria-expanded=\"false\">\n\t\t\t\t\t\t\t\t\t\t\t\t\t<span class=\"elementor-accordion-icon elementor-accordion-icon-left\" aria-hidden=\"true\">\n\t\t\t\t\t\t\t\t\t\t\t\t\t\t\t<span class=\"elementor-accordion-icon-closed\"><i class=\"fas fa-plus\"><\/i><\/span>\n\t\t\t\t\t\t\t\t<span class=\"elementor-accordion-icon-opened\"><i class=\"fas fa-minus\"><\/i><\/span>\n\t\t\t\t\t\t\t\t\t\t\t\t\t\t<\/span>\n\t\t\t\t\t\t\t\t\t\t\t\t<a class=\"elementor-accordion-title\" tabindex=\"0\">\u00a1Quiero realizar un reportaje! \u00bfC\u00f3mo lo hago?<\/a>\n\t\t\t\t\t<\/div>\n\t\t\t\t\t<div id=\"elementor-tab-content-2266\" class=\"elementor-tab-content elementor-clearfix\" data-tab=\"6\" role=\"region\" aria-labelledby=\"elementor-tab-title-2266\"><p>Escr\u00edbeme un email, env\u00edame el formulario de contacto o ll\u00e1mame por tel\u00e9fono y te enviar\u00e9 la informaci\u00f3n detallada con las diferentes opciones. Y si te apetece que quedemos para ver ejemplos de reportajes d\u00edmelo y concretamos d\u00eda y hora para tomar un caf\u00e9.<\/p><\/div>\n\t\t\t\t<\/div>\n\t\t\t\t\t\t\t\t<\/div>\n\t\t\t\t\t\t<\/div>\n\t\t\t\t<\/div>\n\t\t\t\t\t<\/div>\n\t\t<\/div>\n\t\t\t\t\t<\/div>\n\t\t<\/section>\n\t\t\t\t<section class=\"elementor-section elementor-top-section elementor-element elementor-element-0b26fb9 elementor-section-boxed elementor-section-height-default elementor-section-height-default\" data-id=\"0b26fb9\" data-element_type=\"section\" data-e-type=\"section\">\n\t\t\t\t\t\t<div class=\"elementor-container elementor-column-gap-default\">\n\t\t\t\t\t<div class=\"elementor-column elementor-col-100 elementor-top-column elementor-element elementor-element-f16d8de\" data-id=\"f16d8de\" data-element_type=\"column\" data-e-type=\"column\">\n\t\t\t<div class=\"elementor-widget-wrap elementor-element-populated\">\n\t\t\t\t\t\t<div class=\"elementor-element elementor-element-58b6a34 elementor-widget elementor-widget-heading\" data-id=\"58b6a34\" data-element_type=\"widget\" data-e-type=\"widget\" data-widget_type=\"heading.default\">\n\t\t\t\t<div class=\"elementor-widget-container\">\n\t\t\t\t\t<h2 class=\"elementor-heading-title elementor-size-default\">\u00a1Quiero reservar!<\/h2>\t\t\t\t<\/div>\n\t\t\t\t<\/div>\n\t\t\t\t<div class=\"elementor-element elementor-element-95aab47 elementor-align-center elementor-widget elementor-widget-button\" data-id=\"95aab47\" data-element_type=\"widget\" data-e-type=\"widget\" data-widget_type=\"button.default\">\n\t\t\t\t<div class=\"elementor-widget-container\">\n\t\t\t\t\t\t\t\t\t<div class=\"elementor-button-wrapper\">\n\t\t\t\t\t<a class=\"elementor-button elementor-button-link elementor-size-xl\" href=\"https:\/\/www.carolrenauxphoto.com\/en\/hablamos\/#info-reserva\">\n\t\t\t\t\t\t<span class=\"elementor-button-content-wrapper\">\n\t\t\t\t\t\t<span class=\"elementor-button-icon\">\n\t\t\t\t<i aria-hidden=\"true\" class=\"far fa-arrow-alt-circle-right\"><\/i>\t\t\t<\/span>\n\t\t\t\t\t\t\t\t<\/span>\n\t\t\t\t\t<\/a>\n\t\t\t\t<\/div>\n\t\t\t\t\t\t\t\t<\/div>\n\t\t\t\t<\/div>\n\t\t\t\t\t<\/div>\n\t\t<\/div>\n\t\t\t\t\t<\/div>\n\t\t<\/section>\n\t\t\t\t<\/div>","protected":false},"excerpt":{"rendered":"<p>RECI\u00c9N NACIDOS Y BEB\u00c9S EN MADRID Fotograf\u00eda de reci\u00e9n nacidos y beb\u00e9s en Madrid Traer un beb\u00e9 a este mundo es un viaje fascinante para el que nadie te prepara. Da igual si lees mucho, si tienes hermanos o amigos con hijos.. porque nada ser\u00e1 c\u00f3mo pensabas. \u00c9ste es T\u00da viaje: \u00fanico, fascinante, complicado, que &#8230; <a title=\"Reci\u00e9n nacidos y Beb\u00e9s\" class=\"read-more\" href=\"https:\/\/www.carolrenauxphoto.com\/en\/reciennacidosybebes\/\" aria-label=\"Read more about Reci\u00e9n nacidos y Beb\u00e9s\">Read more<\/a><\/p>","protected":false},"author":1,"featured_media":0,"parent":0,"menu_order":0,"comment_status":"closed","ping_status":"closed","template":"","meta":{"_joinchat":[],"footnotes":""},"class_list":["post-677","page","type-page","status-publish"],"yoast_head":"<!-- This site is optimized with the Yoast SEO plugin v28.1 - https:\/\/yoast.com\/product\/yoast-seo-wordpress\/ -->\n<title>Reci\u00e9n nacidos y Beb\u00e9s - Fotograf\u00eda de Maternidad, reci\u00e9n nacidos y embarazo en Madrid<\/title>\n<meta name=\"description\" content=\"Fotograf\u00eda de beb\u00e9s en Madrid. Traer un beb\u00e9 a este mundo es un viaje fascinante para el que nadie te prepara.\" \/>\n<meta name=\"robots\" content=\"index, follow, max-snippet:-1, max-image-preview:large, max-video-preview:-1\" \/>\n<link rel=\"canonical\" href=\"https:\/\/www.carolrenauxphoto.com\/en\/reciennacidosybebes\/\" \/>\n<meta property=\"og:locale\" content=\"en_GB\" \/>\n<meta property=\"og:type\" content=\"article\" \/>\n<meta property=\"og:title\" content=\"Reci\u00e9n nacidos y Beb\u00e9s - Fotograf\u00eda de Maternidad, reci\u00e9n nacidos y embarazo en Madrid\" \/>\n<meta property=\"og:description\" content=\"Fotograf\u00eda de beb\u00e9s en Madrid. Traer un beb\u00e9 a este mundo es un viaje fascinante para el que nadie te prepara.\" \/>\n<meta property=\"og:url\" content=\"https:\/\/www.carolrenauxphoto.com\/en\/reciennacidosybebes\/\" \/>\n<meta property=\"og:site_name\" content=\"Fotograf\u00eda de Maternidad, reci\u00e9n nacidos y embarazo en Madrid\" \/>\n<meta property=\"article:publisher\" content=\"https:\/\/www.facebook.com\/carolrenauxphoto\/\" \/>\n<meta property=\"article:modified_time\" content=\"2026-03-03T11:18:38+00:00\" \/>\n<meta property=\"og:image\" content=\"https:\/\/www.carolrenauxphoto.com\/wp-content\/uploads\/2020\/06\/cab-bebes.jpg\" \/>\n<meta name=\"twitter:card\" content=\"summary_large_image\" \/>\n<meta name=\"twitter:label1\" content=\"Estimated reading time\" \/>\n\t<meta name=\"twitter:data1\" content=\"12 minutes\" \/>\n<script type=\"application\/ld+json\" class=\"yoast-schema-graph\">{\"@context\":\"https:\\\/\\\/schema.org\",\"@graph\":[{\"@type\":\"WebPage\",\"@id\":\"https:\\\/\\\/www.carolrenauxphoto.com\\\/reciennacidosybebes\\\/\",\"url\":\"https:\\\/\\\/www.carolrenauxphoto.com\\\/reciennacidosybebes\\\/\",\"name\":\"Reci\u00e9n nacidos y Beb\u00e9s - Fotograf\u00eda de Maternidad, reci\u00e9n nacidos y embarazo en Madrid\",\"isPartOf\":{\"@id\":\"https:\\\/\\\/www.carolrenauxphoto.com\\\/#website\"},\"primaryImageOfPage\":{\"@id\":\"https:\\\/\\\/www.carolrenauxphoto.com\\\/reciennacidosybebes\\\/#primaryimage\"},\"image\":{\"@id\":\"https:\\\/\\\/www.carolrenauxphoto.com\\\/reciennacidosybebes\\\/#primaryimage\"},\"thumbnailUrl\":\"https:\\\/\\\/www.carolrenauxphoto.com\\\/wp-content\\\/uploads\\\/2020\\\/06\\\/cab-bebes.jpg\",\"datePublished\":\"2020-06-24T11:03:54+00:00\",\"dateModified\":\"2026-03-03T11:18:38+00:00\",\"description\":\"Fotograf\u00eda de beb\u00e9s en Madrid. Traer un beb\u00e9 a este mundo es un viaje fascinante para el que nadie te prepara.\",\"breadcrumb\":{\"@id\":\"https:\\\/\\\/www.carolrenauxphoto.com\\\/reciennacidosybebes\\\/#breadcrumb\"},\"inLanguage\":\"en-GB\",\"potentialAction\":[{\"@type\":\"ReadAction\",\"target\":[\"https:\\\/\\\/www.carolrenauxphoto.com\\\/reciennacidosybebes\\\/\"]}]},{\"@type\":\"ImageObject\",\"inLanguage\":\"en-GB\",\"@id\":\"https:\\\/\\\/www.carolrenauxphoto.com\\\/reciennacidosybebes\\\/#primaryimage\",\"url\":\"https:\\\/\\\/www.carolrenauxphoto.com\\\/wp-content\\\/uploads\\\/2020\\\/06\\\/cab-bebes.jpg\",\"contentUrl\":\"https:\\\/\\\/www.carolrenauxphoto.com\\\/wp-content\\\/uploads\\\/2020\\\/06\\\/cab-bebes.jpg\"},{\"@type\":\"BreadcrumbList\",\"@id\":\"https:\\\/\\\/www.carolrenauxphoto.com\\\/reciennacidosybebes\\\/#breadcrumb\",\"itemListElement\":[{\"@type\":\"ListItem\",\"position\":1,\"name\":\"Portada\",\"item\":\"https:\\\/\\\/www.carolrenauxphoto.com\\\/\"},{\"@type\":\"ListItem\",\"position\":2,\"name\":\"Reci\u00e9n nacidos y Beb\u00e9s\"}]},{\"@type\":\"WebSite\",\"@id\":\"https:\\\/\\\/www.carolrenauxphoto.com\\\/#website\",\"url\":\"https:\\\/\\\/www.carolrenauxphoto.com\\\/\",\"name\":\"Fotograf\u00eda de Maternidad, reci\u00e9n nacidos y embarazo en Madrid\",\"description\":\"Fot\u00f3grafa de Maternidad, reci\u00e9n nacidos y embarazo en Madrid\",\"publisher\":{\"@id\":\"https:\\\/\\\/www.carolrenauxphoto.com\\\/#organization\"},\"potentialAction\":[{\"@type\":\"SearchAction\",\"target\":{\"@type\":\"EntryPoint\",\"urlTemplate\":\"https:\\\/\\\/www.carolrenauxphoto.com\\\/?s={search_term_string}\"},\"query-input\":{\"@type\":\"PropertyValueSpecification\",\"valueRequired\":true,\"valueName\":\"search_term_string\"}}],\"inLanguage\":\"en-GB\"},{\"@type\":\"Organization\",\"@id\":\"https:\\\/\\\/www.carolrenauxphoto.com\\\/#organization\",\"name\":\"Fotograf\u00eda de Maternidad, reci\u00e9n nacidos y embarazo en Madrid\",\"url\":\"https:\\\/\\\/www.carolrenauxphoto.com\\\/\",\"logo\":{\"@type\":\"ImageObject\",\"inLanguage\":\"en-GB\",\"@id\":\"https:\\\/\\\/www.carolrenauxphoto.com\\\/#\\\/schema\\\/logo\\\/image\\\/\",\"url\":\"https:\\\/\\\/www.carolrenauxphoto.com\\\/wp-content\\\/uploads\\\/2020\\\/06\\\/carol-renaux-photo-menu.jpg\",\"contentUrl\":\"https:\\\/\\\/www.carolrenauxphoto.com\\\/wp-content\\\/uploads\\\/2020\\\/06\\\/carol-renaux-photo-menu.jpg\",\"width\":322,\"height\":77,\"caption\":\"Fotograf\u00eda de Maternidad, reci\u00e9n nacidos y embarazo en Madrid\"},\"image\":{\"@id\":\"https:\\\/\\\/www.carolrenauxphoto.com\\\/#\\\/schema\\\/logo\\\/image\\\/\"},\"sameAs\":[\"https:\\\/\\\/www.facebook.com\\\/carolrenauxphoto\\\/\",\"https:\\\/\\\/www.instagram.com\\\/carolrenauxphoto\\\/\",\"https:\\\/\\\/www.pinterest.es\\\/carolrenauxphoto\\\/\"]}]}<\/script>\n<!-- \/ Yoast SEO plugin. -->","yoast_head_json":{"title":"Reci\u00e9n nacidos y Beb\u00e9s - Fotograf\u00eda de Maternidad, reci\u00e9n nacidos y embarazo en Madrid","description":"Fotograf\u00eda de beb\u00e9s en Madrid. Traer un beb\u00e9 a este mundo es un viaje fascinante para el que nadie te prepara.","robots":{"index":"index","follow":"follow","max-snippet":"max-snippet:-1","max-image-preview":"max-image-preview:large","max-video-preview":"max-video-preview:-1"},"canonical":"https:\/\/www.carolrenauxphoto.com\/en\/reciennacidosybebes\/","og_locale":"en_GB","og_type":"article","og_title":"Reci\u00e9n nacidos y Beb\u00e9s - Fotograf\u00eda de Maternidad, reci\u00e9n nacidos y embarazo en Madrid","og_description":"Fotograf\u00eda de beb\u00e9s en Madrid. Traer un beb\u00e9 a este mundo es un viaje fascinante para el que nadie te prepara.","og_url":"https:\/\/www.carolrenauxphoto.com\/en\/reciennacidosybebes\/","og_site_name":"Fotograf\u00eda de Maternidad, reci\u00e9n nacidos y embarazo en Madrid","article_publisher":"https:\/\/www.facebook.com\/carolrenauxphoto\/","article_modified_time":"2026-03-03T11:18:38+00:00","og_image":[{"url":"https:\/\/www.carolrenauxphoto.com\/wp-content\/uploads\/2020\/06\/cab-bebes.jpg","type":"","width":"","height":""}],"twitter_card":"summary_large_image","twitter_misc":{"Estimated reading time":"12 minutes"},"schema":{"@context":"https:\/\/schema.org","@graph":[{"@type":"WebPage","@id":"https:\/\/www.carolrenauxphoto.com\/reciennacidosybebes\/","url":"https:\/\/www.carolrenauxphoto.com\/reciennacidosybebes\/","name":"Reci\u00e9n nacidos y Beb\u00e9s - Fotograf\u00eda de Maternidad, reci\u00e9n nacidos y embarazo en Madrid","isPartOf":{"@id":"https:\/\/www.carolrenauxphoto.com\/#website"},"primaryImageOfPage":{"@id":"https:\/\/www.carolrenauxphoto.com\/reciennacidosybebes\/#primaryimage"},"image":{"@id":"https:\/\/www.carolrenauxphoto.com\/reciennacidosybebes\/#primaryimage"},"thumbnailUrl":"https:\/\/www.carolrenauxphoto.com\/wp-content\/uploads\/2020\/06\/cab-bebes.jpg","datePublished":"2020-06-24T11:03:54+00:00","dateModified":"2026-03-03T11:18:38+00:00","description":"Fotograf\u00eda de beb\u00e9s en Madrid. Traer un beb\u00e9 a este mundo es un viaje fascinante para el que nadie te prepara.","breadcrumb":{"@id":"https:\/\/www.carolrenauxphoto.com\/reciennacidosybebes\/#breadcrumb"},"inLanguage":"en-GB","potentialAction":[{"@type":"ReadAction","target":["https:\/\/www.carolrenauxphoto.com\/reciennacidosybebes\/"]}]},{"@type":"ImageObject","inLanguage":"en-GB","@id":"https:\/\/www.carolrenauxphoto.com\/reciennacidosybebes\/#primaryimage","url":"https:\/\/www.carolrenauxphoto.com\/wp-content\/uploads\/2020\/06\/cab-bebes.jpg","contentUrl":"https:\/\/www.carolrenauxphoto.com\/wp-content\/uploads\/2020\/06\/cab-bebes.jpg"},{"@type":"BreadcrumbList","@id":"https:\/\/www.carolrenauxphoto.com\/reciennacidosybebes\/#breadcrumb","itemListElement":[{"@type":"ListItem","position":1,"name":"Portada","item":"https:\/\/www.carolrenauxphoto.com\/"},{"@type":"ListItem","position":2,"name":"Reci\u00e9n nacidos y Beb\u00e9s"}]},{"@type":"WebSite","@id":"https:\/\/www.carolrenauxphoto.com\/#website","url":"https:\/\/www.carolrenauxphoto.com\/","name":"Fotograf\u00eda de Maternidad, reci\u00e9n nacidos y embarazo en Madrid","description":"Fot\u00f3grafa de Maternidad, reci\u00e9n nacidos y embarazo en Madrid","publisher":{"@id":"https:\/\/www.carolrenauxphoto.com\/#organization"},"potentialAction":[{"@type":"SearchAction","target":{"@type":"EntryPoint","urlTemplate":"https:\/\/www.carolrenauxphoto.com\/?s={search_term_string}"},"query-input":{"@type":"PropertyValueSpecification","valueRequired":true,"valueName":"search_term_string"}}],"inLanguage":"en-GB"},{"@type":"Organization","@id":"https:\/\/www.carolrenauxphoto.com\/#organization","name":"Fotograf\u00eda de Maternidad, reci\u00e9n nacidos y embarazo en Madrid","url":"https:\/\/www.carolrenauxphoto.com\/","logo":{"@type":"ImageObject","inLanguage":"en-GB","@id":"https:\/\/www.carolrenauxphoto.com\/#\/schema\/logo\/image\/","url":"https:\/\/www.carolrenauxphoto.com\/wp-content\/uploads\/2020\/06\/carol-renaux-photo-menu.jpg","contentUrl":"https:\/\/www.carolrenauxphoto.com\/wp-content\/uploads\/2020\/06\/carol-renaux-photo-menu.jpg","width":322,"height":77,"caption":"Fotograf\u00eda de Maternidad, reci\u00e9n nacidos y embarazo en Madrid"},"image":{"@id":"https:\/\/www.carolrenauxphoto.com\/#\/schema\/logo\/image\/"},"sameAs":["https:\/\/www.facebook.com\/carolrenauxphoto\/","https:\/\/www.instagram.com\/carolrenauxphoto\/","https:\/\/www.pinterest.es\/carolrenauxphoto\/"]}]}},"_links":{"self":[{"href":"https:\/\/www.carolrenauxphoto.com\/en\/wp-json\/wp\/v2\/pages\/677","targetHints":{"allow":["GET"]}}],"collection":[{"href":"https:\/\/www.carolrenauxphoto.com\/en\/wp-json\/wp\/v2\/pages"}],"about":[{"href":"https:\/\/www.carolrenauxphoto.com\/en\/wp-json\/wp\/v2\/types\/page"}],"author":[{"embeddable":true,"href":"https:\/\/www.carolrenauxphoto.com\/en\/wp-json\/wp\/v2\/users\/1"}],"replies":[{"embeddable":true,"href":"https:\/\/www.carolrenauxphoto.com\/en\/wp-json\/wp\/v2\/comments?post=677"}],"version-history":[{"count":13,"href":"https:\/\/www.carolrenauxphoto.com\/en\/wp-json\/wp\/v2\/pages\/677\/revisions"}],"predecessor-version":[{"id":1605,"href":"https:\/\/www.carolrenauxphoto.com\/en\/wp-json\/wp\/v2\/pages\/677\/revisions\/1605"}],"wp:attachment":[{"href":"https:\/\/www.carolrenauxphoto.com\/en\/wp-json\/wp\/v2\/media?parent=677"}],"curies":[{"name":"wp","href":"https:\/\/api.w.org\/{rel}","templated":true}]}}