{"id":682,"date":"2020-06-24T11:05:22","date_gmt":"2020-06-24T11:05:22","guid":{"rendered":"https:\/\/www.carolrenauxphoto.com\/?page_id=682"},"modified":"2026-07-28T14:14:58","modified_gmt":"2026-07-28T14:14:58","slug":"eventos","status":"publish","type":"page","link":"https:\/\/www.carolrenauxphoto.com\/en\/eventos\/","title":{"rendered":"Eventos"},"content":{"rendered":"<div data-elementor-type=\"wp-page\" data-elementor-id=\"682\" class=\"elementor elementor-682\">\n\t\t\t\t\t\t<section class=\"elementor-section elementor-top-section elementor-element elementor-element-63d879e elementor-section-stretched elementor-section-full_width elementor-section-height-default elementor-section-height-default\" data-id=\"63d879e\" data-element_type=\"section\" data-e-type=\"section\" data-settings=\"{&quot;stretch_section&quot;:&quot;section-stretched&quot;,&quot;background_background&quot;:&quot;classic&quot;}\">\n\t\t\t\t\t\t<div class=\"elementor-container elementor-column-gap-default\">\n\t\t\t\t\t<div class=\"elementor-column elementor-col-100 elementor-top-column elementor-element elementor-element-575e6d3\" data-id=\"575e6d3\" data-element_type=\"column\" data-e-type=\"column\">\n\t\t\t<div class=\"elementor-widget-wrap elementor-element-populated\">\n\t\t\t\t\t\t<div class=\"elementor-element elementor-element-8c85ed7 elementor-widget elementor-widget-image\" data-id=\"8c85ed7\" data-element_type=\"widget\" data-e-type=\"widget\" data-widget_type=\"image.default\">\n\t\t\t\t<div class=\"elementor-widget-container\">\n\t\t\t\t\t\t\t\t\t\t\t\t\t\t\t<img fetchpriority=\"high\" decoding=\"async\" width=\"1200\" height=\"406\" src=\"https:\/\/www.carolrenauxphoto.com\/wp-content\/uploads\/2020\/06\/cab-eventos.jpg\" class=\"attachment-full size-full wp-image-758\" alt=\"\" srcset=\"https:\/\/www.carolrenauxphoto.com\/wp-content\/uploads\/2020\/06\/cab-eventos.jpg 1200w, https:\/\/www.carolrenauxphoto.com\/wp-content\/uploads\/2020\/06\/cab-eventos-300x102.jpg 300w, https:\/\/www.carolrenauxphoto.com\/wp-content\/uploads\/2020\/06\/cab-eventos-1024x346.jpg 1024w, https:\/\/www.carolrenauxphoto.com\/wp-content\/uploads\/2020\/06\/cab-eventos-768x260.jpg 768w\" sizes=\"(max-width: 1200px) 100vw, 1200px\" \/>\t\t\t\t\t\t\t\t\t\t\t\t\t\t\t<\/div>\n\t\t\t\t<\/div>\n\t\t\t\t\t<\/div>\n\t\t<\/div>\n\t\t\t\t\t<\/div>\n\t\t<\/section>\n\t\t\t\t<section class=\"elementor-section elementor-top-section elementor-element elementor-element-42fdd34 elementor-section-boxed elementor-section-height-default elementor-section-height-default\" data-id=\"42fdd34\" data-element_type=\"section\" data-e-type=\"section\">\n\t\t\t\t\t\t<div class=\"elementor-container elementor-column-gap-default\">\n\t\t\t\t\t<div class=\"elementor-column elementor-col-100 elementor-top-column elementor-element elementor-element-3856fb5\" data-id=\"3856fb5\" data-element_type=\"column\" data-e-type=\"column\">\n\t\t\t<div class=\"elementor-widget-wrap elementor-element-populated\">\n\t\t\t\t\t\t<div class=\"elementor-element elementor-element-5416ec5 elementor-widget elementor-widget-heading\" data-id=\"5416ec5\" data-element_type=\"widget\" data-e-type=\"widget\" data-widget_type=\"heading.default\">\n\t\t\t\t<div class=\"elementor-widget-container\">\n\t\t\t\t\t<h2 class=\"elementor-heading-title elementor-size-default\">EVENTOS<\/h2>\t\t\t\t<\/div>\n\t\t\t\t<\/div>\n\t\t\t\t\t<\/div>\n\t\t<\/div>\n\t\t\t\t\t<\/div>\n\t\t<\/section>\n\t\t\t\t<section class=\"elementor-section elementor-top-section elementor-element elementor-element-a72a0c1 elementor-section-boxed elementor-section-height-default elementor-section-height-default\" data-id=\"a72a0c1\" data-element_type=\"section\" data-e-type=\"section\">\n\t\t\t\t\t\t<div class=\"elementor-container elementor-column-gap-default\">\n\t\t\t\t\t<div class=\"elementor-column elementor-col-100 elementor-top-column elementor-element elementor-element-d22ff4d\" data-id=\"d22ff4d\" data-element_type=\"column\" data-e-type=\"column\">\n\t\t\t<div class=\"elementor-widget-wrap elementor-element-populated\">\n\t\t\t\t\t\t<div class=\"elementor-element elementor-element-d81c395 elementor-widget elementor-widget-heading\" data-id=\"d81c395\" data-element_type=\"widget\" data-e-type=\"widget\" data-widget_type=\"heading.default\">\n\t\t\t\t<div class=\"elementor-widget-container\">\n\t\t\t\t\t<h2 class=\"elementor-heading-title elementor-size-default\">Fotograf\u00eda de eventos en Madrid<\/h2>\t\t\t\t<\/div>\n\t\t\t\t<\/div>\n\t\t\t\t\t<\/div>\n\t\t<\/div>\n\t\t\t\t\t<\/div>\n\t\t<\/section>\n\t\t\t\t<section class=\"elementor-section elementor-top-section elementor-element elementor-element-ede87ff elementor-section-stretched elementor-section-boxed elementor-section-height-default elementor-section-height-default\" data-id=\"ede87ff\" data-element_type=\"section\" data-e-type=\"section\" data-settings=\"{&quot;stretch_section&quot;:&quot;section-stretched&quot;,&quot;background_background&quot;:&quot;classic&quot;}\">\n\t\t\t\t\t\t<div class=\"elementor-container elementor-column-gap-default\">\n\t\t\t\t\t<div class=\"elementor-column elementor-col-100 elementor-top-column elementor-element elementor-element-a266691\" data-id=\"a266691\" data-element_type=\"column\" data-e-type=\"column\" data-settings=\"{&quot;background_background&quot;:&quot;classic&quot;}\">\n\t\t\t<div class=\"elementor-widget-wrap elementor-element-populated\">\n\t\t\t\t\t\t<div class=\"elementor-element elementor-element-45f9caa elementor-widget elementor-widget-text-editor\" data-id=\"45f9caa\" data-element_type=\"widget\" data-e-type=\"widget\" data-widget_type=\"text-editor.default\">\n\t\t\t\t<div class=\"elementor-widget-container\">\n\t\t\t\t\t\t\t\t\t<p>Eventos privados<\/p>\t\t\t\t\t\t\t\t<\/div>\n\t\t\t\t<\/div>\n\t\t\t\t<div class=\"elementor-element elementor-element-1ecca15 elementor-widget elementor-widget-text-editor\" data-id=\"1ecca15\" data-element_type=\"widget\" data-e-type=\"widget\" data-widget_type=\"text-editor.default\">\n\t\t\t\t<div class=\"elementor-widget-container\">\n\t\t\t\t\t\t\t\t\t<p>Todas las ocasiones son especiales para mi siempre que lo sean para ti. Por eso me encanta cuando me llam\u00e1is para hacer las fotos del bautizo de vuestro hijo, o la comuni\u00f3n, o para regalarle a alguien que quer\u00e9is el reportaje fotogr\u00e1fico de su cumplea\u00f1os sorpresa,\u00a0 a vuestra amiga el reportaje de su despedida de soltera\u2026 Y as\u00ed cualquier evento que os apetezca retratar y recordar siempre.<\/p><p>El reportaje fotogr\u00e1fico del evento ser\u00e1 muy completo y detallado, captar\u00e9 todo lo que sucede: los abrazos, las risas, fotos de familia o grupo, detalles de decoraci\u00f3n..<\/p><p>Mi forma de trabajar es muy discreta, intentando pasar lo m\u00e1s desapercibida posible para intentar captar todo lo que sucede en el evento y a las personas de manera espont\u00e1nea y natural, pero estar\u00e9 siempre cerquita para hacer todas las fotos que os apetezcan a vosotros o vuestros invitados.<\/p>\t\t\t\t\t\t\t\t<\/div>\n\t\t\t\t<\/div>\n\t\t\t\t\t<\/div>\n\t\t<\/div>\n\t\t\t\t\t<\/div>\n\t\t<\/section>\n\t\t\t\t<section class=\"elementor-section elementor-top-section elementor-element elementor-element-3ebdc22 elementor-section-stretched elementor-section-full_width elementor-section-height-default elementor-section-height-default\" data-id=\"3ebdc22\" data-element_type=\"section\" data-e-type=\"section\" data-settings=\"{&quot;stretch_section&quot;:&quot;section-stretched&quot;,&quot;background_background&quot;:&quot;classic&quot;}\">\n\t\t\t\t\t\t<div class=\"elementor-container elementor-column-gap-default\">\n\t\t\t\t\t<div class=\"elementor-column elementor-col-100 elementor-top-column elementor-element elementor-element-765fa15\" data-id=\"765fa15\" data-element_type=\"column\" data-e-type=\"column\" data-settings=\"{&quot;background_background&quot;:&quot;classic&quot;}\">\n\t\t\t<div class=\"elementor-widget-wrap elementor-element-populated\">\n\t\t\t\t\t\t<div class=\"elementor-element elementor-element-976081b elementor-widget elementor-widget-shortcode\" data-id=\"976081b\" data-element_type=\"widget\" data-e-type=\"widget\" data-widget_type=\"shortcode.default\">\n\t\t\t\t<div class=\"elementor-widget-container\">\n\t\t\t\t\t\t\t<div class=\"elementor-shortcode\"><!-- Final Tiles Grid Gallery for WordPress v3.6.13 free --><style>#ftg-1010 .tile .icon { color:#ffffff; }#ftg-1010 .ftg-items .loading-bar i { background:#666; }#ftg-1010 .ftg-items .loading-bar { background:#fff; }#ftg-1010 .tile .icon { font-size:20px; }#ftg-1010 .tile .icon { margin: -10px 0 0 -10px; }#ftg-1010 .tile .caption-block .text-wrapper span.text { font-size:12px; }#ftg-1010 .tile .caption-outside .text-wrapper span.text { font-size:12px; }#ftg-1010 .tile .caption-block .text-wrapper span.title { font-size:14px; }#ftg-1010 .tile .caption-outside .text-wrapper span.title { font-size:14px; }#ftg-1010 .tile { background-color: transparent; }#ftg-1010 .tile .caption-block .text-wrapper span.text { color: #ffffff; }#ftg-1010 .tile .caption-block .text-wrapper span.title { color: #ffffff; }#ftg-1010 .tile .caption-outside .text-wrapper span.text { color: #ffffff; }#ftg-1010 .tile .caption-outside .text-wrapper span.title { color: #ffffff; }#ftg-1010 .tile .ftg-social a { color: #ffffff; }#ftg-1010 .tile .caption-block { transition-duration:0.1s; }#ftg-1010 .tile .tile-inner:before { background-color: #000000; }#ftg-1010 .tile .tile-inner:before { background-color: rgba(0, 0, 0, 0.8); }#ftg-1010 .tile:hover img {-moz-transform: ;-webkit-transform: ;-o-transform: ;-ms-transform: ;transform: ;}<\/style><a name=\"10\"><\/a><div class=\"final-tiles-gallery  ftg-hover-enabled caption-inside  caption-none caption-middle caption-center\" id=\"ftg-1010\" style=\"width: 100%\"><div class='ftg-items'><div class='loading-bar'><i><\/i><\/div><div  class='tile ftg-preload'><a title=\"\" data-lightbox='ftg-1010' rel='ftg-1010'  class='tile-inner  ftg-lightbox' href='https:\/\/www.carolrenauxphoto.com\/wp-content\/uploads\/2020\/09\/eventos-familia-1.jpg' ><img alt='' class='item skip-lazy' data-class='item' data-ftg-source='https:\/\/www.carolrenauxphoto.com\/wp-content\/uploads\/2020\/09\/eventos-familia-1.jpg' src='https:\/\/www.carolrenauxphoto.com\/wp-content\/uploads\/2020\/09\/eventos-familia-1.jpg' width='1020' height='680' \/><\/a><div class='ftg-social'><\/div><\/div><div  class='tile ftg-preload'><a title=\"\" data-lightbox='ftg-1010' rel='ftg-1010'  class='tile-inner  ftg-lightbox' href='https:\/\/www.carolrenauxphoto.com\/wp-content\/uploads\/2020\/09\/eventos-familia-2.jpg' ><img alt='' class='item skip-lazy' data-class='item' data-ftg-source='https:\/\/www.carolrenauxphoto.com\/wp-content\/uploads\/2020\/09\/eventos-familia-2.jpg' src='https:\/\/www.carolrenauxphoto.com\/wp-content\/uploads\/2020\/09\/eventos-familia-2.jpg' width='1020' height='680' \/><\/a><div class='ftg-social'><\/div><\/div><div  class='tile ftg-preload'><a title=\"\" data-lightbox='ftg-1010' rel='ftg-1010'  class='tile-inner  ftg-lightbox' href='https:\/\/www.carolrenauxphoto.com\/wp-content\/uploads\/2020\/09\/eventos-familia-3-683x1024.jpg' ><img alt='' class='item skip-lazy' data-class='item' data-ftg-source='https:\/\/www.carolrenauxphoto.com\/wp-content\/uploads\/2020\/09\/eventos-familia-3-683x1024.jpg' src='https:\/\/www.carolrenauxphoto.com\/wp-content\/uploads\/2020\/09\/eventos-familia-3-683x1024.jpg' width='683' height='1024' \/><\/a><div class='ftg-social'><\/div><\/div><div  class='tile ftg-preload'><a title=\"\" data-lightbox='ftg-1010' rel='ftg-1010'  class='tile-inner  ftg-lightbox' href='https:\/\/www.carolrenauxphoto.com\/wp-content\/uploads\/2020\/09\/eventos-familia-4.jpg' ><img alt='' class='item skip-lazy' data-class='item' data-ftg-source='https:\/\/www.carolrenauxphoto.com\/wp-content\/uploads\/2020\/09\/eventos-familia-4.jpg' src='https:\/\/www.carolrenauxphoto.com\/wp-content\/uploads\/2020\/09\/eventos-familia-4.jpg' width='1020' height='680' \/><\/a><div class='ftg-social'><\/div><\/div><div  class='tile ftg-preload'><a title=\"\" data-lightbox='ftg-1010' rel='ftg-1010'  class='tile-inner  ftg-lightbox' href='https:\/\/www.carolrenauxphoto.com\/wp-content\/uploads\/2020\/09\/eventos-familia-5.jpg' ><img alt='' class='item skip-lazy' data-class='item' data-ftg-source='https:\/\/www.carolrenauxphoto.com\/wp-content\/uploads\/2020\/09\/eventos-familia-5.jpg' src='https:\/\/www.carolrenauxphoto.com\/wp-content\/uploads\/2020\/09\/eventos-familia-5.jpg' width='1020' height='680' \/><\/a><div class='ftg-social'><\/div><\/div><div  class='tile ftg-preload'><a title=\"\" data-lightbox='ftg-1010' rel='ftg-1010'  class='tile-inner  ftg-lightbox' href='https:\/\/www.carolrenauxphoto.com\/wp-content\/uploads\/2020\/09\/eventos-familia-6.jpg' ><img alt='' class='item skip-lazy' data-class='item' data-ftg-source='https:\/\/www.carolrenauxphoto.com\/wp-content\/uploads\/2020\/09\/eventos-familia-6.jpg' src='https:\/\/www.carolrenauxphoto.com\/wp-content\/uploads\/2020\/09\/eventos-familia-6.jpg' width='1020' height='680' \/><\/a><div class='ftg-social'><\/div><\/div><div  class='tile ftg-preload'><a title=\"\" data-lightbox='ftg-1010' rel='ftg-1010'  class='tile-inner  ftg-lightbox' href='https:\/\/www.carolrenauxphoto.com\/wp-content\/uploads\/2020\/09\/eventos-familia-7.jpg' ><img alt='' class='item skip-lazy' data-class='item' data-ftg-source='https:\/\/www.carolrenauxphoto.com\/wp-content\/uploads\/2020\/09\/eventos-familia-7.jpg' src='https:\/\/www.carolrenauxphoto.com\/wp-content\/uploads\/2020\/09\/eventos-familia-7.jpg' width='1020' height='680' \/><\/a><div class='ftg-social'><\/div><\/div><div  class='tile ftg-preload'><a title=\"\" data-lightbox='ftg-1010' rel='ftg-1010'  class='tile-inner  ftg-lightbox' href='https:\/\/www.carolrenauxphoto.com\/wp-content\/uploads\/2020\/09\/eventos-familia-8.jpg' ><img alt='' class='item skip-lazy' data-class='item' data-ftg-source='https:\/\/www.carolrenauxphoto.com\/wp-content\/uploads\/2020\/09\/eventos-familia-8.jpg' src='https:\/\/www.carolrenauxphoto.com\/wp-content\/uploads\/2020\/09\/eventos-familia-8.jpg' width='1020' height='680' \/><\/a><div class='ftg-social'><\/div><\/div><div  class='tile ftg-preload'><a title=\"\" data-lightbox='ftg-1010' rel='ftg-1010'  class='tile-inner  ftg-lightbox' href='https:\/\/www.carolrenauxphoto.com\/wp-content\/uploads\/2020\/09\/eventos-familia-9.jpg' ><img alt='' class='item skip-lazy' data-class='item' data-ftg-source='https:\/\/www.carolrenauxphoto.com\/wp-content\/uploads\/2020\/09\/eventos-familia-9.jpg' src='https:\/\/www.carolrenauxphoto.com\/wp-content\/uploads\/2020\/09\/eventos-familia-9.jpg' width='1020' height='680' \/><\/a><div class='ftg-social'><\/div><\/div><div  class='tile ftg-preload'><a title=\"\" data-lightbox='ftg-1010' rel='ftg-1010'  class='tile-inner  ftg-lightbox' href='https:\/\/www.carolrenauxphoto.com\/wp-content\/uploads\/2020\/09\/eventos-familia-10.jpg' ><img alt='' class='item skip-lazy' data-class='item' data-ftg-source='https:\/\/www.carolrenauxphoto.com\/wp-content\/uploads\/2020\/09\/eventos-familia-10.jpg' src='https:\/\/www.carolrenauxphoto.com\/wp-content\/uploads\/2020\/09\/eventos-familia-10.jpg' width='1020' height='680' \/><\/a><div class='ftg-social'><\/div><\/div><div  class='tile ftg-preload'><a title=\"\" data-lightbox='ftg-1010' rel='ftg-1010'  class='tile-inner  ftg-lightbox' href='https:\/\/www.carolrenauxphoto.com\/wp-content\/uploads\/2020\/09\/eventos-familia-11.jpg' ><img alt='' class='item skip-lazy' data-class='item' data-ftg-source='https:\/\/www.carolrenauxphoto.com\/wp-content\/uploads\/2020\/09\/eventos-familia-11.jpg' src='https:\/\/www.carolrenauxphoto.com\/wp-content\/uploads\/2020\/09\/eventos-familia-11.jpg' width='1020' height='680' \/><\/a><div class='ftg-social'><\/div><\/div><div  class='tile ftg-preload'><a title=\"\" data-lightbox='ftg-1010' rel='ftg-1010'  class='tile-inner  ftg-lightbox' href='https:\/\/www.carolrenauxphoto.com\/wp-content\/uploads\/2020\/09\/eventos-familia-12-683x1024.jpg' ><img alt='' class='item skip-lazy' data-class='item' data-ftg-source='https:\/\/www.carolrenauxphoto.com\/wp-content\/uploads\/2020\/09\/eventos-familia-12-683x1024.jpg' src='https:\/\/www.carolrenauxphoto.com\/wp-content\/uploads\/2020\/09\/eventos-familia-12-683x1024.jpg' width='683' height='1024' \/><\/a><div class='ftg-social'><\/div><\/div><div  class='tile ftg-preload'><a title=\"\" data-lightbox='ftg-1010' rel='ftg-1010'  class='tile-inner  ftg-lightbox' href='https:\/\/www.carolrenauxphoto.com\/wp-content\/uploads\/2020\/09\/eventos-familia-13.jpg' ><img alt='' class='item skip-lazy' data-class='item' data-ftg-source='https:\/\/www.carolrenauxphoto.com\/wp-content\/uploads\/2020\/09\/eventos-familia-13.jpg' src='https:\/\/www.carolrenauxphoto.com\/wp-content\/uploads\/2020\/09\/eventos-familia-13.jpg' width='1020' height='680' \/><\/a><div class='ftg-social'><\/div><\/div><div  class='tile ftg-preload'><a title=\"\" data-lightbox='ftg-1010' rel='ftg-1010'  class='tile-inner  ftg-lightbox' href='https:\/\/www.carolrenauxphoto.com\/wp-content\/uploads\/2020\/09\/eventos-familia-14.jpg' ><img alt='' class='item skip-lazy' data-class='item' data-ftg-source='https:\/\/www.carolrenauxphoto.com\/wp-content\/uploads\/2020\/09\/eventos-familia-14.jpg' src='https:\/\/www.carolrenauxphoto.com\/wp-content\/uploads\/2020\/09\/eventos-familia-14.jpg' width='1020' height='680' \/><\/a><div class='ftg-social'><\/div><\/div><div  class='tile ftg-preload'><a title=\"\" data-lightbox='ftg-1010' rel='ftg-1010'  class='tile-inner  ftg-lightbox' href='https:\/\/www.carolrenauxphoto.com\/wp-content\/uploads\/2020\/09\/eventos-familia-15.jpg' ><img alt='' class='item skip-lazy' data-class='item' data-ftg-source='https:\/\/www.carolrenauxphoto.com\/wp-content\/uploads\/2020\/09\/eventos-familia-15.jpg' src='https:\/\/www.carolrenauxphoto.com\/wp-content\/uploads\/2020\/09\/eventos-familia-15.jpg' width='1020' height='680' \/><\/a><div class='ftg-social'><\/div><\/div><\/div><\/div>\n<\/div>\n\t\t\t\t\t\t<\/div>\n\t\t\t\t<\/div>\n\t\t\t\t\t<\/div>\n\t\t<\/div>\n\t\t\t\t\t<\/div>\n\t\t<\/section>\n\t\t\t\t<section class=\"elementor-section elementor-top-section elementor-element elementor-element-324cb2d elementor-section-stretched elementor-section-boxed elementor-section-height-default elementor-section-height-default\" data-id=\"324cb2d\" data-element_type=\"section\" data-e-type=\"section\" data-settings=\"{&quot;stretch_section&quot;:&quot;section-stretched&quot;,&quot;background_background&quot;:&quot;classic&quot;}\">\n\t\t\t\t\t\t<div class=\"elementor-container elementor-column-gap-default\">\n\t\t\t\t\t<div class=\"elementor-column elementor-col-100 elementor-top-column elementor-element elementor-element-a84a414\" data-id=\"a84a414\" data-element_type=\"column\" data-e-type=\"column\" data-settings=\"{&quot;background_background&quot;:&quot;classic&quot;}\">\n\t\t\t<div class=\"elementor-widget-wrap elementor-element-populated\">\n\t\t\t\t\t\t<div class=\"elementor-element elementor-element-8650cd1 elementor-widget elementor-widget-text-editor\" data-id=\"8650cd1\" data-element_type=\"widget\" data-e-type=\"widget\" data-widget_type=\"text-editor.default\">\n\t\t\t\t<div class=\"elementor-widget-container\">\n\t\t\t\t\t\t\t\t\t<p>Eventos corporativos<\/p>\t\t\t\t\t\t\t\t<\/div>\n\t\t\t\t<\/div>\n\t\t\t\t<div class=\"elementor-element elementor-element-254db80 elementor-widget elementor-widget-text-editor\" data-id=\"254db80\" data-element_type=\"widget\" data-e-type=\"widget\" data-widget_type=\"text-editor.default\">\n\t\t\t\t<div class=\"elementor-widget-container\">\n\t\t\t\t\t\t\t\t\t<p>La imagen de una empresa est\u00e1 presente en cualquier acci\u00f3n que realiza.<\/p><p>Actualmente las empresas necesitan im\u00e1genes de calidad para actualizar sus redes sociales, para compartir en prensa, mostrar a sus clientes sus valores y su trabajo, para agasajar a sus empleados o clientes.<\/p><p>Cada evento es \u00fanico y cada marca tambi\u00e9n, por ello me adapto a cada tipo de evento: eventos corporativos, congresos, conferencias,inauguraciones, fiestas de empresa, cenas de navidad, lanzamientos de productos, eventos ben\u00e9ficos, ferias comerciales, eventos de formaci\u00f3n de equipos..etc.<\/p><p>Mi objetivo cuando realizo un reportaje de eventos para una empresa u organizaci\u00f3n es documentar sin interferir, todo lo que sucede en cada evento, de la forma m\u00e1s elegante, discreta y natural.<\/p>\t\t\t\t\t\t\t\t<\/div>\n\t\t\t\t<\/div>\n\t\t\t\t\t<\/div>\n\t\t<\/div>\n\t\t\t\t\t<\/div>\n\t\t<\/section>\n\t\t\t\t<section class=\"elementor-section elementor-top-section elementor-element elementor-element-7ebde98 elementor-section-full_width elementor-section-height-default elementor-section-height-default\" data-id=\"7ebde98\" data-element_type=\"section\" data-e-type=\"section\">\n\t\t\t\t\t\t<div class=\"elementor-container elementor-column-gap-default\">\n\t\t\t\t\t<div class=\"elementor-column elementor-col-100 elementor-top-column elementor-element elementor-element-01829e8\" data-id=\"01829e8\" data-element_type=\"column\" data-e-type=\"column\">\n\t\t\t<div class=\"elementor-widget-wrap elementor-element-populated\">\n\t\t\t\t\t\t<div class=\"elementor-element elementor-element-845aea2 elementor-widget elementor-widget-image-gallery\" data-id=\"845aea2\" data-element_type=\"widget\" data-e-type=\"widget\" data-widget_type=\"image-gallery.default\">\n\t\t\t\t<div class=\"elementor-widget-container\">\n\t\t\t\t\t\t\t<div class=\"elementor-image-gallery\">\n\t\t\t<div id='gallery-1' class='gallery galleryid-682 gallery-columns-3 gallery-size-full'><figure class='gallery-item'>\n\t\t\t<div class='gallery-icon landscape'>\n\t\t\t\t<a data-elementor-open-lightbox=\"yes\" data-elementor-lightbox-slideshow=\"845aea2\" data-elementor-lightbox-title=\"eventos-empresas-1\" data-e-action-hash=\"#elementor-action%3Aaction%3Dlightbox%26settings%3DeyJpZCI6MTIwNSwidXJsIjoiaHR0cHM6XC9cL3d3dy5jYXJvbHJlbmF1eHBob3RvLmNvbVwvd3AtY29udGVudFwvdXBsb2Fkc1wvMjAyMFwvMDlcL2V2ZW50b3MtZW1wcmVzYXMtMS5qcGciLCJzbGlkZXNob3ciOiI4NDVhZWEyIn0%3D\" href='https:\/\/www.carolrenauxphoto.com\/wp-content\/uploads\/2020\/09\/eventos-empresas-1.jpg'><img decoding=\"async\" width=\"1020\" height=\"680\" src=\"https:\/\/www.carolrenauxphoto.com\/wp-content\/uploads\/2020\/09\/eventos-empresas-1.jpg\" class=\"attachment-full size-full\" alt=\"\" srcset=\"https:\/\/www.carolrenauxphoto.com\/wp-content\/uploads\/2020\/09\/eventos-empresas-1.jpg 1020w, https:\/\/www.carolrenauxphoto.com\/wp-content\/uploads\/2020\/09\/eventos-empresas-1-300x200.jpg 300w, https:\/\/www.carolrenauxphoto.com\/wp-content\/uploads\/2020\/09\/eventos-empresas-1-768x512.jpg 768w\" sizes=\"(max-width: 1020px) 100vw, 1020px\" \/><\/a>\n\t\t\t<\/div><\/figure><figure class='gallery-item'>\n\t\t\t<div class='gallery-icon landscape'>\n\t\t\t\t<a data-elementor-open-lightbox=\"yes\" data-elementor-lightbox-slideshow=\"845aea2\" data-elementor-lightbox-title=\"eventos-empresas-2\" data-e-action-hash=\"#elementor-action%3Aaction%3Dlightbox%26settings%3DeyJpZCI6MTIwNiwidXJsIjoiaHR0cHM6XC9cL3d3dy5jYXJvbHJlbmF1eHBob3RvLmNvbVwvd3AtY29udGVudFwvdXBsb2Fkc1wvMjAyMFwvMDlcL2V2ZW50b3MtZW1wcmVzYXMtMi5qcGciLCJzbGlkZXNob3ciOiI4NDVhZWEyIn0%3D\" href='https:\/\/www.carolrenauxphoto.com\/wp-content\/uploads\/2020\/09\/eventos-empresas-2.jpg'><img decoding=\"async\" width=\"1020\" height=\"680\" src=\"https:\/\/www.carolrenauxphoto.com\/wp-content\/uploads\/2020\/09\/eventos-empresas-2.jpg\" class=\"attachment-full size-full\" alt=\"\" srcset=\"https:\/\/www.carolrenauxphoto.com\/wp-content\/uploads\/2020\/09\/eventos-empresas-2.jpg 1020w, https:\/\/www.carolrenauxphoto.com\/wp-content\/uploads\/2020\/09\/eventos-empresas-2-300x200.jpg 300w, https:\/\/www.carolrenauxphoto.com\/wp-content\/uploads\/2020\/09\/eventos-empresas-2-768x512.jpg 768w\" sizes=\"(max-width: 1020px) 100vw, 1020px\" \/><\/a>\n\t\t\t<\/div><\/figure><figure class='gallery-item'>\n\t\t\t<div class='gallery-icon landscape'>\n\t\t\t\t<a data-elementor-open-lightbox=\"yes\" data-elementor-lightbox-slideshow=\"845aea2\" data-elementor-lightbox-title=\"eventos-empresas-3\" data-e-action-hash=\"#elementor-action%3Aaction%3Dlightbox%26settings%3DeyJpZCI6MTIwNywidXJsIjoiaHR0cHM6XC9cL3d3dy5jYXJvbHJlbmF1eHBob3RvLmNvbVwvd3AtY29udGVudFwvdXBsb2Fkc1wvMjAyMFwvMDlcL2V2ZW50b3MtZW1wcmVzYXMtMy5qcGciLCJzbGlkZXNob3ciOiI4NDVhZWEyIn0%3D\" href='https:\/\/www.carolrenauxphoto.com\/wp-content\/uploads\/2020\/09\/eventos-empresas-3.jpg'><img loading=\"lazy\" decoding=\"async\" width=\"1020\" height=\"680\" src=\"https:\/\/www.carolrenauxphoto.com\/wp-content\/uploads\/2020\/09\/eventos-empresas-3.jpg\" class=\"attachment-full size-full\" alt=\"\" srcset=\"https:\/\/www.carolrenauxphoto.com\/wp-content\/uploads\/2020\/09\/eventos-empresas-3.jpg 1020w, https:\/\/www.carolrenauxphoto.com\/wp-content\/uploads\/2020\/09\/eventos-empresas-3-300x200.jpg 300w, https:\/\/www.carolrenauxphoto.com\/wp-content\/uploads\/2020\/09\/eventos-empresas-3-768x512.jpg 768w\" sizes=\"(max-width: 1020px) 100vw, 1020px\" \/><\/a>\n\t\t\t<\/div><\/figure><figure class='gallery-item'>\n\t\t\t<div class='gallery-icon landscape'>\n\t\t\t\t<a data-elementor-open-lightbox=\"yes\" data-elementor-lightbox-slideshow=\"845aea2\" data-elementor-lightbox-title=\"eventos-empresas-4\" data-e-action-hash=\"#elementor-action%3Aaction%3Dlightbox%26settings%3DeyJpZCI6MTIwOCwidXJsIjoiaHR0cHM6XC9cL3d3dy5jYXJvbHJlbmF1eHBob3RvLmNvbVwvd3AtY29udGVudFwvdXBsb2Fkc1wvMjAyMFwvMDlcL2V2ZW50b3MtZW1wcmVzYXMtNC5qcGciLCJzbGlkZXNob3ciOiI4NDVhZWEyIn0%3D\" href='https:\/\/www.carolrenauxphoto.com\/wp-content\/uploads\/2020\/09\/eventos-empresas-4.jpg'><img loading=\"lazy\" decoding=\"async\" width=\"1020\" height=\"680\" src=\"https:\/\/www.carolrenauxphoto.com\/wp-content\/uploads\/2020\/09\/eventos-empresas-4.jpg\" class=\"attachment-full size-full\" alt=\"\" srcset=\"https:\/\/www.carolrenauxphoto.com\/wp-content\/uploads\/2020\/09\/eventos-empresas-4.jpg 1020w, https:\/\/www.carolrenauxphoto.com\/wp-content\/uploads\/2020\/09\/eventos-empresas-4-300x200.jpg 300w, https:\/\/www.carolrenauxphoto.com\/wp-content\/uploads\/2020\/09\/eventos-empresas-4-768x512.jpg 768w\" sizes=\"(max-width: 1020px) 100vw, 1020px\" \/><\/a>\n\t\t\t<\/div><\/figure><figure class='gallery-item'>\n\t\t\t<div class='gallery-icon landscape'>\n\t\t\t\t<a data-elementor-open-lightbox=\"yes\" data-elementor-lightbox-slideshow=\"845aea2\" data-elementor-lightbox-title=\"eventos-empresas-5\" data-e-action-hash=\"#elementor-action%3Aaction%3Dlightbox%26settings%3DeyJpZCI6MTIwOSwidXJsIjoiaHR0cHM6XC9cL3d3dy5jYXJvbHJlbmF1eHBob3RvLmNvbVwvd3AtY29udGVudFwvdXBsb2Fkc1wvMjAyMFwvMDlcL2V2ZW50b3MtZW1wcmVzYXMtNS5qcGciLCJzbGlkZXNob3ciOiI4NDVhZWEyIn0%3D\" href='https:\/\/www.carolrenauxphoto.com\/wp-content\/uploads\/2020\/09\/eventos-empresas-5.jpg'><img loading=\"lazy\" decoding=\"async\" width=\"1020\" height=\"680\" src=\"https:\/\/www.carolrenauxphoto.com\/wp-content\/uploads\/2020\/09\/eventos-empresas-5.jpg\" class=\"attachment-full size-full\" alt=\"\" srcset=\"https:\/\/www.carolrenauxphoto.com\/wp-content\/uploads\/2020\/09\/eventos-empresas-5.jpg 1020w, https:\/\/www.carolrenauxphoto.com\/wp-content\/uploads\/2020\/09\/eventos-empresas-5-300x200.jpg 300w, https:\/\/www.carolrenauxphoto.com\/wp-content\/uploads\/2020\/09\/eventos-empresas-5-768x512.jpg 768w\" sizes=\"(max-width: 1020px) 100vw, 1020px\" \/><\/a>\n\t\t\t<\/div><\/figure><figure class='gallery-item'>\n\t\t\t<div class='gallery-icon landscape'>\n\t\t\t\t<a data-elementor-open-lightbox=\"yes\" data-elementor-lightbox-slideshow=\"845aea2\" data-elementor-lightbox-title=\"eventos-empresas-6\" data-e-action-hash=\"#elementor-action%3Aaction%3Dlightbox%26settings%3DeyJpZCI6MTIxMCwidXJsIjoiaHR0cHM6XC9cL3d3dy5jYXJvbHJlbmF1eHBob3RvLmNvbVwvd3AtY29udGVudFwvdXBsb2Fkc1wvMjAyMFwvMDlcL2V2ZW50b3MtZW1wcmVzYXMtNi5qcGciLCJzbGlkZXNob3ciOiI4NDVhZWEyIn0%3D\" href='https:\/\/www.carolrenauxphoto.com\/wp-content\/uploads\/2020\/09\/eventos-empresas-6.jpg'><img loading=\"lazy\" decoding=\"async\" width=\"1020\" height=\"680\" src=\"https:\/\/www.carolrenauxphoto.com\/wp-content\/uploads\/2020\/09\/eventos-empresas-6.jpg\" class=\"attachment-full size-full\" alt=\"\" srcset=\"https:\/\/www.carolrenauxphoto.com\/wp-content\/uploads\/2020\/09\/eventos-empresas-6.jpg 1020w, https:\/\/www.carolrenauxphoto.com\/wp-content\/uploads\/2020\/09\/eventos-empresas-6-300x200.jpg 300w, https:\/\/www.carolrenauxphoto.com\/wp-content\/uploads\/2020\/09\/eventos-empresas-6-768x512.jpg 768w\" sizes=\"(max-width: 1020px) 100vw, 1020px\" \/><\/a>\n\t\t\t<\/div><\/figure><figure class='gallery-item'>\n\t\t\t<div class='gallery-icon landscape'>\n\t\t\t\t<a data-elementor-open-lightbox=\"yes\" data-elementor-lightbox-slideshow=\"845aea2\" data-elementor-lightbox-title=\"eventos-empresas-7\" data-e-action-hash=\"#elementor-action%3Aaction%3Dlightbox%26settings%3DeyJpZCI6MTIxMSwidXJsIjoiaHR0cHM6XC9cL3d3dy5jYXJvbHJlbmF1eHBob3RvLmNvbVwvd3AtY29udGVudFwvdXBsb2Fkc1wvMjAyMFwvMDlcL2V2ZW50b3MtZW1wcmVzYXMtNy5qcGciLCJzbGlkZXNob3ciOiI4NDVhZWEyIn0%3D\" href='https:\/\/www.carolrenauxphoto.com\/wp-content\/uploads\/2020\/09\/eventos-empresas-7.jpg'><img loading=\"lazy\" decoding=\"async\" width=\"1020\" height=\"680\" src=\"https:\/\/www.carolrenauxphoto.com\/wp-content\/uploads\/2020\/09\/eventos-empresas-7.jpg\" class=\"attachment-full size-full\" alt=\"\" srcset=\"https:\/\/www.carolrenauxphoto.com\/wp-content\/uploads\/2020\/09\/eventos-empresas-7.jpg 1020w, https:\/\/www.carolrenauxphoto.com\/wp-content\/uploads\/2020\/09\/eventos-empresas-7-300x200.jpg 300w, https:\/\/www.carolrenauxphoto.com\/wp-content\/uploads\/2020\/09\/eventos-empresas-7-768x512.jpg 768w\" sizes=\"(max-width: 1020px) 100vw, 1020px\" \/><\/a>\n\t\t\t<\/div><\/figure><figure class='gallery-item'>\n\t\t\t<div class='gallery-icon landscape'>\n\t\t\t\t<a data-elementor-open-lightbox=\"yes\" data-elementor-lightbox-slideshow=\"845aea2\" data-elementor-lightbox-title=\"eventos-empresas-8\" data-e-action-hash=\"#elementor-action%3Aaction%3Dlightbox%26settings%3DeyJpZCI6MTIxMiwidXJsIjoiaHR0cHM6XC9cL3d3dy5jYXJvbHJlbmF1eHBob3RvLmNvbVwvd3AtY29udGVudFwvdXBsb2Fkc1wvMjAyMFwvMDlcL2V2ZW50b3MtZW1wcmVzYXMtOC5qcGciLCJzbGlkZXNob3ciOiI4NDVhZWEyIn0%3D\" href='https:\/\/www.carolrenauxphoto.com\/wp-content\/uploads\/2020\/09\/eventos-empresas-8.jpg'><img loading=\"lazy\" decoding=\"async\" width=\"1020\" height=\"680\" src=\"https:\/\/www.carolrenauxphoto.com\/wp-content\/uploads\/2020\/09\/eventos-empresas-8.jpg\" class=\"attachment-full size-full\" alt=\"\" srcset=\"https:\/\/www.carolrenauxphoto.com\/wp-content\/uploads\/2020\/09\/eventos-empresas-8.jpg 1020w, https:\/\/www.carolrenauxphoto.com\/wp-content\/uploads\/2020\/09\/eventos-empresas-8-300x200.jpg 300w, https:\/\/www.carolrenauxphoto.com\/wp-content\/uploads\/2020\/09\/eventos-empresas-8-768x512.jpg 768w\" sizes=\"(max-width: 1020px) 100vw, 1020px\" \/><\/a>\n\t\t\t<\/div><\/figure><figure class='gallery-item'>\n\t\t\t<div class='gallery-icon landscape'>\n\t\t\t\t<a data-elementor-open-lightbox=\"yes\" data-elementor-lightbox-slideshow=\"845aea2\" data-elementor-lightbox-title=\"eventos-empresas-9\" data-e-action-hash=\"#elementor-action%3Aaction%3Dlightbox%26settings%3DeyJpZCI6MTIxMywidXJsIjoiaHR0cHM6XC9cL3d3dy5jYXJvbHJlbmF1eHBob3RvLmNvbVwvd3AtY29udGVudFwvdXBsb2Fkc1wvMjAyMFwvMDlcL2V2ZW50b3MtZW1wcmVzYXMtOS5qcGciLCJzbGlkZXNob3ciOiI4NDVhZWEyIn0%3D\" href='https:\/\/www.carolrenauxphoto.com\/wp-content\/uploads\/2020\/09\/eventos-empresas-9.jpg'><img loading=\"lazy\" decoding=\"async\" width=\"1020\" height=\"680\" src=\"https:\/\/www.carolrenauxphoto.com\/wp-content\/uploads\/2020\/09\/eventos-empresas-9.jpg\" class=\"attachment-full size-full\" alt=\"\" srcset=\"https:\/\/www.carolrenauxphoto.com\/wp-content\/uploads\/2020\/09\/eventos-empresas-9.jpg 1020w, https:\/\/www.carolrenauxphoto.com\/wp-content\/uploads\/2020\/09\/eventos-empresas-9-300x200.jpg 300w, https:\/\/www.carolrenauxphoto.com\/wp-content\/uploads\/2020\/09\/eventos-empresas-9-768x512.jpg 768w\" sizes=\"(max-width: 1020px) 100vw, 1020px\" \/><\/a>\n\t\t\t<\/div><\/figure><figure class='gallery-item'>\n\t\t\t<div class='gallery-icon landscape'>\n\t\t\t\t<a data-elementor-open-lightbox=\"yes\" data-elementor-lightbox-slideshow=\"845aea2\" data-elementor-lightbox-title=\"eventos-empresas-10\" data-e-action-hash=\"#elementor-action%3Aaction%3Dlightbox%26settings%3DeyJpZCI6MTIxNCwidXJsIjoiaHR0cHM6XC9cL3d3dy5jYXJvbHJlbmF1eHBob3RvLmNvbVwvd3AtY29udGVudFwvdXBsb2Fkc1wvMjAyMFwvMDlcL2V2ZW50b3MtZW1wcmVzYXMtMTAuanBnIiwic2xpZGVzaG93IjoiODQ1YWVhMiJ9\" href='https:\/\/www.carolrenauxphoto.com\/wp-content\/uploads\/2020\/09\/eventos-empresas-10.jpg'><img loading=\"lazy\" decoding=\"async\" width=\"1020\" height=\"680\" src=\"https:\/\/www.carolrenauxphoto.com\/wp-content\/uploads\/2020\/09\/eventos-empresas-10.jpg\" class=\"attachment-full size-full\" alt=\"\" srcset=\"https:\/\/www.carolrenauxphoto.com\/wp-content\/uploads\/2020\/09\/eventos-empresas-10.jpg 1020w, https:\/\/www.carolrenauxphoto.com\/wp-content\/uploads\/2020\/09\/eventos-empresas-10-300x200.jpg 300w, https:\/\/www.carolrenauxphoto.com\/wp-content\/uploads\/2020\/09\/eventos-empresas-10-768x512.jpg 768w\" sizes=\"(max-width: 1020px) 100vw, 1020px\" \/><\/a>\n\t\t\t<\/div><\/figure><figure class='gallery-item'>\n\t\t\t<div class='gallery-icon landscape'>\n\t\t\t\t<a data-elementor-open-lightbox=\"yes\" data-elementor-lightbox-slideshow=\"845aea2\" data-elementor-lightbox-title=\"eventos-empresas-11\" data-e-action-hash=\"#elementor-action%3Aaction%3Dlightbox%26settings%3DeyJpZCI6MTIxNSwidXJsIjoiaHR0cHM6XC9cL3d3dy5jYXJvbHJlbmF1eHBob3RvLmNvbVwvd3AtY29udGVudFwvdXBsb2Fkc1wvMjAyMFwvMDlcL2V2ZW50b3MtZW1wcmVzYXMtMTEuanBnIiwic2xpZGVzaG93IjoiODQ1YWVhMiJ9\" href='https:\/\/www.carolrenauxphoto.com\/wp-content\/uploads\/2020\/09\/eventos-empresas-11.jpg'><img loading=\"lazy\" decoding=\"async\" width=\"1020\" height=\"643\" src=\"https:\/\/www.carolrenauxphoto.com\/wp-content\/uploads\/2020\/09\/eventos-empresas-11.jpg\" class=\"attachment-full size-full\" alt=\"\" srcset=\"https:\/\/www.carolrenauxphoto.com\/wp-content\/uploads\/2020\/09\/eventos-empresas-11.jpg 1020w, https:\/\/www.carolrenauxphoto.com\/wp-content\/uploads\/2020\/09\/eventos-empresas-11-300x189.jpg 300w, https:\/\/www.carolrenauxphoto.com\/wp-content\/uploads\/2020\/09\/eventos-empresas-11-768x484.jpg 768w\" sizes=\"(max-width: 1020px) 100vw, 1020px\" \/><\/a>\n\t\t\t<\/div><\/figure><figure class='gallery-item'>\n\t\t\t<div class='gallery-icon landscape'>\n\t\t\t\t<a data-elementor-open-lightbox=\"yes\" data-elementor-lightbox-slideshow=\"845aea2\" data-elementor-lightbox-title=\"eventos-empresas-12\" data-e-action-hash=\"#elementor-action%3Aaction%3Dlightbox%26settings%3DeyJpZCI6MTIxNiwidXJsIjoiaHR0cHM6XC9cL3d3dy5jYXJvbHJlbmF1eHBob3RvLmNvbVwvd3AtY29udGVudFwvdXBsb2Fkc1wvMjAyMFwvMDlcL2V2ZW50b3MtZW1wcmVzYXMtMTIuanBnIiwic2xpZGVzaG93IjoiODQ1YWVhMiJ9\" href='https:\/\/www.carolrenauxphoto.com\/wp-content\/uploads\/2020\/09\/eventos-empresas-12.jpg'><img loading=\"lazy\" decoding=\"async\" width=\"1020\" height=\"680\" src=\"https:\/\/www.carolrenauxphoto.com\/wp-content\/uploads\/2020\/09\/eventos-empresas-12.jpg\" class=\"attachment-full size-full\" alt=\"\" srcset=\"https:\/\/www.carolrenauxphoto.com\/wp-content\/uploads\/2020\/09\/eventos-empresas-12.jpg 1020w, https:\/\/www.carolrenauxphoto.com\/wp-content\/uploads\/2020\/09\/eventos-empresas-12-300x200.jpg 300w, https:\/\/www.carolrenauxphoto.com\/wp-content\/uploads\/2020\/09\/eventos-empresas-12-768x512.jpg 768w\" sizes=\"(max-width: 1020px) 100vw, 1020px\" \/><\/a>\n\t\t\t<\/div><\/figure><figure class='gallery-item'>\n\t\t\t<div class='gallery-icon landscape'>\n\t\t\t\t<a data-elementor-open-lightbox=\"yes\" data-elementor-lightbox-slideshow=\"845aea2\" data-elementor-lightbox-title=\"eventos-empresas-13\" data-e-action-hash=\"#elementor-action%3Aaction%3Dlightbox%26settings%3DeyJpZCI6MTIxNywidXJsIjoiaHR0cHM6XC9cL3d3dy5jYXJvbHJlbmF1eHBob3RvLmNvbVwvd3AtY29udGVudFwvdXBsb2Fkc1wvMjAyMFwvMDlcL2V2ZW50b3MtZW1wcmVzYXMtMTMuanBnIiwic2xpZGVzaG93IjoiODQ1YWVhMiJ9\" href='https:\/\/www.carolrenauxphoto.com\/wp-content\/uploads\/2020\/09\/eventos-empresas-13.jpg'><img loading=\"lazy\" decoding=\"async\" width=\"1020\" height=\"680\" src=\"https:\/\/www.carolrenauxphoto.com\/wp-content\/uploads\/2020\/09\/eventos-empresas-13.jpg\" class=\"attachment-full size-full\" alt=\"\" srcset=\"https:\/\/www.carolrenauxphoto.com\/wp-content\/uploads\/2020\/09\/eventos-empresas-13.jpg 1020w, https:\/\/www.carolrenauxphoto.com\/wp-content\/uploads\/2020\/09\/eventos-empresas-13-300x200.jpg 300w, https:\/\/www.carolrenauxphoto.com\/wp-content\/uploads\/2020\/09\/eventos-empresas-13-768x512.jpg 768w\" sizes=\"(max-width: 1020px) 100vw, 1020px\" \/><\/a>\n\t\t\t<\/div><\/figure><figure class='gallery-item'>\n\t\t\t<div class='gallery-icon landscape'>\n\t\t\t\t<a data-elementor-open-lightbox=\"yes\" data-elementor-lightbox-slideshow=\"845aea2\" data-elementor-lightbox-title=\"eventos-empresas-14\" data-e-action-hash=\"#elementor-action%3Aaction%3Dlightbox%26settings%3DeyJpZCI6MTIxOCwidXJsIjoiaHR0cHM6XC9cL3d3dy5jYXJvbHJlbmF1eHBob3RvLmNvbVwvd3AtY29udGVudFwvdXBsb2Fkc1wvMjAyMFwvMDlcL2V2ZW50b3MtZW1wcmVzYXMtMTQuanBnIiwic2xpZGVzaG93IjoiODQ1YWVhMiJ9\" href='https:\/\/www.carolrenauxphoto.com\/wp-content\/uploads\/2020\/09\/eventos-empresas-14.jpg'><img loading=\"lazy\" decoding=\"async\" width=\"1020\" height=\"680\" src=\"https:\/\/www.carolrenauxphoto.com\/wp-content\/uploads\/2020\/09\/eventos-empresas-14.jpg\" class=\"attachment-full size-full\" alt=\"\" srcset=\"https:\/\/www.carolrenauxphoto.com\/wp-content\/uploads\/2020\/09\/eventos-empresas-14.jpg 1020w, https:\/\/www.carolrenauxphoto.com\/wp-content\/uploads\/2020\/09\/eventos-empresas-14-300x200.jpg 300w, https:\/\/www.carolrenauxphoto.com\/wp-content\/uploads\/2020\/09\/eventos-empresas-14-768x512.jpg 768w\" sizes=\"(max-width: 1020px) 100vw, 1020px\" \/><\/a>\n\t\t\t<\/div><\/figure><figure class='gallery-item'>\n\t\t\t<div class='gallery-icon landscape'>\n\t\t\t\t<a data-elementor-open-lightbox=\"yes\" data-elementor-lightbox-slideshow=\"845aea2\" data-elementor-lightbox-title=\"eventos-empresas-15\" data-e-action-hash=\"#elementor-action%3Aaction%3Dlightbox%26settings%3DeyJpZCI6MTIxOSwidXJsIjoiaHR0cHM6XC9cL3d3dy5jYXJvbHJlbmF1eHBob3RvLmNvbVwvd3AtY29udGVudFwvdXBsb2Fkc1wvMjAyMFwvMDlcL2V2ZW50b3MtZW1wcmVzYXMtMTUuanBnIiwic2xpZGVzaG93IjoiODQ1YWVhMiJ9\" href='https:\/\/www.carolrenauxphoto.com\/wp-content\/uploads\/2020\/09\/eventos-empresas-15.jpg'><img loading=\"lazy\" decoding=\"async\" width=\"1020\" height=\"680\" src=\"https:\/\/www.carolrenauxphoto.com\/wp-content\/uploads\/2020\/09\/eventos-empresas-15.jpg\" class=\"attachment-full size-full\" alt=\"\" srcset=\"https:\/\/www.carolrenauxphoto.com\/wp-content\/uploads\/2020\/09\/eventos-empresas-15.jpg 1020w, https:\/\/www.carolrenauxphoto.com\/wp-content\/uploads\/2020\/09\/eventos-empresas-15-300x200.jpg 300w, https:\/\/www.carolrenauxphoto.com\/wp-content\/uploads\/2020\/09\/eventos-empresas-15-768x512.jpg 768w\" sizes=\"(max-width: 1020px) 100vw, 1020px\" \/><\/a>\n\t\t\t<\/div><\/figure>\n\t\t<\/div>\n\t\t<\/div>\n\t\t\t\t\t\t<\/div>\n\t\t\t\t<\/div>\n\t\t\t\t\t<\/div>\n\t\t<\/div>\n\t\t\t\t\t<\/div>\n\t\t<\/section>\n\t\t\t\t<section class=\"elementor-section elementor-top-section elementor-element elementor-element-5823de5 elementor-section-boxed elementor-section-height-default elementor-section-height-default\" data-id=\"5823de5\" data-element_type=\"section\" data-e-type=\"section\">\n\t\t\t\t\t\t<div class=\"elementor-container elementor-column-gap-default\">\n\t\t\t\t\t<div class=\"elementor-column elementor-col-100 elementor-top-column elementor-element elementor-element-d4655b2\" data-id=\"d4655b2\" data-element_type=\"column\" data-e-type=\"column\">\n\t\t\t<div class=\"elementor-widget-wrap elementor-element-populated\">\n\t\t\t\t\t\t<div class=\"elementor-element elementor-element-9e1b1c2 elementor-widget elementor-widget-heading\" data-id=\"9e1b1c2\" data-element_type=\"widget\" data-e-type=\"widget\" data-widget_type=\"heading.default\">\n\t\t\t\t<div class=\"elementor-widget-container\">\n\t\t\t\t\t<h2 class=\"elementor-heading-title elementor-size-default\">\u00a1Quiero reservar!<\/h2>\t\t\t\t<\/div>\n\t\t\t\t<\/div>\n\t\t\t\t<div class=\"elementor-element elementor-element-8599279 elementor-align-center elementor-widget elementor-widget-button\" data-id=\"8599279\" data-element_type=\"widget\" data-e-type=\"widget\" data-widget_type=\"button.default\">\n\t\t\t\t<div class=\"elementor-widget-container\">\n\t\t\t\t\t\t\t\t\t<div class=\"elementor-button-wrapper\">\n\t\t\t\t\t<a class=\"elementor-button elementor-button-link elementor-size-xl\" href=\"https:\/\/www.carolrenauxphoto.com\/en\/hablamos\/#info-reserva\">\n\t\t\t\t\t\t<span class=\"elementor-button-content-wrapper\">\n\t\t\t\t\t\t<span class=\"elementor-button-icon\">\n\t\t\t\t<i aria-hidden=\"true\" class=\"far fa-arrow-alt-circle-right\"><\/i>\t\t\t<\/span>\n\t\t\t\t\t\t\t\t<\/span>\n\t\t\t\t\t<\/a>\n\t\t\t\t<\/div>\n\t\t\t\t\t\t\t\t<\/div>\n\t\t\t\t<\/div>\n\t\t\t\t\t<\/div>\n\t\t<\/div>\n\t\t\t\t\t<\/div>\n\t\t<\/section>\n\t\t\t\t<section class=\"elementor-section elementor-top-section elementor-element elementor-element-ba8cc5c elementor-section-boxed elementor-section-height-default elementor-section-height-default\" data-id=\"ba8cc5c\" data-element_type=\"section\" data-e-type=\"section\">\n\t\t\t\t\t\t<div class=\"elementor-container elementor-column-gap-default\">\n\t\t\t\t\t<div class=\"elementor-column elementor-col-100 elementor-top-column elementor-element elementor-element-5484eae\" data-id=\"5484eae\" data-element_type=\"column\" data-e-type=\"column\">\n\t\t\t<div class=\"elementor-widget-wrap elementor-element-populated\">\n\t\t\t\t\t\t<div class=\"elementor-element elementor-element-7e7d576 elementor-widget elementor-widget-image\" data-id=\"7e7d576\" data-element_type=\"widget\" data-e-type=\"widget\" data-widget_type=\"image.default\">\n\t\t\t\t<div class=\"elementor-widget-container\">\n\t\t\t\t\t\t\t\t\t\t\t\t\t\t\t<img loading=\"lazy\" decoding=\"async\" width=\"2282\" height=\"308\" src=\"https:\/\/www.carolrenauxphoto.com\/wp-content\/uploads\/2026\/07\/LOGOS-WEB.png\" class=\"attachment-full size-full wp-image-1695\" alt=\"\" srcset=\"https:\/\/www.carolrenauxphoto.com\/wp-content\/uploads\/2026\/07\/LOGOS-WEB.png 2282w, https:\/\/www.carolrenauxphoto.com\/wp-content\/uploads\/2026\/07\/LOGOS-WEB-300x40.png 300w, https:\/\/www.carolrenauxphoto.com\/wp-content\/uploads\/2026\/07\/LOGOS-WEB-1024x138.png 1024w, https:\/\/www.carolrenauxphoto.com\/wp-content\/uploads\/2026\/07\/LOGOS-WEB-768x104.png 768w, https:\/\/www.carolrenauxphoto.com\/wp-content\/uploads\/2026\/07\/LOGOS-WEB-1536x207.png 1536w, https:\/\/www.carolrenauxphoto.com\/wp-content\/uploads\/2026\/07\/LOGOS-WEB-2048x276.png 2048w\" sizes=\"(max-width: 2282px) 100vw, 2282px\" \/>\t\t\t\t\t\t\t\t\t\t\t\t\t\t\t<\/div>\n\t\t\t\t<\/div>\n\t\t\t\t\t<\/div>\n\t\t<\/div>\n\t\t\t\t\t<\/div>\n\t\t<\/section>\n\t\t\t\t<\/div>","protected":false},"excerpt":{"rendered":"<p>EVENTOS Fotograf\u00eda de eventos en Madrid Eventos privados Todas las ocasiones son especiales para mi siempre que lo sean para ti. Por eso me encanta cuando me llam\u00e1is para hacer las fotos del bautizo de vuestro hijo, o la comuni\u00f3n, o para regalarle a alguien que quer\u00e9is el reportaje fotogr\u00e1fico de su cumplea\u00f1os sorpresa,\u00a0 a &#8230; <a title=\"Eventos\" class=\"read-more\" href=\"https:\/\/www.carolrenauxphoto.com\/en\/eventos\/\" aria-label=\"Read more about Eventos\">Read more<\/a><\/p>","protected":false},"author":1,"featured_media":0,"parent":0,"menu_order":0,"comment_status":"closed","ping_status":"closed","template":"","meta":{"_joinchat":[],"footnotes":""},"class_list":["post-682","page","type-page","status-publish"],"yoast_head":"<!-- This site is optimized with the Yoast SEO plugin v28.1 - https:\/\/yoast.com\/product\/yoast-seo-wordpress\/ -->\n<title>Eventos - Fotograf\u00eda de Maternidad, reci\u00e9n nacidos y embarazo en Madrid<\/title>\n<meta name=\"description\" content=\"Fotograf\u00eda de eventos en Madrid. Eventos privados. Eventos corporativos\" \/>\n<meta name=\"robots\" content=\"index, follow, max-snippet:-1, max-image-preview:large, max-video-preview:-1\" \/>\n<link rel=\"canonical\" href=\"https:\/\/www.carolrenauxphoto.com\/en\/eventos\/\" \/>\n<meta property=\"og:locale\" content=\"en_GB\" \/>\n<meta property=\"og:type\" content=\"article\" \/>\n<meta property=\"og:title\" content=\"Eventos - Fotograf\u00eda de Maternidad, reci\u00e9n nacidos y embarazo en Madrid\" \/>\n<meta property=\"og:description\" content=\"Fotograf\u00eda de eventos en Madrid. Eventos privados. Eventos corporativos\" \/>\n<meta property=\"og:url\" content=\"https:\/\/www.carolrenauxphoto.com\/en\/eventos\/\" \/>\n<meta property=\"og:site_name\" content=\"Fotograf\u00eda de Maternidad, reci\u00e9n nacidos y embarazo en Madrid\" \/>\n<meta property=\"article:publisher\" content=\"https:\/\/www.facebook.com\/carolrenauxphoto\/\" \/>\n<meta property=\"article:modified_time\" content=\"2026-07-28T14:14:58+00:00\" \/>\n<meta property=\"og:image\" content=\"https:\/\/www.carolrenauxphoto.com\/wp-content\/uploads\/2020\/06\/cab-eventos.jpg\" \/>\n<meta name=\"twitter:card\" content=\"summary_large_image\" \/>\n<meta name=\"twitter:label1\" content=\"Estimated reading time\" \/>\n\t<meta name=\"twitter:data1\" content=\"5 minutes\" \/>\n<script type=\"application\/ld+json\" class=\"yoast-schema-graph\">{\"@context\":\"https:\\\/\\\/schema.org\",\"@graph\":[{\"@type\":\"WebPage\",\"@id\":\"https:\\\/\\\/www.carolrenauxphoto.com\\\/eventos\\\/\",\"url\":\"https:\\\/\\\/www.carolrenauxphoto.com\\\/eventos\\\/\",\"name\":\"Eventos - Fotograf\u00eda de Maternidad, reci\u00e9n nacidos y embarazo en Madrid\",\"isPartOf\":{\"@id\":\"https:\\\/\\\/www.carolrenauxphoto.com\\\/#website\"},\"primaryImageOfPage\":{\"@id\":\"https:\\\/\\\/www.carolrenauxphoto.com\\\/eventos\\\/#primaryimage\"},\"image\":{\"@id\":\"https:\\\/\\\/www.carolrenauxphoto.com\\\/eventos\\\/#primaryimage\"},\"thumbnailUrl\":\"https:\\\/\\\/www.carolrenauxphoto.com\\\/wp-content\\\/uploads\\\/2020\\\/06\\\/cab-eventos.jpg\",\"datePublished\":\"2020-06-24T11:05:22+00:00\",\"dateModified\":\"2026-07-28T14:14:58+00:00\",\"description\":\"Fotograf\u00eda de eventos en Madrid. Eventos privados. Eventos corporativos\",\"breadcrumb\":{\"@id\":\"https:\\\/\\\/www.carolrenauxphoto.com\\\/eventos\\\/#breadcrumb\"},\"inLanguage\":\"en-GB\",\"potentialAction\":[{\"@type\":\"ReadAction\",\"target\":[\"https:\\\/\\\/www.carolrenauxphoto.com\\\/eventos\\\/\"]}]},{\"@type\":\"ImageObject\",\"inLanguage\":\"en-GB\",\"@id\":\"https:\\\/\\\/www.carolrenauxphoto.com\\\/eventos\\\/#primaryimage\",\"url\":\"https:\\\/\\\/www.carolrenauxphoto.com\\\/wp-content\\\/uploads\\\/2020\\\/06\\\/cab-eventos.jpg\",\"contentUrl\":\"https:\\\/\\\/www.carolrenauxphoto.com\\\/wp-content\\\/uploads\\\/2020\\\/06\\\/cab-eventos.jpg\"},{\"@type\":\"BreadcrumbList\",\"@id\":\"https:\\\/\\\/www.carolrenauxphoto.com\\\/eventos\\\/#breadcrumb\",\"itemListElement\":[{\"@type\":\"ListItem\",\"position\":1,\"name\":\"Portada\",\"item\":\"https:\\\/\\\/www.carolrenauxphoto.com\\\/\"},{\"@type\":\"ListItem\",\"position\":2,\"name\":\"Eventos\"}]},{\"@type\":\"WebSite\",\"@id\":\"https:\\\/\\\/www.carolrenauxphoto.com\\\/#website\",\"url\":\"https:\\\/\\\/www.carolrenauxphoto.com\\\/\",\"name\":\"Fotograf\u00eda de Maternidad, reci\u00e9n nacidos y embarazo en Madrid\",\"description\":\"Fot\u00f3grafa de Maternidad, reci\u00e9n nacidos y embarazo en Madrid\",\"publisher\":{\"@id\":\"https:\\\/\\\/www.carolrenauxphoto.com\\\/#organization\"},\"potentialAction\":[{\"@type\":\"SearchAction\",\"target\":{\"@type\":\"EntryPoint\",\"urlTemplate\":\"https:\\\/\\\/www.carolrenauxphoto.com\\\/?s={search_term_string}\"},\"query-input\":{\"@type\":\"PropertyValueSpecification\",\"valueRequired\":true,\"valueName\":\"search_term_string\"}}],\"inLanguage\":\"en-GB\"},{\"@type\":\"Organization\",\"@id\":\"https:\\\/\\\/www.carolrenauxphoto.com\\\/#organization\",\"name\":\"Fotograf\u00eda de Maternidad, reci\u00e9n nacidos y embarazo en Madrid\",\"url\":\"https:\\\/\\\/www.carolrenauxphoto.com\\\/\",\"logo\":{\"@type\":\"ImageObject\",\"inLanguage\":\"en-GB\",\"@id\":\"https:\\\/\\\/www.carolrenauxphoto.com\\\/#\\\/schema\\\/logo\\\/image\\\/\",\"url\":\"https:\\\/\\\/www.carolrenauxphoto.com\\\/wp-content\\\/uploads\\\/2020\\\/06\\\/carol-renaux-photo-menu.jpg\",\"contentUrl\":\"https:\\\/\\\/www.carolrenauxphoto.com\\\/wp-content\\\/uploads\\\/2020\\\/06\\\/carol-renaux-photo-menu.jpg\",\"width\":322,\"height\":77,\"caption\":\"Fotograf\u00eda de Maternidad, reci\u00e9n nacidos y embarazo en Madrid\"},\"image\":{\"@id\":\"https:\\\/\\\/www.carolrenauxphoto.com\\\/#\\\/schema\\\/logo\\\/image\\\/\"},\"sameAs\":[\"https:\\\/\\\/www.facebook.com\\\/carolrenauxphoto\\\/\",\"https:\\\/\\\/www.instagram.com\\\/carolrenauxphoto\\\/\",\"https:\\\/\\\/www.pinterest.es\\\/carolrenauxphoto\\\/\"]}]}<\/script>\n<!-- \/ Yoast SEO plugin. -->","yoast_head_json":{"title":"Eventos - Fotograf\u00eda de Maternidad, reci\u00e9n nacidos y embarazo en Madrid","description":"Fotograf\u00eda de eventos en Madrid. Eventos privados. Eventos corporativos","robots":{"index":"index","follow":"follow","max-snippet":"max-snippet:-1","max-image-preview":"max-image-preview:large","max-video-preview":"max-video-preview:-1"},"canonical":"https:\/\/www.carolrenauxphoto.com\/en\/eventos\/","og_locale":"en_GB","og_type":"article","og_title":"Eventos - Fotograf\u00eda de Maternidad, reci\u00e9n nacidos y embarazo en Madrid","og_description":"Fotograf\u00eda de eventos en Madrid. Eventos privados. Eventos corporativos","og_url":"https:\/\/www.carolrenauxphoto.com\/en\/eventos\/","og_site_name":"Fotograf\u00eda de Maternidad, reci\u00e9n nacidos y embarazo en Madrid","article_publisher":"https:\/\/www.facebook.com\/carolrenauxphoto\/","article_modified_time":"2026-07-28T14:14:58+00:00","og_image":[{"url":"https:\/\/www.carolrenauxphoto.com\/wp-content\/uploads\/2020\/06\/cab-eventos.jpg","type":"","width":"","height":""}],"twitter_card":"summary_large_image","twitter_misc":{"Estimated reading time":"5 minutes"},"schema":{"@context":"https:\/\/schema.org","@graph":[{"@type":"WebPage","@id":"https:\/\/www.carolrenauxphoto.com\/eventos\/","url":"https:\/\/www.carolrenauxphoto.com\/eventos\/","name":"Eventos - Fotograf\u00eda de Maternidad, reci\u00e9n nacidos y embarazo en Madrid","isPartOf":{"@id":"https:\/\/www.carolrenauxphoto.com\/#website"},"primaryImageOfPage":{"@id":"https:\/\/www.carolrenauxphoto.com\/eventos\/#primaryimage"},"image":{"@id":"https:\/\/www.carolrenauxphoto.com\/eventos\/#primaryimage"},"thumbnailUrl":"https:\/\/www.carolrenauxphoto.com\/wp-content\/uploads\/2020\/06\/cab-eventos.jpg","datePublished":"2020-06-24T11:05:22+00:00","dateModified":"2026-07-28T14:14:58+00:00","description":"Fotograf\u00eda de eventos en Madrid. Eventos privados. Eventos corporativos","breadcrumb":{"@id":"https:\/\/www.carolrenauxphoto.com\/eventos\/#breadcrumb"},"inLanguage":"en-GB","potentialAction":[{"@type":"ReadAction","target":["https:\/\/www.carolrenauxphoto.com\/eventos\/"]}]},{"@type":"ImageObject","inLanguage":"en-GB","@id":"https:\/\/www.carolrenauxphoto.com\/eventos\/#primaryimage","url":"https:\/\/www.carolrenauxphoto.com\/wp-content\/uploads\/2020\/06\/cab-eventos.jpg","contentUrl":"https:\/\/www.carolrenauxphoto.com\/wp-content\/uploads\/2020\/06\/cab-eventos.jpg"},{"@type":"BreadcrumbList","@id":"https:\/\/www.carolrenauxphoto.com\/eventos\/#breadcrumb","itemListElement":[{"@type":"ListItem","position":1,"name":"Portada","item":"https:\/\/www.carolrenauxphoto.com\/"},{"@type":"ListItem","position":2,"name":"Eventos"}]},{"@type":"WebSite","@id":"https:\/\/www.carolrenauxphoto.com\/#website","url":"https:\/\/www.carolrenauxphoto.com\/","name":"Fotograf\u00eda de Maternidad, reci\u00e9n nacidos y embarazo en Madrid","description":"Fot\u00f3grafa de Maternidad, reci\u00e9n nacidos y embarazo en Madrid","publisher":{"@id":"https:\/\/www.carolrenauxphoto.com\/#organization"},"potentialAction":[{"@type":"SearchAction","target":{"@type":"EntryPoint","urlTemplate":"https:\/\/www.carolrenauxphoto.com\/?s={search_term_string}"},"query-input":{"@type":"PropertyValueSpecification","valueRequired":true,"valueName":"search_term_string"}}],"inLanguage":"en-GB"},{"@type":"Organization","@id":"https:\/\/www.carolrenauxphoto.com\/#organization","name":"Fotograf\u00eda de Maternidad, reci\u00e9n nacidos y embarazo en Madrid","url":"https:\/\/www.carolrenauxphoto.com\/","logo":{"@type":"ImageObject","inLanguage":"en-GB","@id":"https:\/\/www.carolrenauxphoto.com\/#\/schema\/logo\/image\/","url":"https:\/\/www.carolrenauxphoto.com\/wp-content\/uploads\/2020\/06\/carol-renaux-photo-menu.jpg","contentUrl":"https:\/\/www.carolrenauxphoto.com\/wp-content\/uploads\/2020\/06\/carol-renaux-photo-menu.jpg","width":322,"height":77,"caption":"Fotograf\u00eda de Maternidad, reci\u00e9n nacidos y embarazo en Madrid"},"image":{"@id":"https:\/\/www.carolrenauxphoto.com\/#\/schema\/logo\/image\/"},"sameAs":["https:\/\/www.facebook.com\/carolrenauxphoto\/","https:\/\/www.instagram.com\/carolrenauxphoto\/","https:\/\/www.pinterest.es\/carolrenauxphoto\/"]}]}},"_links":{"self":[{"href":"https:\/\/www.carolrenauxphoto.com\/en\/wp-json\/wp\/v2\/pages\/682","targetHints":{"allow":["GET"]}}],"collection":[{"href":"https:\/\/www.carolrenauxphoto.com\/en\/wp-json\/wp\/v2\/pages"}],"about":[{"href":"https:\/\/www.carolrenauxphoto.com\/en\/wp-json\/wp\/v2\/types\/page"}],"author":[{"embeddable":true,"href":"https:\/\/www.carolrenauxphoto.com\/en\/wp-json\/wp\/v2\/users\/1"}],"replies":[{"embeddable":true,"href":"https:\/\/www.carolrenauxphoto.com\/en\/wp-json\/wp\/v2\/comments?post=682"}],"version-history":[{"count":3,"href":"https:\/\/www.carolrenauxphoto.com\/en\/wp-json\/wp\/v2\/pages\/682\/revisions"}],"predecessor-version":[{"id":1706,"href":"https:\/\/www.carolrenauxphoto.com\/en\/wp-json\/wp\/v2\/pages\/682\/revisions\/1706"}],"wp:attachment":[{"href":"https:\/\/www.carolrenauxphoto.com\/en\/wp-json\/wp\/v2\/media?parent=682"}],"curies":[{"name":"wp","href":"https:\/\/api.w.org\/{rel}","templated":true}]}}