{"id":684,"date":"2020-06-24T11:06:12","date_gmt":"2020-06-24T11:06:12","guid":{"rendered":"https:\/\/www.carolrenauxphoto.com\/?page_id=684"},"modified":"2026-07-28T14:14:40","modified_gmt":"2026-07-28T14:14:40","slug":"corporativa","status":"publish","type":"page","link":"https:\/\/www.carolrenauxphoto.com\/en\/corporativa\/","title":{"rendered":"Corporativa"},"content":{"rendered":"<div data-elementor-type=\"wp-page\" data-elementor-id=\"684\" class=\"elementor elementor-684\">\n\t\t\t\t\t\t<section class=\"elementor-section elementor-top-section elementor-element elementor-element-63d879e elementor-section-stretched elementor-section-full_width elementor-section-height-default elementor-section-height-default\" data-id=\"63d879e\" data-element_type=\"section\" data-e-type=\"section\" data-settings=\"{&quot;stretch_section&quot;:&quot;section-stretched&quot;,&quot;background_background&quot;:&quot;classic&quot;}\">\n\t\t\t\t\t\t<div class=\"elementor-container elementor-column-gap-default\">\n\t\t\t\t\t<div class=\"elementor-column elementor-col-100 elementor-top-column elementor-element elementor-element-575e6d3\" data-id=\"575e6d3\" data-element_type=\"column\" data-e-type=\"column\">\n\t\t\t<div class=\"elementor-widget-wrap elementor-element-populated\">\n\t\t\t\t\t\t<div class=\"elementor-element elementor-element-8c85ed7 elementor-widget elementor-widget-image\" data-id=\"8c85ed7\" data-element_type=\"widget\" data-e-type=\"widget\" data-widget_type=\"image.default\">\n\t\t\t\t<div class=\"elementor-widget-container\">\n\t\t\t\t\t\t\t\t\t\t\t\t\t\t\t<img fetchpriority=\"high\" decoding=\"async\" width=\"2000\" height=\"957\" src=\"https:\/\/www.carolrenauxphoto.com\/wp-content\/uploads\/2020\/09\/portada-corporativa.jpg\" class=\"attachment-full size-full wp-image-1156\" alt=\"\" srcset=\"https:\/\/www.carolrenauxphoto.com\/wp-content\/uploads\/2020\/09\/portada-corporativa.jpg 2000w, https:\/\/www.carolrenauxphoto.com\/wp-content\/uploads\/2020\/09\/portada-corporativa-300x144.jpg 300w, https:\/\/www.carolrenauxphoto.com\/wp-content\/uploads\/2020\/09\/portada-corporativa-1024x490.jpg 1024w, https:\/\/www.carolrenauxphoto.com\/wp-content\/uploads\/2020\/09\/portada-corporativa-768x367.jpg 768w, https:\/\/www.carolrenauxphoto.com\/wp-content\/uploads\/2020\/09\/portada-corporativa-1536x735.jpg 1536w\" sizes=\"(max-width: 2000px) 100vw, 2000px\" \/>\t\t\t\t\t\t\t\t\t\t\t\t\t\t\t<\/div>\n\t\t\t\t<\/div>\n\t\t\t\t\t<\/div>\n\t\t<\/div>\n\t\t\t\t\t<\/div>\n\t\t<\/section>\n\t\t\t\t<section class=\"elementor-section elementor-top-section elementor-element elementor-element-42fdd34 elementor-section-boxed elementor-section-height-default elementor-section-height-default\" data-id=\"42fdd34\" data-element_type=\"section\" data-e-type=\"section\">\n\t\t\t\t\t\t<div class=\"elementor-container elementor-column-gap-default\">\n\t\t\t\t\t<div class=\"elementor-column elementor-col-100 elementor-top-column elementor-element elementor-element-3856fb5\" data-id=\"3856fb5\" data-element_type=\"column\" data-e-type=\"column\">\n\t\t\t<div class=\"elementor-widget-wrap elementor-element-populated\">\n\t\t\t\t\t\t<div class=\"elementor-element elementor-element-5416ec5 elementor-widget elementor-widget-heading\" data-id=\"5416ec5\" data-element_type=\"widget\" data-e-type=\"widget\" data-widget_type=\"heading.default\">\n\t\t\t\t<div class=\"elementor-widget-container\">\n\t\t\t\t\t<h2 class=\"elementor-heading-title elementor-size-default\">CORPORATIVA<\/h2>\t\t\t\t<\/div>\n\t\t\t\t<\/div>\n\t\t\t\t\t<\/div>\n\t\t<\/div>\n\t\t\t\t\t<\/div>\n\t\t<\/section>\n\t\t\t\t<section class=\"elementor-section elementor-top-section elementor-element elementor-element-55acb4b elementor-section-boxed elementor-section-height-default elementor-section-height-default\" data-id=\"55acb4b\" data-element_type=\"section\" data-e-type=\"section\">\n\t\t\t\t\t\t<div class=\"elementor-container elementor-column-gap-default\">\n\t\t\t\t\t<div class=\"elementor-column elementor-col-100 elementor-top-column elementor-element elementor-element-3aa71af\" data-id=\"3aa71af\" data-element_type=\"column\" data-e-type=\"column\">\n\t\t\t<div class=\"elementor-widget-wrap elementor-element-populated\">\n\t\t\t\t\t\t<div class=\"elementor-element elementor-element-1aafe0e elementor-widget elementor-widget-heading\" data-id=\"1aafe0e\" data-element_type=\"widget\" data-e-type=\"widget\" data-widget_type=\"heading.default\">\n\t\t\t\t<div class=\"elementor-widget-container\">\n\t\t\t\t\t<h2 class=\"elementor-heading-title elementor-size-default\">Fotograf\u00eda creativa para emprendedores y empresas en Madrid<\/h2>\t\t\t\t<\/div>\n\t\t\t\t<\/div>\n\t\t\t\t\t<\/div>\n\t\t<\/div>\n\t\t\t\t\t<\/div>\n\t\t<\/section>\n\t\t\t\t<section class=\"elementor-section elementor-top-section elementor-element elementor-element-ede87ff elementor-section-stretched elementor-section-boxed elementor-section-height-default elementor-section-height-default\" data-id=\"ede87ff\" data-element_type=\"section\" data-e-type=\"section\" data-settings=\"{&quot;stretch_section&quot;:&quot;section-stretched&quot;,&quot;background_background&quot;:&quot;classic&quot;}\">\n\t\t\t\t\t\t<div class=\"elementor-container elementor-column-gap-default\">\n\t\t\t\t\t<div class=\"elementor-column elementor-col-100 elementor-top-column elementor-element elementor-element-a266691\" data-id=\"a266691\" data-element_type=\"column\" data-e-type=\"column\" data-settings=\"{&quot;background_background&quot;:&quot;classic&quot;}\">\n\t\t\t<div class=\"elementor-widget-wrap elementor-element-populated\">\n\t\t\t\t\t\t<div class=\"elementor-element elementor-element-45f9caa elementor-widget elementor-widget-text-editor\" data-id=\"45f9caa\" data-element_type=\"widget\" data-e-type=\"widget\" data-widget_type=\"text-editor.default\">\n\t\t\t\t<div class=\"elementor-widget-container\">\n\t\t\t\t\t\t\t\t\t<p>C\u00f3mo fot\u00f3grafa y emprendedora que soy s\u00e9 muy bien lo importante que es contar unas fotograf\u00edas profesionales y atractivas para nuestra p\u00e1gina web y redes sociales, unas buenas fotograf\u00edas que le muestren al mundo quienes somos y lo que hacemos de forma atractiva y profesional.<\/p><p>C\u00f3mo fot\u00f3grafa corporativa en Madrid ayudo a proyectos y marcas como la tuya a transmitir su esencia y valores a trav\u00e9s de las fotograf\u00edas de sus productos, su espacio de trabajo, su d\u00eda a d\u00eda y las personas que est\u00e1n detr\u00e1s de cada proyecto, etc\u2026 para ayudar a construir una imagen de marca alineada con su filosof\u00eda y atraer a potenciales clientes.<\/p>\t\t\t\t\t\t\t\t<\/div>\n\t\t\t\t<\/div>\n\t\t\t\t\t<\/div>\n\t\t<\/div>\n\t\t\t\t\t<\/div>\n\t\t<\/section>\n\t\t\t\t<section class=\"elementor-section elementor-top-section elementor-element elementor-element-3ebdc22 elementor-section-stretched elementor-section-full_width elementor-section-height-default elementor-section-height-default\" data-id=\"3ebdc22\" data-element_type=\"section\" data-e-type=\"section\" data-settings=\"{&quot;stretch_section&quot;:&quot;section-stretched&quot;,&quot;background_background&quot;:&quot;classic&quot;}\">\n\t\t\t\t\t\t<div class=\"elementor-container elementor-column-gap-default\">\n\t\t\t\t\t<div class=\"elementor-column elementor-col-100 elementor-top-column elementor-element elementor-element-765fa15\" data-id=\"765fa15\" data-element_type=\"column\" data-e-type=\"column\" data-settings=\"{&quot;background_background&quot;:&quot;classic&quot;}\">\n\t\t\t<div class=\"elementor-widget-wrap elementor-element-populated\">\n\t\t\t\t\t\t<div class=\"elementor-element elementor-element-976081b elementor-widget elementor-widget-shortcode\" data-id=\"976081b\" data-element_type=\"widget\" data-e-type=\"widget\" data-widget_type=\"shortcode.default\">\n\t\t\t\t<div class=\"elementor-widget-container\">\n\t\t\t\t\t\t\t<div class=\"elementor-shortcode\"><!-- Final Tiles Grid Gallery for WordPress v3.6.13 free --><style>#ftg-66 .tile .icon { color:#ffffff; }#ftg-66 .ftg-items .loading-bar i { background:#666; }#ftg-66 .ftg-items .loading-bar { background:#fff; }#ftg-66 .tile .icon { font-size:20px; }#ftg-66 .tile .icon { margin: -10px 0 0 -10px; }#ftg-66 .tile .caption-block .text-wrapper span.text { font-size:12px; }#ftg-66 .tile .caption-outside .text-wrapper span.text { font-size:12px; }#ftg-66 .tile .caption-block .text-wrapper span.title { font-size:14px; }#ftg-66 .tile .caption-outside .text-wrapper span.title { font-size:14px; }#ftg-66 .tile { background-color: transparent; }#ftg-66 .tile .caption-block .text-wrapper span.text { color: #ffffff; }#ftg-66 .tile .caption-block .text-wrapper span.title { color: #ffffff; }#ftg-66 .tile .caption-outside .text-wrapper span.text { color: #ffffff; }#ftg-66 .tile .caption-outside .text-wrapper span.title { color: #ffffff; }#ftg-66 .tile .ftg-social a { color: #ffffff; }#ftg-66 .tile .caption-block { transition-duration:0.1s; }#ftg-66 .tile .tile-inner:before { background-color: #000000; }#ftg-66 .tile .tile-inner:before { background-color: rgba(0, 0, 0, 0.8); }#ftg-66 .tile:hover img {-moz-transform: ;-webkit-transform: ;-o-transform: ;-ms-transform: ;transform: ;}<\/style><a name=\"6\"><\/a><div class=\"final-tiles-gallery  ftg-hover-enabled caption-inside  caption-none caption-middle caption-center\" id=\"ftg-66\" style=\"width: 100%\"><div class='ftg-items'><div class='loading-bar'><i><\/i><\/div><div  class='tile ftg-preload'><a title=\"\" data-lightbox='ftg-66' rel='ftg-66'  class='tile-inner  ftg-lightbox' href='https:\/\/www.carolrenauxphoto.com\/wp-content\/uploads\/2020\/09\/CORPORATIVA-1.jpg' ><img alt='' class='item skip-lazy' data-class='item' data-ftg-source='https:\/\/www.carolrenauxphoto.com\/wp-content\/uploads\/2020\/09\/CORPORATIVA-1.jpg' src='https:\/\/www.carolrenauxphoto.com\/wp-content\/uploads\/2020\/09\/CORPORATIVA-1.jpg' width='1020' height='680' \/><\/a><div class='ftg-social'><\/div><\/div><div  class='tile ftg-preload'><a title=\"\" data-lightbox='ftg-66' rel='ftg-66'  class='tile-inner  ftg-lightbox' href='https:\/\/www.carolrenauxphoto.com\/wp-content\/uploads\/2020\/09\/CORPORATIVA-2.jpg' ><img alt='' class='item skip-lazy' data-class='item' data-ftg-source='https:\/\/www.carolrenauxphoto.com\/wp-content\/uploads\/2020\/09\/CORPORATIVA-2.jpg' src='https:\/\/www.carolrenauxphoto.com\/wp-content\/uploads\/2020\/09\/CORPORATIVA-2.jpg' width='1020' height='680' \/><\/a><div class='ftg-social'><\/div><\/div><div  class='tile ftg-preload'><a title=\"\" data-lightbox='ftg-66' rel='ftg-66'  class='tile-inner  ftg-lightbox' href='https:\/\/www.carolrenauxphoto.com\/wp-content\/uploads\/2020\/09\/CORPORATIVA-3-682x1024.jpg' ><img alt='' class='item skip-lazy' data-class='item' data-ftg-source='https:\/\/www.carolrenauxphoto.com\/wp-content\/uploads\/2020\/09\/CORPORATIVA-3-682x1024.jpg' src='https:\/\/www.carolrenauxphoto.com\/wp-content\/uploads\/2020\/09\/CORPORATIVA-3-682x1024.jpg' width='682' height='1024' \/><\/a><div class='ftg-social'><\/div><\/div><div  class='tile ftg-preload'><a title=\"\" data-lightbox='ftg-66' rel='ftg-66'  class='tile-inner  ftg-lightbox' href='https:\/\/www.carolrenauxphoto.com\/wp-content\/uploads\/2020\/09\/CORPORATIVA-4-683x1024.jpg' ><img alt='' class='item skip-lazy' data-class='item' data-ftg-source='https:\/\/www.carolrenauxphoto.com\/wp-content\/uploads\/2020\/09\/CORPORATIVA-4-683x1024.jpg' src='https:\/\/www.carolrenauxphoto.com\/wp-content\/uploads\/2020\/09\/CORPORATIVA-4-683x1024.jpg' width='683' height='1024' \/><\/a><div class='ftg-social'><\/div><\/div><div  class='tile ftg-preload'><a title=\"\" data-lightbox='ftg-66' rel='ftg-66'  class='tile-inner  ftg-lightbox' href='https:\/\/www.carolrenauxphoto.com\/wp-content\/uploads\/2020\/09\/CORPORATIVA-5.jpg' ><img alt='' class='item skip-lazy' data-class='item' data-ftg-source='https:\/\/www.carolrenauxphoto.com\/wp-content\/uploads\/2020\/09\/CORPORATIVA-5.jpg' src='https:\/\/www.carolrenauxphoto.com\/wp-content\/uploads\/2020\/09\/CORPORATIVA-5.jpg' width='1020' height='680' \/><\/a><div class='ftg-social'><\/div><\/div><div  class='tile ftg-preload'><a title=\"\" data-lightbox='ftg-66' rel='ftg-66'  class='tile-inner  ftg-lightbox' href='https:\/\/www.carolrenauxphoto.com\/wp-content\/uploads\/2020\/09\/CORPORATIVA-6.jpg' ><img alt='' class='item skip-lazy' data-class='item' data-ftg-source='https:\/\/www.carolrenauxphoto.com\/wp-content\/uploads\/2020\/09\/CORPORATIVA-6.jpg' src='https:\/\/www.carolrenauxphoto.com\/wp-content\/uploads\/2020\/09\/CORPORATIVA-6.jpg' width='1020' height='680' \/><\/a><div class='ftg-social'><\/div><\/div><div  class='tile ftg-preload'><a title=\"\" data-lightbox='ftg-66' rel='ftg-66'  class='tile-inner  ftg-lightbox' href='https:\/\/www.carolrenauxphoto.com\/wp-content\/uploads\/2020\/09\/CORPORATIVA-7.jpg' ><img alt='' class='item skip-lazy' data-class='item' data-ftg-source='https:\/\/www.carolrenauxphoto.com\/wp-content\/uploads\/2020\/09\/CORPORATIVA-7.jpg' src='https:\/\/www.carolrenauxphoto.com\/wp-content\/uploads\/2020\/09\/CORPORATIVA-7.jpg' width='1020' height='680' \/><\/a><div class='ftg-social'><\/div><\/div><div  class='tile ftg-preload'><a title=\"\" data-lightbox='ftg-66' rel='ftg-66'  class='tile-inner  ftg-lightbox' href='https:\/\/www.carolrenauxphoto.com\/wp-content\/uploads\/2020\/09\/CORPORATIVA-9-682x1024.jpg' ><img alt='' class='item skip-lazy' data-class='item' data-ftg-source='https:\/\/www.carolrenauxphoto.com\/wp-content\/uploads\/2020\/09\/CORPORATIVA-9-682x1024.jpg' src='https:\/\/www.carolrenauxphoto.com\/wp-content\/uploads\/2020\/09\/CORPORATIVA-9-682x1024.jpg' width='682' height='1024' \/><\/a><div class='ftg-social'><\/div><\/div><div  class='tile ftg-preload'><a title=\"\" data-lightbox='ftg-66' rel='ftg-66'  class='tile-inner  ftg-lightbox' href='https:\/\/www.carolrenauxphoto.com\/wp-content\/uploads\/2020\/09\/CORPORATIVA-8.jpg' ><img alt='' class='item skip-lazy' data-class='item' data-ftg-source='https:\/\/www.carolrenauxphoto.com\/wp-content\/uploads\/2020\/09\/CORPORATIVA-8.jpg' src='https:\/\/www.carolrenauxphoto.com\/wp-content\/uploads\/2020\/09\/CORPORATIVA-8.jpg' width='1020' height='680' \/><\/a><div class='ftg-social'><\/div><\/div><div  class='tile ftg-preload'><a title=\"\" data-lightbox='ftg-66' rel='ftg-66'  class='tile-inner  ftg-lightbox' href='https:\/\/www.carolrenauxphoto.com\/wp-content\/uploads\/2020\/09\/CORPORATIVA-10.jpg' ><img alt='' class='item skip-lazy' data-class='item' data-ftg-source='https:\/\/www.carolrenauxphoto.com\/wp-content\/uploads\/2020\/09\/CORPORATIVA-10.jpg' src='https:\/\/www.carolrenauxphoto.com\/wp-content\/uploads\/2020\/09\/CORPORATIVA-10.jpg' width='1020' height='680' \/><\/a><div class='ftg-social'><\/div><\/div><div  class='tile ftg-preload'><a title=\"\" data-lightbox='ftg-66' rel='ftg-66'  class='tile-inner  ftg-lightbox' href='https:\/\/www.carolrenauxphoto.com\/wp-content\/uploads\/2020\/09\/CORPORATIVA-11.jpg' ><img alt='' class='item skip-lazy' data-class='item' data-ftg-source='https:\/\/www.carolrenauxphoto.com\/wp-content\/uploads\/2020\/09\/CORPORATIVA-11.jpg' src='https:\/\/www.carolrenauxphoto.com\/wp-content\/uploads\/2020\/09\/CORPORATIVA-11.jpg' width='1020' height='680' \/><\/a><div class='ftg-social'><\/div><\/div><div  class='tile ftg-preload'><a title=\"\" data-lightbox='ftg-66' rel='ftg-66'  class='tile-inner  ftg-lightbox' href='https:\/\/www.carolrenauxphoto.com\/wp-content\/uploads\/2020\/09\/CORPORATIVA-12.jpg' ><img alt='' class='item skip-lazy' data-class='item' data-ftg-source='https:\/\/www.carolrenauxphoto.com\/wp-content\/uploads\/2020\/09\/CORPORATIVA-12.jpg' src='https:\/\/www.carolrenauxphoto.com\/wp-content\/uploads\/2020\/09\/CORPORATIVA-12.jpg' width='1020' height='680' \/><\/a><div class='ftg-social'><\/div><\/div><div  class='tile ftg-preload'><a title=\"\" data-lightbox='ftg-66' rel='ftg-66'  class='tile-inner  ftg-lightbox' href='https:\/\/www.carolrenauxphoto.com\/wp-content\/uploads\/2020\/09\/CORPORATIVA-13.jpg' ><img alt='' class='item skip-lazy' data-class='item' data-ftg-source='https:\/\/www.carolrenauxphoto.com\/wp-content\/uploads\/2020\/09\/CORPORATIVA-13.jpg' src='https:\/\/www.carolrenauxphoto.com\/wp-content\/uploads\/2020\/09\/CORPORATIVA-13.jpg' width='1020' height='680' \/><\/a><div class='ftg-social'><\/div><\/div><div  class='tile ftg-preload'><a title=\"\" data-lightbox='ftg-66' rel='ftg-66'  class='tile-inner  ftg-lightbox' href='https:\/\/www.carolrenauxphoto.com\/wp-content\/uploads\/2020\/09\/CORPORATIVA-14.jpg' ><img alt='' class='item skip-lazy' data-class='item' data-ftg-source='https:\/\/www.carolrenauxphoto.com\/wp-content\/uploads\/2020\/09\/CORPORATIVA-14.jpg' src='https:\/\/www.carolrenauxphoto.com\/wp-content\/uploads\/2020\/09\/CORPORATIVA-14.jpg' width='1020' height='680' \/><\/a><div class='ftg-social'><\/div><\/div><div  class='tile ftg-preload'><a title=\"\" data-lightbox='ftg-66' rel='ftg-66'  class='tile-inner  ftg-lightbox' href='https:\/\/www.carolrenauxphoto.com\/wp-content\/uploads\/2020\/09\/CORPORATIVA-15.jpg' ><img alt='' class='item skip-lazy' data-class='item' data-ftg-source='https:\/\/www.carolrenauxphoto.com\/wp-content\/uploads\/2020\/09\/CORPORATIVA-15.jpg' src='https:\/\/www.carolrenauxphoto.com\/wp-content\/uploads\/2020\/09\/CORPORATIVA-15.jpg' width='1020' height='680' \/><\/a><div class='ftg-social'><\/div><\/div><\/div><\/div>\n<\/div>\n\t\t\t\t\t\t<\/div>\n\t\t\t\t<\/div>\n\t\t\t\t\t<\/div>\n\t\t<\/div>\n\t\t\t\t\t<\/div>\n\t\t<\/section>\n\t\t\t\t<section class=\"elementor-section elementor-top-section elementor-element elementor-element-157b50f elementor-section-stretched elementor-section-boxed elementor-section-height-default elementor-section-height-default\" data-id=\"157b50f\" data-element_type=\"section\" data-e-type=\"section\" data-settings=\"{&quot;stretch_section&quot;:&quot;section-stretched&quot;,&quot;background_background&quot;:&quot;classic&quot;}\">\n\t\t\t\t\t\t<div class=\"elementor-container elementor-column-gap-default\">\n\t\t\t\t\t<div class=\"elementor-column elementor-col-100 elementor-top-column elementor-element elementor-element-6330791\" data-id=\"6330791\" data-element_type=\"column\" data-e-type=\"column\" data-settings=\"{&quot;background_background&quot;:&quot;classic&quot;}\">\n\t\t\t<div class=\"elementor-widget-wrap elementor-element-populated\">\n\t\t\t\t\t\t<div class=\"elementor-element elementor-element-6de4183 elementor-widget elementor-widget-text-editor\" data-id=\"6de4183\" data-element_type=\"widget\" data-e-type=\"widget\" data-widget_type=\"text-editor.default\">\n\t\t\t\t<div class=\"elementor-widget-container\">\n\t\t\t\t\t\t\t\t\t<p>Mi forma de trabajar con empresas y emprendedores es completamente personalizada.<\/p><p>El servicio de fotograf\u00eda corporativa en Madrid que ofrezco est\u00e1\u00a0 completamente adaptado a lo que necesita cada proyecto y para eso realizo siempre una reuni\u00f3n previa, presencial siempre que se pueda o a trav\u00e9s de videollamada, para poder conocer bien tu proyecto, las personas que est\u00e1n detr\u00e1s y saber qu\u00e9 necesitais exactamente, as\u00ed como buscar las mejores ubicaciones para obtener las im\u00e1genes que necesitais.<\/p><p>Mi objetivo es que establezcamos un clima de confianza y comunicaci\u00f3n entre nosotros durante todo el proceso para que obtengas exactamente lo que necesitas<\/p>\t\t\t\t\t\t\t\t<\/div>\n\t\t\t\t<\/div>\n\t\t\t\t\t<\/div>\n\t\t<\/div>\n\t\t\t\t\t<\/div>\n\t\t<\/section>\n\t\t\t\t<section class=\"elementor-section elementor-top-section elementor-element elementor-element-aac6317 elementor-section-boxed elementor-section-height-default elementor-section-height-default\" data-id=\"aac6317\" data-element_type=\"section\" data-e-type=\"section\">\n\t\t\t\t\t\t<div class=\"elementor-container elementor-column-gap-default\">\n\t\t\t\t\t<div class=\"elementor-column elementor-col-100 elementor-top-column elementor-element elementor-element-4e50395\" data-id=\"4e50395\" data-element_type=\"column\" data-e-type=\"column\">\n\t\t\t<div class=\"elementor-widget-wrap elementor-element-populated\">\n\t\t\t\t\t\t<div class=\"elementor-element elementor-element-7e3db53 elementor-widget elementor-widget-heading\" data-id=\"7e3db53\" data-element_type=\"widget\" data-e-type=\"widget\" data-widget_type=\"heading.default\">\n\t\t\t\t<div class=\"elementor-widget-container\">\n\t\t\t\t\t<h2 class=\"elementor-heading-title elementor-size-default\">\u00a1Quiero reservar!<\/h2>\t\t\t\t<\/div>\n\t\t\t\t<\/div>\n\t\t\t\t<div class=\"elementor-element elementor-element-d7d4dbc elementor-align-center elementor-widget elementor-widget-button\" data-id=\"d7d4dbc\" data-element_type=\"widget\" data-e-type=\"widget\" data-widget_type=\"button.default\">\n\t\t\t\t<div class=\"elementor-widget-container\">\n\t\t\t\t\t\t\t\t\t<div class=\"elementor-button-wrapper\">\n\t\t\t\t\t<a class=\"elementor-button elementor-button-link elementor-size-xl\" href=\"https:\/\/www.carolrenauxphoto.com\/en\/hablamos\/#info-reserva\">\n\t\t\t\t\t\t<span class=\"elementor-button-content-wrapper\">\n\t\t\t\t\t\t<span class=\"elementor-button-icon\">\n\t\t\t\t<i aria-hidden=\"true\" class=\"far fa-arrow-alt-circle-right\"><\/i>\t\t\t<\/span>\n\t\t\t\t\t\t\t\t<\/span>\n\t\t\t\t\t<\/a>\n\t\t\t\t<\/div>\n\t\t\t\t\t\t\t\t<\/div>\n\t\t\t\t<\/div>\n\t\t\t\t\t<\/div>\n\t\t<\/div>\n\t\t\t\t\t<\/div>\n\t\t<\/section>\n\t\t\t\t<section class=\"elementor-section elementor-top-section elementor-element elementor-element-8a29979 elementor-section-boxed elementor-section-height-default elementor-section-height-default\" data-id=\"8a29979\" data-element_type=\"section\" data-e-type=\"section\">\n\t\t\t\t\t\t<div class=\"elementor-container elementor-column-gap-default\">\n\t\t\t\t\t<div class=\"elementor-column elementor-col-100 elementor-top-column elementor-element elementor-element-605f11a\" data-id=\"605f11a\" data-element_type=\"column\" data-e-type=\"column\">\n\t\t\t<div class=\"elementor-widget-wrap elementor-element-populated\">\n\t\t\t\t\t\t<div class=\"elementor-element elementor-element-8836697 elementor-widget elementor-widget-image\" data-id=\"8836697\" data-element_type=\"widget\" data-e-type=\"widget\" data-widget_type=\"image.default\">\n\t\t\t\t<div class=\"elementor-widget-container\">\n\t\t\t\t\t\t\t\t\t\t\t\t\t\t\t<img decoding=\"async\" width=\"2282\" height=\"308\" src=\"https:\/\/www.carolrenauxphoto.com\/wp-content\/uploads\/2026\/07\/LOGOS-WEB.png\" class=\"attachment-full size-full wp-image-1695\" alt=\"\" srcset=\"https:\/\/www.carolrenauxphoto.com\/wp-content\/uploads\/2026\/07\/LOGOS-WEB.png 2282w, https:\/\/www.carolrenauxphoto.com\/wp-content\/uploads\/2026\/07\/LOGOS-WEB-300x40.png 300w, https:\/\/www.carolrenauxphoto.com\/wp-content\/uploads\/2026\/07\/LOGOS-WEB-1024x138.png 1024w, https:\/\/www.carolrenauxphoto.com\/wp-content\/uploads\/2026\/07\/LOGOS-WEB-768x104.png 768w, https:\/\/www.carolrenauxphoto.com\/wp-content\/uploads\/2026\/07\/LOGOS-WEB-1536x207.png 1536w, https:\/\/www.carolrenauxphoto.com\/wp-content\/uploads\/2026\/07\/LOGOS-WEB-2048x276.png 2048w\" sizes=\"(max-width: 2282px) 100vw, 2282px\" \/>\t\t\t\t\t\t\t\t\t\t\t\t\t\t\t<\/div>\n\t\t\t\t<\/div>\n\t\t\t\t\t<\/div>\n\t\t<\/div>\n\t\t\t\t\t<\/div>\n\t\t<\/section>\n\t\t\t\t<\/div>","protected":false},"excerpt":{"rendered":"<p>CORPORATIVA Fotograf\u00eda creativa para emprendedores y empresas en Madrid C\u00f3mo fot\u00f3grafa y emprendedora que soy s\u00e9 muy bien lo importante que es contar unas fotograf\u00edas profesionales y atractivas para nuestra p\u00e1gina web y redes sociales, unas buenas fotograf\u00edas que le muestren al mundo quienes somos y lo que hacemos de forma atractiva y profesional. C\u00f3mo &#8230; <a title=\"Corporativa\" class=\"read-more\" href=\"https:\/\/www.carolrenauxphoto.com\/en\/corporativa\/\" aria-label=\"Read more about Corporativa\">Read more<\/a><\/p>","protected":false},"author":1,"featured_media":0,"parent":0,"menu_order":0,"comment_status":"closed","ping_status":"closed","template":"","meta":{"_joinchat":[],"footnotes":""},"class_list":["post-684","page","type-page","status-publish"],"yoast_head":"<!-- This site is optimized with the Yoast SEO plugin v28.1 - https:\/\/yoast.com\/product\/yoast-seo-wordpress\/ -->\n<title>Corporativa - Fotograf\u00eda de Maternidad, reci\u00e9n nacidos y embarazo en Madrid<\/title>\n<meta name=\"description\" content=\"Fotograf\u00eda corporativa creativa para emprendedores y empresas en Madrid. C\u00f3mo fot\u00f3grafa corporativa en Madrid ayudo a proyectos y marcas como la tuya a transmitir su esencia y valores\" \/>\n<meta name=\"robots\" content=\"index, follow, max-snippet:-1, max-image-preview:large, max-video-preview:-1\" \/>\n<link rel=\"canonical\" href=\"https:\/\/www.carolrenauxphoto.com\/en\/corporativa\/\" \/>\n<meta property=\"og:locale\" content=\"en_GB\" \/>\n<meta property=\"og:type\" content=\"article\" \/>\n<meta property=\"og:title\" content=\"Corporativa - Fotograf\u00eda de Maternidad, reci\u00e9n nacidos y embarazo en Madrid\" \/>\n<meta property=\"og:description\" content=\"Fotograf\u00eda corporativa creativa para emprendedores y empresas en Madrid. C\u00f3mo fot\u00f3grafa corporativa en Madrid ayudo a proyectos y marcas como la tuya a transmitir su esencia y valores\" \/>\n<meta property=\"og:url\" content=\"https:\/\/www.carolrenauxphoto.com\/en\/corporativa\/\" \/>\n<meta property=\"og:site_name\" content=\"Fotograf\u00eda de Maternidad, reci\u00e9n nacidos y embarazo en Madrid\" \/>\n<meta property=\"article:publisher\" content=\"https:\/\/www.facebook.com\/carolrenauxphoto\/\" \/>\n<meta property=\"article:modified_time\" content=\"2026-07-28T14:14:40+00:00\" \/>\n<meta property=\"og:image\" content=\"https:\/\/www.carolrenauxphoto.com\/wp-content\/uploads\/2020\/09\/portada-corporativa.jpg\" \/>\n<meta name=\"twitter:card\" content=\"summary_large_image\" \/>\n<meta name=\"twitter:label1\" content=\"Estimated reading time\" \/>\n\t<meta name=\"twitter:data1\" content=\"2 minutes\" \/>\n<script type=\"application\/ld+json\" class=\"yoast-schema-graph\">{\"@context\":\"https:\\\/\\\/schema.org\",\"@graph\":[{\"@type\":\"WebPage\",\"@id\":\"https:\\\/\\\/www.carolrenauxphoto.com\\\/corporativa\\\/\",\"url\":\"https:\\\/\\\/www.carolrenauxphoto.com\\\/corporativa\\\/\",\"name\":\"Corporativa - Fotograf\u00eda de Maternidad, reci\u00e9n nacidos y embarazo en Madrid\",\"isPartOf\":{\"@id\":\"https:\\\/\\\/www.carolrenauxphoto.com\\\/#website\"},\"primaryImageOfPage\":{\"@id\":\"https:\\\/\\\/www.carolrenauxphoto.com\\\/corporativa\\\/#primaryimage\"},\"image\":{\"@id\":\"https:\\\/\\\/www.carolrenauxphoto.com\\\/corporativa\\\/#primaryimage\"},\"thumbnailUrl\":\"https:\\\/\\\/www.carolrenauxphoto.com\\\/wp-content\\\/uploads\\\/2020\\\/09\\\/portada-corporativa.jpg\",\"datePublished\":\"2020-06-24T11:06:12+00:00\",\"dateModified\":\"2026-07-28T14:14:40+00:00\",\"description\":\"Fotograf\u00eda corporativa creativa para emprendedores y empresas en Madrid. C\u00f3mo fot\u00f3grafa corporativa en Madrid ayudo a proyectos y marcas como la tuya a transmitir su esencia y valores\",\"breadcrumb\":{\"@id\":\"https:\\\/\\\/www.carolrenauxphoto.com\\\/corporativa\\\/#breadcrumb\"},\"inLanguage\":\"en-GB\",\"potentialAction\":[{\"@type\":\"ReadAction\",\"target\":[\"https:\\\/\\\/www.carolrenauxphoto.com\\\/corporativa\\\/\"]}]},{\"@type\":\"ImageObject\",\"inLanguage\":\"en-GB\",\"@id\":\"https:\\\/\\\/www.carolrenauxphoto.com\\\/corporativa\\\/#primaryimage\",\"url\":\"https:\\\/\\\/www.carolrenauxphoto.com\\\/wp-content\\\/uploads\\\/2020\\\/09\\\/portada-corporativa.jpg\",\"contentUrl\":\"https:\\\/\\\/www.carolrenauxphoto.com\\\/wp-content\\\/uploads\\\/2020\\\/09\\\/portada-corporativa.jpg\"},{\"@type\":\"BreadcrumbList\",\"@id\":\"https:\\\/\\\/www.carolrenauxphoto.com\\\/corporativa\\\/#breadcrumb\",\"itemListElement\":[{\"@type\":\"ListItem\",\"position\":1,\"name\":\"Portada\",\"item\":\"https:\\\/\\\/www.carolrenauxphoto.com\\\/\"},{\"@type\":\"ListItem\",\"position\":2,\"name\":\"Corporativa\"}]},{\"@type\":\"WebSite\",\"@id\":\"https:\\\/\\\/www.carolrenauxphoto.com\\\/#website\",\"url\":\"https:\\\/\\\/www.carolrenauxphoto.com\\\/\",\"name\":\"Fotograf\u00eda de Maternidad, reci\u00e9n nacidos y embarazo en Madrid\",\"description\":\"Fot\u00f3grafa de Maternidad, reci\u00e9n nacidos y embarazo en Madrid\",\"publisher\":{\"@id\":\"https:\\\/\\\/www.carolrenauxphoto.com\\\/#organization\"},\"potentialAction\":[{\"@type\":\"SearchAction\",\"target\":{\"@type\":\"EntryPoint\",\"urlTemplate\":\"https:\\\/\\\/www.carolrenauxphoto.com\\\/?s={search_term_string}\"},\"query-input\":{\"@type\":\"PropertyValueSpecification\",\"valueRequired\":true,\"valueName\":\"search_term_string\"}}],\"inLanguage\":\"en-GB\"},{\"@type\":\"Organization\",\"@id\":\"https:\\\/\\\/www.carolrenauxphoto.com\\\/#organization\",\"name\":\"Fotograf\u00eda de Maternidad, reci\u00e9n nacidos y embarazo en Madrid\",\"url\":\"https:\\\/\\\/www.carolrenauxphoto.com\\\/\",\"logo\":{\"@type\":\"ImageObject\",\"inLanguage\":\"en-GB\",\"@id\":\"https:\\\/\\\/www.carolrenauxphoto.com\\\/#\\\/schema\\\/logo\\\/image\\\/\",\"url\":\"https:\\\/\\\/www.carolrenauxphoto.com\\\/wp-content\\\/uploads\\\/2020\\\/06\\\/carol-renaux-photo-menu.jpg\",\"contentUrl\":\"https:\\\/\\\/www.carolrenauxphoto.com\\\/wp-content\\\/uploads\\\/2020\\\/06\\\/carol-renaux-photo-menu.jpg\",\"width\":322,\"height\":77,\"caption\":\"Fotograf\u00eda de Maternidad, reci\u00e9n nacidos y embarazo en Madrid\"},\"image\":{\"@id\":\"https:\\\/\\\/www.carolrenauxphoto.com\\\/#\\\/schema\\\/logo\\\/image\\\/\"},\"sameAs\":[\"https:\\\/\\\/www.facebook.com\\\/carolrenauxphoto\\\/\",\"https:\\\/\\\/www.instagram.com\\\/carolrenauxphoto\\\/\",\"https:\\\/\\\/www.pinterest.es\\\/carolrenauxphoto\\\/\"]}]}<\/script>\n<!-- \/ Yoast SEO plugin. -->","yoast_head_json":{"title":"Corporativa - Fotograf\u00eda de Maternidad, reci\u00e9n nacidos y embarazo en Madrid","description":"Fotograf\u00eda corporativa creativa para emprendedores y empresas en Madrid. C\u00f3mo fot\u00f3grafa corporativa en Madrid ayudo a proyectos y marcas como la tuya a transmitir su esencia y valores","robots":{"index":"index","follow":"follow","max-snippet":"max-snippet:-1","max-image-preview":"max-image-preview:large","max-video-preview":"max-video-preview:-1"},"canonical":"https:\/\/www.carolrenauxphoto.com\/en\/corporativa\/","og_locale":"en_GB","og_type":"article","og_title":"Corporativa - Fotograf\u00eda de Maternidad, reci\u00e9n nacidos y embarazo en Madrid","og_description":"Fotograf\u00eda corporativa creativa para emprendedores y empresas en Madrid. C\u00f3mo fot\u00f3grafa corporativa en Madrid ayudo a proyectos y marcas como la tuya a transmitir su esencia y valores","og_url":"https:\/\/www.carolrenauxphoto.com\/en\/corporativa\/","og_site_name":"Fotograf\u00eda de Maternidad, reci\u00e9n nacidos y embarazo en Madrid","article_publisher":"https:\/\/www.facebook.com\/carolrenauxphoto\/","article_modified_time":"2026-07-28T14:14:40+00:00","og_image":[{"url":"https:\/\/www.carolrenauxphoto.com\/wp-content\/uploads\/2020\/09\/portada-corporativa.jpg","type":"","width":"","height":""}],"twitter_card":"summary_large_image","twitter_misc":{"Estimated reading time":"2 minutes"},"schema":{"@context":"https:\/\/schema.org","@graph":[{"@type":"WebPage","@id":"https:\/\/www.carolrenauxphoto.com\/corporativa\/","url":"https:\/\/www.carolrenauxphoto.com\/corporativa\/","name":"Corporativa - Fotograf\u00eda de Maternidad, reci\u00e9n nacidos y embarazo en Madrid","isPartOf":{"@id":"https:\/\/www.carolrenauxphoto.com\/#website"},"primaryImageOfPage":{"@id":"https:\/\/www.carolrenauxphoto.com\/corporativa\/#primaryimage"},"image":{"@id":"https:\/\/www.carolrenauxphoto.com\/corporativa\/#primaryimage"},"thumbnailUrl":"https:\/\/www.carolrenauxphoto.com\/wp-content\/uploads\/2020\/09\/portada-corporativa.jpg","datePublished":"2020-06-24T11:06:12+00:00","dateModified":"2026-07-28T14:14:40+00:00","description":"Fotograf\u00eda corporativa creativa para emprendedores y empresas en Madrid. C\u00f3mo fot\u00f3grafa corporativa en Madrid ayudo a proyectos y marcas como la tuya a transmitir su esencia y valores","breadcrumb":{"@id":"https:\/\/www.carolrenauxphoto.com\/corporativa\/#breadcrumb"},"inLanguage":"en-GB","potentialAction":[{"@type":"ReadAction","target":["https:\/\/www.carolrenauxphoto.com\/corporativa\/"]}]},{"@type":"ImageObject","inLanguage":"en-GB","@id":"https:\/\/www.carolrenauxphoto.com\/corporativa\/#primaryimage","url":"https:\/\/www.carolrenauxphoto.com\/wp-content\/uploads\/2020\/09\/portada-corporativa.jpg","contentUrl":"https:\/\/www.carolrenauxphoto.com\/wp-content\/uploads\/2020\/09\/portada-corporativa.jpg"},{"@type":"BreadcrumbList","@id":"https:\/\/www.carolrenauxphoto.com\/corporativa\/#breadcrumb","itemListElement":[{"@type":"ListItem","position":1,"name":"Portada","item":"https:\/\/www.carolrenauxphoto.com\/"},{"@type":"ListItem","position":2,"name":"Corporativa"}]},{"@type":"WebSite","@id":"https:\/\/www.carolrenauxphoto.com\/#website","url":"https:\/\/www.carolrenauxphoto.com\/","name":"Fotograf\u00eda de Maternidad, reci\u00e9n nacidos y embarazo en Madrid","description":"Fot\u00f3grafa de Maternidad, reci\u00e9n nacidos y embarazo en Madrid","publisher":{"@id":"https:\/\/www.carolrenauxphoto.com\/#organization"},"potentialAction":[{"@type":"SearchAction","target":{"@type":"EntryPoint","urlTemplate":"https:\/\/www.carolrenauxphoto.com\/?s={search_term_string}"},"query-input":{"@type":"PropertyValueSpecification","valueRequired":true,"valueName":"search_term_string"}}],"inLanguage":"en-GB"},{"@type":"Organization","@id":"https:\/\/www.carolrenauxphoto.com\/#organization","name":"Fotograf\u00eda de Maternidad, reci\u00e9n nacidos y embarazo en Madrid","url":"https:\/\/www.carolrenauxphoto.com\/","logo":{"@type":"ImageObject","inLanguage":"en-GB","@id":"https:\/\/www.carolrenauxphoto.com\/#\/schema\/logo\/image\/","url":"https:\/\/www.carolrenauxphoto.com\/wp-content\/uploads\/2020\/06\/carol-renaux-photo-menu.jpg","contentUrl":"https:\/\/www.carolrenauxphoto.com\/wp-content\/uploads\/2020\/06\/carol-renaux-photo-menu.jpg","width":322,"height":77,"caption":"Fotograf\u00eda de Maternidad, reci\u00e9n nacidos y embarazo en Madrid"},"image":{"@id":"https:\/\/www.carolrenauxphoto.com\/#\/schema\/logo\/image\/"},"sameAs":["https:\/\/www.facebook.com\/carolrenauxphoto\/","https:\/\/www.instagram.com\/carolrenauxphoto\/","https:\/\/www.pinterest.es\/carolrenauxphoto\/"]}]}},"_links":{"self":[{"href":"https:\/\/www.carolrenauxphoto.com\/en\/wp-json\/wp\/v2\/pages\/684","targetHints":{"allow":["GET"]}}],"collection":[{"href":"https:\/\/www.carolrenauxphoto.com\/en\/wp-json\/wp\/v2\/pages"}],"about":[{"href":"https:\/\/www.carolrenauxphoto.com\/en\/wp-json\/wp\/v2\/types\/page"}],"author":[{"embeddable":true,"href":"https:\/\/www.carolrenauxphoto.com\/en\/wp-json\/wp\/v2\/users\/1"}],"replies":[{"embeddable":true,"href":"https:\/\/www.carolrenauxphoto.com\/en\/wp-json\/wp\/v2\/comments?post=684"}],"version-history":[{"count":3,"href":"https:\/\/www.carolrenauxphoto.com\/en\/wp-json\/wp\/v2\/pages\/684\/revisions"}],"predecessor-version":[{"id":1700,"href":"https:\/\/www.carolrenauxphoto.com\/en\/wp-json\/wp\/v2\/pages\/684\/revisions\/1700"}],"wp:attachment":[{"href":"https:\/\/www.carolrenauxphoto.com\/en\/wp-json\/wp\/v2\/media?parent=684"}],"curies":[{"name":"wp","href":"https:\/\/api.w.org\/{rel}","templated":true}]}}