{"id":805,"date":"2020-06-29T08:15:43","date_gmt":"2020-06-29T08:15:43","guid":{"rendered":"https:\/\/www.carolrenauxphoto.com\/?page_id=805"},"modified":"2026-03-03T12:37:12","modified_gmt":"2026-03-03T12:37:12","slug":"bodas","status":"publish","type":"page","link":"https:\/\/www.carolrenauxphoto.com\/en\/bodas\/","title":{"rendered":"Bodas"},"content":{"rendered":"<div data-elementor-type=\"wp-page\" data-elementor-id=\"805\" class=\"elementor elementor-805\">\n\t\t\t\t\t\t<section class=\"elementor-section elementor-top-section elementor-element elementor-element-63d879e elementor-section-stretched elementor-section-full_width elementor-section-height-default elementor-section-height-default\" data-id=\"63d879e\" data-element_type=\"section\" data-e-type=\"section\" data-settings=\"{&quot;stretch_section&quot;:&quot;section-stretched&quot;,&quot;background_background&quot;:&quot;classic&quot;}\">\n\t\t\t\t\t\t<div class=\"elementor-container elementor-column-gap-default\">\n\t\t\t\t\t<div class=\"elementor-column elementor-col-100 elementor-top-column elementor-element elementor-element-575e6d3\" data-id=\"575e6d3\" data-element_type=\"column\" data-e-type=\"column\">\n\t\t\t<div class=\"elementor-widget-wrap elementor-element-populated\">\n\t\t\t\t\t\t<div class=\"elementor-element elementor-element-8c85ed7 elementor-widget elementor-widget-image\" data-id=\"8c85ed7\" data-element_type=\"widget\" data-e-type=\"widget\" data-widget_type=\"image.default\">\n\t\t\t\t<div class=\"elementor-widget-container\">\n\t\t\t\t\t\t\t\t\t\t\t\t\t\t\t<img fetchpriority=\"high\" decoding=\"async\" width=\"1200\" height=\"406\" src=\"https:\/\/www.carolrenauxphoto.com\/wp-content\/uploads\/2020\/06\/portada-bodas-04.jpg\" class=\"attachment-full size-full wp-image-695\" alt=\"\" srcset=\"https:\/\/www.carolrenauxphoto.com\/wp-content\/uploads\/2020\/06\/portada-bodas-04.jpg 1200w, https:\/\/www.carolrenauxphoto.com\/wp-content\/uploads\/2020\/06\/portada-bodas-04-300x102.jpg 300w, https:\/\/www.carolrenauxphoto.com\/wp-content\/uploads\/2020\/06\/portada-bodas-04-1024x346.jpg 1024w, https:\/\/www.carolrenauxphoto.com\/wp-content\/uploads\/2020\/06\/portada-bodas-04-768x260.jpg 768w\" sizes=\"(max-width: 1200px) 100vw, 1200px\" \/>\t\t\t\t\t\t\t\t\t\t\t\t\t\t\t<\/div>\n\t\t\t\t<\/div>\n\t\t\t\t\t<\/div>\n\t\t<\/div>\n\t\t\t\t\t<\/div>\n\t\t<\/section>\n\t\t\t\t<section class=\"elementor-section elementor-top-section elementor-element elementor-element-42fdd34 elementor-section-boxed elementor-section-height-default elementor-section-height-default\" data-id=\"42fdd34\" data-element_type=\"section\" data-e-type=\"section\">\n\t\t\t\t\t\t<div class=\"elementor-container elementor-column-gap-default\">\n\t\t\t\t\t<div class=\"elementor-column elementor-col-100 elementor-top-column elementor-element elementor-element-3856fb5\" data-id=\"3856fb5\" data-element_type=\"column\" data-e-type=\"column\">\n\t\t\t<div class=\"elementor-widget-wrap elementor-element-populated\">\n\t\t\t\t\t\t<div class=\"elementor-element elementor-element-5416ec5 elementor-widget elementor-widget-heading\" data-id=\"5416ec5\" data-element_type=\"widget\" data-e-type=\"widget\" data-widget_type=\"heading.default\">\n\t\t\t\t<div class=\"elementor-widget-container\">\n\t\t\t\t\t<h1 class=\"elementor-heading-title elementor-size-default\">FOTOGRAF\u00cdA DE BODAS EN MADRID<\/h1>\t\t\t\t<\/div>\n\t\t\t\t<\/div>\n\t\t\t\t\t<\/div>\n\t\t<\/div>\n\t\t\t\t\t<\/div>\n\t\t<\/section>\n\t\t\t\t<section class=\"elementor-section elementor-top-section elementor-element elementor-element-ede87ff elementor-section-stretched elementor-section-boxed elementor-section-height-default elementor-section-height-default\" data-id=\"ede87ff\" data-element_type=\"section\" data-e-type=\"section\" data-settings=\"{&quot;stretch_section&quot;:&quot;section-stretched&quot;,&quot;background_background&quot;:&quot;classic&quot;}\">\n\t\t\t\t\t\t<div class=\"elementor-container elementor-column-gap-default\">\n\t\t\t\t\t<div class=\"elementor-column elementor-col-100 elementor-top-column elementor-element elementor-element-a266691\" data-id=\"a266691\" data-element_type=\"column\" data-e-type=\"column\" data-settings=\"{&quot;background_background&quot;:&quot;classic&quot;}\">\n\t\t\t<div class=\"elementor-widget-wrap elementor-element-populated\">\n\t\t\t\t\t\t<div class=\"elementor-element elementor-element-45f9caa elementor-widget elementor-widget-text-editor\" data-id=\"45f9caa\" data-element_type=\"widget\" data-e-type=\"widget\" data-widget_type=\"text-editor.default\">\n\t\t\t\t<div class=\"elementor-widget-container\">\n\t\t\t\t\t\t\t\t\t<p>Me encantan las parejas enamoradas<\/p><p>Esas parejas que llevan dentro una historia de amor, antes y despu\u00e9s del s\u00ed quiero, y m\u00e1s all\u00e1 del protocolo.<\/p><p>Parejas espont\u00e1neas, que derrochan alegr\u00eda, y tambi\u00e9n parejas t\u00edmidas, que lo cuentan todo con una mirada.<\/p><p>Me encanta la magia y la alegr\u00eda de vivir que se respira en todas las bodas, sea como sea la tuya, te cases por la iglesia o en medio de un bosque, en una finca con 200 invitados o en una notar\u00eda con t\u00fa pareja y dos testigos.\u2026<\/p><p style=\"text-align: center;\"><strong>Quiero retratar esas miradas, y esas risas, y toda la emoci\u00f3n que se respira en una boda.<\/strong><\/p>\t\t\t\t\t\t\t\t<\/div>\n\t\t\t\t<\/div>\n\t\t\t\t\t<\/div>\n\t\t<\/div>\n\t\t\t\t\t<\/div>\n\t\t<\/section>\n\t\t\t\t<section class=\"elementor-section elementor-top-section elementor-element elementor-element-3ebdc22 elementor-section-stretched elementor-section-full_width elementor-section-height-default elementor-section-height-default\" data-id=\"3ebdc22\" data-element_type=\"section\" data-e-type=\"section\" data-settings=\"{&quot;stretch_section&quot;:&quot;section-stretched&quot;,&quot;background_background&quot;:&quot;classic&quot;}\">\n\t\t\t\t\t\t<div class=\"elementor-container elementor-column-gap-default\">\n\t\t\t\t\t<div class=\"elementor-column elementor-col-100 elementor-top-column elementor-element elementor-element-765fa15\" data-id=\"765fa15\" data-element_type=\"column\" data-e-type=\"column\" data-settings=\"{&quot;background_background&quot;:&quot;classic&quot;}\">\n\t\t\t<div class=\"elementor-widget-wrap elementor-element-populated\">\n\t\t\t\t\t\t<div class=\"elementor-element elementor-element-976081b elementor-widget elementor-widget-shortcode\" data-id=\"976081b\" data-element_type=\"widget\" data-e-type=\"widget\" data-widget_type=\"shortcode.default\">\n\t\t\t\t<div class=\"elementor-widget-container\">\n\t\t\t\t\t\t\t<div class=\"elementor-shortcode\"><!-- Final Tiles Grid Gallery for WordPress v3.6.13 free --><style>#ftg-11 .tile .icon { color:#ffffff; }#ftg-11 .ftg-items .loading-bar i { background:#666; }#ftg-11 .ftg-items .loading-bar { background:#fff; }#ftg-11 .tile .icon { font-size:20px; }#ftg-11 .tile .icon { margin: -10px 0 0 -10px; }#ftg-11 .tile .caption-block .text-wrapper span.text { font-size:12px; }#ftg-11 .tile .caption-outside .text-wrapper span.text { font-size:12px; }#ftg-11 .tile .caption-block .text-wrapper span.title { font-size:14px; }#ftg-11 .tile .caption-outside .text-wrapper span.title { font-size:14px; }#ftg-11 .tile { background-color: transparent; }#ftg-11 .tile .caption-block .text-wrapper span.text { color: #ffffff; }#ftg-11 .tile .caption-block .text-wrapper span.title { color: #ffffff; }#ftg-11 .tile .caption-outside .text-wrapper span.text { color: #ffffff; }#ftg-11 .tile .caption-outside .text-wrapper span.title { color: #ffffff; }#ftg-11 .tile .ftg-social a { color: #ffffff; }#ftg-11 .tile .caption-block { transition-duration:0.1s; }#ftg-11 .tile .tile-inner:before { background-color: #000000; }#ftg-11 .tile .tile-inner:before { background-color: rgba(0, 0, 0, 0.8); }#ftg-11 .tile:hover img {-moz-transform: ;-webkit-transform: ;-o-transform: ;-ms-transform: ;transform: ;}<\/style><a name=\"1\"><\/a><div class=\"final-tiles-gallery  ftg-hover-enabled caption-inside  caption-none caption-middle caption-center\" id=\"ftg-11\" style=\"width: 100%\"><div class='ftg-items'><div class='loading-bar'><i><\/i><\/div><div  class='tile ftg-preload'><a title=\"\" data-lightbox='ftg-11' rel='ftg-11'  class='tile-inner  ftg-lightbox' href='https:\/\/www.carolrenauxphoto.com\/wp-content\/uploads\/2020\/06\/bodas-1-684x1024.jpg' ><img alt='' class='item skip-lazy' data-class='item' data-ftg-source='https:\/\/www.carolrenauxphoto.com\/wp-content\/uploads\/2020\/06\/bodas-1-684x1024.jpg' src='https:\/\/www.carolrenauxphoto.com\/wp-content\/uploads\/2020\/06\/bodas-1-684x1024.jpg' width='684' height='1024' \/><\/a><div class='ftg-social'><\/div><\/div><div  class='tile ftg-preload'><a title=\"\" data-lightbox='ftg-11' rel='ftg-11'  class='tile-inner  ftg-lightbox' href='https:\/\/www.carolrenauxphoto.com\/wp-content\/uploads\/2020\/06\/bodas-2.jpg' ><img alt='' class='item skip-lazy' data-class='item' data-ftg-source='https:\/\/www.carolrenauxphoto.com\/wp-content\/uploads\/2020\/06\/bodas-2.jpg' src='https:\/\/www.carolrenauxphoto.com\/wp-content\/uploads\/2020\/06\/bodas-2.jpg' width='1020' height='680' \/><\/a><div class='ftg-social'><\/div><\/div><div  class='tile ftg-preload'><a title=\"\" data-lightbox='ftg-11' rel='ftg-11'  class='tile-inner  ftg-lightbox' href='https:\/\/www.carolrenauxphoto.com\/wp-content\/uploads\/2020\/06\/bodas-3-683x1024.jpg' ><img alt='' class='item skip-lazy' data-class='item' data-ftg-source='https:\/\/www.carolrenauxphoto.com\/wp-content\/uploads\/2020\/06\/bodas-3-683x1024.jpg' src='https:\/\/www.carolrenauxphoto.com\/wp-content\/uploads\/2020\/06\/bodas-3-683x1024.jpg' width='683' height='1024' \/><\/a><div class='ftg-social'><\/div><\/div><div  class='tile ftg-preload'><a title=\"\" data-lightbox='ftg-11' rel='ftg-11'  class='tile-inner  ftg-lightbox' href='https:\/\/www.carolrenauxphoto.com\/wp-content\/uploads\/2020\/06\/bodas-5.jpg' ><img alt='' class='item skip-lazy' data-class='item' data-ftg-source='https:\/\/www.carolrenauxphoto.com\/wp-content\/uploads\/2020\/06\/bodas-5.jpg' src='https:\/\/www.carolrenauxphoto.com\/wp-content\/uploads\/2020\/06\/bodas-5.jpg' width='1020' height='681' \/><\/a><div class='ftg-social'><\/div><\/div><div  class='tile ftg-preload'><a title=\"\" data-lightbox='ftg-11' rel='ftg-11'  class='tile-inner  ftg-lightbox' href='https:\/\/www.carolrenauxphoto.com\/wp-content\/uploads\/2020\/06\/bodas-6.jpg' ><img alt='' class='item skip-lazy' data-class='item' data-ftg-source='https:\/\/www.carolrenauxphoto.com\/wp-content\/uploads\/2020\/06\/bodas-6.jpg' src='https:\/\/www.carolrenauxphoto.com\/wp-content\/uploads\/2020\/06\/bodas-6.jpg' width='1020' height='680' \/><\/a><div class='ftg-social'><\/div><\/div><div  class='tile ftg-preload'><a title=\"\" data-lightbox='ftg-11' rel='ftg-11'  class='tile-inner  ftg-lightbox' href='https:\/\/www.carolrenauxphoto.com\/wp-content\/uploads\/2020\/06\/bodas-4.jpg' ><img alt='' class='item skip-lazy' data-class='item' data-ftg-source='https:\/\/www.carolrenauxphoto.com\/wp-content\/uploads\/2020\/06\/bodas-4.jpg' src='https:\/\/www.carolrenauxphoto.com\/wp-content\/uploads\/2020\/06\/bodas-4.jpg' width='1020' height='681' \/><\/a><div class='ftg-social'><\/div><\/div><div  class='tile ftg-preload'><a title=\"\" data-lightbox='ftg-11' rel='ftg-11'  class='tile-inner  ftg-lightbox' href='https:\/\/www.carolrenauxphoto.com\/wp-content\/uploads\/2020\/06\/bodas-7.jpg' ><img alt='' class='item skip-lazy' data-class='item' data-ftg-source='https:\/\/www.carolrenauxphoto.com\/wp-content\/uploads\/2020\/06\/bodas-7.jpg' src='https:\/\/www.carolrenauxphoto.com\/wp-content\/uploads\/2020\/06\/bodas-7.jpg' width='1020' height='680' \/><\/a><div class='ftg-social'><\/div><\/div><div  class='tile ftg-preload'><a title=\"\" data-lightbox='ftg-11' rel='ftg-11'  class='tile-inner  ftg-lightbox' href='https:\/\/www.carolrenauxphoto.com\/wp-content\/uploads\/2020\/06\/bodas-9-683x1024.jpg' ><img alt='' class='item skip-lazy' data-class='item' data-ftg-source='https:\/\/www.carolrenauxphoto.com\/wp-content\/uploads\/2020\/06\/bodas-9-683x1024.jpg' src='https:\/\/www.carolrenauxphoto.com\/wp-content\/uploads\/2020\/06\/bodas-9-683x1024.jpg' width='683' height='1024' \/><\/a><div class='ftg-social'><\/div><\/div><div  class='tile ftg-preload'><a title=\"\" data-lightbox='ftg-11' rel='ftg-11'  class='tile-inner  ftg-lightbox' href='https:\/\/www.carolrenauxphoto.com\/wp-content\/uploads\/2020\/06\/bodas-8.jpg' ><img alt='' class='item skip-lazy' data-class='item' data-ftg-source='https:\/\/www.carolrenauxphoto.com\/wp-content\/uploads\/2020\/06\/bodas-8.jpg' src='https:\/\/www.carolrenauxphoto.com\/wp-content\/uploads\/2020\/06\/bodas-8.jpg' width='1020' height='680' \/><\/a><div class='ftg-social'><\/div><\/div><div  class='tile ftg-preload'><a title=\"\" data-lightbox='ftg-11' rel='ftg-11'  class='tile-inner  ftg-lightbox' href='https:\/\/www.carolrenauxphoto.com\/wp-content\/uploads\/2020\/06\/bodas-10.jpg' ><img alt='' class='item skip-lazy' data-class='item' data-ftg-source='https:\/\/www.carolrenauxphoto.com\/wp-content\/uploads\/2020\/06\/bodas-10.jpg' src='https:\/\/www.carolrenauxphoto.com\/wp-content\/uploads\/2020\/06\/bodas-10.jpg' width='1020' height='680' \/><\/a><div class='ftg-social'><\/div><\/div><div  class='tile ftg-preload'><a title=\"\" data-lightbox='ftg-11' rel='ftg-11'  class='tile-inner  ftg-lightbox' href='https:\/\/www.carolrenauxphoto.com\/wp-content\/uploads\/2020\/06\/bodas-11.jpg' ><img alt='' class='item skip-lazy' data-class='item' data-ftg-source='https:\/\/www.carolrenauxphoto.com\/wp-content\/uploads\/2020\/06\/bodas-11.jpg' src='https:\/\/www.carolrenauxphoto.com\/wp-content\/uploads\/2020\/06\/bodas-11.jpg' width='1020' height='680' \/><\/a><div class='ftg-social'><\/div><\/div><div  class='tile ftg-preload'><a title=\"\" data-lightbox='ftg-11' rel='ftg-11'  class='tile-inner  ftg-lightbox' href='https:\/\/www.carolrenauxphoto.com\/wp-content\/uploads\/2020\/06\/bodas-12.jpg' ><img alt='' class='item skip-lazy' data-class='item' data-ftg-source='https:\/\/www.carolrenauxphoto.com\/wp-content\/uploads\/2020\/06\/bodas-12.jpg' src='https:\/\/www.carolrenauxphoto.com\/wp-content\/uploads\/2020\/06\/bodas-12.jpg' width='1020' height='680' \/><\/a><div class='ftg-social'><\/div><\/div><\/div><\/div>\n<\/div>\n\t\t\t\t\t\t<\/div>\n\t\t\t\t<\/div>\n\t\t\t\t\t<\/div>\n\t\t<\/div>\n\t\t\t\t\t<\/div>\n\t\t<\/section>\n\t\t\t\t<section class=\"elementor-section elementor-top-section elementor-element elementor-element-6e3baf8 elementor-section-stretched elementor-section-boxed elementor-section-height-default elementor-section-height-default\" data-id=\"6e3baf8\" data-element_type=\"section\" data-e-type=\"section\" data-settings=\"{&quot;stretch_section&quot;:&quot;section-stretched&quot;,&quot;background_background&quot;:&quot;classic&quot;}\">\n\t\t\t\t\t\t<div class=\"elementor-container elementor-column-gap-default\">\n\t\t\t\t\t<div class=\"elementor-column elementor-col-100 elementor-top-column elementor-element elementor-element-94d403f\" data-id=\"94d403f\" data-element_type=\"column\" data-e-type=\"column\" data-settings=\"{&quot;background_background&quot;:&quot;classic&quot;}\">\n\t\t\t<div class=\"elementor-widget-wrap elementor-element-populated\">\n\t\t\t\t\t\t<div class=\"elementor-element elementor-element-b5bb429 elementor-widget elementor-widget-text-editor\" data-id=\"b5bb429\" data-element_type=\"widget\" data-e-type=\"widget\" data-widget_type=\"text-editor.default\">\n\t\t\t\t<div class=\"elementor-widget-container\">\n\t\t\t\t\t\t\t\t\t<p style=\"text-align: left;\">Todo empieza con una llamada, un email. A partir de ah\u00ed buscamos una fecha para vernos y conocernos mejor.<\/p><p style=\"text-align: left;\">Me gusta conoceros bien conocer vuestra historia, c\u00f3mo ser\u00e1 vuestra boda, qu\u00e9 esper\u00e1is de mi\u2026todo nos ser\u00e1 \u00fatil; porque se trata de conocernos y conectar y que est\u00e9is seguros y convencidos de haberme elegido a m\u00ed como fot\u00f3grafa.<\/p><p style=\"text-align: left;\">\u00a1El d\u00eda de la boda empieza la magia! no os pedir\u00e9 posados forzados, quiero pasar lo m\u00e1s desapercibida posible y captar las emociones, abrazos, sonrisas de la manera m\u00e1s natural posible\u2026 quiero captar todo lo que hace diferente y \u00fanica vuestra boda.<\/p><p style=\"text-align: left;\">As\u00ed que no os qued\u00e9is con la duda&#8230;<\/p><p style=\"text-align: left;\">Si quer\u00e9is algo m\u00e1s que fotos bonitas y busc\u00e1is alguien que, de verdad, exprese eso que os hace \u00fanicos.<\/p><p style=\"text-align: left;\">Si quer\u00e9is saber si tengo disponibilidad o puedo desplazarme hasta el lugar de tu boda<\/p><p style=\"text-align: left;\">Si, simplemente, quer\u00e9is conocerme y descubrir si conectamos\u2026<\/p>\t\t\t\t\t\t\t\t<\/div>\n\t\t\t\t<\/div>\n\t\t\t\t\t<\/div>\n\t\t<\/div>\n\t\t\t\t\t<\/div>\n\t\t<\/section>\n\t\t\t\t<section class=\"elementor-section elementor-top-section elementor-element elementor-element-e2a8fc2 elementor-section-stretched elementor-section-boxed elementor-section-height-default elementor-section-height-default\" data-id=\"e2a8fc2\" data-element_type=\"section\" data-e-type=\"section\" data-settings=\"{&quot;stretch_section&quot;:&quot;section-stretched&quot;,&quot;background_background&quot;:&quot;classic&quot;}\">\n\t\t\t\t\t\t<div class=\"elementor-container elementor-column-gap-default\">\n\t\t\t\t\t<div class=\"elementor-column elementor-col-100 elementor-top-column elementor-element elementor-element-60c01b3\" data-id=\"60c01b3\" data-element_type=\"column\" data-e-type=\"column\" data-settings=\"{&quot;background_background&quot;:&quot;classic&quot;}\">\n\t\t\t<div class=\"elementor-widget-wrap elementor-element-populated\">\n\t\t\t\t\t\t<div class=\"elementor-element elementor-element-5645058 elementor-align-center elementor-widget elementor-widget-button\" data-id=\"5645058\" data-element_type=\"widget\" data-e-type=\"widget\" data-widget_type=\"button.default\">\n\t\t\t\t<div class=\"elementor-widget-container\">\n\t\t\t\t\t\t\t\t\t<div class=\"elementor-button-wrapper\">\n\t\t\t\t\t<a class=\"elementor-button elementor-button-link elementor-size-sm\" href=\"https:\/\/www.carolrenauxphoto.com\/en\/hablamos\/\" target=\"_blank\">\n\t\t\t\t\t\t<span class=\"elementor-button-content-wrapper\">\n\t\t\t\t\t\t\t\t\t<span class=\"elementor-button-text\">CONTADME VUESTROS PLANES    &gt;&gt;<\/span>\n\t\t\t\t\t<\/span>\n\t\t\t\t\t<\/a>\n\t\t\t\t<\/div>\n\t\t\t\t\t\t\t\t<\/div>\n\t\t\t\t<\/div>\n\t\t\t\t\t<\/div>\n\t\t<\/div>\n\t\t\t\t\t<\/div>\n\t\t<\/section>\n\t\t\t\t<section class=\"elementor-section elementor-top-section elementor-element elementor-element-b2453eb elementor-section-stretched elementor-section-boxed elementor-section-height-default elementor-section-height-default\" data-id=\"b2453eb\" data-element_type=\"section\" data-e-type=\"section\" data-settings=\"{&quot;stretch_section&quot;:&quot;section-stretched&quot;,&quot;background_background&quot;:&quot;classic&quot;}\">\n\t\t\t\t\t\t<div class=\"elementor-container elementor-column-gap-default\">\n\t\t\t\t\t<div class=\"elementor-column elementor-col-100 elementor-top-column elementor-element elementor-element-207d7f1\" data-id=\"207d7f1\" data-element_type=\"column\" data-e-type=\"column\">\n\t\t\t<div class=\"elementor-widget-wrap elementor-element-populated\">\n\t\t\t\t\t\t<div class=\"elementor-element elementor-element-0c7c9c5 elementor-widget elementor-widget-accordion\" data-id=\"0c7c9c5\" data-element_type=\"widget\" data-e-type=\"widget\" data-widget_type=\"accordion.default\">\n\t\t\t\t<div class=\"elementor-widget-container\">\n\t\t\t\t\t\t\t<div class=\"elementor-accordion\">\n\t\t\t\t\t\t\t<div class=\"elementor-accordion-item\">\n\t\t\t\t\t<div id=\"elementor-tab-title-1301\" class=\"elementor-tab-title\" data-tab=\"1\" role=\"button\" aria-controls=\"elementor-tab-content-1301\" aria-expanded=\"false\">\n\t\t\t\t\t\t\t\t\t\t\t\t\t<span class=\"elementor-accordion-icon elementor-accordion-icon-left\" aria-hidden=\"true\">\n\t\t\t\t\t\t\t\t\t\t\t\t\t\t\t<span class=\"elementor-accordion-icon-closed\"><i class=\"fas fa-plus\"><\/i><\/span>\n\t\t\t\t\t\t\t\t<span class=\"elementor-accordion-icon-opened\"><i class=\"fas fa-minus\"><\/i><\/span>\n\t\t\t\t\t\t\t\t\t\t\t\t\t\t<\/span>\n\t\t\t\t\t\t\t\t\t\t\t\t<a class=\"elementor-accordion-title\" tabindex=\"0\">Estamos dudando entre varios fot\u00f3grafos de boda \u00bfpor qu\u00e9 t\u00fa?<\/a>\n\t\t\t\t\t<\/div>\n\t\t\t\t\t<div id=\"elementor-tab-content-1301\" class=\"elementor-tab-content elementor-clearfix\" data-tab=\"1\" role=\"region\" aria-labelledby=\"elementor-tab-title-1301\"><p>Es verdad, somos muchos, y los hay para todos los gustos y colores.<\/p><p>La elecci\u00f3n depender\u00e1 de su estilo, precio, lo que te transmita, si te lo ha recomendado alguien que conoces y es que hablamos del d\u00eda de t\u00fa boda, quieres encontrar al profesional perfecto para ti.<\/p><p>Yo te recomiendo que eches un vistazo al trabajo de varios fot\u00f3grafos para tener una idea de lo que realmente os gusta.<\/p><p>Si tuviera que definir con pocas palabras mi estilo dir\u00eda que mis fotograf\u00edas son naturales,\u00a0 alegres y elegantes, emotivas, y que presto especial atenci\u00f3n a los detalles.<\/p><p>Pero me gusta adaptar mi estilo al vuestro. A vuestros gustos, a vuestra personalidad, al estilismo de la novia, al lugar de la celebraci\u00f3n\u2026<\/p><p>El resultado ser\u00e1n unas fotograf\u00edas de boda naturales y emotivas pero desde un punto de vista creativo, que narren una historia real, la vuestra, con toda la magia de ese d\u00eda y las personas que os acompa\u00f1an. Sin posados artificiales, con naturalidad y espontaneidad. Incluyendo todos los detalles que hab\u00e9is preparado con tanto mimo para este d\u00eda.<\/p><p><img decoding=\"async\" class=\"aligncenter wp-image-780 size-full\" src=\"https:\/\/www.carolrenauxphoto.com\/wp-content\/uploads\/2020\/06\/preguntas.jpg\" alt=\"\" width=\"693\" height=\"441\" srcset=\"https:\/\/www.carolrenauxphoto.com\/wp-content\/uploads\/2020\/06\/preguntas.jpg 693w, https:\/\/www.carolrenauxphoto.com\/wp-content\/uploads\/2020\/06\/preguntas-300x191.jpg 300w\" sizes=\"(max-width: 693px) 100vw, 693px\" \/><\/p><\/div>\n\t\t\t\t<\/div>\n\t\t\t\t\t\t\t<div class=\"elementor-accordion-item\">\n\t\t\t\t\t<div id=\"elementor-tab-title-1302\" class=\"elementor-tab-title\" data-tab=\"2\" role=\"button\" aria-controls=\"elementor-tab-content-1302\" aria-expanded=\"false\">\n\t\t\t\t\t\t\t\t\t\t\t\t\t<span class=\"elementor-accordion-icon elementor-accordion-icon-left\" aria-hidden=\"true\">\n\t\t\t\t\t\t\t\t\t\t\t\t\t\t\t<span class=\"elementor-accordion-icon-closed\"><i class=\"fas fa-plus\"><\/i><\/span>\n\t\t\t\t\t\t\t\t<span class=\"elementor-accordion-icon-opened\"><i class=\"fas fa-minus\"><\/i><\/span>\n\t\t\t\t\t\t\t\t\t\t\t\t\t\t<\/span>\n\t\t\t\t\t\t\t\t\t\t\t\t<a class=\"elementor-accordion-title\" tabindex=\"0\">\u00bfC\u00f3mo ser\u00e1 tu papel ese d\u00eda?<\/a>\n\t\t\t\t\t<\/div>\n\t\t\t\t\t<div id=\"elementor-tab-content-1302\" class=\"elementor-tab-content elementor-clearfix\" data-tab=\"2\" role=\"region\" aria-labelledby=\"elementor-tab-title-1302\"><p>Os acompa\u00f1ar\u00e9 todo el d\u00eda para no perderme nada. Desde los preparativos hasta la fiesta.<\/p><p>No quiero perderme ning\u00fan detalle que sea importante para vosotros y para contar vuestra historia. As\u00ed que antes de ese d\u00eda hablaremos y nos veremos para conocernos mejor y que me cont\u00e9is todos los detalles importantes de vuestra boda.<\/p><p>Soy una enamorada de las bodas y en todas me involucro de forma personal, no lo puedo evitar. Soy de las que se emociona cuando escucha los discursos, cuando veo c\u00f3mo os emocion\u00e1is.<\/p><p>Soy muy discreta trabajando y los novios e invitados se acaban olvidando de que estoy ah\u00ed captando todo con mi c\u00e1mara. Pero tambi\u00e9n soy una fot\u00f3grafa experimentada, activa y resolutiva, as\u00ed que estar\u00e9 cerquita para ayudaros en todo lo necesario, y os ayudar\u00e9 con los detalles que no se os ocurra c\u00f3mo resolver.<\/p><p>Pero si no me necesit\u00e1is y veo que todo fluye, voy a captar vuestra boda sin alterar los momentos, estando en la sombra atenta para no perderme ning\u00fan detalle, de forma natural.<\/p><\/div>\n\t\t\t\t<\/div>\n\t\t\t\t\t\t\t<div class=\"elementor-accordion-item\">\n\t\t\t\t\t<div id=\"elementor-tab-title-1303\" class=\"elementor-tab-title\" data-tab=\"3\" role=\"button\" aria-controls=\"elementor-tab-content-1303\" aria-expanded=\"false\">\n\t\t\t\t\t\t\t\t\t\t\t\t\t<span class=\"elementor-accordion-icon elementor-accordion-icon-left\" aria-hidden=\"true\">\n\t\t\t\t\t\t\t\t\t\t\t\t\t\t\t<span class=\"elementor-accordion-icon-closed\"><i class=\"fas fa-plus\"><\/i><\/span>\n\t\t\t\t\t\t\t\t<span class=\"elementor-accordion-icon-opened\"><i class=\"fas fa-minus\"><\/i><\/span>\n\t\t\t\t\t\t\t\t\t\t\t\t\t\t<\/span>\n\t\t\t\t\t\t\t\t\t\t\t\t<a class=\"elementor-accordion-title\" tabindex=\"0\">\u00bfC\u00f3mo y cuando entregas las bodas?<\/a>\n\t\t\t\t\t<\/div>\n\t\t\t\t\t<div id=\"elementor-tab-content-1303\" class=\"elementor-tab-content elementor-clearfix\" data-tab=\"3\" role=\"region\" aria-labelledby=\"elementor-tab-title-1303\"><p>Sea cual sea el paquete que elij\u00e1is os entregar\u00e9 de todas las fotograf\u00edas que salgan bien editadas en formato de archivo digital de m\u00e1xima resoluci\u00f3n que os entregar\u00e9 en galer\u00eda privada online y caja de madera artesanal con un pendrive y 10 l\u00e1minas fineart 15&#215;20.<\/p><p>El plazo m\u00e1ximo de entrega es de 2 meses para todas las fotos, pero siempre env\u00edo un avance con una peque\u00f1a selecci\u00f3n pocos d\u00edas despu\u00e9s de la boda.<\/p><p>Opciones: \u00c1lbum profesional FineArt; \u00e1lbumes copia para los padres, copias Fine Art.<\/p><p><img decoding=\"async\" class=\"aligncenter wp-image-739 size-full\" src=\"https:\/\/www.carolrenauxphoto.com\/wp-content\/uploads\/2020\/06\/preguntas-entrega.jpg\" alt=\"\" width=\"771\" height=\"525\" srcset=\"https:\/\/www.carolrenauxphoto.com\/wp-content\/uploads\/2020\/06\/preguntas-entrega.jpg 771w, https:\/\/www.carolrenauxphoto.com\/wp-content\/uploads\/2020\/06\/preguntas-entrega-300x204.jpg 300w, https:\/\/www.carolrenauxphoto.com\/wp-content\/uploads\/2020\/06\/preguntas-entrega-768x523.jpg 768w\" sizes=\"(max-width: 771px) 100vw, 771px\" \/><\/p><\/div>\n\t\t\t\t<\/div>\n\t\t\t\t\t\t\t<div class=\"elementor-accordion-item\">\n\t\t\t\t\t<div id=\"elementor-tab-title-1304\" class=\"elementor-tab-title\" data-tab=\"4\" role=\"button\" aria-controls=\"elementor-tab-content-1304\" aria-expanded=\"false\">\n\t\t\t\t\t\t\t\t\t\t\t\t\t<span class=\"elementor-accordion-icon elementor-accordion-icon-left\" aria-hidden=\"true\">\n\t\t\t\t\t\t\t\t\t\t\t\t\t\t\t<span class=\"elementor-accordion-icon-closed\"><i class=\"fas fa-plus\"><\/i><\/span>\n\t\t\t\t\t\t\t\t<span class=\"elementor-accordion-icon-opened\"><i class=\"fas fa-minus\"><\/i><\/span>\n\t\t\t\t\t\t\t\t\t\t\t\t\t\t<\/span>\n\t\t\t\t\t\t\t\t\t\t\t\t<a class=\"elementor-accordion-title\" tabindex=\"0\">\u00bfRealizas sesiones de preboda o postboda?<\/a>\n\t\t\t\t\t<\/div>\n\t\t\t\t\t<div id=\"elementor-tab-content-1304\" class=\"elementor-tab-content elementor-clearfix\" data-tab=\"4\" role=\"region\" aria-labelledby=\"elementor-tab-title-1304\"><p>Siii y me encantan, para mi hacer una sesi\u00f3n de preboda es la mejor manera de conocernos, de crear complicidad entre nosotros, de romper el hielo ante la c\u00e1mara\u2026 pero sobre todo es un momento genial para vosotros para disfrutar durante los preparativos que pueden llegar a ser muy estresantes\u2026y adem\u00e1s se obtienen fotos as\u00ed de chulas:<\/p><p><br \/>\t\t<div data-elementor-type=\"wp-post\" data-elementor-id=\"897\" class=\"elementor elementor-897\">\n\t\t\t\t\t\t<section class=\"elementor-section elementor-top-section elementor-element elementor-element-2f3ec9be elementor-section-boxed elementor-section-height-default elementor-section-height-default\" data-id=\"2f3ec9be\" data-element_type=\"section\" data-e-type=\"section\" data-settings=\"{&quot;background_background&quot;:&quot;classic&quot;}\">\n\t\t\t\t\t\t<div class=\"elementor-container elementor-column-gap-default\">\n\t\t\t\t\t<div class=\"elementor-column elementor-col-33 elementor-top-column elementor-element elementor-element-7294aff1\" data-id=\"7294aff1\" data-element_type=\"column\" data-e-type=\"column\">\n\t\t\t<div class=\"elementor-widget-wrap elementor-element-populated\">\n\t\t\t\t\t\t<div class=\"elementor-element elementor-element-3d3aaeac elementor-widget elementor-widget-image\" data-id=\"3d3aaeac\" data-element_type=\"widget\" data-e-type=\"widget\" data-widget_type=\"image.default\">\n\t\t\t\t<div class=\"elementor-widget-container\">\n\t\t\t\t\t\t\t\t\t\t\t\t\t\t\t\t<a href=\"https:\/\/www.carolrenauxphoto.com\/wp-content\/uploads\/2020\/07\/preboda-01.jpg\" data-elementor-open-lightbox=\"yes\" data-elementor-lightbox-title=\"preboda-01\" data-e-action-hash=\"#elementor-action%3Aaction%3Dlightbox%26settings%3DeyJpZCI6OTAwLCJ1cmwiOiJodHRwczpcL1wvd3d3LmNhcm9scmVuYXV4cGhvdG8uY29tXC93cC1jb250ZW50XC91cGxvYWRzXC8yMDIwXC8wN1wvcHJlYm9kYS0wMS5qcGcifQ%3D%3D\">\n\t\t\t\t\t\t\t<img loading=\"lazy\" decoding=\"async\" width=\"1020\" height=\"1530\" src=\"https:\/\/www.carolrenauxphoto.com\/wp-content\/uploads\/2020\/07\/preboda-01.jpg\" class=\"attachment-full size-full wp-image-900\" alt=\"\" srcset=\"https:\/\/www.carolrenauxphoto.com\/wp-content\/uploads\/2020\/07\/preboda-01.jpg 1020w, https:\/\/www.carolrenauxphoto.com\/wp-content\/uploads\/2020\/07\/preboda-01-200x300.jpg 200w, https:\/\/www.carolrenauxphoto.com\/wp-content\/uploads\/2020\/07\/preboda-01-683x1024.jpg 683w, https:\/\/www.carolrenauxphoto.com\/wp-content\/uploads\/2020\/07\/preboda-01-768x1152.jpg 768w\" sizes=\"(max-width: 1020px) 100vw, 1020px\" \/>\t\t\t\t\t\t\t\t<\/a>\n\t\t\t\t\t\t\t\t\t\t\t\t\t\t\t<\/div>\n\t\t\t\t<\/div>\n\t\t\t\t<div class=\"elementor-element elementor-element-25772048 elementor-widget elementor-widget-image\" data-id=\"25772048\" data-element_type=\"widget\" data-e-type=\"widget\" data-widget_type=\"image.default\">\n\t\t\t\t<div class=\"elementor-widget-container\">\n\t\t\t\t\t\t\t\t\t\t\t\t\t\t\t\t<a href=\"https:\/\/www.carolrenauxphoto.com\/wp-content\/uploads\/2020\/07\/preboda-04.jpg\" data-elementor-open-lightbox=\"yes\" data-elementor-lightbox-title=\"preboda-04\" data-e-action-hash=\"#elementor-action%3Aaction%3Dlightbox%26settings%3DeyJpZCI6OTAzLCJ1cmwiOiJodHRwczpcL1wvd3d3LmNhcm9scmVuYXV4cGhvdG8uY29tXC93cC1jb250ZW50XC91cGxvYWRzXC8yMDIwXC8wN1wvcHJlYm9kYS0wNC5qcGcifQ%3D%3D\">\n\t\t\t\t\t\t\t<img loading=\"lazy\" decoding=\"async\" width=\"1020\" height=\"680\" src=\"https:\/\/www.carolrenauxphoto.com\/wp-content\/uploads\/2020\/07\/preboda-04.jpg\" class=\"attachment-full size-full wp-image-903\" alt=\"\" srcset=\"https:\/\/www.carolrenauxphoto.com\/wp-content\/uploads\/2020\/07\/preboda-04.jpg 1020w, https:\/\/www.carolrenauxphoto.com\/wp-content\/uploads\/2020\/07\/preboda-04-300x200.jpg 300w, https:\/\/www.carolrenauxphoto.com\/wp-content\/uploads\/2020\/07\/preboda-04-768x512.jpg 768w\" sizes=\"(max-width: 1020px) 100vw, 1020px\" \/>\t\t\t\t\t\t\t\t<\/a>\n\t\t\t\t\t\t\t\t\t\t\t\t\t\t\t<\/div>\n\t\t\t\t<\/div>\n\t\t\t\t<div class=\"elementor-element elementor-element-369acd83 elementor-widget elementor-widget-image\" data-id=\"369acd83\" data-element_type=\"widget\" data-e-type=\"widget\" data-widget_type=\"image.default\">\n\t\t\t\t<div class=\"elementor-widget-container\">\n\t\t\t\t\t\t\t\t\t\t\t\t\t\t\t\t<a href=\"https:\/\/www.carolrenauxphoto.com\/wp-content\/uploads\/2020\/07\/preboda-06.jpg\" data-elementor-open-lightbox=\"yes\" data-elementor-lightbox-title=\"preboda-06\" data-e-action-hash=\"#elementor-action%3Aaction%3Dlightbox%26settings%3DeyJpZCI6OTA1LCJ1cmwiOiJodHRwczpcL1wvd3d3LmNhcm9scmVuYXV4cGhvdG8uY29tXC93cC1jb250ZW50XC91cGxvYWRzXC8yMDIwXC8wN1wvcHJlYm9kYS0wNi5qcGcifQ%3D%3D\">\n\t\t\t\t\t\t\t<img loading=\"lazy\" decoding=\"async\" width=\"1020\" height=\"680\" src=\"https:\/\/www.carolrenauxphoto.com\/wp-content\/uploads\/2020\/07\/preboda-06.jpg\" class=\"attachment-full size-full wp-image-905\" alt=\"\" srcset=\"https:\/\/www.carolrenauxphoto.com\/wp-content\/uploads\/2020\/07\/preboda-06.jpg 1020w, https:\/\/www.carolrenauxphoto.com\/wp-content\/uploads\/2020\/07\/preboda-06-300x200.jpg 300w, https:\/\/www.carolrenauxphoto.com\/wp-content\/uploads\/2020\/07\/preboda-06-768x512.jpg 768w\" sizes=\"(max-width: 1020px) 100vw, 1020px\" \/>\t\t\t\t\t\t\t\t<\/a>\n\t\t\t\t\t\t\t\t\t\t\t\t\t\t\t<\/div>\n\t\t\t\t<\/div>\n\t\t\t\t\t<\/div>\n\t\t<\/div>\n\t\t\t\t<div class=\"elementor-column elementor-col-33 elementor-top-column elementor-element elementor-element-2598ec2c\" data-id=\"2598ec2c\" data-element_type=\"column\" data-e-type=\"column\">\n\t\t\t<div class=\"elementor-widget-wrap elementor-element-populated\">\n\t\t\t\t\t\t<div class=\"elementor-element elementor-element-57eaf3f2 elementor-widget elementor-widget-image\" data-id=\"57eaf3f2\" data-element_type=\"widget\" data-e-type=\"widget\" data-widget_type=\"image.default\">\n\t\t\t\t<div class=\"elementor-widget-container\">\n\t\t\t\t\t\t\t\t\t\t\t\t\t\t\t\t<a href=\"https:\/\/www.carolrenauxphoto.com\/wp-content\/uploads\/2020\/07\/preboda-02.jpg\" data-elementor-open-lightbox=\"yes\" data-elementor-lightbox-title=\"preboda-02\" data-e-action-hash=\"#elementor-action%3Aaction%3Dlightbox%26settings%3DeyJpZCI6OTAxLCJ1cmwiOiJodHRwczpcL1wvd3d3LmNhcm9scmVuYXV4cGhvdG8uY29tXC93cC1jb250ZW50XC91cGxvYWRzXC8yMDIwXC8wN1wvcHJlYm9kYS0wMi5qcGcifQ%3D%3D\">\n\t\t\t\t\t\t\t<img loading=\"lazy\" decoding=\"async\" width=\"1020\" height=\"680\" src=\"https:\/\/www.carolrenauxphoto.com\/wp-content\/uploads\/2020\/07\/preboda-02.jpg\" class=\"attachment-full size-full wp-image-901\" alt=\"\" srcset=\"https:\/\/www.carolrenauxphoto.com\/wp-content\/uploads\/2020\/07\/preboda-02.jpg 1020w, https:\/\/www.carolrenauxphoto.com\/wp-content\/uploads\/2020\/07\/preboda-02-300x200.jpg 300w, https:\/\/www.carolrenauxphoto.com\/wp-content\/uploads\/2020\/07\/preboda-02-768x512.jpg 768w\" sizes=\"(max-width: 1020px) 100vw, 1020px\" \/>\t\t\t\t\t\t\t\t<\/a>\n\t\t\t\t\t\t\t\t\t\t\t\t\t\t\t<\/div>\n\t\t\t\t<\/div>\n\t\t\t\t<div class=\"elementor-element elementor-element-65276b0e elementor-widget elementor-widget-image\" data-id=\"65276b0e\" data-element_type=\"widget\" data-e-type=\"widget\" data-widget_type=\"image.default\">\n\t\t\t\t<div class=\"elementor-widget-container\">\n\t\t\t\t\t\t\t\t\t\t\t\t\t\t\t\t<a href=\"https:\/\/www.carolrenauxphoto.com\/wp-content\/uploads\/2020\/07\/preboda-05.jpg\" data-elementor-open-lightbox=\"yes\" data-elementor-lightbox-title=\"preboda-05\" data-e-action-hash=\"#elementor-action%3Aaction%3Dlightbox%26settings%3DeyJpZCI6OTA0LCJ1cmwiOiJodHRwczpcL1wvd3d3LmNhcm9scmVuYXV4cGhvdG8uY29tXC93cC1jb250ZW50XC91cGxvYWRzXC8yMDIwXC8wN1wvcHJlYm9kYS0wNS5qcGcifQ%3D%3D\">\n\t\t\t\t\t\t\t<img loading=\"lazy\" decoding=\"async\" width=\"1020\" height=\"680\" src=\"https:\/\/www.carolrenauxphoto.com\/wp-content\/uploads\/2020\/07\/preboda-05.jpg\" class=\"attachment-full size-full wp-image-904\" alt=\"\" srcset=\"https:\/\/www.carolrenauxphoto.com\/wp-content\/uploads\/2020\/07\/preboda-05.jpg 1020w, https:\/\/www.carolrenauxphoto.com\/wp-content\/uploads\/2020\/07\/preboda-05-300x200.jpg 300w, https:\/\/www.carolrenauxphoto.com\/wp-content\/uploads\/2020\/07\/preboda-05-768x512.jpg 768w\" sizes=\"(max-width: 1020px) 100vw, 1020px\" \/>\t\t\t\t\t\t\t\t<\/a>\n\t\t\t\t\t\t\t\t\t\t\t\t\t\t\t<\/div>\n\t\t\t\t<\/div>\n\t\t\t\t<div class=\"elementor-element elementor-element-6d528b82 elementor-widget elementor-widget-image\" data-id=\"6d528b82\" data-element_type=\"widget\" data-e-type=\"widget\" data-widget_type=\"image.default\">\n\t\t\t\t<div class=\"elementor-widget-container\">\n\t\t\t\t\t\t\t\t\t\t\t\t\t\t\t\t<a href=\"https:\/\/www.carolrenauxphoto.com\/wp-content\/uploads\/2020\/07\/preboda-07.jpg\" data-elementor-open-lightbox=\"yes\" data-elementor-lightbox-title=\"preboda-07\" data-e-action-hash=\"#elementor-action%3Aaction%3Dlightbox%26settings%3DeyJpZCI6OTA2LCJ1cmwiOiJodHRwczpcL1wvd3d3LmNhcm9scmVuYXV4cGhvdG8uY29tXC93cC1jb250ZW50XC91cGxvYWRzXC8yMDIwXC8wN1wvcHJlYm9kYS0wNy5qcGcifQ%3D%3D\">\n\t\t\t\t\t\t\t<img loading=\"lazy\" decoding=\"async\" width=\"1020\" height=\"680\" src=\"https:\/\/www.carolrenauxphoto.com\/wp-content\/uploads\/2020\/07\/preboda-07.jpg\" class=\"attachment-full size-full wp-image-906\" alt=\"\" srcset=\"https:\/\/www.carolrenauxphoto.com\/wp-content\/uploads\/2020\/07\/preboda-07.jpg 1020w, https:\/\/www.carolrenauxphoto.com\/wp-content\/uploads\/2020\/07\/preboda-07-300x200.jpg 300w, https:\/\/www.carolrenauxphoto.com\/wp-content\/uploads\/2020\/07\/preboda-07-768x512.jpg 768w\" sizes=\"(max-width: 1020px) 100vw, 1020px\" \/>\t\t\t\t\t\t\t\t<\/a>\n\t\t\t\t\t\t\t\t\t\t\t\t\t\t\t<\/div>\n\t\t\t\t<\/div>\n\t\t\t\t<div class=\"elementor-element elementor-element-68da7851 elementor-widget elementor-widget-image\" data-id=\"68da7851\" data-element_type=\"widget\" data-e-type=\"widget\" data-widget_type=\"image.default\">\n\t\t\t\t<div class=\"elementor-widget-container\">\n\t\t\t\t\t\t\t\t\t\t\t\t\t\t\t\t<a href=\"https:\/\/www.carolrenauxphoto.com\/wp-content\/uploads\/2020\/07\/preboda-10.jpg\" data-elementor-open-lightbox=\"yes\" data-elementor-lightbox-title=\"preboda-10\" data-e-action-hash=\"#elementor-action%3Aaction%3Dlightbox%26settings%3DeyJpZCI6OTA5LCJ1cmwiOiJodHRwczpcL1wvd3d3LmNhcm9scmVuYXV4cGhvdG8uY29tXC93cC1jb250ZW50XC91cGxvYWRzXC8yMDIwXC8wN1wvcHJlYm9kYS0xMC5qcGcifQ%3D%3D\">\n\t\t\t\t\t\t\t<img loading=\"lazy\" decoding=\"async\" width=\"1020\" height=\"1530\" src=\"https:\/\/www.carolrenauxphoto.com\/wp-content\/uploads\/2020\/07\/preboda-10.jpg\" class=\"attachment-full size-full wp-image-909\" alt=\"\" srcset=\"https:\/\/www.carolrenauxphoto.com\/wp-content\/uploads\/2020\/07\/preboda-10.jpg 1020w, https:\/\/www.carolrenauxphoto.com\/wp-content\/uploads\/2020\/07\/preboda-10-200x300.jpg 200w, https:\/\/www.carolrenauxphoto.com\/wp-content\/uploads\/2020\/07\/preboda-10-683x1024.jpg 683w, https:\/\/www.carolrenauxphoto.com\/wp-content\/uploads\/2020\/07\/preboda-10-768x1152.jpg 768w\" sizes=\"(max-width: 1020px) 100vw, 1020px\" \/>\t\t\t\t\t\t\t\t<\/a>\n\t\t\t\t\t\t\t\t\t\t\t\t\t\t\t<\/div>\n\t\t\t\t<\/div>\n\t\t\t\t\t<\/div>\n\t\t<\/div>\n\t\t\t\t<div class=\"elementor-column elementor-col-33 elementor-top-column elementor-element elementor-element-6de6bdf9\" data-id=\"6de6bdf9\" data-element_type=\"column\" data-e-type=\"column\">\n\t\t\t<div class=\"elementor-widget-wrap elementor-element-populated\">\n\t\t\t\t\t\t<div class=\"elementor-element elementor-element-635d13eb elementor-widget elementor-widget-image\" data-id=\"635d13eb\" data-element_type=\"widget\" data-e-type=\"widget\" data-widget_type=\"image.default\">\n\t\t\t\t<div class=\"elementor-widget-container\">\n\t\t\t\t\t\t\t\t\t\t\t\t\t\t\t\t<a href=\"https:\/\/www.carolrenauxphoto.com\/wp-content\/uploads\/2020\/07\/preboda-03.jpg\" data-elementor-open-lightbox=\"yes\" data-elementor-lightbox-title=\"preboda-03\" data-e-action-hash=\"#elementor-action%3Aaction%3Dlightbox%26settings%3DeyJpZCI6OTAyLCJ1cmwiOiJodHRwczpcL1wvd3d3LmNhcm9scmVuYXV4cGhvdG8uY29tXC93cC1jb250ZW50XC91cGxvYWRzXC8yMDIwXC8wN1wvcHJlYm9kYS0wMy5qcGcifQ%3D%3D\">\n\t\t\t\t\t\t\t<img loading=\"lazy\" decoding=\"async\" width=\"1020\" height=\"1530\" src=\"https:\/\/www.carolrenauxphoto.com\/wp-content\/uploads\/2020\/07\/preboda-03.jpg\" class=\"attachment-full size-full wp-image-902\" alt=\"\" srcset=\"https:\/\/www.carolrenauxphoto.com\/wp-content\/uploads\/2020\/07\/preboda-03.jpg 1020w, https:\/\/www.carolrenauxphoto.com\/wp-content\/uploads\/2020\/07\/preboda-03-200x300.jpg 200w, https:\/\/www.carolrenauxphoto.com\/wp-content\/uploads\/2020\/07\/preboda-03-683x1024.jpg 683w, https:\/\/www.carolrenauxphoto.com\/wp-content\/uploads\/2020\/07\/preboda-03-768x1152.jpg 768w\" sizes=\"(max-width: 1020px) 100vw, 1020px\" \/>\t\t\t\t\t\t\t\t<\/a>\n\t\t\t\t\t\t\t\t\t\t\t\t\t\t\t<\/div>\n\t\t\t\t<\/div>\n\t\t\t\t<div class=\"elementor-element elementor-element-70cb0bdd elementor-widget elementor-widget-image\" data-id=\"70cb0bdd\" data-element_type=\"widget\" data-e-type=\"widget\" data-widget_type=\"image.default\">\n\t\t\t\t<div class=\"elementor-widget-container\">\n\t\t\t\t\t\t\t\t\t\t\t\t\t\t\t\t<a href=\"https:\/\/www.carolrenauxphoto.com\/wp-content\/uploads\/2020\/07\/preboda-08.jpg\" data-elementor-open-lightbox=\"yes\" data-elementor-lightbox-title=\"preboda-08\" data-e-action-hash=\"#elementor-action%3Aaction%3Dlightbox%26settings%3DeyJpZCI6OTA3LCJ1cmwiOiJodHRwczpcL1wvd3d3LmNhcm9scmVuYXV4cGhvdG8uY29tXC93cC1jb250ZW50XC91cGxvYWRzXC8yMDIwXC8wN1wvcHJlYm9kYS0wOC5qcGcifQ%3D%3D\">\n\t\t\t\t\t\t\t<img loading=\"lazy\" decoding=\"async\" width=\"1020\" height=\"1530\" src=\"https:\/\/www.carolrenauxphoto.com\/wp-content\/uploads\/2020\/07\/preboda-08.jpg\" class=\"attachment-full size-full wp-image-907\" alt=\"\" srcset=\"https:\/\/www.carolrenauxphoto.com\/wp-content\/uploads\/2020\/07\/preboda-08.jpg 1020w, https:\/\/www.carolrenauxphoto.com\/wp-content\/uploads\/2020\/07\/preboda-08-200x300.jpg 200w, https:\/\/www.carolrenauxphoto.com\/wp-content\/uploads\/2020\/07\/preboda-08-683x1024.jpg 683w, https:\/\/www.carolrenauxphoto.com\/wp-content\/uploads\/2020\/07\/preboda-08-768x1152.jpg 768w\" sizes=\"(max-width: 1020px) 100vw, 1020px\" \/>\t\t\t\t\t\t\t\t<\/a>\n\t\t\t\t\t\t\t\t\t\t\t\t\t\t\t<\/div>\n\t\t\t\t<\/div>\n\t\t\t\t<div class=\"elementor-element elementor-element-3409a97b elementor-widget elementor-widget-image\" data-id=\"3409a97b\" data-element_type=\"widget\" data-e-type=\"widget\" data-widget_type=\"image.default\">\n\t\t\t\t<div class=\"elementor-widget-container\">\n\t\t\t\t\t\t\t\t\t\t\t\t\t\t\t\t<a href=\"https:\/\/www.carolrenauxphoto.com\/wp-content\/uploads\/2020\/07\/preboda-11.jpg\" data-elementor-open-lightbox=\"yes\" data-elementor-lightbox-title=\"preboda-11\" data-e-action-hash=\"#elementor-action%3Aaction%3Dlightbox%26settings%3DeyJpZCI6OTEwLCJ1cmwiOiJodHRwczpcL1wvd3d3LmNhcm9scmVuYXV4cGhvdG8uY29tXC93cC1jb250ZW50XC91cGxvYWRzXC8yMDIwXC8wN1wvcHJlYm9kYS0xMS5qcGcifQ%3D%3D\">\n\t\t\t\t\t\t\t<img loading=\"lazy\" decoding=\"async\" width=\"1020\" height=\"680\" src=\"https:\/\/www.carolrenauxphoto.com\/wp-content\/uploads\/2020\/07\/preboda-11.jpg\" class=\"attachment-full size-full wp-image-910\" alt=\"\" srcset=\"https:\/\/www.carolrenauxphoto.com\/wp-content\/uploads\/2020\/07\/preboda-11.jpg 1020w, https:\/\/www.carolrenauxphoto.com\/wp-content\/uploads\/2020\/07\/preboda-11-300x200.jpg 300w, https:\/\/www.carolrenauxphoto.com\/wp-content\/uploads\/2020\/07\/preboda-11-768x512.jpg 768w\" sizes=\"(max-width: 1020px) 100vw, 1020px\" \/>\t\t\t\t\t\t\t\t<\/a>\n\t\t\t\t\t\t\t\t\t\t\t\t\t\t\t<\/div>\n\t\t\t\t<\/div>\n\t\t\t\t\t<\/div>\n\t\t<\/div>\n\t\t\t\t\t<\/div>\n\t\t<\/section>\n\t\t\t\t<\/div>\n\t\t<\/p><\/div>\n\t\t\t\t<\/div>\n\t\t\t\t\t\t\t<div class=\"elementor-accordion-item\">\n\t\t\t\t\t<div id=\"elementor-tab-title-1305\" class=\"elementor-tab-title\" data-tab=\"5\" role=\"button\" aria-controls=\"elementor-tab-content-1305\" aria-expanded=\"false\">\n\t\t\t\t\t\t\t\t\t\t\t\t\t<span class=\"elementor-accordion-icon elementor-accordion-icon-left\" aria-hidden=\"true\">\n\t\t\t\t\t\t\t\t\t\t\t\t\t\t\t<span class=\"elementor-accordion-icon-closed\"><i class=\"fas fa-plus\"><\/i><\/span>\n\t\t\t\t\t\t\t\t<span class=\"elementor-accordion-icon-opened\"><i class=\"fas fa-minus\"><\/i><\/span>\n\t\t\t\t\t\t\t\t\t\t\t\t\t\t<\/span>\n\t\t\t\t\t\t\t\t\t\t\t\t<a class=\"elementor-accordion-title\" tabindex=\"0\"> \u00bfHaces tambi\u00e9n video?<\/a>\n\t\t\t\t\t<\/div>\n\t\t\t\t\t<div id=\"elementor-tab-content-1305\" class=\"elementor-tab-content elementor-clearfix\" data-tab=\"5\" role=\"region\" aria-labelledby=\"elementor-tab-title-1305\"><p>S\u00ed, no personalmente pero trabajo con varios profesionales de mi m\u00e1xima confianza.<\/p><p>Son compa\u00f1eros con los que llevo muchos a\u00f1os trabajando y realizan un trabajo de gran calidad con un estilo muy parecido al m\u00edo.<\/p><p>En el caso de que os interese no dud\u00e9is en poneros en contacto conmigo y os mando toda la informaci\u00f3n al respecto.<\/p><\/div>\n\t\t\t\t<\/div>\n\t\t\t\t\t\t\t<div class=\"elementor-accordion-item\">\n\t\t\t\t\t<div id=\"elementor-tab-title-1306\" class=\"elementor-tab-title\" data-tab=\"6\" role=\"button\" aria-controls=\"elementor-tab-content-1306\" aria-expanded=\"false\">\n\t\t\t\t\t\t\t\t\t\t\t\t\t<span class=\"elementor-accordion-icon elementor-accordion-icon-left\" aria-hidden=\"true\">\n\t\t\t\t\t\t\t\t\t\t\t\t\t\t\t<span class=\"elementor-accordion-icon-closed\"><i class=\"fas fa-plus\"><\/i><\/span>\n\t\t\t\t\t\t\t\t<span class=\"elementor-accordion-icon-opened\"><i class=\"fas fa-minus\"><\/i><\/span>\n\t\t\t\t\t\t\t\t\t\t\t\t\t\t<\/span>\n\t\t\t\t\t\t\t\t\t\t\t\t<a class=\"elementor-accordion-title\" tabindex=\"0\">\u00bfCu\u00e1les son tus tarifas ?<\/a>\n\t\t\t\t\t<\/div>\n\t\t\t\t\t<div id=\"elementor-tab-content-1306\" class=\"elementor-tab-content elementor-clearfix\" data-tab=\"6\" role=\"region\" aria-labelledby=\"elementor-tab-title-1306\"><p>Tengo varios paquetes est\u00e1ndar con cobertura desde los preparativos hasta la fiesta, pero tambi\u00e9n preparo propuestas totalmente personalizadas a lo que necesit\u00e9is.<\/p><p>No es lo mismo una boda \u00edntima o con una peque\u00f1a cobertura que una boda de 2 d\u00edas..el precio depender\u00e1 del tiempo de cobertura y de si dese\u00e1is realizar sesi\u00f3n de fotos preboda o postboda, \u00e1lbum artesanal.<\/p><p>Lo mejor es que me contact\u00e9is y me cont\u00e9is vuestra boda y os pasar\u00e9 un presupuesto completamente personalizado.<\/p><\/div>\n\t\t\t\t<\/div>\n\t\t\t\t\t\t\t\t<\/div>\n\t\t\t\t\t\t<\/div>\n\t\t\t\t<\/div>\n\t\t\t\t\t<\/div>\n\t\t<\/div>\n\t\t\t\t\t<\/div>\n\t\t<\/section>\n\t\t\t\t<section class=\"elementor-section elementor-top-section elementor-element elementor-element-09a8361 elementor-section-boxed elementor-section-height-default elementor-section-height-default\" data-id=\"09a8361\" data-element_type=\"section\" data-e-type=\"section\">\n\t\t\t\t\t\t<div class=\"elementor-container elementor-column-gap-default\">\n\t\t\t\t\t<div class=\"elementor-column elementor-col-100 elementor-top-column elementor-element elementor-element-ad27e6d\" data-id=\"ad27e6d\" data-element_type=\"column\" data-e-type=\"column\">\n\t\t\t<div class=\"elementor-widget-wrap elementor-element-populated\">\n\t\t\t\t\t\t<div class=\"elementor-element elementor-element-8a2218e elementor-widget elementor-widget-spacer\" data-id=\"8a2218e\" data-element_type=\"widget\" data-e-type=\"widget\" data-widget_type=\"spacer.default\">\n\t\t\t\t<div class=\"elementor-widget-container\">\n\t\t\t\t\t\t\t<div class=\"elementor-spacer\">\n\t\t\t<div class=\"elementor-spacer-inner\"><\/div>\n\t\t<\/div>\n\t\t\t\t\t\t<\/div>\n\t\t\t\t<\/div>\n\t\t\t\t\t<\/div>\n\t\t<\/div>\n\t\t\t\t\t<\/div>\n\t\t<\/section>\n\t\t\t\t<section class=\"elementor-section elementor-top-section elementor-element elementor-element-6e6e39e elementor-section-boxed elementor-section-height-default elementor-section-height-default\" data-id=\"6e6e39e\" data-element_type=\"section\" data-e-type=\"section\">\n\t\t\t\t\t\t<div class=\"elementor-container elementor-column-gap-default\">\n\t\t\t\t\t<div class=\"elementor-column elementor-col-100 elementor-top-column elementor-element elementor-element-723f939\" data-id=\"723f939\" data-element_type=\"column\" data-e-type=\"column\">\n\t\t\t<div class=\"elementor-widget-wrap elementor-element-populated\">\n\t\t\t\t\t\t<div class=\"elementor-element elementor-element-9f832d0 elementor-widget elementor-widget-heading\" data-id=\"9f832d0\" data-element_type=\"widget\" data-e-type=\"widget\" data-widget_type=\"heading.default\">\n\t\t\t\t<div class=\"elementor-widget-container\">\n\t\t\t\t\t<h2 class=\"elementor-heading-title elementor-size-default\">\u00a1Quiero reservar!<\/h2>\t\t\t\t<\/div>\n\t\t\t\t<\/div>\n\t\t\t\t<div class=\"elementor-element elementor-element-fe36122 elementor-align-center elementor-widget elementor-widget-button\" data-id=\"fe36122\" data-element_type=\"widget\" data-e-type=\"widget\" data-widget_type=\"button.default\">\n\t\t\t\t<div class=\"elementor-widget-container\">\n\t\t\t\t\t\t\t\t\t<div class=\"elementor-button-wrapper\">\n\t\t\t\t\t<a class=\"elementor-button elementor-button-link elementor-size-xl\" href=\"https:\/\/www.carolrenauxphoto.com\/en\/hablamos\/#info-reserva\">\n\t\t\t\t\t\t<span class=\"elementor-button-content-wrapper\">\n\t\t\t\t\t\t<span class=\"elementor-button-icon\">\n\t\t\t\t<i aria-hidden=\"true\" class=\"far fa-arrow-alt-circle-right\"><\/i>\t\t\t<\/span>\n\t\t\t\t\t\t\t\t<\/span>\n\t\t\t\t\t<\/a>\n\t\t\t\t<\/div>\n\t\t\t\t\t\t\t\t<\/div>\n\t\t\t\t<\/div>\n\t\t\t\t\t<\/div>\n\t\t<\/div>\n\t\t\t\t\t<\/div>\n\t\t<\/section>\n\t\t\t\t<\/div>","protected":false},"excerpt":{"rendered":"<p>FOTOGRAF\u00cdA DE BODAS EN MADRID Me encantan las parejas enamoradas Esas parejas que llevan dentro una historia de amor, antes y despu\u00e9s del s\u00ed quiero, y m\u00e1s all\u00e1 del protocolo. Parejas espont\u00e1neas, que derrochan alegr\u00eda, y tambi\u00e9n parejas t\u00edmidas, que lo cuentan todo con una mirada. Me encanta la magia y la alegr\u00eda de vivir &#8230; <a title=\"Bodas\" class=\"read-more\" href=\"https:\/\/www.carolrenauxphoto.com\/en\/bodas\/\" aria-label=\"Read more about Bodas\">Read more<\/a><\/p>","protected":false},"author":1,"featured_media":0,"parent":0,"menu_order":0,"comment_status":"closed","ping_status":"closed","template":"","meta":{"_joinchat":[],"footnotes":""},"class_list":["post-805","page","type-page","status-publish"],"yoast_head":"<!-- This site is optimized with the Yoast SEO plugin v28.1 - https:\/\/yoast.com\/product\/yoast-seo-wordpress\/ -->\n<title>Bodas - Fotograf\u00eda de Maternidad, reci\u00e9n nacidos y embarazo en Madrid<\/title>\n<meta name=\"description\" content=\"Fotograf\u00eda Bodas. Me encantan las parejas enamoradas. Quiero retratar esas miradas, y esas risas, y toda la emoci\u00f3n que se respira en una boda.\" \/>\n<meta name=\"robots\" content=\"index, follow, max-snippet:-1, max-image-preview:large, max-video-preview:-1\" \/>\n<link rel=\"canonical\" href=\"https:\/\/www.carolrenauxphoto.com\/en\/bodas\/\" \/>\n<meta property=\"og:locale\" content=\"en_GB\" \/>\n<meta property=\"og:type\" content=\"article\" \/>\n<meta property=\"og:title\" content=\"Bodas - Fotograf\u00eda de Maternidad, reci\u00e9n nacidos y embarazo en Madrid\" \/>\n<meta property=\"og:description\" content=\"Fotograf\u00eda Bodas. Me encantan las parejas enamoradas. Quiero retratar esas miradas, y esas risas, y toda la emoci\u00f3n que se respira en una boda.\" \/>\n<meta property=\"og:url\" content=\"https:\/\/www.carolrenauxphoto.com\/en\/bodas\/\" \/>\n<meta property=\"og:site_name\" content=\"Fotograf\u00eda de Maternidad, reci\u00e9n nacidos y embarazo en Madrid\" \/>\n<meta property=\"article:publisher\" content=\"https:\/\/www.facebook.com\/carolrenauxphoto\/\" \/>\n<meta property=\"article:modified_time\" content=\"2026-03-03T12:37:12+00:00\" \/>\n<meta property=\"og:image\" content=\"https:\/\/www.carolrenauxphoto.com\/wp-content\/uploads\/2020\/06\/portada-bodas-04.jpg\" \/>\n<meta name=\"twitter:card\" content=\"summary_large_image\" \/>\n<meta name=\"twitter:label1\" content=\"Estimated reading time\" \/>\n\t<meta name=\"twitter:data1\" content=\"9 minutes\" \/>\n<script type=\"application\/ld+json\" class=\"yoast-schema-graph\">{\"@context\":\"https:\\\/\\\/schema.org\",\"@graph\":[{\"@type\":\"WebPage\",\"@id\":\"https:\\\/\\\/www.carolrenauxphoto.com\\\/bodas\\\/\",\"url\":\"https:\\\/\\\/www.carolrenauxphoto.com\\\/bodas\\\/\",\"name\":\"Bodas - Fotograf\u00eda de Maternidad, reci\u00e9n nacidos y embarazo en Madrid\",\"isPartOf\":{\"@id\":\"https:\\\/\\\/www.carolrenauxphoto.com\\\/#website\"},\"primaryImageOfPage\":{\"@id\":\"https:\\\/\\\/www.carolrenauxphoto.com\\\/bodas\\\/#primaryimage\"},\"image\":{\"@id\":\"https:\\\/\\\/www.carolrenauxphoto.com\\\/bodas\\\/#primaryimage\"},\"thumbnailUrl\":\"https:\\\/\\\/www.carolrenauxphoto.com\\\/wp-content\\\/uploads\\\/2020\\\/06\\\/portada-bodas-04.jpg\",\"datePublished\":\"2020-06-29T08:15:43+00:00\",\"dateModified\":\"2026-03-03T12:37:12+00:00\",\"description\":\"Fotograf\u00eda Bodas. Me encantan las parejas enamoradas. Quiero retratar esas miradas, y esas risas, y toda la emoci\u00f3n que se respira en una boda.\",\"breadcrumb\":{\"@id\":\"https:\\\/\\\/www.carolrenauxphoto.com\\\/bodas\\\/#breadcrumb\"},\"inLanguage\":\"en-GB\",\"potentialAction\":[{\"@type\":\"ReadAction\",\"target\":[\"https:\\\/\\\/www.carolrenauxphoto.com\\\/bodas\\\/\"]}]},{\"@type\":\"ImageObject\",\"inLanguage\":\"en-GB\",\"@id\":\"https:\\\/\\\/www.carolrenauxphoto.com\\\/bodas\\\/#primaryimage\",\"url\":\"https:\\\/\\\/www.carolrenauxphoto.com\\\/wp-content\\\/uploads\\\/2020\\\/06\\\/portada-bodas-04.jpg\",\"contentUrl\":\"https:\\\/\\\/www.carolrenauxphoto.com\\\/wp-content\\\/uploads\\\/2020\\\/06\\\/portada-bodas-04.jpg\"},{\"@type\":\"BreadcrumbList\",\"@id\":\"https:\\\/\\\/www.carolrenauxphoto.com\\\/bodas\\\/#breadcrumb\",\"itemListElement\":[{\"@type\":\"ListItem\",\"position\":1,\"name\":\"Portada\",\"item\":\"https:\\\/\\\/www.carolrenauxphoto.com\\\/\"},{\"@type\":\"ListItem\",\"position\":2,\"name\":\"Bodas\"}]},{\"@type\":\"WebSite\",\"@id\":\"https:\\\/\\\/www.carolrenauxphoto.com\\\/#website\",\"url\":\"https:\\\/\\\/www.carolrenauxphoto.com\\\/\",\"name\":\"Fotograf\u00eda de Maternidad, reci\u00e9n nacidos y embarazo en Madrid\",\"description\":\"Fot\u00f3grafa de Maternidad, reci\u00e9n nacidos y embarazo en Madrid\",\"publisher\":{\"@id\":\"https:\\\/\\\/www.carolrenauxphoto.com\\\/#organization\"},\"potentialAction\":[{\"@type\":\"SearchAction\",\"target\":{\"@type\":\"EntryPoint\",\"urlTemplate\":\"https:\\\/\\\/www.carolrenauxphoto.com\\\/?s={search_term_string}\"},\"query-input\":{\"@type\":\"PropertyValueSpecification\",\"valueRequired\":true,\"valueName\":\"search_term_string\"}}],\"inLanguage\":\"en-GB\"},{\"@type\":\"Organization\",\"@id\":\"https:\\\/\\\/www.carolrenauxphoto.com\\\/#organization\",\"name\":\"Fotograf\u00eda de Maternidad, reci\u00e9n nacidos y embarazo en Madrid\",\"url\":\"https:\\\/\\\/www.carolrenauxphoto.com\\\/\",\"logo\":{\"@type\":\"ImageObject\",\"inLanguage\":\"en-GB\",\"@id\":\"https:\\\/\\\/www.carolrenauxphoto.com\\\/#\\\/schema\\\/logo\\\/image\\\/\",\"url\":\"https:\\\/\\\/www.carolrenauxphoto.com\\\/wp-content\\\/uploads\\\/2020\\\/06\\\/carol-renaux-photo-menu.jpg\",\"contentUrl\":\"https:\\\/\\\/www.carolrenauxphoto.com\\\/wp-content\\\/uploads\\\/2020\\\/06\\\/carol-renaux-photo-menu.jpg\",\"width\":322,\"height\":77,\"caption\":\"Fotograf\u00eda de Maternidad, reci\u00e9n nacidos y embarazo en Madrid\"},\"image\":{\"@id\":\"https:\\\/\\\/www.carolrenauxphoto.com\\\/#\\\/schema\\\/logo\\\/image\\\/\"},\"sameAs\":[\"https:\\\/\\\/www.facebook.com\\\/carolrenauxphoto\\\/\",\"https:\\\/\\\/www.instagram.com\\\/carolrenauxphoto\\\/\",\"https:\\\/\\\/www.pinterest.es\\\/carolrenauxphoto\\\/\"]}]}<\/script>\n<!-- \/ Yoast SEO plugin. -->","yoast_head_json":{"title":"Bodas - Fotograf\u00eda de Maternidad, reci\u00e9n nacidos y embarazo en Madrid","description":"Fotograf\u00eda Bodas. Me encantan las parejas enamoradas. Quiero retratar esas miradas, y esas risas, y toda la emoci\u00f3n que se respira en una boda.","robots":{"index":"index","follow":"follow","max-snippet":"max-snippet:-1","max-image-preview":"max-image-preview:large","max-video-preview":"max-video-preview:-1"},"canonical":"https:\/\/www.carolrenauxphoto.com\/en\/bodas\/","og_locale":"en_GB","og_type":"article","og_title":"Bodas - Fotograf\u00eda de Maternidad, reci\u00e9n nacidos y embarazo en Madrid","og_description":"Fotograf\u00eda Bodas. Me encantan las parejas enamoradas. Quiero retratar esas miradas, y esas risas, y toda la emoci\u00f3n que se respira en una boda.","og_url":"https:\/\/www.carolrenauxphoto.com\/en\/bodas\/","og_site_name":"Fotograf\u00eda de Maternidad, reci\u00e9n nacidos y embarazo en Madrid","article_publisher":"https:\/\/www.facebook.com\/carolrenauxphoto\/","article_modified_time":"2026-03-03T12:37:12+00:00","og_image":[{"url":"https:\/\/www.carolrenauxphoto.com\/wp-content\/uploads\/2020\/06\/portada-bodas-04.jpg","type":"","width":"","height":""}],"twitter_card":"summary_large_image","twitter_misc":{"Estimated reading time":"9 minutes"},"schema":{"@context":"https:\/\/schema.org","@graph":[{"@type":"WebPage","@id":"https:\/\/www.carolrenauxphoto.com\/bodas\/","url":"https:\/\/www.carolrenauxphoto.com\/bodas\/","name":"Bodas - Fotograf\u00eda de Maternidad, reci\u00e9n nacidos y embarazo en Madrid","isPartOf":{"@id":"https:\/\/www.carolrenauxphoto.com\/#website"},"primaryImageOfPage":{"@id":"https:\/\/www.carolrenauxphoto.com\/bodas\/#primaryimage"},"image":{"@id":"https:\/\/www.carolrenauxphoto.com\/bodas\/#primaryimage"},"thumbnailUrl":"https:\/\/www.carolrenauxphoto.com\/wp-content\/uploads\/2020\/06\/portada-bodas-04.jpg","datePublished":"2020-06-29T08:15:43+00:00","dateModified":"2026-03-03T12:37:12+00:00","description":"Fotograf\u00eda Bodas. Me encantan las parejas enamoradas. Quiero retratar esas miradas, y esas risas, y toda la emoci\u00f3n que se respira en una boda.","breadcrumb":{"@id":"https:\/\/www.carolrenauxphoto.com\/bodas\/#breadcrumb"},"inLanguage":"en-GB","potentialAction":[{"@type":"ReadAction","target":["https:\/\/www.carolrenauxphoto.com\/bodas\/"]}]},{"@type":"ImageObject","inLanguage":"en-GB","@id":"https:\/\/www.carolrenauxphoto.com\/bodas\/#primaryimage","url":"https:\/\/www.carolrenauxphoto.com\/wp-content\/uploads\/2020\/06\/portada-bodas-04.jpg","contentUrl":"https:\/\/www.carolrenauxphoto.com\/wp-content\/uploads\/2020\/06\/portada-bodas-04.jpg"},{"@type":"BreadcrumbList","@id":"https:\/\/www.carolrenauxphoto.com\/bodas\/#breadcrumb","itemListElement":[{"@type":"ListItem","position":1,"name":"Portada","item":"https:\/\/www.carolrenauxphoto.com\/"},{"@type":"ListItem","position":2,"name":"Bodas"}]},{"@type":"WebSite","@id":"https:\/\/www.carolrenauxphoto.com\/#website","url":"https:\/\/www.carolrenauxphoto.com\/","name":"Fotograf\u00eda de Maternidad, reci\u00e9n nacidos y embarazo en Madrid","description":"Fot\u00f3grafa de Maternidad, reci\u00e9n nacidos y embarazo en Madrid","publisher":{"@id":"https:\/\/www.carolrenauxphoto.com\/#organization"},"potentialAction":[{"@type":"SearchAction","target":{"@type":"EntryPoint","urlTemplate":"https:\/\/www.carolrenauxphoto.com\/?s={search_term_string}"},"query-input":{"@type":"PropertyValueSpecification","valueRequired":true,"valueName":"search_term_string"}}],"inLanguage":"en-GB"},{"@type":"Organization","@id":"https:\/\/www.carolrenauxphoto.com\/#organization","name":"Fotograf\u00eda de Maternidad, reci\u00e9n nacidos y embarazo en Madrid","url":"https:\/\/www.carolrenauxphoto.com\/","logo":{"@type":"ImageObject","inLanguage":"en-GB","@id":"https:\/\/www.carolrenauxphoto.com\/#\/schema\/logo\/image\/","url":"https:\/\/www.carolrenauxphoto.com\/wp-content\/uploads\/2020\/06\/carol-renaux-photo-menu.jpg","contentUrl":"https:\/\/www.carolrenauxphoto.com\/wp-content\/uploads\/2020\/06\/carol-renaux-photo-menu.jpg","width":322,"height":77,"caption":"Fotograf\u00eda de Maternidad, reci\u00e9n nacidos y embarazo en Madrid"},"image":{"@id":"https:\/\/www.carolrenauxphoto.com\/#\/schema\/logo\/image\/"},"sameAs":["https:\/\/www.facebook.com\/carolrenauxphoto\/","https:\/\/www.instagram.com\/carolrenauxphoto\/","https:\/\/www.pinterest.es\/carolrenauxphoto\/"]}]}},"_links":{"self":[{"href":"https:\/\/www.carolrenauxphoto.com\/en\/wp-json\/wp\/v2\/pages\/805","targetHints":{"allow":["GET"]}}],"collection":[{"href":"https:\/\/www.carolrenauxphoto.com\/en\/wp-json\/wp\/v2\/pages"}],"about":[{"href":"https:\/\/www.carolrenauxphoto.com\/en\/wp-json\/wp\/v2\/types\/page"}],"author":[{"embeddable":true,"href":"https:\/\/www.carolrenauxphoto.com\/en\/wp-json\/wp\/v2\/users\/1"}],"replies":[{"embeddable":true,"href":"https:\/\/www.carolrenauxphoto.com\/en\/wp-json\/wp\/v2\/comments?post=805"}],"version-history":[{"count":3,"href":"https:\/\/www.carolrenauxphoto.com\/en\/wp-json\/wp\/v2\/pages\/805\/revisions"}],"predecessor-version":[{"id":1616,"href":"https:\/\/www.carolrenauxphoto.com\/en\/wp-json\/wp\/v2\/pages\/805\/revisions\/1616"}],"wp:attachment":[{"href":"https:\/\/www.carolrenauxphoto.com\/en\/wp-json\/wp\/v2\/media?parent=805"}],"curies":[{"name":"wp","href":"https:\/\/api.w.org\/{rel}","templated":true}]}}