{"id":919,"date":"2020-07-16T10:29:20","date_gmt":"2020-07-16T10:29:20","guid":{"rendered":"https:\/\/www.carolrenauxphoto.com\/?page_id=919"},"modified":"2026-07-28T14:14:49","modified_gmt":"2026-07-28T14:14:49","slug":"embarazo","status":"publish","type":"page","link":"https:\/\/www.carolrenauxphoto.com\/en\/embarazo\/","title":{"rendered":"Embarazo"},"content":{"rendered":"<div data-elementor-type=\"wp-page\" data-elementor-id=\"919\" class=\"elementor elementor-919\">\n\t\t\t\t\t\t<section class=\"elementor-section elementor-top-section elementor-element elementor-element-63d879e elementor-section-stretched elementor-section-full_width elementor-section-height-default elementor-section-height-default\" data-id=\"63d879e\" data-element_type=\"section\" data-e-type=\"section\" data-settings=\"{&quot;stretch_section&quot;:&quot;section-stretched&quot;,&quot;background_background&quot;:&quot;classic&quot;}\">\n\t\t\t\t\t\t<div class=\"elementor-container elementor-column-gap-default\">\n\t\t\t\t\t<div class=\"elementor-column elementor-col-100 elementor-top-column elementor-element elementor-element-575e6d3\" data-id=\"575e6d3\" data-element_type=\"column\" data-e-type=\"column\">\n\t\t\t<div class=\"elementor-widget-wrap elementor-element-populated\">\n\t\t\t\t\t\t<div class=\"elementor-element elementor-element-8c85ed7 elementor-widget elementor-widget-image\" data-id=\"8c85ed7\" data-element_type=\"widget\" data-e-type=\"widget\" data-widget_type=\"image.default\">\n\t\t\t\t<div class=\"elementor-widget-container\">\n\t\t\t\t\t\t\t\t\t\t\t\t\t\t\t<img fetchpriority=\"high\" decoding=\"async\" width=\"1200\" height=\"406\" src=\"https:\/\/www.carolrenauxphoto.com\/wp-content\/uploads\/2020\/06\/cab-embarazo.jpg\" class=\"attachment-full size-full wp-image-756\" alt=\"\" srcset=\"https:\/\/www.carolrenauxphoto.com\/wp-content\/uploads\/2020\/06\/cab-embarazo.jpg 1200w, https:\/\/www.carolrenauxphoto.com\/wp-content\/uploads\/2020\/06\/cab-embarazo-300x102.jpg 300w, https:\/\/www.carolrenauxphoto.com\/wp-content\/uploads\/2020\/06\/cab-embarazo-1024x346.jpg 1024w, https:\/\/www.carolrenauxphoto.com\/wp-content\/uploads\/2020\/06\/cab-embarazo-768x260.jpg 768w\" sizes=\"(max-width: 1200px) 100vw, 1200px\" \/>\t\t\t\t\t\t\t\t\t\t\t\t\t\t\t<\/div>\n\t\t\t\t<\/div>\n\t\t\t\t\t<\/div>\n\t\t<\/div>\n\t\t\t\t\t<\/div>\n\t\t<\/section>\n\t\t\t\t<section class=\"elementor-section elementor-top-section elementor-element elementor-element-42fdd34 elementor-section-boxed elementor-section-height-default elementor-section-height-default\" data-id=\"42fdd34\" data-element_type=\"section\" data-e-type=\"section\">\n\t\t\t\t\t\t<div class=\"elementor-container elementor-column-gap-default\">\n\t\t\t\t\t<div class=\"elementor-column elementor-col-100 elementor-top-column elementor-element elementor-element-3856fb5\" data-id=\"3856fb5\" data-element_type=\"column\" data-e-type=\"column\">\n\t\t\t<div class=\"elementor-widget-wrap elementor-element-populated\">\n\t\t\t\t\t\t<div class=\"elementor-element elementor-element-5416ec5 elementor-widget elementor-widget-heading\" data-id=\"5416ec5\" data-element_type=\"widget\" data-e-type=\"widget\" data-widget_type=\"heading.default\">\n\t\t\t\t<div class=\"elementor-widget-container\">\n\t\t\t\t\t<h1 class=\"elementor-heading-title elementor-size-default\"><a href=\"http:\/\/www.carolrenauxphoto.com\/en\/embarazo\/\">FOTOGRAF\u00cdA DE EMBARAZO<\/a><\/h1>\t\t\t\t<\/div>\n\t\t\t\t<\/div>\n\t\t\t\t\t<\/div>\n\t\t<\/div>\n\t\t\t\t\t<\/div>\n\t\t<\/section>\n\t\t\t\t<section class=\"elementor-section elementor-top-section elementor-element elementor-element-495728e elementor-section-boxed elementor-section-height-default elementor-section-height-default\" data-id=\"495728e\" data-element_type=\"section\" data-e-type=\"section\">\n\t\t\t\t\t\t<div class=\"elementor-container elementor-column-gap-default\">\n\t\t\t\t\t<div class=\"elementor-column elementor-col-100 elementor-top-column elementor-element elementor-element-8721d69\" data-id=\"8721d69\" data-element_type=\"column\" data-e-type=\"column\">\n\t\t\t<div class=\"elementor-widget-wrap elementor-element-populated\">\n\t\t\t\t\t\t<div class=\"elementor-element elementor-element-f8acb46 elementor-widget elementor-widget-heading\" data-id=\"f8acb46\" data-element_type=\"widget\" data-e-type=\"widget\" data-widget_type=\"heading.default\">\n\t\t\t\t<div class=\"elementor-widget-container\">\n\t\t\t\t\t<h2 class=\"elementor-heading-title elementor-size-default\">FOTOGRAF\u00cdA DE EMBARAZO EN MADRID<\/h2>\t\t\t\t<\/div>\n\t\t\t\t<\/div>\n\t\t\t\t\t<\/div>\n\t\t<\/div>\n\t\t\t\t\t<\/div>\n\t\t<\/section>\n\t\t\t\t<section class=\"elementor-section elementor-top-section elementor-element elementor-element-ede87ff elementor-section-stretched elementor-section-boxed elementor-section-height-default elementor-section-height-default\" data-id=\"ede87ff\" data-element_type=\"section\" data-e-type=\"section\" data-settings=\"{&quot;stretch_section&quot;:&quot;section-stretched&quot;,&quot;background_background&quot;:&quot;classic&quot;}\">\n\t\t\t\t\t\t<div class=\"elementor-container elementor-column-gap-default\">\n\t\t\t\t\t<div class=\"elementor-column elementor-col-100 elementor-top-column elementor-element elementor-element-a266691\" data-id=\"a266691\" data-element_type=\"column\" data-e-type=\"column\" data-settings=\"{&quot;background_background&quot;:&quot;classic&quot;}\">\n\t\t\t<div class=\"elementor-widget-wrap elementor-element-populated\">\n\t\t\t\t\t\t<div class=\"elementor-element elementor-element-45f9caa elementor-widget elementor-widget-text-editor\" data-id=\"45f9caa\" data-element_type=\"widget\" data-e-type=\"widget\" data-widget_type=\"text-editor.default\">\n\t\t\t\t<div class=\"elementor-widget-container\">\n\t\t\t\t\t\t\t\t\t<p>El embarazo es un momento \u00fanico y especial en la vida de las mujeres. Una aut\u00e9ntica revoluci\u00f3n interior y exterior.<\/p><p>Puede que te sientas ilusionada, con mucha energ\u00eda y te veas muy guapa. Pero tambi\u00e9n puede que te encuentres cansada, con muchos m\u00e1s kilos de m\u00e1s y tal vez no te veas bien, pero cr\u00e9eme est\u00e1s radiante y cuando pasen unos meses y te veas en las fotos te dar\u00e1s cuenta de que est\u00e1s guap\u00edsima, con un brillo especial.<\/p><p>En un caso como en otro, si decides hacer una sesi\u00f3n de embarazo sabr\u00e9 sacar lo mejor de ti.<\/p><p>Inmortalizar una etapa tan ef\u00edmera y especial es un recuerdo impagable, porque cuando pasen los meses y tengas a tu beb\u00e9 en brazos al ver esas fotos recordar\u00e1s c\u00f3mo te sent\u00edas, c\u00f3mo erais antes de que ese peque\u00f1o ser pusiera tu vida del rev\u00e9s.<\/p><p>Las sesiones se pueden realizar en exterior en un parque, en el bosque, en la playa tanto en invierno como en verano, o se pueden realizar en tu casa d\u00f3nde podremos tener fotos m\u00e1s \u00edntimas.<\/p><p>La sesi\u00f3n puede ser para ti y tu pareja, con vuestros hijos..lo importante es disfrutar de un buen rato y tener un bonito recuerdo de una etapa \u00fanica y ef\u00edmera.<\/p>\t\t\t\t\t\t\t\t<\/div>\n\t\t\t\t<\/div>\n\t\t\t\t\t<\/div>\n\t\t<\/div>\n\t\t\t\t\t<\/div>\n\t\t<\/section>\n\t\t\t\t<section class=\"elementor-section elementor-top-section elementor-element elementor-element-603b93b elementor-section-boxed elementor-section-height-default elementor-section-height-default\" data-id=\"603b93b\" data-element_type=\"section\" data-e-type=\"section\">\n\t\t\t\t\t\t<div class=\"elementor-container elementor-column-gap-default\">\n\t\t\t\t\t<div class=\"elementor-column elementor-col-100 elementor-top-column elementor-element elementor-element-c00bf13\" data-id=\"c00bf13\" data-element_type=\"column\" data-e-type=\"column\">\n\t\t\t<div class=\"elementor-widget-wrap elementor-element-populated\">\n\t\t\t\t\t\t<div class=\"elementor-element elementor-element-84108e4 elementor-widget elementor-widget-heading\" data-id=\"84108e4\" data-element_type=\"widget\" data-e-type=\"widget\" data-widget_type=\"heading.default\">\n\t\t\t\t<div class=\"elementor-widget-container\">\n\t\t\t\t\t<h2 class=\"elementor-heading-title elementor-size-default\">Fotos de embarazada en Madrid en exteriores<\/h2>\t\t\t\t<\/div>\n\t\t\t\t<\/div>\n\t\t\t\t\t<\/div>\n\t\t<\/div>\n\t\t\t\t\t<\/div>\n\t\t<\/section>\n\t\t\t\t<section class=\"elementor-section elementor-top-section elementor-element elementor-element-0c85e37 elementor-section-stretched elementor-section-boxed elementor-section-height-default elementor-section-height-default\" data-id=\"0c85e37\" data-element_type=\"section\" data-e-type=\"section\" data-settings=\"{&quot;stretch_section&quot;:&quot;section-stretched&quot;,&quot;background_background&quot;:&quot;classic&quot;}\">\n\t\t\t\t\t\t<div class=\"elementor-container elementor-column-gap-default\">\n\t\t\t\t\t<div class=\"elementor-column elementor-col-100 elementor-top-column elementor-element elementor-element-d3444f0\" data-id=\"d3444f0\" data-element_type=\"column\" data-e-type=\"column\" data-settings=\"{&quot;background_background&quot;:&quot;classic&quot;}\">\n\t\t\t<div class=\"elementor-widget-wrap elementor-element-populated\">\n\t\t\t\t\t\t<div class=\"elementor-element elementor-element-aa041ce elementor-widget elementor-widget-text-editor\" data-id=\"aa041ce\" data-element_type=\"widget\" data-e-type=\"widget\" data-widget_type=\"text-editor.default\">\n\t\t\t\t<div class=\"elementor-widget-container\">\n\t\t\t\t\t\t\t\t\t<p>Conozco much\u00edsimas ubicaciones preciosas en Madrid capital y en toda la Comunidad de Madrid d\u00f3nde podremos hacer unas bonitas fotos al atardecer.<\/p><p>O podemos ir a otro lugar que tenga un significado para vosotros o porque os sint\u00e1is m\u00e1s c\u00f3modos<\/p>\t\t\t\t\t\t\t\t<\/div>\n\t\t\t\t<\/div>\n\t\t\t\t\t<\/div>\n\t\t<\/div>\n\t\t\t\t\t<\/div>\n\t\t<\/section>\n\t\t\t\t<section class=\"elementor-section elementor-top-section elementor-element elementor-element-3ebdc22 elementor-section-stretched elementor-section-full_width elementor-section-height-default elementor-section-height-default\" data-id=\"3ebdc22\" data-element_type=\"section\" data-e-type=\"section\" data-settings=\"{&quot;stretch_section&quot;:&quot;section-stretched&quot;,&quot;background_background&quot;:&quot;classic&quot;}\">\n\t\t\t\t\t\t<div class=\"elementor-container elementor-column-gap-default\">\n\t\t\t\t\t<div class=\"elementor-column elementor-col-100 elementor-top-column elementor-element elementor-element-765fa15\" data-id=\"765fa15\" data-element_type=\"column\" data-e-type=\"column\" data-settings=\"{&quot;background_background&quot;:&quot;classic&quot;}\">\n\t\t\t<div class=\"elementor-widget-wrap elementor-element-populated\">\n\t\t\t\t\t\t<div class=\"elementor-element elementor-element-976081b elementor-widget elementor-widget-shortcode\" data-id=\"976081b\" data-element_type=\"widget\" data-e-type=\"widget\" data-widget_type=\"shortcode.default\">\n\t\t\t\t<div class=\"elementor-widget-container\">\n\t\t\t\t\t\t\t<div class=\"elementor-shortcode\"><!-- Final Tiles Grid Gallery for WordPress v3.6.13 free --><style>#ftg-22 .tile .icon { color:#ffffff; }#ftg-22 .ftg-items .loading-bar i { background:#666; }#ftg-22 .ftg-items .loading-bar { background:#fff; }#ftg-22 .tile .icon { font-size:20px; }#ftg-22 .tile .icon { margin: -10px 0 0 -10px; }#ftg-22 .tile .caption-block .text-wrapper span.text { font-size:12px; }#ftg-22 .tile .caption-outside .text-wrapper span.text { font-size:12px; }#ftg-22 .tile .caption-block .text-wrapper span.title { font-size:14px; }#ftg-22 .tile .caption-outside .text-wrapper span.title { font-size:14px; }#ftg-22 .tile { background-color: transparent; }#ftg-22 .tile .caption-block .text-wrapper span.text { color: #ffffff; }#ftg-22 .tile .caption-block .text-wrapper span.title { color: #ffffff; }#ftg-22 .tile .caption-outside .text-wrapper span.text { color: #ffffff; }#ftg-22 .tile .caption-outside .text-wrapper span.title { color: #ffffff; }#ftg-22 .tile .ftg-social a { color: #ffffff; }#ftg-22 .tile .caption-block { transition-duration:0.1s; }#ftg-22 .tile .tile-inner:before { background-color: #000000; }#ftg-22 .tile .tile-inner:before { background-color: rgba(0, 0, 0, 0.8); }#ftg-22 .tile:hover img {-moz-transform: ;-webkit-transform: ;-o-transform: ;-ms-transform: ;transform: ;}<\/style><a name=\"2\"><\/a><div class=\"final-tiles-gallery  ftg-hover-enabled caption-inside  caption-none caption-middle caption-center\" id=\"ftg-22\" style=\"width: 100%\"><div class='ftg-items'><div class='loading-bar'><i><\/i><\/div><div  class='tile ftg-preload'><a title=\"\" data-lightbox='ftg-22' rel='ftg-22'  class='tile-inner  ftg-lightbox' href='https:\/\/www.carolrenauxphoto.com\/wp-content\/uploads\/2020\/07\/EMBARAZO-1-683x1024.jpg' ><img alt='Embarazo - Carol Renaux Photo' class='item skip-lazy' data-class='item' data-ftg-source='https:\/\/www.carolrenauxphoto.com\/wp-content\/uploads\/2020\/07\/EMBARAZO-1-683x1024.jpg' src='https:\/\/www.carolrenauxphoto.com\/wp-content\/uploads\/2020\/07\/EMBARAZO-1-683x1024.jpg' width='683' height='1024' \/><\/a><div class='ftg-social'><\/div><\/div><div  class='tile ftg-preload'><a title=\"\" data-lightbox='ftg-22' rel='ftg-22'  class='tile-inner  ftg-lightbox' href='https:\/\/www.carolrenauxphoto.com\/wp-content\/uploads\/2020\/07\/EMBARAZO-2.jpg' ><img alt='Embarazo - Carol Renaux Photo' class='item skip-lazy' data-class='item' data-ftg-source='https:\/\/www.carolrenauxphoto.com\/wp-content\/uploads\/2020\/07\/EMBARAZO-2.jpg' src='https:\/\/www.carolrenauxphoto.com\/wp-content\/uploads\/2020\/07\/EMBARAZO-2.jpg' width='1020' height='680' \/><\/a><div class='ftg-social'><\/div><\/div><div  class='tile ftg-preload'><a title=\"\" data-lightbox='ftg-22' rel='ftg-22'  class='tile-inner  ftg-lightbox' href='https:\/\/www.carolrenauxphoto.com\/wp-content\/uploads\/2020\/07\/EMBARAZO-3-683x1024.jpg' ><img alt='Embarazo - Carol Renaux Photo' class='item skip-lazy' data-class='item' data-ftg-source='https:\/\/www.carolrenauxphoto.com\/wp-content\/uploads\/2020\/07\/EMBARAZO-3-683x1024.jpg' src='https:\/\/www.carolrenauxphoto.com\/wp-content\/uploads\/2020\/07\/EMBARAZO-3-683x1024.jpg' width='683' height='1024' \/><\/a><div class='ftg-social'><\/div><\/div><div  class='tile ftg-preload'><a title=\"\" data-lightbox='ftg-22' rel='ftg-22'  class='tile-inner  ftg-lightbox' href='https:\/\/www.carolrenauxphoto.com\/wp-content\/uploads\/2020\/07\/EMBARAZO-5.jpg' ><img alt='Embarazo - Carol Renaux Photo' class='item skip-lazy' data-class='item' data-ftg-source='https:\/\/www.carolrenauxphoto.com\/wp-content\/uploads\/2020\/07\/EMBARAZO-5.jpg' src='https:\/\/www.carolrenauxphoto.com\/wp-content\/uploads\/2020\/07\/EMBARAZO-5.jpg' width='1020' height='680' \/><\/a><div class='ftg-social'><\/div><\/div><div  class='tile ftg-preload'><a title=\"\" data-lightbox='ftg-22' rel='ftg-22'  class='tile-inner  ftg-lightbox' href='https:\/\/www.carolrenauxphoto.com\/wp-content\/uploads\/2020\/07\/EMBARAZO-6.jpg' ><img alt='Embarazo - Carol Renaux Photo' class='item skip-lazy' data-class='item' data-ftg-source='https:\/\/www.carolrenauxphoto.com\/wp-content\/uploads\/2020\/07\/EMBARAZO-6.jpg' src='https:\/\/www.carolrenauxphoto.com\/wp-content\/uploads\/2020\/07\/EMBARAZO-6.jpg' width='1020' height='680' \/><\/a><div class='ftg-social'><\/div><\/div><div  class='tile ftg-preload'><a title=\"\" data-lightbox='ftg-22' rel='ftg-22'  class='tile-inner  ftg-lightbox' href='https:\/\/www.carolrenauxphoto.com\/wp-content\/uploads\/2020\/07\/EMBARAZO-4.jpg' ><img alt='Embarazo - Carol Renaux Photo' class='item skip-lazy' data-class='item' data-ftg-source='https:\/\/www.carolrenauxphoto.com\/wp-content\/uploads\/2020\/07\/EMBARAZO-4.jpg' src='https:\/\/www.carolrenauxphoto.com\/wp-content\/uploads\/2020\/07\/EMBARAZO-4.jpg' width='1020' height='680' \/><\/a><div class='ftg-social'><\/div><\/div><div  class='tile ftg-preload'><a title=\"\" data-lightbox='ftg-22' rel='ftg-22'  class='tile-inner  ftg-lightbox' href='https:\/\/www.carolrenauxphoto.com\/wp-content\/uploads\/2020\/07\/EMBARAZO-8-683x1024.jpg' ><img alt='Embarazo - Carol Renaux Photo' class='item skip-lazy' data-class='item' data-ftg-source='https:\/\/www.carolrenauxphoto.com\/wp-content\/uploads\/2020\/07\/EMBARAZO-8-683x1024.jpg' src='https:\/\/www.carolrenauxphoto.com\/wp-content\/uploads\/2020\/07\/EMBARAZO-8-683x1024.jpg' width='683' height='1024' \/><\/a><div class='ftg-social'><\/div><\/div><div  class='tile ftg-preload'><a title=\"\" data-lightbox='ftg-22' rel='ftg-22'  class='tile-inner  ftg-lightbox' href='https:\/\/www.carolrenauxphoto.com\/wp-content\/uploads\/2020\/07\/EMBARAZO-10-683x1024.jpg' ><img alt='Embarazo - Carol Renaux Photo' class='item skip-lazy' data-class='item' data-ftg-source='https:\/\/www.carolrenauxphoto.com\/wp-content\/uploads\/2020\/07\/EMBARAZO-10-683x1024.jpg' src='https:\/\/www.carolrenauxphoto.com\/wp-content\/uploads\/2020\/07\/EMBARAZO-10-683x1024.jpg' width='683' height='1024' \/><\/a><div class='ftg-social'><\/div><\/div><div  class='tile ftg-preload'><a title=\"\" data-lightbox='ftg-22' rel='ftg-22'  class='tile-inner  ftg-lightbox' href='https:\/\/www.carolrenauxphoto.com\/wp-content\/uploads\/2020\/07\/EMBARAZO-7.jpg' ><img alt='Embarazo - Carol Renaux Photo' class='item skip-lazy' data-class='item' data-ftg-source='https:\/\/www.carolrenauxphoto.com\/wp-content\/uploads\/2020\/07\/EMBARAZO-7.jpg' src='https:\/\/www.carolrenauxphoto.com\/wp-content\/uploads\/2020\/07\/EMBARAZO-7.jpg' width='1020' height='680' \/><\/a><div class='ftg-social'><\/div><\/div><div  class='tile ftg-preload'><a title=\"\" data-lightbox='ftg-22' rel='ftg-22'  class='tile-inner  ftg-lightbox' href='https:\/\/www.carolrenauxphoto.com\/wp-content\/uploads\/2020\/07\/EMBARAZO-11.jpg' ><img alt='Embarazo - Carol Renaux Photo' class='item skip-lazy' data-class='item' data-ftg-source='https:\/\/www.carolrenauxphoto.com\/wp-content\/uploads\/2020\/07\/EMBARAZO-11.jpg' src='https:\/\/www.carolrenauxphoto.com\/wp-content\/uploads\/2020\/07\/EMBARAZO-11.jpg' width='1020' height='680' \/><\/a><div class='ftg-social'><\/div><\/div><div  class='tile ftg-preload'><a title=\"\" data-lightbox='ftg-22' rel='ftg-22'  class='tile-inner  ftg-lightbox' href='https:\/\/www.carolrenauxphoto.com\/wp-content\/uploads\/2020\/07\/EMBARAZO-9.jpg' ><img alt='Embarazo - Carol Renaux Photo' class='item skip-lazy' data-class='item' data-ftg-source='https:\/\/www.carolrenauxphoto.com\/wp-content\/uploads\/2020\/07\/EMBARAZO-9.jpg' src='https:\/\/www.carolrenauxphoto.com\/wp-content\/uploads\/2020\/07\/EMBARAZO-9.jpg' width='1020' height='680' \/><\/a><div class='ftg-social'><\/div><\/div><\/div><\/div>\n<\/div>\n\t\t\t\t\t\t<\/div>\n\t\t\t\t<\/div>\n\t\t\t\t\t<\/div>\n\t\t<\/div>\n\t\t\t\t\t<\/div>\n\t\t<\/section>\n\t\t\t\t<section class=\"elementor-section elementor-top-section elementor-element elementor-element-73c707c elementor-section-boxed elementor-section-height-default elementor-section-height-default\" data-id=\"73c707c\" data-element_type=\"section\" data-e-type=\"section\">\n\t\t\t\t\t\t<div class=\"elementor-container elementor-column-gap-default\">\n\t\t\t\t\t<div class=\"elementor-column elementor-col-100 elementor-top-column elementor-element elementor-element-8796f0e\" data-id=\"8796f0e\" data-element_type=\"column\" data-e-type=\"column\">\n\t\t\t<div class=\"elementor-widget-wrap elementor-element-populated\">\n\t\t\t\t\t\t<div class=\"elementor-element elementor-element-bb65449 elementor-widget elementor-widget-heading\" data-id=\"bb65449\" data-element_type=\"widget\" data-e-type=\"widget\" data-widget_type=\"heading.default\">\n\t\t\t\t<div class=\"elementor-widget-container\">\n\t\t\t\t\t<h2 class=\"elementor-heading-title elementor-size-default\">Fotos de embarazo a domicilio en Madrid<\/h2>\t\t\t\t<\/div>\n\t\t\t\t<\/div>\n\t\t\t\t\t<\/div>\n\t\t<\/div>\n\t\t\t\t\t<\/div>\n\t\t<\/section>\n\t\t\t\t<section class=\"elementor-section elementor-top-section elementor-element elementor-element-fd2d58f elementor-section-stretched elementor-section-boxed elementor-section-height-default elementor-section-height-default\" data-id=\"fd2d58f\" data-element_type=\"section\" data-e-type=\"section\" data-settings=\"{&quot;stretch_section&quot;:&quot;section-stretched&quot;,&quot;background_background&quot;:&quot;classic&quot;}\">\n\t\t\t\t\t\t<div class=\"elementor-container elementor-column-gap-default\">\n\t\t\t\t\t<div class=\"elementor-column elementor-col-100 elementor-top-column elementor-element elementor-element-55bc20b\" data-id=\"55bc20b\" data-element_type=\"column\" data-e-type=\"column\" data-settings=\"{&quot;background_background&quot;:&quot;classic&quot;}\">\n\t\t\t<div class=\"elementor-widget-wrap elementor-element-populated\">\n\t\t\t\t\t\t<div class=\"elementor-element elementor-element-25d3191 elementor-widget elementor-widget-text-editor\" data-id=\"25d3191\" data-element_type=\"widget\" data-e-type=\"widget\" data-widget_type=\"text-editor.default\">\n\t\t\t\t<div class=\"elementor-widget-container\">\n\t\t\t\t\t\t\t\t\t<p>Tu casa es un entorno tranquilo y acogedor para fotograf\u00edas de embarazo de estilo \u00edntimo, con el nivel de desnudos que t\u00fa quieras. Tambi\u00e9n es un buen lugar para disfrutar momentos de mayor intimidad con tu pareja o momentos \u00aben exclusiva\u00bb con los hermanos mayores antes de la llegada del beb\u00e9, haciendo fotograf\u00edas de momentos juntos&#8230;<\/p>\t\t\t\t\t\t\t\t<\/div>\n\t\t\t\t<\/div>\n\t\t\t\t\t<\/div>\n\t\t<\/div>\n\t\t\t\t\t<\/div>\n\t\t<\/section>\n\t\t\t\t<section class=\"elementor-section elementor-top-section elementor-element elementor-element-6a09b7f elementor-section-stretched elementor-section-full_width elementor-section-height-default elementor-section-height-default\" data-id=\"6a09b7f\" data-element_type=\"section\" data-e-type=\"section\" data-settings=\"{&quot;stretch_section&quot;:&quot;section-stretched&quot;,&quot;background_background&quot;:&quot;classic&quot;}\">\n\t\t\t\t\t\t<div class=\"elementor-container elementor-column-gap-default\">\n\t\t\t\t\t<div class=\"elementor-column elementor-col-100 elementor-top-column elementor-element elementor-element-46c174a\" data-id=\"46c174a\" data-element_type=\"column\" data-e-type=\"column\" data-settings=\"{&quot;background_background&quot;:&quot;classic&quot;}\">\n\t\t\t<div class=\"elementor-widget-wrap elementor-element-populated\">\n\t\t\t\t\t\t<div class=\"elementor-element elementor-element-b4d5193 elementor-widget elementor-widget-shortcode\" data-id=\"b4d5193\" data-element_type=\"widget\" data-e-type=\"widget\" data-widget_type=\"shortcode.default\">\n\t\t\t\t<div class=\"elementor-widget-container\">\n\t\t\t\t\t\t\t<div class=\"elementor-shortcode\"><!-- Final Tiles Grid Gallery for WordPress v3.6.13 free --><style>#ftg-33 .tile .icon { color:#ffffff; }#ftg-33 .ftg-items .loading-bar i { background:#666; }#ftg-33 .ftg-items .loading-bar { background:#fff; }#ftg-33 .tile .icon { font-size:20px; }#ftg-33 .tile .icon { margin: -10px 0 0 -10px; }#ftg-33 .tile .caption-block .text-wrapper span.text { font-size:12px; }#ftg-33 .tile .caption-outside .text-wrapper span.text { font-size:12px; }#ftg-33 .tile .caption-block .text-wrapper span.title { font-size:14px; }#ftg-33 .tile .caption-outside .text-wrapper span.title { font-size:14px; }#ftg-33 .tile { background-color: transparent; }#ftg-33 .tile .caption-block .text-wrapper span.text { color: #ffffff; }#ftg-33 .tile .caption-block .text-wrapper span.title { color: #ffffff; }#ftg-33 .tile .caption-outside .text-wrapper span.text { color: #ffffff; }#ftg-33 .tile .caption-outside .text-wrapper span.title { color: #ffffff; }#ftg-33 .tile .ftg-social a { color: #ffffff; }#ftg-33 .tile .caption-block { transition-duration:0.1s; }#ftg-33 .tile .tile-inner:before { background-color: #000000; }#ftg-33 .tile .tile-inner:before { background-color: rgba(0, 0, 0, 0.8); }#ftg-33 .tile:hover img {-moz-transform: ;-webkit-transform: ;-o-transform: ;-ms-transform: ;transform: ;}<\/style><a name=\"3\"><\/a><div class=\"final-tiles-gallery  ftg-hover-enabled caption-inside  caption-none caption-middle caption-center\" id=\"ftg-33\" style=\"width: 100%\"><div class='ftg-items'><div class='loading-bar'><i><\/i><\/div><div  class='tile ftg-preload'><a title=\"\" data-lightbox='ftg-33' rel='ftg-33'  class='tile-inner  ftg-lightbox' href='https:\/\/www.carolrenauxphoto.com\/wp-content\/uploads\/2020\/07\/Embarazo-casa-1.jpg' ><img alt='Embarazo - Carol Renaux Photo' class='item skip-lazy' data-class='item' data-ftg-source='https:\/\/www.carolrenauxphoto.com\/wp-content\/uploads\/2020\/07\/Embarazo-casa-1.jpg' src='https:\/\/www.carolrenauxphoto.com\/wp-content\/uploads\/2020\/07\/Embarazo-casa-1.jpg' width='1020' height='680' \/><\/a><div class='ftg-social'><\/div><\/div><div  class='tile ftg-preload'><a title=\"\" data-lightbox='ftg-33' rel='ftg-33'  class='tile-inner  ftg-lightbox' href='https:\/\/www.carolrenauxphoto.com\/wp-content\/uploads\/2020\/07\/Embarazo-casa-2.jpg' ><img alt='Embarazo - Carol Renaux Photo' class='item skip-lazy' data-class='item' data-ftg-source='https:\/\/www.carolrenauxphoto.com\/wp-content\/uploads\/2020\/07\/Embarazo-casa-2.jpg' src='https:\/\/www.carolrenauxphoto.com\/wp-content\/uploads\/2020\/07\/Embarazo-casa-2.jpg' width='1020' height='680' \/><\/a><div class='ftg-social'><\/div><\/div><div  class='tile ftg-preload'><a title=\"\" data-lightbox='ftg-33' rel='ftg-33'  class='tile-inner  ftg-lightbox' href='https:\/\/www.carolrenauxphoto.com\/wp-content\/uploads\/2020\/07\/Embarazo-casa-3.jpg' ><img alt='Embarazo - Carol Renaux Photo' class='item skip-lazy' data-class='item' data-ftg-source='https:\/\/www.carolrenauxphoto.com\/wp-content\/uploads\/2020\/07\/Embarazo-casa-3.jpg' src='https:\/\/www.carolrenauxphoto.com\/wp-content\/uploads\/2020\/07\/Embarazo-casa-3.jpg' width='1020' height='680' \/><\/a><div class='ftg-social'><\/div><\/div><div  class='tile ftg-preload'><a title=\"\" data-lightbox='ftg-33' rel='ftg-33'  class='tile-inner  ftg-lightbox' href='https:\/\/www.carolrenauxphoto.com\/wp-content\/uploads\/2020\/07\/Embarazo-casa-4.jpg' ><img alt='Embarazo - Carol Renaux Photo' class='item skip-lazy' data-class='item' data-ftg-source='https:\/\/www.carolrenauxphoto.com\/wp-content\/uploads\/2020\/07\/Embarazo-casa-4.jpg' src='https:\/\/www.carolrenauxphoto.com\/wp-content\/uploads\/2020\/07\/Embarazo-casa-4.jpg' width='1020' height='680' \/><\/a><div class='ftg-social'><\/div><\/div><div  class='tile ftg-preload'><a title=\"\" data-lightbox='ftg-33' rel='ftg-33'  class='tile-inner  ftg-lightbox' href='https:\/\/www.carolrenauxphoto.com\/wp-content\/uploads\/2020\/07\/Embarazo-casa-5.jpg' ><img alt='Embarazo - Carol Renaux Photo' class='item skip-lazy' data-class='item' data-ftg-source='https:\/\/www.carolrenauxphoto.com\/wp-content\/uploads\/2020\/07\/Embarazo-casa-5.jpg' src='https:\/\/www.carolrenauxphoto.com\/wp-content\/uploads\/2020\/07\/Embarazo-casa-5.jpg' width='1020' height='680' \/><\/a><div class='ftg-social'><\/div><\/div><div  class='tile ftg-preload'><a title=\"\" data-lightbox='ftg-33' rel='ftg-33'  class='tile-inner  ftg-lightbox' href='https:\/\/www.carolrenauxphoto.com\/wp-content\/uploads\/2020\/07\/Embarazo-casa-6.jpg' ><img alt='Embarazo - Carol Renaux Photo' class='item skip-lazy' data-class='item' data-ftg-source='https:\/\/www.carolrenauxphoto.com\/wp-content\/uploads\/2020\/07\/Embarazo-casa-6.jpg' src='https:\/\/www.carolrenauxphoto.com\/wp-content\/uploads\/2020\/07\/Embarazo-casa-6.jpg' width='1020' height='680' \/><\/a><div class='ftg-social'><\/div><\/div><div  class='tile ftg-preload'><a title=\"\" data-lightbox='ftg-33' rel='ftg-33'  class='tile-inner  ftg-lightbox' href='https:\/\/www.carolrenauxphoto.com\/wp-content\/uploads\/2020\/07\/Embarazo-casa-7.jpg' ><img alt='Embarazo - Carol Renaux Photo' class='item skip-lazy' data-class='item' data-ftg-source='https:\/\/www.carolrenauxphoto.com\/wp-content\/uploads\/2020\/07\/Embarazo-casa-7.jpg' src='https:\/\/www.carolrenauxphoto.com\/wp-content\/uploads\/2020\/07\/Embarazo-casa-7.jpg' width='1020' height='680' \/><\/a><div class='ftg-social'><\/div><\/div><div  class='tile ftg-preload'><a title=\"\" data-lightbox='ftg-33' rel='ftg-33'  class='tile-inner  ftg-lightbox' href='https:\/\/www.carolrenauxphoto.com\/wp-content\/uploads\/2020\/07\/Embarazo-casa-8.jpg' ><img alt='Embarazo - Carol Renaux Photo' class='item skip-lazy' data-class='item' data-ftg-source='https:\/\/www.carolrenauxphoto.com\/wp-content\/uploads\/2020\/07\/Embarazo-casa-8.jpg' src='https:\/\/www.carolrenauxphoto.com\/wp-content\/uploads\/2020\/07\/Embarazo-casa-8.jpg' width='1020' height='680' \/><\/a><div class='ftg-social'><\/div><\/div><div  class='tile ftg-preload'><a title=\"\" data-lightbox='ftg-33' rel='ftg-33'  class='tile-inner  ftg-lightbox' href='https:\/\/www.carolrenauxphoto.com\/wp-content\/uploads\/2020\/07\/Embarazo-casa-9.jpg' ><img alt='Embarazo - Carol Renaux Photo' class='item skip-lazy' data-class='item' data-ftg-source='https:\/\/www.carolrenauxphoto.com\/wp-content\/uploads\/2020\/07\/Embarazo-casa-9.jpg' src='https:\/\/www.carolrenauxphoto.com\/wp-content\/uploads\/2020\/07\/Embarazo-casa-9.jpg' width='1020' height='680' \/><\/a><div class='ftg-social'><\/div><\/div><div  class='tile ftg-preload'><a title=\"\" data-lightbox='ftg-33' rel='ftg-33'  class='tile-inner  ftg-lightbox' href='https:\/\/www.carolrenauxphoto.com\/wp-content\/uploads\/2020\/07\/Embarazo-casa-11.jpg' ><img alt='Embarazo - Carol Renaux Photo' class='item skip-lazy' data-class='item' data-ftg-source='https:\/\/www.carolrenauxphoto.com\/wp-content\/uploads\/2020\/07\/Embarazo-casa-11.jpg' src='https:\/\/www.carolrenauxphoto.com\/wp-content\/uploads\/2020\/07\/Embarazo-casa-11.jpg' width='1020' height='680' \/><\/a><div class='ftg-social'><\/div><\/div><div  class='tile ftg-preload'><a title=\"\" data-lightbox='ftg-33' rel='ftg-33'  class='tile-inner  ftg-lightbox' href='https:\/\/www.carolrenauxphoto.com\/wp-content\/uploads\/2020\/07\/Embarazo-casa-10.jpg' ><img alt='Embarazo - Carol Renaux Photo' class='item skip-lazy' data-class='item' data-ftg-source='https:\/\/www.carolrenauxphoto.com\/wp-content\/uploads\/2020\/07\/Embarazo-casa-10.jpg' src='https:\/\/www.carolrenauxphoto.com\/wp-content\/uploads\/2020\/07\/Embarazo-casa-10.jpg' width='1020' height='680' \/><\/a><div class='ftg-social'><\/div><\/div><div  class='tile ftg-preload'><a title=\"\" data-lightbox='ftg-33' rel='ftg-33'  class='tile-inner  ftg-lightbox' href='https:\/\/www.carolrenauxphoto.com\/wp-content\/uploads\/2020\/07\/Embarazo-casa-12.jpg' ><img alt='Embarazo - Carol Renaux Photo' class='item skip-lazy' data-class='item' data-ftg-source='https:\/\/www.carolrenauxphoto.com\/wp-content\/uploads\/2020\/07\/Embarazo-casa-12.jpg' src='https:\/\/www.carolrenauxphoto.com\/wp-content\/uploads\/2020\/07\/Embarazo-casa-12.jpg' width='1020' height='680' \/><\/a><div class='ftg-social'><\/div><\/div><\/div><\/div>\n<\/div>\n\t\t\t\t\t\t<\/div>\n\t\t\t\t<\/div>\n\t\t\t\t\t<\/div>\n\t\t<\/div>\n\t\t\t\t\t<\/div>\n\t\t<\/section>\n\t\t\t\t<section class=\"elementor-section elementor-top-section elementor-element elementor-element-b2453eb elementor-section-stretched elementor-section-boxed elementor-section-height-default elementor-section-height-default\" data-id=\"b2453eb\" data-element_type=\"section\" data-e-type=\"section\" data-settings=\"{&quot;stretch_section&quot;:&quot;section-stretched&quot;,&quot;background_background&quot;:&quot;classic&quot;}\">\n\t\t\t\t\t\t<div class=\"elementor-container elementor-column-gap-default\">\n\t\t\t\t\t<div class=\"elementor-column elementor-col-100 elementor-top-column elementor-element elementor-element-207d7f1\" data-id=\"207d7f1\" data-element_type=\"column\" data-e-type=\"column\">\n\t\t\t<div class=\"elementor-widget-wrap elementor-element-populated\">\n\t\t\t\t\t\t<div class=\"elementor-element elementor-element-0c7c9c5 elementor-widget elementor-widget-accordion\" data-id=\"0c7c9c5\" data-element_type=\"widget\" data-e-type=\"widget\" data-widget_type=\"accordion.default\">\n\t\t\t\t<div class=\"elementor-widget-container\">\n\t\t\t\t\t\t\t<div class=\"elementor-accordion\">\n\t\t\t\t\t\t\t<div class=\"elementor-accordion-item\">\n\t\t\t\t\t<div id=\"elementor-tab-title-1301\" class=\"elementor-tab-title\" data-tab=\"1\" role=\"button\" aria-controls=\"elementor-tab-content-1301\" aria-expanded=\"false\">\n\t\t\t\t\t\t\t\t\t\t\t\t\t<span class=\"elementor-accordion-icon elementor-accordion-icon-left\" aria-hidden=\"true\">\n\t\t\t\t\t\t\t\t\t\t\t\t\t\t\t<span class=\"elementor-accordion-icon-closed\"><i class=\"fas fa-plus\"><\/i><\/span>\n\t\t\t\t\t\t\t\t<span class=\"elementor-accordion-icon-opened\"><i class=\"fas fa-minus\"><\/i><\/span>\n\t\t\t\t\t\t\t\t\t\t\t\t\t\t<\/span>\n\t\t\t\t\t\t\t\t\t\t\t\t<a class=\"elementor-accordion-title\" tabindex=\"0\">\u00bfCu\u00e1ndo es un buen momento para hacer una sesi\u00f3n de embarazo?<\/a>\n\t\t\t\t\t<\/div>\n\t\t\t\t\t<div id=\"elementor-tab-content-1301\" class=\"elementor-tab-content elementor-clearfix\" data-tab=\"1\" role=\"region\" aria-labelledby=\"elementor-tab-title-1301\"><p>El reportaje de embarazada se realiza normalmente entre la semana 28 y la 34 de embarazo (entre el 7\u00ba y 8\u00ba mes de embarazo), aunque todo depende de c\u00f3mo se est\u00e9 llevando el embarazo, se pueden hacer fotos hasta el \u00faltimo d\u00eda. Lo ideal es realizarla en aquel momento en el que tu\u0301 mejor te encuentres.<\/p><p>Se pueden hacer fotos en primavera, verano, invierno\u2026todas las estaciones tienen algo especial, sobre todo si la que sale en las fotos eres t\u00fa.<\/p><p>\t\t<div data-elementor-type=\"wp-post\" data-elementor-id=\"957\" class=\"elementor elementor-957\">\n\t\t\t\t\t\t<section class=\"elementor-section elementor-top-section elementor-element elementor-element-e1c9b83 elementor-section-boxed elementor-section-height-default elementor-section-height-default\" data-id=\"e1c9b83\" data-element_type=\"section\" data-e-type=\"section\">\n\t\t\t\t\t\t<div class=\"elementor-container elementor-column-gap-default\">\n\t\t\t\t\t<div class=\"elementor-column elementor-col-100 elementor-top-column elementor-element elementor-element-ef1c39a\" data-id=\"ef1c39a\" data-element_type=\"column\" data-e-type=\"column\">\n\t\t\t<div class=\"elementor-widget-wrap elementor-element-populated\">\n\t\t\t\t\t\t<div class=\"elementor-element elementor-element-83b5953 elementor-widget elementor-widget-image-gallery\" data-id=\"83b5953\" data-element_type=\"widget\" data-e-type=\"widget\" data-widget_type=\"image-gallery.default\">\n\t\t\t\t<div class=\"elementor-widget-container\">\n\t\t\t\t\t\t\t<div class=\"elementor-image-gallery\">\n\t\t\t<div id='gallery-1' class='gallery galleryid-919 gallery-columns-4 gallery-size-full'><figure class='gallery-item'>\n\t\t\t<div class='gallery-icon landscape'>\n\t\t\t\t<a data-elementor-open-lightbox=\"yes\" data-elementor-lightbox-slideshow=\"83b5953\" data-elementor-lightbox-title=\"Embarazo - Carol Renaux Photo\" data-e-action-hash=\"#elementor-action%3Aaction%3Dlightbox%26settings%3DeyJpZCI6OTYxLCJ1cmwiOiJodHRwczpcL1wvd3d3LmNhcm9scmVuYXV4cGhvdG8uY29tXC93cC1jb250ZW50XC91cGxvYWRzXC8yMDIwXC8wN1wvRW1iYXJhem8tZXN0YWNpb25lcy0xLmpwZyIsInNsaWRlc2hvdyI6IjgzYjU5NTMifQ%3D%3D\" href='https:\/\/www.carolrenauxphoto.com\/wp-content\/uploads\/2020\/07\/Embarazo-estaciones-1.jpg'><img decoding=\"async\" width=\"1020\" height=\"680\" src=\"https:\/\/www.carolrenauxphoto.com\/wp-content\/uploads\/2020\/07\/Embarazo-estaciones-1.jpg\" class=\"attachment-full size-full\" alt=\"Embarazo - Carol Renaux Photo\" srcset=\"https:\/\/www.carolrenauxphoto.com\/wp-content\/uploads\/2020\/07\/Embarazo-estaciones-1.jpg 1020w, https:\/\/www.carolrenauxphoto.com\/wp-content\/uploads\/2020\/07\/Embarazo-estaciones-1-300x200.jpg 300w, https:\/\/www.carolrenauxphoto.com\/wp-content\/uploads\/2020\/07\/Embarazo-estaciones-1-768x512.jpg 768w\" sizes=\"(max-width: 1020px) 100vw, 1020px\" \/><\/a>\n\t\t\t<\/div><\/figure><figure class='gallery-item'>\n\t\t\t<div class='gallery-icon landscape'>\n\t\t\t\t<a data-elementor-open-lightbox=\"yes\" data-elementor-lightbox-slideshow=\"83b5953\" data-elementor-lightbox-title=\"Embarazo - Carol Renaux Photo\" data-e-action-hash=\"#elementor-action%3Aaction%3Dlightbox%26settings%3DeyJpZCI6OTYyLCJ1cmwiOiJodHRwczpcL1wvd3d3LmNhcm9scmVuYXV4cGhvdG8uY29tXC93cC1jb250ZW50XC91cGxvYWRzXC8yMDIwXC8wN1wvRW1iYXJhem8tZXN0YWNpb25lcy0yLmpwZyIsInNsaWRlc2hvdyI6IjgzYjU5NTMifQ%3D%3D\" href='https:\/\/www.carolrenauxphoto.com\/wp-content\/uploads\/2020\/07\/Embarazo-estaciones-2.jpg'><img decoding=\"async\" width=\"1020\" height=\"680\" src=\"https:\/\/www.carolrenauxphoto.com\/wp-content\/uploads\/2020\/07\/Embarazo-estaciones-2.jpg\" class=\"attachment-full size-full\" alt=\"Embarazo - Carol Renaux Photo\" srcset=\"https:\/\/www.carolrenauxphoto.com\/wp-content\/uploads\/2020\/07\/Embarazo-estaciones-2.jpg 1020w, https:\/\/www.carolrenauxphoto.com\/wp-content\/uploads\/2020\/07\/Embarazo-estaciones-2-300x200.jpg 300w, https:\/\/www.carolrenauxphoto.com\/wp-content\/uploads\/2020\/07\/Embarazo-estaciones-2-768x512.jpg 768w\" sizes=\"(max-width: 1020px) 100vw, 1020px\" \/><\/a>\n\t\t\t<\/div><\/figure><figure class='gallery-item'>\n\t\t\t<div class='gallery-icon landscape'>\n\t\t\t\t<a data-elementor-open-lightbox=\"yes\" data-elementor-lightbox-slideshow=\"83b5953\" data-elementor-lightbox-title=\"Embarazo - Carol Renaux Photo\" data-e-action-hash=\"#elementor-action%3Aaction%3Dlightbox%26settings%3DeyJpZCI6OTYzLCJ1cmwiOiJodHRwczpcL1wvd3d3LmNhcm9scmVuYXV4cGhvdG8uY29tXC93cC1jb250ZW50XC91cGxvYWRzXC8yMDIwXC8wN1wvRW1iYXJhem8tZXN0YWNpb25lcy0zLmpwZyIsInNsaWRlc2hvdyI6IjgzYjU5NTMifQ%3D%3D\" href='https:\/\/www.carolrenauxphoto.com\/wp-content\/uploads\/2020\/07\/Embarazo-estaciones-3.jpg'><img loading=\"lazy\" decoding=\"async\" width=\"1020\" height=\"680\" src=\"https:\/\/www.carolrenauxphoto.com\/wp-content\/uploads\/2020\/07\/Embarazo-estaciones-3.jpg\" class=\"attachment-full size-full\" alt=\"Embarazo - Carol Renaux Photo\" srcset=\"https:\/\/www.carolrenauxphoto.com\/wp-content\/uploads\/2020\/07\/Embarazo-estaciones-3.jpg 1020w, https:\/\/www.carolrenauxphoto.com\/wp-content\/uploads\/2020\/07\/Embarazo-estaciones-3-300x200.jpg 300w, https:\/\/www.carolrenauxphoto.com\/wp-content\/uploads\/2020\/07\/Embarazo-estaciones-3-768x512.jpg 768w\" sizes=\"(max-width: 1020px) 100vw, 1020px\" \/><\/a>\n\t\t\t<\/div><\/figure><figure class='gallery-item'>\n\t\t\t<div class='gallery-icon landscape'>\n\t\t\t\t<a data-elementor-open-lightbox=\"yes\" data-elementor-lightbox-slideshow=\"83b5953\" data-elementor-lightbox-title=\"Embarazo - Carol Renaux Photo\" data-e-action-hash=\"#elementor-action%3Aaction%3Dlightbox%26settings%3DeyJpZCI6OTYwLCJ1cmwiOiJodHRwczpcL1wvd3d3LmNhcm9scmVuYXV4cGhvdG8uY29tXC93cC1jb250ZW50XC91cGxvYWRzXC8yMDIwXC8wN1wvRW1iYXJhem8tZXN0YWNpb25lcy00LmpwZyIsInNsaWRlc2hvdyI6IjgzYjU5NTMifQ%3D%3D\" href='https:\/\/www.carolrenauxphoto.com\/wp-content\/uploads\/2020\/07\/Embarazo-estaciones-4.jpg'><img loading=\"lazy\" decoding=\"async\" width=\"1020\" height=\"680\" src=\"https:\/\/www.carolrenauxphoto.com\/wp-content\/uploads\/2020\/07\/Embarazo-estaciones-4.jpg\" class=\"attachment-full size-full\" alt=\"Embarazo - Carol Renaux Photo\" srcset=\"https:\/\/www.carolrenauxphoto.com\/wp-content\/uploads\/2020\/07\/Embarazo-estaciones-4.jpg 1020w, https:\/\/www.carolrenauxphoto.com\/wp-content\/uploads\/2020\/07\/Embarazo-estaciones-4-300x200.jpg 300w, https:\/\/www.carolrenauxphoto.com\/wp-content\/uploads\/2020\/07\/Embarazo-estaciones-4-768x512.jpg 768w\" sizes=\"(max-width: 1020px) 100vw, 1020px\" \/><\/a>\n\t\t\t<\/div><\/figure>\n\t\t<\/div>\n\t\t<\/div>\n\t\t\t\t\t\t<\/div>\n\t\t\t\t<\/div>\n\t\t\t\t\t<\/div>\n\t\t<\/div>\n\t\t\t\t\t<\/div>\n\t\t<\/section>\n\t\t\t\t<\/div>\n\t\t<\/p><\/div>\n\t\t\t\t<\/div>\n\t\t\t\t\t\t\t<div class=\"elementor-accordion-item\">\n\t\t\t\t\t<div id=\"elementor-tab-title-1302\" class=\"elementor-tab-title\" data-tab=\"2\" role=\"button\" aria-controls=\"elementor-tab-content-1302\" aria-expanded=\"false\">\n\t\t\t\t\t\t\t\t\t\t\t\t\t<span class=\"elementor-accordion-icon elementor-accordion-icon-left\" aria-hidden=\"true\">\n\t\t\t\t\t\t\t\t\t\t\t\t\t\t\t<span class=\"elementor-accordion-icon-closed\"><i class=\"fas fa-plus\"><\/i><\/span>\n\t\t\t\t\t\t\t\t<span class=\"elementor-accordion-icon-opened\"><i class=\"fas fa-minus\"><\/i><\/span>\n\t\t\t\t\t\t\t\t\t\t\t\t\t\t<\/span>\n\t\t\t\t\t\t\t\t\t\t\t\t<a class=\"elementor-accordion-title\" tabindex=\"0\">\u00bfPuede participar en el reportaje mi pareja? \u00bfMi\/s otro\/s hijo\/a puede salir en alguna fotograf\u00eda?<\/a>\n\t\t\t\t\t<\/div>\n\t\t\t\t\t<div id=\"elementor-tab-content-1302\" class=\"elementor-tab-content elementor-clearfix\" data-tab=\"2\" role=\"region\" aria-labelledby=\"elementor-tab-title-1302\"><p>Por supuesto, no s\u00f3lo puede sino que debe\u2026y si ten\u00e9is m\u00e1s hijos por supuesto que son bienvenidos\u2026al final aunque el embarazo lo vivamos nosotras en primera persona es un acontecimiento que afecta a toda la familia. A vuestro beb\u00e9, cu\u00e1ndo sea m\u00e1s mayor, le encantar\u00e1\u00a0 ver c\u00f3mo erais cu\u00e1ndo \u00e9l a\u00fan estaba en la tripita de su mam\u00e1.<\/p><p>\t\t<div data-elementor-type=\"wp-post\" data-elementor-id=\"966\" class=\"elementor elementor-966\">\n\t\t\t\t\t\t<section class=\"elementor-section elementor-top-section elementor-element elementor-element-d4a886c elementor-section-boxed elementor-section-height-default elementor-section-height-default\" data-id=\"d4a886c\" data-element_type=\"section\" data-e-type=\"section\">\n\t\t\t\t\t\t<div class=\"elementor-container elementor-column-gap-default\">\n\t\t\t\t\t<div class=\"elementor-column elementor-col-100 elementor-top-column elementor-element elementor-element-3b19551\" data-id=\"3b19551\" data-element_type=\"column\" data-e-type=\"column\">\n\t\t\t<div class=\"elementor-widget-wrap elementor-element-populated\">\n\t\t\t\t\t\t<div class=\"elementor-element elementor-element-3e7b59a elementor-widget elementor-widget-image-gallery\" data-id=\"3e7b59a\" data-element_type=\"widget\" data-e-type=\"widget\" data-widget_type=\"image-gallery.default\">\n\t\t\t\t<div class=\"elementor-widget-container\">\n\t\t\t\t\t\t\t<div class=\"elementor-image-gallery\">\n\t\t\t<div id='gallery-2' class='gallery galleryid-919 gallery-columns-4 gallery-size-full'><figure class='gallery-item'>\n\t\t\t<div class='gallery-icon landscape'>\n\t\t\t\t<a data-elementor-open-lightbox=\"yes\" data-elementor-lightbox-slideshow=\"3e7b59a\" data-elementor-lightbox-title=\"Embarazo - Carol Renaux Photo\" data-e-action-hash=\"#elementor-action%3Aaction%3Dlightbox%26settings%3DeyJpZCI6OTY5LCJ1cmwiOiJodHRwczpcL1wvd3d3LmNhcm9scmVuYXV4cGhvdG8uY29tXC93cC1jb250ZW50XC91cGxvYWRzXC8yMDIwXC8wN1wvRW1iYXJhem8tZmFtaWxpYS0xLmpwZyIsInNsaWRlc2hvdyI6IjNlN2I1OWEifQ%3D%3D\" href='https:\/\/www.carolrenauxphoto.com\/wp-content\/uploads\/2020\/07\/Embarazo-familia-1.jpg'><img loading=\"lazy\" decoding=\"async\" width=\"1020\" height=\"680\" src=\"https:\/\/www.carolrenauxphoto.com\/wp-content\/uploads\/2020\/07\/Embarazo-familia-1.jpg\" class=\"attachment-full size-full\" alt=\"Embarazo - Carol Renaux Photo\" srcset=\"https:\/\/www.carolrenauxphoto.com\/wp-content\/uploads\/2020\/07\/Embarazo-familia-1.jpg 1020w, https:\/\/www.carolrenauxphoto.com\/wp-content\/uploads\/2020\/07\/Embarazo-familia-1-300x200.jpg 300w, https:\/\/www.carolrenauxphoto.com\/wp-content\/uploads\/2020\/07\/Embarazo-familia-1-768x512.jpg 768w\" sizes=\"(max-width: 1020px) 100vw, 1020px\" \/><\/a>\n\t\t\t<\/div><\/figure><figure class='gallery-item'>\n\t\t\t<div class='gallery-icon landscape'>\n\t\t\t\t<a data-elementor-open-lightbox=\"yes\" data-elementor-lightbox-slideshow=\"3e7b59a\" data-elementor-lightbox-title=\"Embarazo - Carol Renaux Photo\" data-e-action-hash=\"#elementor-action%3Aaction%3Dlightbox%26settings%3DeyJpZCI6OTcwLCJ1cmwiOiJodHRwczpcL1wvd3d3LmNhcm9scmVuYXV4cGhvdG8uY29tXC93cC1jb250ZW50XC91cGxvYWRzXC8yMDIwXC8wN1wvRW1iYXJhem8tZmFtaWxpYS0yLmpwZyIsInNsaWRlc2hvdyI6IjNlN2I1OWEifQ%3D%3D\" href='https:\/\/www.carolrenauxphoto.com\/wp-content\/uploads\/2020\/07\/Embarazo-familia-2.jpg'><img loading=\"lazy\" decoding=\"async\" width=\"1020\" height=\"680\" src=\"https:\/\/www.carolrenauxphoto.com\/wp-content\/uploads\/2020\/07\/Embarazo-familia-2.jpg\" class=\"attachment-full size-full\" alt=\"Embarazo - Carol Renaux Photo\" srcset=\"https:\/\/www.carolrenauxphoto.com\/wp-content\/uploads\/2020\/07\/Embarazo-familia-2.jpg 1020w, https:\/\/www.carolrenauxphoto.com\/wp-content\/uploads\/2020\/07\/Embarazo-familia-2-300x200.jpg 300w, https:\/\/www.carolrenauxphoto.com\/wp-content\/uploads\/2020\/07\/Embarazo-familia-2-768x512.jpg 768w\" sizes=\"(max-width: 1020px) 100vw, 1020px\" \/><\/a>\n\t\t\t<\/div><\/figure><figure class='gallery-item'>\n\t\t\t<div class='gallery-icon landscape'>\n\t\t\t\t<a data-elementor-open-lightbox=\"yes\" data-elementor-lightbox-slideshow=\"3e7b59a\" data-elementor-lightbox-title=\"Embarazo - Carol Renaux Photo\" data-e-action-hash=\"#elementor-action%3Aaction%3Dlightbox%26settings%3DeyJpZCI6OTcxLCJ1cmwiOiJodHRwczpcL1wvd3d3LmNhcm9scmVuYXV4cGhvdG8uY29tXC93cC1jb250ZW50XC91cGxvYWRzXC8yMDIwXC8wN1wvRW1iYXJhem8tZmFtaWxpYS0zLmpwZyIsInNsaWRlc2hvdyI6IjNlN2I1OWEifQ%3D%3D\" href='https:\/\/www.carolrenauxphoto.com\/wp-content\/uploads\/2020\/07\/Embarazo-familia-3.jpg'><img loading=\"lazy\" decoding=\"async\" width=\"1020\" height=\"680\" src=\"https:\/\/www.carolrenauxphoto.com\/wp-content\/uploads\/2020\/07\/Embarazo-familia-3.jpg\" class=\"attachment-full size-full\" alt=\"Embarazo - Carol Renaux Photo\" srcset=\"https:\/\/www.carolrenauxphoto.com\/wp-content\/uploads\/2020\/07\/Embarazo-familia-3.jpg 1020w, https:\/\/www.carolrenauxphoto.com\/wp-content\/uploads\/2020\/07\/Embarazo-familia-3-300x200.jpg 300w, https:\/\/www.carolrenauxphoto.com\/wp-content\/uploads\/2020\/07\/Embarazo-familia-3-768x512.jpg 768w\" sizes=\"(max-width: 1020px) 100vw, 1020px\" \/><\/a>\n\t\t\t<\/div><\/figure><figure class='gallery-item'>\n\t\t\t<div class='gallery-icon landscape'>\n\t\t\t\t<a data-elementor-open-lightbox=\"yes\" data-elementor-lightbox-slideshow=\"3e7b59a\" data-elementor-lightbox-title=\"Embarazo - Carol Renaux Photo\" data-e-action-hash=\"#elementor-action%3Aaction%3Dlightbox%26settings%3DeyJpZCI6OTY4LCJ1cmwiOiJodHRwczpcL1wvd3d3LmNhcm9scmVuYXV4cGhvdG8uY29tXC93cC1jb250ZW50XC91cGxvYWRzXC8yMDIwXC8wN1wvRW1iYXJhem8tZmFtaWxpYS00LmpwZyIsInNsaWRlc2hvdyI6IjNlN2I1OWEifQ%3D%3D\" href='https:\/\/www.carolrenauxphoto.com\/wp-content\/uploads\/2020\/07\/Embarazo-familia-4.jpg'><img loading=\"lazy\" decoding=\"async\" width=\"1020\" height=\"680\" src=\"https:\/\/www.carolrenauxphoto.com\/wp-content\/uploads\/2020\/07\/Embarazo-familia-4.jpg\" class=\"attachment-full size-full\" alt=\"Embarazo - Carol Renaux Photo\" srcset=\"https:\/\/www.carolrenauxphoto.com\/wp-content\/uploads\/2020\/07\/Embarazo-familia-4.jpg 1020w, https:\/\/www.carolrenauxphoto.com\/wp-content\/uploads\/2020\/07\/Embarazo-familia-4-300x200.jpg 300w, https:\/\/www.carolrenauxphoto.com\/wp-content\/uploads\/2020\/07\/Embarazo-familia-4-768x512.jpg 768w\" sizes=\"(max-width: 1020px) 100vw, 1020px\" \/><\/a>\n\t\t\t<\/div><\/figure>\n\t\t<\/div>\n\t\t<\/div>\n\t\t\t\t\t\t<\/div>\n\t\t\t\t<\/div>\n\t\t\t\t\t<\/div>\n\t\t<\/div>\n\t\t\t\t\t<\/div>\n\t\t<\/section>\n\t\t\t\t<\/div>\n\t\t<\/p><\/div>\n\t\t\t\t<\/div>\n\t\t\t\t\t\t\t<div class=\"elementor-accordion-item\">\n\t\t\t\t\t<div id=\"elementor-tab-title-1303\" class=\"elementor-tab-title\" data-tab=\"3\" role=\"button\" aria-controls=\"elementor-tab-content-1303\" aria-expanded=\"false\">\n\t\t\t\t\t\t\t\t\t\t\t\t\t<span class=\"elementor-accordion-icon elementor-accordion-icon-left\" aria-hidden=\"true\">\n\t\t\t\t\t\t\t\t\t\t\t\t\t\t\t<span class=\"elementor-accordion-icon-closed\"><i class=\"fas fa-plus\"><\/i><\/span>\n\t\t\t\t\t\t\t\t<span class=\"elementor-accordion-icon-opened\"><i class=\"fas fa-minus\"><\/i><\/span>\n\t\t\t\t\t\t\t\t\t\t\t\t\t\t<\/span>\n\t\t\t\t\t\t\t\t\t\t\t\t<a class=\"elementor-accordion-title\" tabindex=\"0\">\u00bfQu\u00e9 ropa nos ponemos? \u00bfAlguna recomendaci\u00f3n?<\/a>\n\t\t\t\t\t<\/div>\n\t\t\t\t\t<div id=\"elementor-tab-content-1303\" class=\"elementor-tab-content elementor-clearfix\" data-tab=\"3\" role=\"region\" aria-labelledby=\"elementor-tab-title-1303\"><p>Unos d\u00edas antes del reportaje os enviar\u00e9 un documento con algunas recomendaciones. Lo mejor es ser vosotros mismos, no es necesario que os pong\u00e1is nada especial para ese d\u00eda, lo m\u00e1s importante es que os sint\u00e1is c\u00f3modos y os reconozc\u00e1is.<\/p><p>\u00a0<\/p><p>\t\t<div data-elementor-type=\"wp-post\" data-elementor-id=\"1142\" class=\"elementor elementor-1142\">\n\t\t\t\t\t\t<section class=\"elementor-section elementor-top-section elementor-element elementor-element-d1e920f elementor-section-boxed elementor-section-height-default elementor-section-height-default\" data-id=\"d1e920f\" data-element_type=\"section\" data-e-type=\"section\">\n\t\t\t\t\t\t<div class=\"elementor-container elementor-column-gap-default\">\n\t\t\t\t\t<div class=\"elementor-column elementor-col-100 elementor-top-column elementor-element elementor-element-43bb135\" data-id=\"43bb135\" data-element_type=\"column\" data-e-type=\"column\">\n\t\t\t<div class=\"elementor-widget-wrap elementor-element-populated\">\n\t\t\t\t\t\t<div class=\"elementor-element elementor-element-c37902a elementor-widget elementor-widget-image-gallery\" data-id=\"c37902a\" data-element_type=\"widget\" data-e-type=\"widget\" data-widget_type=\"image-gallery.default\">\n\t\t\t\t<div class=\"elementor-widget-container\">\n\t\t\t\t\t\t\t<div class=\"elementor-image-gallery\">\n\t\t\t<div id='gallery-3' class='gallery galleryid-919 gallery-columns-3 gallery-size-full'><figure class='gallery-item'>\n\t\t\t<div class='gallery-icon landscape'>\n\t\t\t\t<a data-elementor-open-lightbox=\"yes\" data-elementor-lightbox-slideshow=\"c37902a\" data-elementor-lightbox-title=\"EMBARAZO-ROPA-1\" data-e-action-hash=\"#elementor-action%3Aaction%3Dlightbox%26settings%3DeyJpZCI6MTE0NSwidXJsIjoiaHR0cHM6XC9cL3d3dy5jYXJvbHJlbmF1eHBob3RvLmNvbVwvd3AtY29udGVudFwvdXBsb2Fkc1wvMjAyMFwvMDdcL0VNQkFSQVpPLVJPUEEtMS5qcGciLCJzbGlkZXNob3ciOiJjMzc5MDJhIn0%3D\" href='https:\/\/www.carolrenauxphoto.com\/wp-content\/uploads\/2020\/07\/EMBARAZO-ROPA-1.jpg'><img loading=\"lazy\" decoding=\"async\" width=\"1020\" height=\"680\" src=\"https:\/\/www.carolrenauxphoto.com\/wp-content\/uploads\/2020\/07\/EMBARAZO-ROPA-1.jpg\" class=\"attachment-full size-full\" alt=\"\" srcset=\"https:\/\/www.carolrenauxphoto.com\/wp-content\/uploads\/2020\/07\/EMBARAZO-ROPA-1.jpg 1020w, https:\/\/www.carolrenauxphoto.com\/wp-content\/uploads\/2020\/07\/EMBARAZO-ROPA-1-300x200.jpg 300w, https:\/\/www.carolrenauxphoto.com\/wp-content\/uploads\/2020\/07\/EMBARAZO-ROPA-1-768x512.jpg 768w\" sizes=\"(max-width: 1020px) 100vw, 1020px\" \/><\/a>\n\t\t\t<\/div><\/figure><figure class='gallery-item'>\n\t\t\t<div class='gallery-icon landscape'>\n\t\t\t\t<a data-elementor-open-lightbox=\"yes\" data-elementor-lightbox-slideshow=\"c37902a\" data-elementor-lightbox-title=\"EMBARAZO-ROPA-2\" data-e-action-hash=\"#elementor-action%3Aaction%3Dlightbox%26settings%3DeyJpZCI6MTE0NiwidXJsIjoiaHR0cHM6XC9cL3d3dy5jYXJvbHJlbmF1eHBob3RvLmNvbVwvd3AtY29udGVudFwvdXBsb2Fkc1wvMjAyMFwvMDdcL0VNQkFSQVpPLVJPUEEtMi5qcGciLCJzbGlkZXNob3ciOiJjMzc5MDJhIn0%3D\" href='https:\/\/www.carolrenauxphoto.com\/wp-content\/uploads\/2020\/07\/EMBARAZO-ROPA-2.jpg'><img loading=\"lazy\" decoding=\"async\" width=\"1020\" height=\"680\" src=\"https:\/\/www.carolrenauxphoto.com\/wp-content\/uploads\/2020\/07\/EMBARAZO-ROPA-2.jpg\" class=\"attachment-full size-full\" alt=\"\" srcset=\"https:\/\/www.carolrenauxphoto.com\/wp-content\/uploads\/2020\/07\/EMBARAZO-ROPA-2.jpg 1020w, https:\/\/www.carolrenauxphoto.com\/wp-content\/uploads\/2020\/07\/EMBARAZO-ROPA-2-300x200.jpg 300w, https:\/\/www.carolrenauxphoto.com\/wp-content\/uploads\/2020\/07\/EMBARAZO-ROPA-2-768x512.jpg 768w\" sizes=\"(max-width: 1020px) 100vw, 1020px\" \/><\/a>\n\t\t\t<\/div><\/figure><figure class='gallery-item'>\n\t\t\t<div class='gallery-icon landscape'>\n\t\t\t\t<a data-elementor-open-lightbox=\"yes\" data-elementor-lightbox-slideshow=\"c37902a\" data-elementor-lightbox-title=\"EMBARAZO-ROPA-3\" data-e-action-hash=\"#elementor-action%3Aaction%3Dlightbox%26settings%3DeyJpZCI6MTE0NywidXJsIjoiaHR0cHM6XC9cL3d3dy5jYXJvbHJlbmF1eHBob3RvLmNvbVwvd3AtY29udGVudFwvdXBsb2Fkc1wvMjAyMFwvMDdcL0VNQkFSQVpPLVJPUEEtMy5qcGciLCJzbGlkZXNob3ciOiJjMzc5MDJhIn0%3D\" href='https:\/\/www.carolrenauxphoto.com\/wp-content\/uploads\/2020\/07\/EMBARAZO-ROPA-3.jpg'><img loading=\"lazy\" decoding=\"async\" width=\"1020\" height=\"680\" src=\"https:\/\/www.carolrenauxphoto.com\/wp-content\/uploads\/2020\/07\/EMBARAZO-ROPA-3.jpg\" class=\"attachment-full size-full\" alt=\"\" srcset=\"https:\/\/www.carolrenauxphoto.com\/wp-content\/uploads\/2020\/07\/EMBARAZO-ROPA-3.jpg 1020w, https:\/\/www.carolrenauxphoto.com\/wp-content\/uploads\/2020\/07\/EMBARAZO-ROPA-3-300x200.jpg 300w, https:\/\/www.carolrenauxphoto.com\/wp-content\/uploads\/2020\/07\/EMBARAZO-ROPA-3-768x512.jpg 768w\" sizes=\"(max-width: 1020px) 100vw, 1020px\" \/><\/a>\n\t\t\t<\/div><\/figure><figure class='gallery-item'>\n\t\t\t<div class='gallery-icon landscape'>\n\t\t\t\t<a data-elementor-open-lightbox=\"yes\" data-elementor-lightbox-slideshow=\"c37902a\" data-elementor-lightbox-title=\"EMBARAZO-ROPA-4\" data-e-action-hash=\"#elementor-action%3Aaction%3Dlightbox%26settings%3DeyJpZCI6MTE0OCwidXJsIjoiaHR0cHM6XC9cL3d3dy5jYXJvbHJlbmF1eHBob3RvLmNvbVwvd3AtY29udGVudFwvdXBsb2Fkc1wvMjAyMFwvMDdcL0VNQkFSQVpPLVJPUEEtNC5qcGciLCJzbGlkZXNob3ciOiJjMzc5MDJhIn0%3D\" href='https:\/\/www.carolrenauxphoto.com\/wp-content\/uploads\/2020\/07\/EMBARAZO-ROPA-4.jpg'><img loading=\"lazy\" decoding=\"async\" width=\"1020\" height=\"680\" src=\"https:\/\/www.carolrenauxphoto.com\/wp-content\/uploads\/2020\/07\/EMBARAZO-ROPA-4.jpg\" class=\"attachment-full size-full\" alt=\"\" srcset=\"https:\/\/www.carolrenauxphoto.com\/wp-content\/uploads\/2020\/07\/EMBARAZO-ROPA-4.jpg 1020w, https:\/\/www.carolrenauxphoto.com\/wp-content\/uploads\/2020\/07\/EMBARAZO-ROPA-4-300x200.jpg 300w, https:\/\/www.carolrenauxphoto.com\/wp-content\/uploads\/2020\/07\/EMBARAZO-ROPA-4-768x512.jpg 768w\" sizes=\"(max-width: 1020px) 100vw, 1020px\" \/><\/a>\n\t\t\t<\/div><\/figure><figure class='gallery-item'>\n\t\t\t<div class='gallery-icon landscape'>\n\t\t\t\t<a data-elementor-open-lightbox=\"yes\" data-elementor-lightbox-slideshow=\"c37902a\" data-elementor-lightbox-title=\"EMBARAZO-ROPA-5\" data-e-action-hash=\"#elementor-action%3Aaction%3Dlightbox%26settings%3DeyJpZCI6MTE0OSwidXJsIjoiaHR0cHM6XC9cL3d3dy5jYXJvbHJlbmF1eHBob3RvLmNvbVwvd3AtY29udGVudFwvdXBsb2Fkc1wvMjAyMFwvMDdcL0VNQkFSQVpPLVJPUEEtNS5qcGciLCJzbGlkZXNob3ciOiJjMzc5MDJhIn0%3D\" href='https:\/\/www.carolrenauxphoto.com\/wp-content\/uploads\/2020\/07\/EMBARAZO-ROPA-5.jpg'><img loading=\"lazy\" decoding=\"async\" width=\"1020\" height=\"680\" src=\"https:\/\/www.carolrenauxphoto.com\/wp-content\/uploads\/2020\/07\/EMBARAZO-ROPA-5.jpg\" class=\"attachment-full size-full\" alt=\"\" srcset=\"https:\/\/www.carolrenauxphoto.com\/wp-content\/uploads\/2020\/07\/EMBARAZO-ROPA-5.jpg 1020w, https:\/\/www.carolrenauxphoto.com\/wp-content\/uploads\/2020\/07\/EMBARAZO-ROPA-5-300x200.jpg 300w, https:\/\/www.carolrenauxphoto.com\/wp-content\/uploads\/2020\/07\/EMBARAZO-ROPA-5-768x512.jpg 768w\" sizes=\"(max-width: 1020px) 100vw, 1020px\" \/><\/a>\n\t\t\t<\/div><\/figure><figure class='gallery-item'>\n\t\t\t<div class='gallery-icon landscape'>\n\t\t\t\t<a data-elementor-open-lightbox=\"yes\" data-elementor-lightbox-slideshow=\"c37902a\" data-elementor-lightbox-title=\"EMBARAZO-ROPA-6\" data-e-action-hash=\"#elementor-action%3Aaction%3Dlightbox%26settings%3DeyJpZCI6MTE0NCwidXJsIjoiaHR0cHM6XC9cL3d3dy5jYXJvbHJlbmF1eHBob3RvLmNvbVwvd3AtY29udGVudFwvdXBsb2Fkc1wvMjAyMFwvMDdcL0VNQkFSQVpPLVJPUEEtNi5qcGciLCJzbGlkZXNob3ciOiJjMzc5MDJhIn0%3D\" href='https:\/\/www.carolrenauxphoto.com\/wp-content\/uploads\/2020\/07\/EMBARAZO-ROPA-6.jpg'><img loading=\"lazy\" decoding=\"async\" width=\"1020\" height=\"680\" src=\"https:\/\/www.carolrenauxphoto.com\/wp-content\/uploads\/2020\/07\/EMBARAZO-ROPA-6.jpg\" class=\"attachment-full size-full\" alt=\"\" srcset=\"https:\/\/www.carolrenauxphoto.com\/wp-content\/uploads\/2020\/07\/EMBARAZO-ROPA-6.jpg 1020w, https:\/\/www.carolrenauxphoto.com\/wp-content\/uploads\/2020\/07\/EMBARAZO-ROPA-6-300x200.jpg 300w, https:\/\/www.carolrenauxphoto.com\/wp-content\/uploads\/2020\/07\/EMBARAZO-ROPA-6-768x512.jpg 768w\" sizes=\"(max-width: 1020px) 100vw, 1020px\" \/><\/a>\n\t\t\t<\/div><\/figure>\n\t\t<\/div>\n\t\t<\/div>\n\t\t\t\t\t\t<\/div>\n\t\t\t\t<\/div>\n\t\t\t\t\t<\/div>\n\t\t<\/div>\n\t\t\t\t\t<\/div>\n\t\t<\/section>\n\t\t\t\t<\/div>\n\t\t<\/p><\/div>\n\t\t\t\t<\/div>\n\t\t\t\t\t\t\t<div class=\"elementor-accordion-item\">\n\t\t\t\t\t<div id=\"elementor-tab-title-1304\" class=\"elementor-tab-title\" data-tab=\"4\" role=\"button\" aria-controls=\"elementor-tab-content-1304\" aria-expanded=\"false\">\n\t\t\t\t\t\t\t\t\t\t\t\t\t<span class=\"elementor-accordion-icon elementor-accordion-icon-left\" aria-hidden=\"true\">\n\t\t\t\t\t\t\t\t\t\t\t\t\t\t\t<span class=\"elementor-accordion-icon-closed\"><i class=\"fas fa-plus\"><\/i><\/span>\n\t\t\t\t\t\t\t\t<span class=\"elementor-accordion-icon-opened\"><i class=\"fas fa-minus\"><\/i><\/span>\n\t\t\t\t\t\t\t\t\t\t\t\t\t\t<\/span>\n\t\t\t\t\t\t\t\t\t\t\t\t<a class=\"elementor-accordion-title\" tabindex=\"0\">Qu\u00e9 incluye el reportaje fotogr\u00e1fico de embarazada?<\/a>\n\t\t\t\t\t<\/div>\n\t\t\t\t\t<div id=\"elementor-tab-content-1304\" class=\"elementor-tab-content elementor-clearfix\" data-tab=\"4\" role=\"region\" aria-labelledby=\"elementor-tab-title-1304\"><ol><li>El tiempo necesario para realizar el reportaje. La duraci\u00f3n habitual suele ser de 2 horas, si es en casa recomiendo hacerlo por la ma\u00f1ana que es cuando suele haber m\u00e1s luz en las casas y en el atardecer si la sesi\u00f3n en exterior.<\/li><li>La selecci\u00f3n y edici\u00f3n de las fotograf\u00edas que considere buenas del reportaje.<\/li><li>Sea cual sea el paquete que elij\u00e1is la entrega del reportaje se realiza en Galer\u00eda privada online, DVD personalizado y 3 copias en papel a tama\u00f1o 10&#215;15 pero tengo muchas otras opciones: cajitas con fotos impresas, \u00e1lbumes, lienzos..etc.<\/li><\/ol><\/div>\n\t\t\t\t<\/div>\n\t\t\t\t\t\t\t<div class=\"elementor-accordion-item\">\n\t\t\t\t\t<div id=\"elementor-tab-title-1305\" class=\"elementor-tab-title\" data-tab=\"5\" role=\"button\" aria-controls=\"elementor-tab-content-1305\" aria-expanded=\"false\">\n\t\t\t\t\t\t\t\t\t\t\t\t\t<span class=\"elementor-accordion-icon elementor-accordion-icon-left\" aria-hidden=\"true\">\n\t\t\t\t\t\t\t\t\t\t\t\t\t\t\t<span class=\"elementor-accordion-icon-closed\"><i class=\"fas fa-plus\"><\/i><\/span>\n\t\t\t\t\t\t\t\t<span class=\"elementor-accordion-icon-opened\"><i class=\"fas fa-minus\"><\/i><\/span>\n\t\t\t\t\t\t\t\t\t\t\t\t\t\t<\/span>\n\t\t\t\t\t\t\t\t\t\t\t\t<a class=\"elementor-accordion-title\" tabindex=\"0\">\u00bfTienes alg\u00fan pack o descuento si contratamos la sesi\u00f3n de embarazo y reci\u00e9n nacido juntas?<\/a>\n\t\t\t\t\t<\/div>\n\t\t\t\t\t<div id=\"elementor-tab-content-1305\" class=\"elementor-tab-content elementor-clearfix\" data-tab=\"5\" role=\"region\" aria-labelledby=\"elementor-tab-title-1305\"><p>S\u00ed, tengo un pack de sesi\u00f3n de embarazo + sesi\u00f3n de reci\u00e9n nacido o de sesi\u00f3n de embarazo + sesi\u00f3n fresh 48 h (sesi\u00f3n que se realiza en la maternidad) con un descuento de un 20% sobre el precio total de ambas sesiones.<\/p><p>\t\t<div data-elementor-type=\"wp-post\" data-elementor-id=\"974\" class=\"elementor elementor-974\">\n\t\t\t\t\t\t<section class=\"elementor-section elementor-top-section elementor-element elementor-element-813a072 elementor-section-boxed elementor-section-height-default elementor-section-height-default\" data-id=\"813a072\" data-element_type=\"section\" data-e-type=\"section\">\n\t\t\t\t\t\t<div class=\"elementor-container elementor-column-gap-default\">\n\t\t\t\t\t<div class=\"elementor-column elementor-col-50 elementor-top-column elementor-element elementor-element-c94edf6\" data-id=\"c94edf6\" data-element_type=\"column\" data-e-type=\"column\">\n\t\t\t<div class=\"elementor-widget-wrap elementor-element-populated\">\n\t\t\t\t\t\t<div class=\"elementor-element elementor-element-05a1d97 elementor-widget elementor-widget-image\" data-id=\"05a1d97\" data-element_type=\"widget\" data-e-type=\"widget\" data-widget_type=\"image.default\">\n\t\t\t\t<div class=\"elementor-widget-container\">\n\t\t\t\t\t\t\t\t\t\t\t\t\t\t\t<img loading=\"lazy\" decoding=\"async\" width=\"1020\" height=\"680\" src=\"https:\/\/www.carolrenauxphoto.com\/wp-content\/uploads\/2020\/07\/Pack-embarazo-bebe-1.jpg\" class=\"attachment-large size-large wp-image-981\" alt=\"Embarazo - Carol Renaux Photo\" srcset=\"https:\/\/www.carolrenauxphoto.com\/wp-content\/uploads\/2020\/07\/Pack-embarazo-bebe-1.jpg 1020w, https:\/\/www.carolrenauxphoto.com\/wp-content\/uploads\/2020\/07\/Pack-embarazo-bebe-1-300x200.jpg 300w, https:\/\/www.carolrenauxphoto.com\/wp-content\/uploads\/2020\/07\/Pack-embarazo-bebe-1-768x512.jpg 768w\" sizes=\"(max-width: 1020px) 100vw, 1020px\" \/>\t\t\t\t\t\t\t\t\t\t\t\t\t\t\t<\/div>\n\t\t\t\t<\/div>\n\t\t\t\t\t<\/div>\n\t\t<\/div>\n\t\t\t\t<div class=\"elementor-column elementor-col-50 elementor-top-column elementor-element elementor-element-72fb2c7\" data-id=\"72fb2c7\" data-element_type=\"column\" data-e-type=\"column\">\n\t\t\t<div class=\"elementor-widget-wrap elementor-element-populated\">\n\t\t\t\t\t\t<div class=\"elementor-element elementor-element-dc233b5 elementor-widget elementor-widget-image\" data-id=\"dc233b5\" data-element_type=\"widget\" data-e-type=\"widget\" data-widget_type=\"image.default\">\n\t\t\t\t<div class=\"elementor-widget-container\">\n\t\t\t\t\t\t\t\t\t\t\t\t\t\t\t<img loading=\"lazy\" decoding=\"async\" width=\"1020\" height=\"680\" src=\"https:\/\/www.carolrenauxphoto.com\/wp-content\/uploads\/2020\/07\/Pack-embarazo-bebe-2.jpg\" class=\"attachment-large size-large wp-image-982\" alt=\"Embarazo - Carol Renaux Photo\" srcset=\"https:\/\/www.carolrenauxphoto.com\/wp-content\/uploads\/2020\/07\/Pack-embarazo-bebe-2.jpg 1020w, https:\/\/www.carolrenauxphoto.com\/wp-content\/uploads\/2020\/07\/Pack-embarazo-bebe-2-300x200.jpg 300w, https:\/\/www.carolrenauxphoto.com\/wp-content\/uploads\/2020\/07\/Pack-embarazo-bebe-2-768x512.jpg 768w\" sizes=\"(max-width: 1020px) 100vw, 1020px\" \/>\t\t\t\t\t\t\t\t\t\t\t\t\t\t\t<\/div>\n\t\t\t\t<\/div>\n\t\t\t\t\t<\/div>\n\t\t<\/div>\n\t\t\t\t\t<\/div>\n\t\t<\/section>\n\t\t\t\t<\/div>\n\t\t<\/p><\/div>\n\t\t\t\t<\/div>\n\t\t\t\t\t\t\t<div class=\"elementor-accordion-item\">\n\t\t\t\t\t<div id=\"elementor-tab-title-1306\" class=\"elementor-tab-title\" data-tab=\"6\" role=\"button\" aria-controls=\"elementor-tab-content-1306\" aria-expanded=\"false\">\n\t\t\t\t\t\t\t\t\t\t\t\t\t<span class=\"elementor-accordion-icon elementor-accordion-icon-left\" aria-hidden=\"true\">\n\t\t\t\t\t\t\t\t\t\t\t\t\t\t\t<span class=\"elementor-accordion-icon-closed\"><i class=\"fas fa-plus\"><\/i><\/span>\n\t\t\t\t\t\t\t\t<span class=\"elementor-accordion-icon-opened\"><i class=\"fas fa-minus\"><\/i><\/span>\n\t\t\t\t\t\t\t\t\t\t\t\t\t\t<\/span>\n\t\t\t\t\t\t\t\t\t\t\t\t<a class=\"elementor-accordion-title\" tabindex=\"0\">\u00bfY si quiero regalar un reportaje? \u00bfC\u00f3mo lo hago?<\/a>\n\t\t\t\t\t<\/div>\n\t\t\t\t\t<div id=\"elementor-tab-content-1306\" class=\"elementor-tab-content elementor-clearfix\" data-tab=\"6\" role=\"region\" aria-labelledby=\"elementor-tab-title-1306\"><p>En los casos en los que el reportaje es para regalo os suelo preparar una tarjeta regalo personalizada que meter\u00e9 en una cajita kraft muy chula para que pod\u00e1is entreg\u00e1rselo a la familia. Quedamos un d\u00eda para que os lo entregue o si sois de fuera de Madrid, o nos resulta complicado quedar personalmente, os lo env\u00edo por correo.<\/p><p><img loading=\"lazy\" decoding=\"async\" class=\"aligncenter wp-image-985 size-full\" src=\"https:\/\/www.carolrenauxphoto.com\/wp-content\/uploads\/2020\/07\/tarjeta-regalo-embarazo.jpg\" alt=\"\" width=\"567\" height=\"378\" srcset=\"https:\/\/www.carolrenauxphoto.com\/wp-content\/uploads\/2020\/07\/tarjeta-regalo-embarazo.jpg 567w, https:\/\/www.carolrenauxphoto.com\/wp-content\/uploads\/2020\/07\/tarjeta-regalo-embarazo-300x200.jpg 300w\" sizes=\"(max-width: 567px) 100vw, 567px\" \/><\/p><\/div>\n\t\t\t\t<\/div>\n\t\t\t\t\t\t\t<div class=\"elementor-accordion-item\">\n\t\t\t\t\t<div id=\"elementor-tab-title-1307\" class=\"elementor-tab-title\" data-tab=\"7\" role=\"button\" aria-controls=\"elementor-tab-content-1307\" aria-expanded=\"false\">\n\t\t\t\t\t\t\t\t\t\t\t\t\t<span class=\"elementor-accordion-icon elementor-accordion-icon-left\" aria-hidden=\"true\">\n\t\t\t\t\t\t\t\t\t\t\t\t\t\t\t<span class=\"elementor-accordion-icon-closed\"><i class=\"fas fa-plus\"><\/i><\/span>\n\t\t\t\t\t\t\t\t<span class=\"elementor-accordion-icon-opened\"><i class=\"fas fa-minus\"><\/i><\/span>\n\t\t\t\t\t\t\t\t\t\t\t\t\t\t<\/span>\n\t\t\t\t\t\t\t\t\t\t\t\t<a class=\"elementor-accordion-title\" tabindex=\"0\">\u00a1Quiero realizar un reportaje! \u00bfC\u00f3mo lo hago?<\/a>\n\t\t\t\t\t<\/div>\n\t\t\t\t\t<div id=\"elementor-tab-content-1307\" class=\"elementor-tab-content elementor-clearfix\" data-tab=\"7\" role=\"region\" aria-labelledby=\"elementor-tab-title-1307\"><p>Escr\u00edbeme un email, env\u00edame el formulario de contacto o ll\u00e1mame por tel\u00e9fono y te enviar\u00e9 la informaci\u00f3n detallada con las diferentes opciones. Y si te apetece que quedemos para ver ejemplos de reportajes d\u00edmelo y concretamos d\u00eda y hora para tomar un caf\u00e9.<\/p><\/div>\n\t\t\t\t<\/div>\n\t\t\t\t\t\t\t\t<\/div>\n\t\t\t\t\t\t<\/div>\n\t\t\t\t<\/div>\n\t\t\t\t\t<\/div>\n\t\t<\/div>\n\t\t\t\t\t<\/div>\n\t\t<\/section>\n\t\t\t\t<section class=\"elementor-section elementor-top-section elementor-element elementor-element-09a8361 elementor-section-boxed elementor-section-height-default elementor-section-height-default\" data-id=\"09a8361\" data-element_type=\"section\" data-e-type=\"section\">\n\t\t\t\t\t\t<div class=\"elementor-container elementor-column-gap-default\">\n\t\t\t\t\t<div class=\"elementor-column elementor-col-100 elementor-top-column elementor-element elementor-element-ad27e6d\" data-id=\"ad27e6d\" data-element_type=\"column\" data-e-type=\"column\">\n\t\t\t<div class=\"elementor-widget-wrap elementor-element-populated\">\n\t\t\t\t\t\t<div class=\"elementor-element elementor-element-8a2218e elementor-widget elementor-widget-spacer\" data-id=\"8a2218e\" data-element_type=\"widget\" data-e-type=\"widget\" data-widget_type=\"spacer.default\">\n\t\t\t\t<div class=\"elementor-widget-container\">\n\t\t\t\t\t\t\t<div class=\"elementor-spacer\">\n\t\t\t<div class=\"elementor-spacer-inner\"><\/div>\n\t\t<\/div>\n\t\t\t\t\t\t<\/div>\n\t\t\t\t<\/div>\n\t\t\t\t\t<\/div>\n\t\t<\/div>\n\t\t\t\t\t<\/div>\n\t\t<\/section>\n\t\t\t\t<section class=\"elementor-section elementor-top-section elementor-element elementor-element-d7e7958 elementor-section-boxed elementor-section-height-default elementor-section-height-default\" data-id=\"d7e7958\" data-element_type=\"section\" data-e-type=\"section\">\n\t\t\t\t\t\t<div class=\"elementor-container elementor-column-gap-default\">\n\t\t\t\t\t<div class=\"elementor-column elementor-col-100 elementor-top-column elementor-element elementor-element-cb3e41a\" data-id=\"cb3e41a\" data-element_type=\"column\" data-e-type=\"column\">\n\t\t\t<div class=\"elementor-widget-wrap elementor-element-populated\">\n\t\t\t\t\t\t<div class=\"elementor-element elementor-element-5753309 elementor-widget elementor-widget-heading\" data-id=\"5753309\" data-element_type=\"widget\" data-e-type=\"widget\" data-widget_type=\"heading.default\">\n\t\t\t\t<div class=\"elementor-widget-container\">\n\t\t\t\t\t<h2 class=\"elementor-heading-title elementor-size-default\">\u00a1Quiero reservar!<\/h2>\t\t\t\t<\/div>\n\t\t\t\t<\/div>\n\t\t\t\t<div class=\"elementor-element elementor-element-d284b69 elementor-align-center elementor-widget elementor-widget-button\" data-id=\"d284b69\" data-element_type=\"widget\" data-e-type=\"widget\" data-widget_type=\"button.default\">\n\t\t\t\t<div class=\"elementor-widget-container\">\n\t\t\t\t\t\t\t\t\t<div class=\"elementor-button-wrapper\">\n\t\t\t\t\t<a class=\"elementor-button elementor-button-link elementor-size-xl\" href=\"https:\/\/www.carolrenauxphoto.com\/en\/hablamos\/#info-reserva\">\n\t\t\t\t\t\t<span class=\"elementor-button-content-wrapper\">\n\t\t\t\t\t\t<span class=\"elementor-button-icon\">\n\t\t\t\t<i aria-hidden=\"true\" class=\"far fa-arrow-alt-circle-right\"><\/i>\t\t\t<\/span>\n\t\t\t\t\t\t\t\t<\/span>\n\t\t\t\t\t<\/a>\n\t\t\t\t<\/div>\n\t\t\t\t\t\t\t\t<\/div>\n\t\t\t\t<\/div>\n\t\t\t\t\t<\/div>\n\t\t<\/div>\n\t\t\t\t\t<\/div>\n\t\t<\/section>\n\t\t\t\t<section class=\"elementor-section elementor-top-section elementor-element elementor-element-5c21b99 elementor-section-boxed elementor-section-height-default elementor-section-height-default\" data-id=\"5c21b99\" data-element_type=\"section\" data-e-type=\"section\">\n\t\t\t\t\t\t<div class=\"elementor-container elementor-column-gap-default\">\n\t\t\t\t\t<div class=\"elementor-column elementor-col-100 elementor-top-column elementor-element elementor-element-7b98a8d\" data-id=\"7b98a8d\" data-element_type=\"column\" data-e-type=\"column\">\n\t\t\t<div class=\"elementor-widget-wrap elementor-element-populated\">\n\t\t\t\t\t\t<div class=\"elementor-element elementor-element-55dfb18 elementor-widget elementor-widget-image\" data-id=\"55dfb18\" data-element_type=\"widget\" data-e-type=\"widget\" data-widget_type=\"image.default\">\n\t\t\t\t<div class=\"elementor-widget-container\">\n\t\t\t\t\t\t\t\t\t\t\t\t\t\t\t<img loading=\"lazy\" decoding=\"async\" width=\"2282\" height=\"308\" src=\"https:\/\/www.carolrenauxphoto.com\/wp-content\/uploads\/2026\/07\/LOGOS-WEB.png\" class=\"attachment-full size-full wp-image-1695\" alt=\"\" srcset=\"https:\/\/www.carolrenauxphoto.com\/wp-content\/uploads\/2026\/07\/LOGOS-WEB.png 2282w, https:\/\/www.carolrenauxphoto.com\/wp-content\/uploads\/2026\/07\/LOGOS-WEB-300x40.png 300w, https:\/\/www.carolrenauxphoto.com\/wp-content\/uploads\/2026\/07\/LOGOS-WEB-1024x138.png 1024w, https:\/\/www.carolrenauxphoto.com\/wp-content\/uploads\/2026\/07\/LOGOS-WEB-768x104.png 768w, https:\/\/www.carolrenauxphoto.com\/wp-content\/uploads\/2026\/07\/LOGOS-WEB-1536x207.png 1536w, https:\/\/www.carolrenauxphoto.com\/wp-content\/uploads\/2026\/07\/LOGOS-WEB-2048x276.png 2048w\" sizes=\"(max-width: 2282px) 100vw, 2282px\" \/>\t\t\t\t\t\t\t\t\t\t\t\t\t\t\t<\/div>\n\t\t\t\t<\/div>\n\t\t\t\t\t<\/div>\n\t\t<\/div>\n\t\t\t\t\t<\/div>\n\t\t<\/section>\n\t\t\t\t<\/div>","protected":false},"excerpt":{"rendered":"<p>FOTOGRAF\u00cdA DE EMBARAZO FOTOGRAF\u00cdA DE EMBARAZO EN MADRID El embarazo es un momento \u00fanico y especial en la vida de las mujeres. Una aut\u00e9ntica revoluci\u00f3n interior y exterior. Puede que te sientas ilusionada, con mucha energ\u00eda y te veas muy guapa. Pero tambi\u00e9n puede que te encuentres cansada, con muchos m\u00e1s kilos de m\u00e1s y &#8230; <a title=\"Embarazo\" class=\"read-more\" href=\"https:\/\/www.carolrenauxphoto.com\/en\/embarazo\/\" aria-label=\"Read more about Embarazo\">Read more<\/a><\/p>","protected":false},"author":1,"featured_media":0,"parent":0,"menu_order":0,"comment_status":"closed","ping_status":"closed","template":"","meta":{"_joinchat":[],"footnotes":""},"class_list":["post-919","page","type-page","status-publish"],"yoast_head":"<!-- This site is optimized with the Yoast SEO plugin v28.1 - https:\/\/yoast.com\/product\/yoast-seo-wordpress\/ -->\n<title>Embarazo - Fotograf\u00eda de Maternidad, reci\u00e9n nacidos y embarazo en Madrid<\/title>\n<meta name=\"description\" content=\"Fotograf\u00eda de embarazo en Madrid. El embarazo es un momento \u00fanico y especial en la vida de las mujeres. Una aut\u00e9ntica revoluci\u00f3n interior y exterior.\" \/>\n<meta name=\"robots\" content=\"index, follow, max-snippet:-1, max-image-preview:large, max-video-preview:-1\" \/>\n<link rel=\"canonical\" href=\"https:\/\/www.carolrenauxphoto.com\/en\/embarazo\/\" \/>\n<meta property=\"og:locale\" content=\"en_GB\" \/>\n<meta property=\"og:type\" content=\"article\" \/>\n<meta property=\"og:title\" content=\"Embarazo - Fotograf\u00eda de Maternidad, reci\u00e9n nacidos y embarazo en Madrid\" \/>\n<meta property=\"og:description\" content=\"Fotograf\u00eda de embarazo en Madrid. El embarazo es un momento \u00fanico y especial en la vida de las mujeres. Una aut\u00e9ntica revoluci\u00f3n interior y exterior.\" \/>\n<meta property=\"og:url\" content=\"https:\/\/www.carolrenauxphoto.com\/en\/embarazo\/\" \/>\n<meta property=\"og:site_name\" content=\"Fotograf\u00eda de Maternidad, reci\u00e9n nacidos y embarazo en Madrid\" \/>\n<meta property=\"article:publisher\" content=\"https:\/\/www.facebook.com\/carolrenauxphoto\/\" \/>\n<meta property=\"article:modified_time\" content=\"2026-07-28T14:14:49+00:00\" \/>\n<meta property=\"og:image\" content=\"https:\/\/www.carolrenauxphoto.com\/wp-content\/uploads\/2020\/06\/cab-embarazo.jpg\" \/>\n<meta name=\"twitter:card\" content=\"summary_large_image\" \/>\n<meta name=\"twitter:label1\" content=\"Estimated reading time\" \/>\n\t<meta name=\"twitter:data1\" content=\"11 minutes\" \/>\n<script type=\"application\/ld+json\" class=\"yoast-schema-graph\">{\"@context\":\"https:\\\/\\\/schema.org\",\"@graph\":[{\"@type\":\"WebPage\",\"@id\":\"https:\\\/\\\/www.carolrenauxphoto.com\\\/embarazo\\\/\",\"url\":\"https:\\\/\\\/www.carolrenauxphoto.com\\\/embarazo\\\/\",\"name\":\"Embarazo - Fotograf\u00eda de Maternidad, reci\u00e9n nacidos y embarazo en Madrid\",\"isPartOf\":{\"@id\":\"https:\\\/\\\/www.carolrenauxphoto.com\\\/#website\"},\"primaryImageOfPage\":{\"@id\":\"https:\\\/\\\/www.carolrenauxphoto.com\\\/embarazo\\\/#primaryimage\"},\"image\":{\"@id\":\"https:\\\/\\\/www.carolrenauxphoto.com\\\/embarazo\\\/#primaryimage\"},\"thumbnailUrl\":\"https:\\\/\\\/www.carolrenauxphoto.com\\\/wp-content\\\/uploads\\\/2020\\\/06\\\/cab-embarazo.jpg\",\"datePublished\":\"2020-07-16T10:29:20+00:00\",\"dateModified\":\"2026-07-28T14:14:49+00:00\",\"description\":\"Fotograf\u00eda de embarazo en Madrid. El embarazo es un momento \u00fanico y especial en la vida de las mujeres. Una aut\u00e9ntica revoluci\u00f3n interior y exterior.\",\"breadcrumb\":{\"@id\":\"https:\\\/\\\/www.carolrenauxphoto.com\\\/embarazo\\\/#breadcrumb\"},\"inLanguage\":\"en-GB\",\"potentialAction\":[{\"@type\":\"ReadAction\",\"target\":[\"https:\\\/\\\/www.carolrenauxphoto.com\\\/embarazo\\\/\"]}]},{\"@type\":\"ImageObject\",\"inLanguage\":\"en-GB\",\"@id\":\"https:\\\/\\\/www.carolrenauxphoto.com\\\/embarazo\\\/#primaryimage\",\"url\":\"https:\\\/\\\/www.carolrenauxphoto.com\\\/wp-content\\\/uploads\\\/2020\\\/06\\\/cab-embarazo.jpg\",\"contentUrl\":\"https:\\\/\\\/www.carolrenauxphoto.com\\\/wp-content\\\/uploads\\\/2020\\\/06\\\/cab-embarazo.jpg\"},{\"@type\":\"BreadcrumbList\",\"@id\":\"https:\\\/\\\/www.carolrenauxphoto.com\\\/embarazo\\\/#breadcrumb\",\"itemListElement\":[{\"@type\":\"ListItem\",\"position\":1,\"name\":\"Portada\",\"item\":\"https:\\\/\\\/www.carolrenauxphoto.com\\\/\"},{\"@type\":\"ListItem\",\"position\":2,\"name\":\"Embarazo\"}]},{\"@type\":\"WebSite\",\"@id\":\"https:\\\/\\\/www.carolrenauxphoto.com\\\/#website\",\"url\":\"https:\\\/\\\/www.carolrenauxphoto.com\\\/\",\"name\":\"Fotograf\u00eda de Maternidad, reci\u00e9n nacidos y embarazo en Madrid\",\"description\":\"Fot\u00f3grafa de Maternidad, reci\u00e9n nacidos y embarazo en Madrid\",\"publisher\":{\"@id\":\"https:\\\/\\\/www.carolrenauxphoto.com\\\/#organization\"},\"potentialAction\":[{\"@type\":\"SearchAction\",\"target\":{\"@type\":\"EntryPoint\",\"urlTemplate\":\"https:\\\/\\\/www.carolrenauxphoto.com\\\/?s={search_term_string}\"},\"query-input\":{\"@type\":\"PropertyValueSpecification\",\"valueRequired\":true,\"valueName\":\"search_term_string\"}}],\"inLanguage\":\"en-GB\"},{\"@type\":\"Organization\",\"@id\":\"https:\\\/\\\/www.carolrenauxphoto.com\\\/#organization\",\"name\":\"Fotograf\u00eda de Maternidad, reci\u00e9n nacidos y embarazo en Madrid\",\"url\":\"https:\\\/\\\/www.carolrenauxphoto.com\\\/\",\"logo\":{\"@type\":\"ImageObject\",\"inLanguage\":\"en-GB\",\"@id\":\"https:\\\/\\\/www.carolrenauxphoto.com\\\/#\\\/schema\\\/logo\\\/image\\\/\",\"url\":\"https:\\\/\\\/www.carolrenauxphoto.com\\\/wp-content\\\/uploads\\\/2020\\\/06\\\/carol-renaux-photo-menu.jpg\",\"contentUrl\":\"https:\\\/\\\/www.carolrenauxphoto.com\\\/wp-content\\\/uploads\\\/2020\\\/06\\\/carol-renaux-photo-menu.jpg\",\"width\":322,\"height\":77,\"caption\":\"Fotograf\u00eda de Maternidad, reci\u00e9n nacidos y embarazo en Madrid\"},\"image\":{\"@id\":\"https:\\\/\\\/www.carolrenauxphoto.com\\\/#\\\/schema\\\/logo\\\/image\\\/\"},\"sameAs\":[\"https:\\\/\\\/www.facebook.com\\\/carolrenauxphoto\\\/\",\"https:\\\/\\\/www.instagram.com\\\/carolrenauxphoto\\\/\",\"https:\\\/\\\/www.pinterest.es\\\/carolrenauxphoto\\\/\"]}]}<\/script>\n<!-- \/ Yoast SEO plugin. -->","yoast_head_json":{"title":"Embarazo - Fotograf\u00eda de Maternidad, reci\u00e9n nacidos y embarazo en Madrid","description":"Fotograf\u00eda de embarazo en Madrid. El embarazo es un momento \u00fanico y especial en la vida de las mujeres. Una aut\u00e9ntica revoluci\u00f3n interior y exterior.","robots":{"index":"index","follow":"follow","max-snippet":"max-snippet:-1","max-image-preview":"max-image-preview:large","max-video-preview":"max-video-preview:-1"},"canonical":"https:\/\/www.carolrenauxphoto.com\/en\/embarazo\/","og_locale":"en_GB","og_type":"article","og_title":"Embarazo - Fotograf\u00eda de Maternidad, reci\u00e9n nacidos y embarazo en Madrid","og_description":"Fotograf\u00eda de embarazo en Madrid. El embarazo es un momento \u00fanico y especial en la vida de las mujeres. Una aut\u00e9ntica revoluci\u00f3n interior y exterior.","og_url":"https:\/\/www.carolrenauxphoto.com\/en\/embarazo\/","og_site_name":"Fotograf\u00eda de Maternidad, reci\u00e9n nacidos y embarazo en Madrid","article_publisher":"https:\/\/www.facebook.com\/carolrenauxphoto\/","article_modified_time":"2026-07-28T14:14:49+00:00","og_image":[{"url":"https:\/\/www.carolrenauxphoto.com\/wp-content\/uploads\/2020\/06\/cab-embarazo.jpg","type":"","width":"","height":""}],"twitter_card":"summary_large_image","twitter_misc":{"Estimated reading time":"11 minutes"},"schema":{"@context":"https:\/\/schema.org","@graph":[{"@type":"WebPage","@id":"https:\/\/www.carolrenauxphoto.com\/embarazo\/","url":"https:\/\/www.carolrenauxphoto.com\/embarazo\/","name":"Embarazo - Fotograf\u00eda de Maternidad, reci\u00e9n nacidos y embarazo en Madrid","isPartOf":{"@id":"https:\/\/www.carolrenauxphoto.com\/#website"},"primaryImageOfPage":{"@id":"https:\/\/www.carolrenauxphoto.com\/embarazo\/#primaryimage"},"image":{"@id":"https:\/\/www.carolrenauxphoto.com\/embarazo\/#primaryimage"},"thumbnailUrl":"https:\/\/www.carolrenauxphoto.com\/wp-content\/uploads\/2020\/06\/cab-embarazo.jpg","datePublished":"2020-07-16T10:29:20+00:00","dateModified":"2026-07-28T14:14:49+00:00","description":"Fotograf\u00eda de embarazo en Madrid. El embarazo es un momento \u00fanico y especial en la vida de las mujeres. Una aut\u00e9ntica revoluci\u00f3n interior y exterior.","breadcrumb":{"@id":"https:\/\/www.carolrenauxphoto.com\/embarazo\/#breadcrumb"},"inLanguage":"en-GB","potentialAction":[{"@type":"ReadAction","target":["https:\/\/www.carolrenauxphoto.com\/embarazo\/"]}]},{"@type":"ImageObject","inLanguage":"en-GB","@id":"https:\/\/www.carolrenauxphoto.com\/embarazo\/#primaryimage","url":"https:\/\/www.carolrenauxphoto.com\/wp-content\/uploads\/2020\/06\/cab-embarazo.jpg","contentUrl":"https:\/\/www.carolrenauxphoto.com\/wp-content\/uploads\/2020\/06\/cab-embarazo.jpg"},{"@type":"BreadcrumbList","@id":"https:\/\/www.carolrenauxphoto.com\/embarazo\/#breadcrumb","itemListElement":[{"@type":"ListItem","position":1,"name":"Portada","item":"https:\/\/www.carolrenauxphoto.com\/"},{"@type":"ListItem","position":2,"name":"Embarazo"}]},{"@type":"WebSite","@id":"https:\/\/www.carolrenauxphoto.com\/#website","url":"https:\/\/www.carolrenauxphoto.com\/","name":"Fotograf\u00eda de Maternidad, reci\u00e9n nacidos y embarazo en Madrid","description":"Fot\u00f3grafa de Maternidad, reci\u00e9n nacidos y embarazo en Madrid","publisher":{"@id":"https:\/\/www.carolrenauxphoto.com\/#organization"},"potentialAction":[{"@type":"SearchAction","target":{"@type":"EntryPoint","urlTemplate":"https:\/\/www.carolrenauxphoto.com\/?s={search_term_string}"},"query-input":{"@type":"PropertyValueSpecification","valueRequired":true,"valueName":"search_term_string"}}],"inLanguage":"en-GB"},{"@type":"Organization","@id":"https:\/\/www.carolrenauxphoto.com\/#organization","name":"Fotograf\u00eda de Maternidad, reci\u00e9n nacidos y embarazo en Madrid","url":"https:\/\/www.carolrenauxphoto.com\/","logo":{"@type":"ImageObject","inLanguage":"en-GB","@id":"https:\/\/www.carolrenauxphoto.com\/#\/schema\/logo\/image\/","url":"https:\/\/www.carolrenauxphoto.com\/wp-content\/uploads\/2020\/06\/carol-renaux-photo-menu.jpg","contentUrl":"https:\/\/www.carolrenauxphoto.com\/wp-content\/uploads\/2020\/06\/carol-renaux-photo-menu.jpg","width":322,"height":77,"caption":"Fotograf\u00eda de Maternidad, reci\u00e9n nacidos y embarazo en Madrid"},"image":{"@id":"https:\/\/www.carolrenauxphoto.com\/#\/schema\/logo\/image\/"},"sameAs":["https:\/\/www.facebook.com\/carolrenauxphoto\/","https:\/\/www.instagram.com\/carolrenauxphoto\/","https:\/\/www.pinterest.es\/carolrenauxphoto\/"]}]}},"_links":{"self":[{"href":"https:\/\/www.carolrenauxphoto.com\/en\/wp-json\/wp\/v2\/pages\/919","targetHints":{"allow":["GET"]}}],"collection":[{"href":"https:\/\/www.carolrenauxphoto.com\/en\/wp-json\/wp\/v2\/pages"}],"about":[{"href":"https:\/\/www.carolrenauxphoto.com\/en\/wp-json\/wp\/v2\/types\/page"}],"author":[{"embeddable":true,"href":"https:\/\/www.carolrenauxphoto.com\/en\/wp-json\/wp\/v2\/users\/1"}],"replies":[{"embeddable":true,"href":"https:\/\/www.carolrenauxphoto.com\/en\/wp-json\/wp\/v2\/comments?post=919"}],"version-history":[{"count":6,"href":"https:\/\/www.carolrenauxphoto.com\/en\/wp-json\/wp\/v2\/pages\/919\/revisions"}],"predecessor-version":[{"id":1703,"href":"https:\/\/www.carolrenauxphoto.com\/en\/wp-json\/wp\/v2\/pages\/919\/revisions\/1703"}],"wp:attachment":[{"href":"https:\/\/www.carolrenauxphoto.com\/en\/wp-json\/wp\/v2\/media?parent=919"}],"curies":[{"name":"wp","href":"https:\/\/api.w.org\/{rel}","templated":true}]}}