{"id":989,"date":"2020-07-16T15:50:49","date_gmt":"2020-07-16T15:50:49","guid":{"rendered":"https:\/\/www.carolrenauxphoto.com\/?page_id=989"},"modified":"2026-07-28T14:15:04","modified_gmt":"2026-07-28T14:15:04","slug":"familias","status":"publish","type":"page","link":"https:\/\/www.carolrenauxphoto.com\/en\/familias\/","title":{"rendered":"Familias"},"content":{"rendered":"<div data-elementor-type=\"wp-page\" data-elementor-id=\"989\" class=\"elementor elementor-989\">\n\t\t\t\t\t\t<section class=\"elementor-section elementor-top-section elementor-element elementor-element-63d879e elementor-section-stretched elementor-section-full_width elementor-section-height-default elementor-section-height-default\" data-id=\"63d879e\" data-element_type=\"section\" data-e-type=\"section\" data-settings=\"{&quot;stretch_section&quot;:&quot;section-stretched&quot;,&quot;background_background&quot;:&quot;classic&quot;}\">\n\t\t\t\t\t\t<div class=\"elementor-container elementor-column-gap-default\">\n\t\t\t\t\t<div class=\"elementor-column elementor-col-100 elementor-top-column elementor-element elementor-element-575e6d3\" data-id=\"575e6d3\" data-element_type=\"column\" data-e-type=\"column\">\n\t\t\t<div class=\"elementor-widget-wrap elementor-element-populated\">\n\t\t\t\t\t\t<div class=\"elementor-element elementor-element-8c85ed7 elementor-widget elementor-widget-image\" data-id=\"8c85ed7\" data-element_type=\"widget\" data-e-type=\"widget\" data-widget_type=\"image.default\">\n\t\t\t\t<div class=\"elementor-widget-container\">\n\t\t\t\t\t\t\t\t\t\t\t\t\t\t\t<img fetchpriority=\"high\" decoding=\"async\" width=\"1200\" height=\"406\" src=\"https:\/\/www.carolrenauxphoto.com\/wp-content\/uploads\/2020\/07\/cab-familia.jpg\" class=\"attachment-full size-full wp-image-992\" alt=\"Familias portada- Carol Renaux Photo\" srcset=\"https:\/\/www.carolrenauxphoto.com\/wp-content\/uploads\/2020\/07\/cab-familia.jpg 1200w, https:\/\/www.carolrenauxphoto.com\/wp-content\/uploads\/2020\/07\/cab-familia-300x102.jpg 300w, https:\/\/www.carolrenauxphoto.com\/wp-content\/uploads\/2020\/07\/cab-familia-1024x346.jpg 1024w, https:\/\/www.carolrenauxphoto.com\/wp-content\/uploads\/2020\/07\/cab-familia-768x260.jpg 768w\" sizes=\"(max-width: 1200px) 100vw, 1200px\" \/>\t\t\t\t\t\t\t\t\t\t\t\t\t\t\t<\/div>\n\t\t\t\t<\/div>\n\t\t\t\t\t<\/div>\n\t\t<\/div>\n\t\t\t\t\t<\/div>\n\t\t<\/section>\n\t\t\t\t<section class=\"elementor-section elementor-top-section elementor-element elementor-element-42fdd34 elementor-section-boxed elementor-section-height-default elementor-section-height-default\" data-id=\"42fdd34\" data-element_type=\"section\" data-e-type=\"section\">\n\t\t\t\t\t\t<div class=\"elementor-container elementor-column-gap-default\">\n\t\t\t\t\t<div class=\"elementor-column elementor-col-100 elementor-top-column elementor-element elementor-element-3856fb5\" data-id=\"3856fb5\" data-element_type=\"column\" data-e-type=\"column\">\n\t\t\t<div class=\"elementor-widget-wrap elementor-element-populated\">\n\t\t\t\t\t\t<div class=\"elementor-element elementor-element-5416ec5 elementor-widget elementor-widget-heading\" data-id=\"5416ec5\" data-element_type=\"widget\" data-e-type=\"widget\" data-widget_type=\"heading.default\">\n\t\t\t\t<div class=\"elementor-widget-container\">\n\t\t\t\t\t<h2 class=\"elementor-heading-title elementor-size-default\">FAMILIA<\/h2>\t\t\t\t<\/div>\n\t\t\t\t<\/div>\n\t\t\t\t\t<\/div>\n\t\t<\/div>\n\t\t\t\t\t<\/div>\n\t\t<\/section>\n\t\t\t\t<section class=\"elementor-section elementor-top-section elementor-element elementor-element-495728e elementor-section-boxed elementor-section-height-default elementor-section-height-default\" data-id=\"495728e\" data-element_type=\"section\" data-e-type=\"section\">\n\t\t\t\t\t\t<div class=\"elementor-container elementor-column-gap-default\">\n\t\t\t\t\t<div class=\"elementor-column elementor-col-100 elementor-top-column elementor-element elementor-element-8721d69\" data-id=\"8721d69\" data-element_type=\"column\" data-e-type=\"column\">\n\t\t\t<div class=\"elementor-widget-wrap elementor-element-populated\">\n\t\t\t\t\t\t<div class=\"elementor-element elementor-element-f8acb46 elementor-widget elementor-widget-heading\" data-id=\"f8acb46\" data-element_type=\"widget\" data-e-type=\"widget\" data-widget_type=\"heading.default\">\n\t\t\t\t<div class=\"elementor-widget-container\">\n\t\t\t\t\t<h2 class=\"elementor-heading-title elementor-size-default\">Fotograf\u00eda de familias en Madrid<\/h2>\t\t\t\t<\/div>\n\t\t\t\t<\/div>\n\t\t\t\t\t<\/div>\n\t\t<\/div>\n\t\t\t\t\t<\/div>\n\t\t<\/section>\n\t\t\t\t<section class=\"elementor-section elementor-top-section elementor-element elementor-element-ede87ff elementor-section-stretched elementor-section-boxed elementor-section-height-default elementor-section-height-default\" data-id=\"ede87ff\" data-element_type=\"section\" data-e-type=\"section\" data-settings=\"{&quot;stretch_section&quot;:&quot;section-stretched&quot;,&quot;background_background&quot;:&quot;classic&quot;}\">\n\t\t\t\t\t\t<div class=\"elementor-container elementor-column-gap-default\">\n\t\t\t\t\t<div class=\"elementor-column elementor-col-100 elementor-top-column elementor-element elementor-element-a266691\" data-id=\"a266691\" data-element_type=\"column\" data-e-type=\"column\" data-settings=\"{&quot;background_background&quot;:&quot;classic&quot;}\">\n\t\t\t<div class=\"elementor-widget-wrap elementor-element-populated\">\n\t\t\t\t\t\t<div class=\"elementor-element elementor-element-45f9caa elementor-widget elementor-widget-text-editor\" data-id=\"45f9caa\" data-element_type=\"widget\" data-e-type=\"widget\" data-widget_type=\"text-editor.default\">\n\t\t\t\t<div class=\"elementor-widget-container\">\n\t\t\t\t\t\t\t\t\t<p>Tal vez la aventura m\u00e1s complicada, divertida y apasionante de nuestras vidas no sea un viaje al otro lado del mundo, ni un nuevo trabajo, ni tirarnos en paraca\u00eddas, sino el crear nuestra propia familia y no morir en el intento.<\/p><p>Los ni\u00f1os crecen muy r\u00e1pido y muchas veces somos conscientes de la fugacidad del tiempo al ver en fotos c\u00f3mo han cambiado de un a\u00f1o a otro.<\/p><p>Para m\u00ed las fotograf\u00edas son peque\u00f1as c\u00e1psulas de tiempo a las que podemos volver siempre que queramos para recordar c\u00f3mo \u00e9ramos.<\/p><p>Hace una sesi\u00f3n de fotos de tu familia te puede ayudar a retener en la retina momentos que luego echar\u00e1s mucho de menos: cosquillas, besitos, morderse la mano, gatear, primeros pasos\u2026<\/p><p>Una sesi\u00f3n de fotos familiar conmigo es una excusa para pasar un rato juntos, jugar, re\u00edr, abrazarse. Para m\u00ed lo m\u00e1s importante es crear un buen ambiente en el que os sint\u00e1is c\u00f3modos y se\u00e1is vosotros mismos, porque eso es justo lo que querr\u00e9is ver en vuestras fotograf\u00edas. Por eso nunca fuerzo poses, ni siquiera hacer falta mirar a c\u00e1mara ni sonre\u00edr.<\/p><p>Podemos hacer la sesi\u00f3n en un parque, dando un paseo por la ciudad, en un pinar, en un campo de girasoles o lavandas. Conozco much\u00edsimas ubicaciones cerca de Madrid donde podemos hacer la sesi\u00f3n, pero tambi\u00e9n me puedo desplazar para hacer una sesi\u00f3n en la playa o en Par\u00eds \ud83d\ude09<\/p><p>Lo importante es que la sesi\u00f3n de fotos sea la oportunidad de disfrutar del rato juntos y yo me encargar\u00e9 de captar vuestra familia tal y como sois.<\/p>\t\t\t\t\t\t\t\t<\/div>\n\t\t\t\t<\/div>\n\t\t\t\t\t<\/div>\n\t\t<\/div>\n\t\t\t\t\t<\/div>\n\t\t<\/section>\n\t\t\t\t<section class=\"elementor-section elementor-top-section elementor-element elementor-element-3ebdc22 elementor-section-stretched elementor-section-full_width elementor-section-height-default elementor-section-height-default\" data-id=\"3ebdc22\" data-element_type=\"section\" data-e-type=\"section\" data-settings=\"{&quot;stretch_section&quot;:&quot;section-stretched&quot;,&quot;background_background&quot;:&quot;classic&quot;}\">\n\t\t\t\t\t\t<div class=\"elementor-container elementor-column-gap-default\">\n\t\t\t\t\t<div class=\"elementor-column elementor-col-100 elementor-top-column elementor-element elementor-element-765fa15\" data-id=\"765fa15\" data-element_type=\"column\" data-e-type=\"column\" data-settings=\"{&quot;background_background&quot;:&quot;classic&quot;}\">\n\t\t\t<div class=\"elementor-widget-wrap elementor-element-populated\">\n\t\t\t\t\t\t<div class=\"elementor-element elementor-element-976081b elementor-widget elementor-widget-shortcode\" data-id=\"976081b\" data-element_type=\"widget\" data-e-type=\"widget\" data-widget_type=\"shortcode.default\">\n\t\t\t\t<div class=\"elementor-widget-container\">\n\t\t\t\t\t\t\t<div class=\"elementor-shortcode\"><!-- Final Tiles Grid Gallery for WordPress v3.6.13 free --><style>#ftg-44 .tile .icon { color:#ffffff; }#ftg-44 .ftg-items .loading-bar i { background:#666; }#ftg-44 .ftg-items .loading-bar { background:#fff; }#ftg-44 .tile .icon { font-size:20px; }#ftg-44 .tile .icon { margin: -10px 0 0 -10px; }#ftg-44 .tile .caption-block .text-wrapper span.text { font-size:12px; }#ftg-44 .tile .caption-outside .text-wrapper span.text { font-size:12px; }#ftg-44 .tile .caption-block .text-wrapper span.title { font-size:14px; }#ftg-44 .tile .caption-outside .text-wrapper span.title { font-size:14px; }#ftg-44 .tile { background-color: transparent; }#ftg-44 .tile .caption-block .text-wrapper span.text { color: #ffffff; }#ftg-44 .tile .caption-block .text-wrapper span.title { color: #ffffff; }#ftg-44 .tile .caption-outside .text-wrapper span.text { color: #ffffff; }#ftg-44 .tile .caption-outside .text-wrapper span.title { color: #ffffff; }#ftg-44 .tile .ftg-social a { color: #ffffff; }#ftg-44 .tile .caption-block { transition-duration:0.1s; }#ftg-44 .tile .tile-inner:before { background-color: #000000; }#ftg-44 .tile .tile-inner:before { background-color: rgba(0, 0, 0, 0.8); }#ftg-44 .tile:hover img {-moz-transform: ;-webkit-transform: ;-o-transform: ;-ms-transform: ;transform: ;}<\/style><a name=\"4\"><\/a><div class=\"final-tiles-gallery  ftg-hover-enabled caption-inside  caption-none caption-middle caption-center\" id=\"ftg-44\" style=\"width: 100%\"><div class='ftg-items'><div class='loading-bar'><i><\/i><\/div><div  class='tile ftg-preload'><a title=\"\" data-lightbox='ftg-44' rel='ftg-44'  class='tile-inner  ftg-lightbox' href='https:\/\/www.carolrenauxphoto.com\/wp-content\/uploads\/2020\/07\/MOSAICO-1-FAMILIA-1.jpg' ><img alt='Familias - Carol Renaux Photo' class='item skip-lazy' data-class='item' data-ftg-source='https:\/\/www.carolrenauxphoto.com\/wp-content\/uploads\/2020\/07\/MOSAICO-1-FAMILIA-1.jpg' src='https:\/\/www.carolrenauxphoto.com\/wp-content\/uploads\/2020\/07\/MOSAICO-1-FAMILIA-1.jpg' width='1020' height='680' \/><\/a><div class='ftg-social'><\/div><\/div><div  class='tile ftg-preload'><a title=\"\" data-lightbox='ftg-44' rel='ftg-44'  class='tile-inner  ftg-lightbox' href='https:\/\/www.carolrenauxphoto.com\/wp-content\/uploads\/2020\/07\/MOSAICO-1-FAMILIA-2.jpg' ><img alt='Familias - Carol Renaux Photo' class='item skip-lazy' data-class='item' data-ftg-source='https:\/\/www.carolrenauxphoto.com\/wp-content\/uploads\/2020\/07\/MOSAICO-1-FAMILIA-2.jpg' src='https:\/\/www.carolrenauxphoto.com\/wp-content\/uploads\/2020\/07\/MOSAICO-1-FAMILIA-2.jpg' width='1020' height='680' \/><\/a><div class='ftg-social'><\/div><\/div><div  class='tile ftg-preload'><a title=\"\" data-lightbox='ftg-44' rel='ftg-44'  class='tile-inner  ftg-lightbox' href='https:\/\/www.carolrenauxphoto.com\/wp-content\/uploads\/2020\/07\/MOSAICO-1-FAMILIA-3-683x1024.jpg' ><img alt='Familias - Carol Renaux Photo' class='item skip-lazy' data-class='item' data-ftg-source='https:\/\/www.carolrenauxphoto.com\/wp-content\/uploads\/2020\/07\/MOSAICO-1-FAMILIA-3-683x1024.jpg' src='https:\/\/www.carolrenauxphoto.com\/wp-content\/uploads\/2020\/07\/MOSAICO-1-FAMILIA-3-683x1024.jpg' width='683' height='1024' \/><\/a><div class='ftg-social'><\/div><\/div><div  class='tile ftg-preload'><a title=\"\" data-lightbox='ftg-44' rel='ftg-44'  class='tile-inner  ftg-lightbox' href='https:\/\/www.carolrenauxphoto.com\/wp-content\/uploads\/2020\/07\/MOSAICO-1-FAMILIA-4.jpg' ><img alt='Familias - Carol Renaux Photo' class='item skip-lazy' data-class='item' data-ftg-source='https:\/\/www.carolrenauxphoto.com\/wp-content\/uploads\/2020\/07\/MOSAICO-1-FAMILIA-4.jpg' src='https:\/\/www.carolrenauxphoto.com\/wp-content\/uploads\/2020\/07\/MOSAICO-1-FAMILIA-4.jpg' width='1020' height='680' \/><\/a><div class='ftg-social'><\/div><\/div><div  class='tile ftg-preload'><a title=\"\" data-lightbox='ftg-44' rel='ftg-44'  class='tile-inner  ftg-lightbox' href='https:\/\/www.carolrenauxphoto.com\/wp-content\/uploads\/2020\/07\/MOSAICO-1-FAMILIA-5.jpg' ><img alt='Familias - Carol Renaux Photo' class='item skip-lazy' data-class='item' data-ftg-source='https:\/\/www.carolrenauxphoto.com\/wp-content\/uploads\/2020\/07\/MOSAICO-1-FAMILIA-5.jpg' src='https:\/\/www.carolrenauxphoto.com\/wp-content\/uploads\/2020\/07\/MOSAICO-1-FAMILIA-5.jpg' width='1020' height='680' \/><\/a><div class='ftg-social'><\/div><\/div><div  class='tile ftg-preload'><a title=\"\" data-lightbox='ftg-44' rel='ftg-44'  class='tile-inner  ftg-lightbox' href='https:\/\/www.carolrenauxphoto.com\/wp-content\/uploads\/2020\/07\/MOSAICO-1-FAMILIA-6-683x1024.jpg' ><img alt='Familias - Carol Renaux Photo' class='item skip-lazy' data-class='item' data-ftg-source='https:\/\/www.carolrenauxphoto.com\/wp-content\/uploads\/2020\/07\/MOSAICO-1-FAMILIA-6-683x1024.jpg' src='https:\/\/www.carolrenauxphoto.com\/wp-content\/uploads\/2020\/07\/MOSAICO-1-FAMILIA-6-683x1024.jpg' width='683' height='1024' \/><\/a><div class='ftg-social'><\/div><\/div><div  class='tile ftg-preload'><a title=\"\" data-lightbox='ftg-44' rel='ftg-44'  class='tile-inner  ftg-lightbox' href='https:\/\/www.carolrenauxphoto.com\/wp-content\/uploads\/2020\/07\/MOSAICO-1-FAMILIA-7.jpg' ><img alt='Familias - Carol Renaux Photo' class='item skip-lazy' data-class='item' data-ftg-source='https:\/\/www.carolrenauxphoto.com\/wp-content\/uploads\/2020\/07\/MOSAICO-1-FAMILIA-7.jpg' src='https:\/\/www.carolrenauxphoto.com\/wp-content\/uploads\/2020\/07\/MOSAICO-1-FAMILIA-7.jpg' width='1020' height='680' \/><\/a><div class='ftg-social'><\/div><\/div><div  class='tile ftg-preload'><a title=\"\" data-lightbox='ftg-44' rel='ftg-44'  class='tile-inner  ftg-lightbox' href='https:\/\/www.carolrenauxphoto.com\/wp-content\/uploads\/2020\/07\/MOSAICO-1-FAMILIA-8.jpg' ><img alt='Familias - Carol Renaux Photo' class='item skip-lazy' data-class='item' data-ftg-source='https:\/\/www.carolrenauxphoto.com\/wp-content\/uploads\/2020\/07\/MOSAICO-1-FAMILIA-8.jpg' src='https:\/\/www.carolrenauxphoto.com\/wp-content\/uploads\/2020\/07\/MOSAICO-1-FAMILIA-8.jpg' width='1020' height='680' \/><\/a><div class='ftg-social'><\/div><\/div><div  class='tile ftg-preload'><a title=\"\" data-lightbox='ftg-44' rel='ftg-44'  class='tile-inner  ftg-lightbox' href='https:\/\/www.carolrenauxphoto.com\/wp-content\/uploads\/2020\/07\/MOSAICO-1-FAMILIA-9-683x1024.jpg' ><img alt='Familias - Carol Renaux Photo' class='item skip-lazy' data-class='item' data-ftg-source='https:\/\/www.carolrenauxphoto.com\/wp-content\/uploads\/2020\/07\/MOSAICO-1-FAMILIA-9-683x1024.jpg' src='https:\/\/www.carolrenauxphoto.com\/wp-content\/uploads\/2020\/07\/MOSAICO-1-FAMILIA-9-683x1024.jpg' width='683' height='1024' \/><\/a><div class='ftg-social'><\/div><\/div><div  class='tile ftg-preload'><a title=\"\" data-lightbox='ftg-44' rel='ftg-44'  class='tile-inner  ftg-lightbox' href='https:\/\/www.carolrenauxphoto.com\/wp-content\/uploads\/2020\/07\/MOSAICO-1-FAMILIA-10.jpg' ><img alt='Familias - Carol Renaux Photo' class='item skip-lazy' data-class='item' data-ftg-source='https:\/\/www.carolrenauxphoto.com\/wp-content\/uploads\/2020\/07\/MOSAICO-1-FAMILIA-10.jpg' src='https:\/\/www.carolrenauxphoto.com\/wp-content\/uploads\/2020\/07\/MOSAICO-1-FAMILIA-10.jpg' width='1020' height='680' \/><\/a><div class='ftg-social'><\/div><\/div><div  class='tile ftg-preload'><a title=\"\" data-lightbox='ftg-44' rel='ftg-44'  class='tile-inner  ftg-lightbox' href='https:\/\/www.carolrenauxphoto.com\/wp-content\/uploads\/2020\/07\/MOSAICO-1-FAMILIA-11.jpg' ><img alt='Familias - Carol Renaux Photo' class='item skip-lazy' data-class='item' data-ftg-source='https:\/\/www.carolrenauxphoto.com\/wp-content\/uploads\/2020\/07\/MOSAICO-1-FAMILIA-11.jpg' src='https:\/\/www.carolrenauxphoto.com\/wp-content\/uploads\/2020\/07\/MOSAICO-1-FAMILIA-11.jpg' width='1020' height='680' \/><\/a><div class='ftg-social'><\/div><\/div><div  class='tile ftg-preload'><a title=\"\" data-lightbox='ftg-44' rel='ftg-44'  class='tile-inner  ftg-lightbox' href='https:\/\/www.carolrenauxphoto.com\/wp-content\/uploads\/2020\/07\/MOSAICO-1-FAMILIA-12.jpg' ><img alt='Familias - Carol Renaux Photo' class='item skip-lazy' data-class='item' data-ftg-source='https:\/\/www.carolrenauxphoto.com\/wp-content\/uploads\/2020\/07\/MOSAICO-1-FAMILIA-12.jpg' src='https:\/\/www.carolrenauxphoto.com\/wp-content\/uploads\/2020\/07\/MOSAICO-1-FAMILIA-12.jpg' width='1020' height='680' \/><\/a><div class='ftg-social'><\/div><\/div><\/div><\/div>\n<\/div>\n\t\t\t\t\t\t<\/div>\n\t\t\t\t<\/div>\n\t\t\t\t\t<\/div>\n\t\t<\/div>\n\t\t\t\t\t<\/div>\n\t\t<\/section>\n\t\t\t\t<section class=\"elementor-section elementor-top-section elementor-element elementor-element-e6b7c8f elementor-section-boxed elementor-section-height-default elementor-section-height-default\" data-id=\"e6b7c8f\" data-element_type=\"section\" data-e-type=\"section\">\n\t\t\t\t\t\t<div class=\"elementor-container elementor-column-gap-default\">\n\t\t\t\t\t<div class=\"elementor-column elementor-col-100 elementor-top-column elementor-element elementor-element-7e89807\" data-id=\"7e89807\" data-element_type=\"column\" data-e-type=\"column\">\n\t\t\t<div class=\"elementor-widget-wrap elementor-element-populated\">\n\t\t\t\t\t\t<div class=\"elementor-element elementor-element-41ee13b elementor-widget elementor-widget-heading\" data-id=\"41ee13b\" data-element_type=\"widget\" data-e-type=\"widget\" data-widget_type=\"heading.default\">\n\t\t\t\t<div class=\"elementor-widget-container\">\n\t\t\t\t\t<h2 class=\"elementor-heading-title elementor-size-default\">\u00a1Quiero reservar!<\/h2>\t\t\t\t<\/div>\n\t\t\t\t<\/div>\n\t\t\t\t<div class=\"elementor-element elementor-element-aa94bd2 elementor-align-center elementor-widget elementor-widget-button\" data-id=\"aa94bd2\" data-element_type=\"widget\" data-e-type=\"widget\" data-widget_type=\"button.default\">\n\t\t\t\t<div class=\"elementor-widget-container\">\n\t\t\t\t\t\t\t\t\t<div class=\"elementor-button-wrapper\">\n\t\t\t\t\t<a class=\"elementor-button elementor-button-link elementor-size-xl\" href=\"https:\/\/www.carolrenauxphoto.com\/en\/hablamos\/#info-reserva\">\n\t\t\t\t\t\t<span class=\"elementor-button-content-wrapper\">\n\t\t\t\t\t\t<span class=\"elementor-button-icon\">\n\t\t\t\t<i aria-hidden=\"true\" class=\"far fa-arrow-alt-circle-right\"><\/i>\t\t\t<\/span>\n\t\t\t\t\t\t\t\t<\/span>\n\t\t\t\t\t<\/a>\n\t\t\t\t<\/div>\n\t\t\t\t\t\t\t\t<\/div>\n\t\t\t\t<\/div>\n\t\t\t\t\t<\/div>\n\t\t<\/div>\n\t\t\t\t\t<\/div>\n\t\t<\/section>\n\t\t\t\t<section class=\"elementor-section elementor-top-section elementor-element elementor-element-b2453eb elementor-section-stretched elementor-section-boxed elementor-section-height-default elementor-section-height-default\" data-id=\"b2453eb\" data-element_type=\"section\" data-e-type=\"section\" data-settings=\"{&quot;stretch_section&quot;:&quot;section-stretched&quot;,&quot;background_background&quot;:&quot;classic&quot;}\">\n\t\t\t\t\t\t<div class=\"elementor-container elementor-column-gap-default\">\n\t\t\t\t\t<div class=\"elementor-column elementor-col-100 elementor-top-column elementor-element elementor-element-207d7f1\" data-id=\"207d7f1\" data-element_type=\"column\" data-e-type=\"column\">\n\t\t\t<div class=\"elementor-widget-wrap elementor-element-populated\">\n\t\t\t\t\t\t<div class=\"elementor-element elementor-element-0c7c9c5 elementor-widget elementor-widget-accordion\" data-id=\"0c7c9c5\" data-element_type=\"widget\" data-e-type=\"widget\" data-widget_type=\"accordion.default\">\n\t\t\t\t<div class=\"elementor-widget-container\">\n\t\t\t\t\t\t\t<div class=\"elementor-accordion\">\n\t\t\t\t\t\t\t<div class=\"elementor-accordion-item\">\n\t\t\t\t\t<div id=\"elementor-tab-title-1301\" class=\"elementor-tab-title\" data-tab=\"1\" role=\"button\" aria-controls=\"elementor-tab-content-1301\" aria-expanded=\"false\">\n\t\t\t\t\t\t\t\t\t\t\t\t\t<span class=\"elementor-accordion-icon elementor-accordion-icon-left\" aria-hidden=\"true\">\n\t\t\t\t\t\t\t\t\t\t\t\t\t\t\t<span class=\"elementor-accordion-icon-closed\"><i class=\"fas fa-plus\"><\/i><\/span>\n\t\t\t\t\t\t\t\t<span class=\"elementor-accordion-icon-opened\"><i class=\"fas fa-minus\"><\/i><\/span>\n\t\t\t\t\t\t\t\t\t\t\t\t\t\t<\/span>\n\t\t\t\t\t\t\t\t\t\t\t\t<a class=\"elementor-accordion-title\" tabindex=\"0\">Tal vez te preguntes \u00bfvale la pena hacerse una sesi\u00f3n de fotos con una fot\u00f3grafa profesional?<\/a>\n\t\t\t\t\t<\/div>\n\t\t\t\t\t<div id=\"elementor-tab-content-1301\" class=\"elementor-tab-content elementor-clearfix\" data-tab=\"1\" role=\"region\" aria-labelledby=\"elementor-tab-title-1301\"><p>Tienes ganas, pero no terminas de decidirte. Son fotos muy bonitas, pero\u2026 \u00bfmis hijos se portar\u00e1n bien? \u00bfY si no quieren hacerse fotos? \u00bfRealmente vale la pena hacer este tipo de fotos?<\/p><p><strong>La respuesta es un rotundo s\u00ed. <\/strong><\/p><p>Porque cada etapa de la vida de nuestros hijos, de nuestra familia es irrepetible (literalmente, aunque la frase suene a t\u00f3pica) y pasa demasiado r\u00e1pido.<\/p><p>Quiz\u00e1s est\u00e9s pensando: bueno, me encanta hacer fotos, puedo hacerle fotos yo misma, pero\u2026 \u00bfsaldr\u00e1s t\u00fa entonces con tus hijos y con tu pareja? Contratar a una profesional que haga las fotos de tu familia es tambi\u00e9n un autorregalo para ti, ya que te permite disfrutar del momento y vivirlo con los cinco sentidos.<\/p><p>\t\t<div data-elementor-type=\"wp-post\" data-elementor-id=\"1018\" class=\"elementor elementor-1018\">\n\t\t\t\t\t\t<section class=\"elementor-section elementor-top-section elementor-element elementor-element-9751313 elementor-section-boxed elementor-section-height-default elementor-section-height-default\" data-id=\"9751313\" data-element_type=\"section\" data-e-type=\"section\">\n\t\t\t\t\t\t<div class=\"elementor-container elementor-column-gap-default\">\n\t\t\t\t\t<div class=\"elementor-column elementor-col-100 elementor-top-column elementor-element elementor-element-f6ffafa\" data-id=\"f6ffafa\" data-element_type=\"column\" data-e-type=\"column\">\n\t\t\t<div class=\"elementor-widget-wrap elementor-element-populated\">\n\t\t\t\t\t\t<div class=\"elementor-element elementor-element-da29097 elementor-widget elementor-widget-image-gallery\" data-id=\"da29097\" data-element_type=\"widget\" data-e-type=\"widget\" data-widget_type=\"image-gallery.default\">\n\t\t\t\t<div class=\"elementor-widget-container\">\n\t\t\t\t\t\t\t<div class=\"elementor-image-gallery\">\n\t\t\t<div id='gallery-1' class='gallery galleryid-989 gallery-columns-3 gallery-size-full'><figure class='gallery-item'>\n\t\t\t<div class='gallery-icon landscape'>\n\t\t\t\t<a data-elementor-open-lightbox=\"yes\" data-elementor-lightbox-slideshow=\"da29097\" data-elementor-lightbox-title=\"Familias - Carol Renaux Photo\" data-e-action-hash=\"#elementor-action%3Aaction%3Dlightbox%26settings%3DeyJpZCI6MTAyMCwidXJsIjoiaHR0cHM6XC9cL3d3dy5jYXJvbHJlbmF1eHBob3RvLmNvbVwvd3AtY29udGVudFwvdXBsb2Fkc1wvMjAyMFwvMDdcL01PU0FJQ08tMi1GQU1JTElBUy0xLmpwZyIsInNsaWRlc2hvdyI6ImRhMjkwOTcifQ%3D%3D\" href='https:\/\/www.carolrenauxphoto.com\/wp-content\/uploads\/2020\/07\/MOSAICO-2-FAMILIAS-1.jpg'><img decoding=\"async\" width=\"1020\" height=\"680\" src=\"https:\/\/www.carolrenauxphoto.com\/wp-content\/uploads\/2020\/07\/MOSAICO-2-FAMILIAS-1.jpg\" class=\"attachment-full size-full\" alt=\"Familias - Carol Renaux Photo\" srcset=\"https:\/\/www.carolrenauxphoto.com\/wp-content\/uploads\/2020\/07\/MOSAICO-2-FAMILIAS-1.jpg 1020w, https:\/\/www.carolrenauxphoto.com\/wp-content\/uploads\/2020\/07\/MOSAICO-2-FAMILIAS-1-300x200.jpg 300w, https:\/\/www.carolrenauxphoto.com\/wp-content\/uploads\/2020\/07\/MOSAICO-2-FAMILIAS-1-768x512.jpg 768w\" sizes=\"(max-width: 1020px) 100vw, 1020px\" \/><\/a>\n\t\t\t<\/div><\/figure><figure class='gallery-item'>\n\t\t\t<div class='gallery-icon landscape'>\n\t\t\t\t<a data-elementor-open-lightbox=\"yes\" data-elementor-lightbox-slideshow=\"da29097\" data-elementor-lightbox-title=\"Familias - Carol Renaux Photo\" data-e-action-hash=\"#elementor-action%3Aaction%3Dlightbox%26settings%3DeyJpZCI6MTAyMSwidXJsIjoiaHR0cHM6XC9cL3d3dy5jYXJvbHJlbmF1eHBob3RvLmNvbVwvd3AtY29udGVudFwvdXBsb2Fkc1wvMjAyMFwvMDdcL01PU0FJQ08tMi1GQU1JTElBUy0yLmpwZyIsInNsaWRlc2hvdyI6ImRhMjkwOTcifQ%3D%3D\" href='https:\/\/www.carolrenauxphoto.com\/wp-content\/uploads\/2020\/07\/MOSAICO-2-FAMILIAS-2.jpg'><img decoding=\"async\" width=\"1020\" height=\"680\" src=\"https:\/\/www.carolrenauxphoto.com\/wp-content\/uploads\/2020\/07\/MOSAICO-2-FAMILIAS-2.jpg\" class=\"attachment-full size-full\" alt=\"Familias - Carol Renaux Photo\" srcset=\"https:\/\/www.carolrenauxphoto.com\/wp-content\/uploads\/2020\/07\/MOSAICO-2-FAMILIAS-2.jpg 1020w, https:\/\/www.carolrenauxphoto.com\/wp-content\/uploads\/2020\/07\/MOSAICO-2-FAMILIAS-2-300x200.jpg 300w, https:\/\/www.carolrenauxphoto.com\/wp-content\/uploads\/2020\/07\/MOSAICO-2-FAMILIAS-2-768x512.jpg 768w\" sizes=\"(max-width: 1020px) 100vw, 1020px\" \/><\/a>\n\t\t\t<\/div><\/figure><figure class='gallery-item'>\n\t\t\t<div class='gallery-icon landscape'>\n\t\t\t\t<a data-elementor-open-lightbox=\"yes\" data-elementor-lightbox-slideshow=\"da29097\" data-elementor-lightbox-title=\"Familias - Carol Renaux Photo\" data-e-action-hash=\"#elementor-action%3Aaction%3Dlightbox%26settings%3DeyJpZCI6MTAyMiwidXJsIjoiaHR0cHM6XC9cL3d3dy5jYXJvbHJlbmF1eHBob3RvLmNvbVwvd3AtY29udGVudFwvdXBsb2Fkc1wvMjAyMFwvMDdcL01PU0FJQ08tMi1GQU1JTElBUy0zLmpwZyIsInNsaWRlc2hvdyI6ImRhMjkwOTcifQ%3D%3D\" href='https:\/\/www.carolrenauxphoto.com\/wp-content\/uploads\/2020\/07\/MOSAICO-2-FAMILIAS-3.jpg'><img loading=\"lazy\" decoding=\"async\" width=\"1020\" height=\"680\" src=\"https:\/\/www.carolrenauxphoto.com\/wp-content\/uploads\/2020\/07\/MOSAICO-2-FAMILIAS-3.jpg\" class=\"attachment-full size-full\" alt=\"Familias - Carol Renaux Photo\" srcset=\"https:\/\/www.carolrenauxphoto.com\/wp-content\/uploads\/2020\/07\/MOSAICO-2-FAMILIAS-3.jpg 1020w, https:\/\/www.carolrenauxphoto.com\/wp-content\/uploads\/2020\/07\/MOSAICO-2-FAMILIAS-3-300x200.jpg 300w, https:\/\/www.carolrenauxphoto.com\/wp-content\/uploads\/2020\/07\/MOSAICO-2-FAMILIAS-3-768x512.jpg 768w\" sizes=\"(max-width: 1020px) 100vw, 1020px\" \/><\/a>\n\t\t\t<\/div><\/figure><figure class='gallery-item'>\n\t\t\t<div class='gallery-icon landscape'>\n\t\t\t\t<a data-elementor-open-lightbox=\"yes\" data-elementor-lightbox-slideshow=\"da29097\" data-elementor-lightbox-title=\"Familias - Carol Renaux Photo\" data-e-action-hash=\"#elementor-action%3Aaction%3Dlightbox%26settings%3DeyJpZCI6MTAyMywidXJsIjoiaHR0cHM6XC9cL3d3dy5jYXJvbHJlbmF1eHBob3RvLmNvbVwvd3AtY29udGVudFwvdXBsb2Fkc1wvMjAyMFwvMDdcL01PU0FJQ08tMi1GQU1JTElBUy00LmpwZyIsInNsaWRlc2hvdyI6ImRhMjkwOTcifQ%3D%3D\" href='https:\/\/www.carolrenauxphoto.com\/wp-content\/uploads\/2020\/07\/MOSAICO-2-FAMILIAS-4.jpg'><img loading=\"lazy\" decoding=\"async\" width=\"1020\" height=\"680\" src=\"https:\/\/www.carolrenauxphoto.com\/wp-content\/uploads\/2020\/07\/MOSAICO-2-FAMILIAS-4.jpg\" class=\"attachment-full size-full\" alt=\"Familias - Carol Renaux Photo\" srcset=\"https:\/\/www.carolrenauxphoto.com\/wp-content\/uploads\/2020\/07\/MOSAICO-2-FAMILIAS-4.jpg 1020w, https:\/\/www.carolrenauxphoto.com\/wp-content\/uploads\/2020\/07\/MOSAICO-2-FAMILIAS-4-300x200.jpg 300w, https:\/\/www.carolrenauxphoto.com\/wp-content\/uploads\/2020\/07\/MOSAICO-2-FAMILIAS-4-768x512.jpg 768w\" sizes=\"(max-width: 1020px) 100vw, 1020px\" \/><\/a>\n\t\t\t<\/div><\/figure><figure class='gallery-item'>\n\t\t\t<div class='gallery-icon landscape'>\n\t\t\t\t<a data-elementor-open-lightbox=\"yes\" data-elementor-lightbox-slideshow=\"da29097\" data-elementor-lightbox-title=\"Familias - Carol Renaux Photo\" data-e-action-hash=\"#elementor-action%3Aaction%3Dlightbox%26settings%3DeyJpZCI6MTAyNCwidXJsIjoiaHR0cHM6XC9cL3d3dy5jYXJvbHJlbmF1eHBob3RvLmNvbVwvd3AtY29udGVudFwvdXBsb2Fkc1wvMjAyMFwvMDdcL01PU0FJQ08tMi1GQU1JTElBUy01LmpwZyIsInNsaWRlc2hvdyI6ImRhMjkwOTcifQ%3D%3D\" href='https:\/\/www.carolrenauxphoto.com\/wp-content\/uploads\/2020\/07\/MOSAICO-2-FAMILIAS-5.jpg'><img loading=\"lazy\" decoding=\"async\" width=\"1020\" height=\"680\" src=\"https:\/\/www.carolrenauxphoto.com\/wp-content\/uploads\/2020\/07\/MOSAICO-2-FAMILIAS-5.jpg\" class=\"attachment-full size-full\" alt=\"Familias - Carol Renaux Photo\" srcset=\"https:\/\/www.carolrenauxphoto.com\/wp-content\/uploads\/2020\/07\/MOSAICO-2-FAMILIAS-5.jpg 1020w, https:\/\/www.carolrenauxphoto.com\/wp-content\/uploads\/2020\/07\/MOSAICO-2-FAMILIAS-5-300x200.jpg 300w, https:\/\/www.carolrenauxphoto.com\/wp-content\/uploads\/2020\/07\/MOSAICO-2-FAMILIAS-5-768x512.jpg 768w\" sizes=\"(max-width: 1020px) 100vw, 1020px\" \/><\/a>\n\t\t\t<\/div><\/figure><figure class='gallery-item'>\n\t\t\t<div class='gallery-icon landscape'>\n\t\t\t\t<a data-elementor-open-lightbox=\"yes\" data-elementor-lightbox-slideshow=\"da29097\" data-elementor-lightbox-title=\"Familias - Carol Renaux Photo\" data-e-action-hash=\"#elementor-action%3Aaction%3Dlightbox%26settings%3DeyJpZCI6MTAyNSwidXJsIjoiaHR0cHM6XC9cL3d3dy5jYXJvbHJlbmF1eHBob3RvLmNvbVwvd3AtY29udGVudFwvdXBsb2Fkc1wvMjAyMFwvMDdcL01PU0FJQ08tMi1GQU1JTElBUy02LmpwZyIsInNsaWRlc2hvdyI6ImRhMjkwOTcifQ%3D%3D\" href='https:\/\/www.carolrenauxphoto.com\/wp-content\/uploads\/2020\/07\/MOSAICO-2-FAMILIAS-6.jpg'><img loading=\"lazy\" decoding=\"async\" width=\"1020\" height=\"680\" src=\"https:\/\/www.carolrenauxphoto.com\/wp-content\/uploads\/2020\/07\/MOSAICO-2-FAMILIAS-6.jpg\" class=\"attachment-full size-full\" alt=\"Familias - Carol Renaux Photo\" srcset=\"https:\/\/www.carolrenauxphoto.com\/wp-content\/uploads\/2020\/07\/MOSAICO-2-FAMILIAS-6.jpg 1020w, https:\/\/www.carolrenauxphoto.com\/wp-content\/uploads\/2020\/07\/MOSAICO-2-FAMILIAS-6-300x200.jpg 300w, https:\/\/www.carolrenauxphoto.com\/wp-content\/uploads\/2020\/07\/MOSAICO-2-FAMILIAS-6-768x512.jpg 768w\" sizes=\"(max-width: 1020px) 100vw, 1020px\" \/><\/a>\n\t\t\t<\/div><\/figure>\n\t\t<\/div>\n\t\t<\/div>\n\t\t\t\t\t\t<\/div>\n\t\t\t\t<\/div>\n\t\t\t\t\t<\/div>\n\t\t<\/div>\n\t\t\t\t\t<\/div>\n\t\t<\/section>\n\t\t\t\t<\/div>\n\t\t<\/p><\/div>\n\t\t\t\t<\/div>\n\t\t\t\t\t\t\t<div class=\"elementor-accordion-item\">\n\t\t\t\t\t<div id=\"elementor-tab-title-1302\" class=\"elementor-tab-title\" data-tab=\"2\" role=\"button\" aria-controls=\"elementor-tab-content-1302\" aria-expanded=\"false\">\n\t\t\t\t\t\t\t\t\t\t\t\t\t<span class=\"elementor-accordion-icon elementor-accordion-icon-left\" aria-hidden=\"true\">\n\t\t\t\t\t\t\t\t\t\t\t\t\t\t\t<span class=\"elementor-accordion-icon-closed\"><i class=\"fas fa-plus\"><\/i><\/span>\n\t\t\t\t\t\t\t\t<span class=\"elementor-accordion-icon-opened\"><i class=\"fas fa-minus\"><\/i><\/span>\n\t\t\t\t\t\t\t\t\t\t\t\t\t\t<\/span>\n\t\t\t\t\t\t\t\t\t\t\t\t<a class=\"elementor-accordion-title\" tabindex=\"0\">\u00bfC\u00f3mo son las sesiones que realizas?<\/a>\n\t\t\t\t\t<\/div>\n\t\t\t\t\t<div id=\"elementor-tab-content-1302\" class=\"elementor-tab-content elementor-clearfix\" data-tab=\"2\" role=\"region\" aria-labelledby=\"elementor-tab-title-1302\"><p>Realizo sesiones de familia a domicilio o en exterior en Madrid y alrededores, pero me desplazo a d\u00f3nde sea necesario.<\/p><p>Las sesiones en exterior se realizan en un parque, en la ciudad, en la playa, en el campo, normalmente por la tarde, al atardecer, pero se pueden hacer por las ma\u00f1anas en una zona con sombras (parque, pinar).<\/p><p>Las sesiones de familia son naturales, espont\u00e1neas, divertidas\u2026y sobre todo son la oportunidad de pasar un buen momento todos juntos.<\/p><p>No me gusta dirigiros en exceso. Prefiero observar primero y retratar lo que veo. Solo en momentos puntuales os har\u00e9 propuestas sobre el tipo de imagen que buscamos, pero siempre buscando mostraros tal cual sois: jugando, riendo, saltando, abrazando a vuestros hijos..etc.<\/p><p>Quiero que os ve\u00e1is tal como sois, y mostrar la verdadera esencia de vuestra familia en im\u00e1genes.<\/p><p>\t\t<div data-elementor-type=\"wp-post\" data-elementor-id=\"1029\" class=\"elementor elementor-1029\">\n\t\t\t\t\t\t<section class=\"elementor-section elementor-top-section elementor-element elementor-element-7845f78 elementor-section-boxed elementor-section-height-default elementor-section-height-default\" data-id=\"7845f78\" data-element_type=\"section\" data-e-type=\"section\">\n\t\t\t\t\t\t<div class=\"elementor-container elementor-column-gap-default\">\n\t\t\t\t\t<div class=\"elementor-column elementor-col-100 elementor-top-column elementor-element elementor-element-7c323ed\" data-id=\"7c323ed\" data-element_type=\"column\" data-e-type=\"column\">\n\t\t\t<div class=\"elementor-widget-wrap elementor-element-populated\">\n\t\t\t\t\t\t<div class=\"elementor-element elementor-element-d9d635b elementor-widget elementor-widget-image-gallery\" data-id=\"d9d635b\" data-element_type=\"widget\" data-e-type=\"widget\" data-widget_type=\"image-gallery.default\">\n\t\t\t\t<div class=\"elementor-widget-container\">\n\t\t\t\t\t\t\t<div class=\"elementor-image-gallery\">\n\t\t\t<div id='gallery-2' class='gallery galleryid-989 gallery-columns-4 gallery-size-full'><figure class='gallery-item'>\n\t\t\t<div class='gallery-icon landscape'>\n\t\t\t\t<a data-elementor-open-lightbox=\"yes\" data-elementor-lightbox-slideshow=\"d9d635b\" data-elementor-lightbox-title=\"Familias - Carol Renaux Photo\" data-e-action-hash=\"#elementor-action%3Aaction%3Dlightbox%26settings%3DeyJpZCI6MTAzMSwidXJsIjoiaHR0cHM6XC9cL3d3dy5jYXJvbHJlbmF1eHBob3RvLmNvbVwvd3AtY29udGVudFwvdXBsb2Fkc1wvMjAyMFwvMDdcL01PU0FJQ08tMy1GQU1JTElBUy0xLmpwZyIsInNsaWRlc2hvdyI6ImQ5ZDYzNWIifQ%3D%3D\" href='https:\/\/www.carolrenauxphoto.com\/wp-content\/uploads\/2020\/07\/MOSAICO-3-FAMILIAS-1.jpg'><img loading=\"lazy\" decoding=\"async\" width=\"1020\" height=\"680\" src=\"https:\/\/www.carolrenauxphoto.com\/wp-content\/uploads\/2020\/07\/MOSAICO-3-FAMILIAS-1.jpg\" class=\"attachment-full size-full\" alt=\"Familias - Carol Renaux Photo\" srcset=\"https:\/\/www.carolrenauxphoto.com\/wp-content\/uploads\/2020\/07\/MOSAICO-3-FAMILIAS-1.jpg 1020w, https:\/\/www.carolrenauxphoto.com\/wp-content\/uploads\/2020\/07\/MOSAICO-3-FAMILIAS-1-300x200.jpg 300w, https:\/\/www.carolrenauxphoto.com\/wp-content\/uploads\/2020\/07\/MOSAICO-3-FAMILIAS-1-768x512.jpg 768w\" sizes=\"(max-width: 1020px) 100vw, 1020px\" \/><\/a>\n\t\t\t<\/div><\/figure><figure class='gallery-item'>\n\t\t\t<div class='gallery-icon landscape'>\n\t\t\t\t<a data-elementor-open-lightbox=\"yes\" data-elementor-lightbox-slideshow=\"d9d635b\" data-elementor-lightbox-title=\"Familias - Carol Renaux Photo\" data-e-action-hash=\"#elementor-action%3Aaction%3Dlightbox%26settings%3DeyJpZCI6MTAzMiwidXJsIjoiaHR0cHM6XC9cL3d3dy5jYXJvbHJlbmF1eHBob3RvLmNvbVwvd3AtY29udGVudFwvdXBsb2Fkc1wvMjAyMFwvMDdcL01PU0FJQ08tMy1GQU1JTElBUy0yLmpwZyIsInNsaWRlc2hvdyI6ImQ5ZDYzNWIifQ%3D%3D\" href='https:\/\/www.carolrenauxphoto.com\/wp-content\/uploads\/2020\/07\/MOSAICO-3-FAMILIAS-2.jpg'><img loading=\"lazy\" decoding=\"async\" width=\"1020\" height=\"680\" src=\"https:\/\/www.carolrenauxphoto.com\/wp-content\/uploads\/2020\/07\/MOSAICO-3-FAMILIAS-2.jpg\" class=\"attachment-full size-full\" alt=\"Familias - Carol Renaux Photo\" srcset=\"https:\/\/www.carolrenauxphoto.com\/wp-content\/uploads\/2020\/07\/MOSAICO-3-FAMILIAS-2.jpg 1020w, https:\/\/www.carolrenauxphoto.com\/wp-content\/uploads\/2020\/07\/MOSAICO-3-FAMILIAS-2-300x200.jpg 300w, https:\/\/www.carolrenauxphoto.com\/wp-content\/uploads\/2020\/07\/MOSAICO-3-FAMILIAS-2-768x512.jpg 768w\" sizes=\"(max-width: 1020px) 100vw, 1020px\" \/><\/a>\n\t\t\t<\/div><\/figure><figure class='gallery-item'>\n\t\t\t<div class='gallery-icon landscape'>\n\t\t\t\t<a data-elementor-open-lightbox=\"yes\" data-elementor-lightbox-slideshow=\"d9d635b\" data-elementor-lightbox-title=\"Familias - Carol Renaux Photo\" data-e-action-hash=\"#elementor-action%3Aaction%3Dlightbox%26settings%3DeyJpZCI6MTAzMywidXJsIjoiaHR0cHM6XC9cL3d3dy5jYXJvbHJlbmF1eHBob3RvLmNvbVwvd3AtY29udGVudFwvdXBsb2Fkc1wvMjAyMFwvMDdcL01PU0FJQ08tMy1GQU1JTElBUy0zLmpwZyIsInNsaWRlc2hvdyI6ImQ5ZDYzNWIifQ%3D%3D\" href='https:\/\/www.carolrenauxphoto.com\/wp-content\/uploads\/2020\/07\/MOSAICO-3-FAMILIAS-3.jpg'><img loading=\"lazy\" decoding=\"async\" width=\"1020\" height=\"680\" src=\"https:\/\/www.carolrenauxphoto.com\/wp-content\/uploads\/2020\/07\/MOSAICO-3-FAMILIAS-3.jpg\" class=\"attachment-full size-full\" alt=\"Familias - Carol Renaux Photo\" srcset=\"https:\/\/www.carolrenauxphoto.com\/wp-content\/uploads\/2020\/07\/MOSAICO-3-FAMILIAS-3.jpg 1020w, https:\/\/www.carolrenauxphoto.com\/wp-content\/uploads\/2020\/07\/MOSAICO-3-FAMILIAS-3-300x200.jpg 300w, https:\/\/www.carolrenauxphoto.com\/wp-content\/uploads\/2020\/07\/MOSAICO-3-FAMILIAS-3-768x512.jpg 768w\" sizes=\"(max-width: 1020px) 100vw, 1020px\" \/><\/a>\n\t\t\t<\/div><\/figure><figure class='gallery-item'>\n\t\t\t<div class='gallery-icon landscape'>\n\t\t\t\t<a data-elementor-open-lightbox=\"yes\" data-elementor-lightbox-slideshow=\"d9d635b\" data-elementor-lightbox-title=\"Familias - Carol Renaux Photo\" data-e-action-hash=\"#elementor-action%3Aaction%3Dlightbox%26settings%3DeyJpZCI6MTAzNCwidXJsIjoiaHR0cHM6XC9cL3d3dy5jYXJvbHJlbmF1eHBob3RvLmNvbVwvd3AtY29udGVudFwvdXBsb2Fkc1wvMjAyMFwvMDdcL01PU0FJQ08tMy1GQU1JTElBUy00LmpwZyIsInNsaWRlc2hvdyI6ImQ5ZDYzNWIifQ%3D%3D\" href='https:\/\/www.carolrenauxphoto.com\/wp-content\/uploads\/2020\/07\/MOSAICO-3-FAMILIAS-4.jpg'><img loading=\"lazy\" decoding=\"async\" width=\"1020\" height=\"680\" src=\"https:\/\/www.carolrenauxphoto.com\/wp-content\/uploads\/2020\/07\/MOSAICO-3-FAMILIAS-4.jpg\" class=\"attachment-full size-full\" alt=\"Familias - Carol Renaux Photo\" srcset=\"https:\/\/www.carolrenauxphoto.com\/wp-content\/uploads\/2020\/07\/MOSAICO-3-FAMILIAS-4.jpg 1020w, https:\/\/www.carolrenauxphoto.com\/wp-content\/uploads\/2020\/07\/MOSAICO-3-FAMILIAS-4-300x200.jpg 300w, https:\/\/www.carolrenauxphoto.com\/wp-content\/uploads\/2020\/07\/MOSAICO-3-FAMILIAS-4-768x512.jpg 768w\" sizes=\"(max-width: 1020px) 100vw, 1020px\" \/><\/a>\n\t\t\t<\/div><\/figure>\n\t\t<\/div>\n\t\t<\/div>\n\t\t\t\t\t\t<\/div>\n\t\t\t\t<\/div>\n\t\t\t\t\t<\/div>\n\t\t<\/div>\n\t\t\t\t\t<\/div>\n\t\t<\/section>\n\t\t\t\t<\/div>\n\t\t<\/p><\/div>\n\t\t\t\t<\/div>\n\t\t\t\t\t\t\t<div class=\"elementor-accordion-item\">\n\t\t\t\t\t<div id=\"elementor-tab-title-1303\" class=\"elementor-tab-title\" data-tab=\"3\" role=\"button\" aria-controls=\"elementor-tab-content-1303\" aria-expanded=\"false\">\n\t\t\t\t\t\t\t\t\t\t\t\t\t<span class=\"elementor-accordion-icon elementor-accordion-icon-left\" aria-hidden=\"true\">\n\t\t\t\t\t\t\t\t\t\t\t\t\t\t\t<span class=\"elementor-accordion-icon-closed\"><i class=\"fas fa-plus\"><\/i><\/span>\n\t\t\t\t\t\t\t\t<span class=\"elementor-accordion-icon-opened\"><i class=\"fas fa-minus\"><\/i><\/span>\n\t\t\t\t\t\t\t\t\t\t\t\t\t\t<\/span>\n\t\t\t\t\t\t\t\t\t\t\t\t<a class=\"elementor-accordion-title\" tabindex=\"0\">\u00bfPueden participar los abuelos en la sesi\u00f3n de familia? \u00bfT\u00edos, primos? <\/a>\n\t\t\t\t\t<\/div>\n\t\t\t\t\t<div id=\"elementor-tab-content-1303\" class=\"elementor-tab-content elementor-clearfix\" data-tab=\"3\" role=\"region\" aria-labelledby=\"elementor-tab-title-1303\"><p>Por supuesto.<\/p><p>Cada vez hago m\u00e1s sesiones de familia a la que se apuntan los abuelos, o sesiones que los hijos regalan a sus padres para que se fotograf\u00eden con todos sus hijos y sus nietos.<\/p><p>Son sesiones muy especiales donde los abuelos juegan con sus nietos y est\u00e1n rodeados de toda su familia.<\/p><p>Adem\u00e1s es un regalo incre\u00edble y muy socorrido para su aniversario, cumplea\u00f1os o navidad.<\/p><p>\t\t<div data-elementor-type=\"wp-post\" data-elementor-id=\"1037\" class=\"elementor elementor-1037\">\n\t\t\t\t\t\t<section class=\"elementor-section elementor-top-section elementor-element elementor-element-e163f35 elementor-section-boxed elementor-section-height-default elementor-section-height-default\" data-id=\"e163f35\" data-element_type=\"section\" data-e-type=\"section\">\n\t\t\t\t\t\t<div class=\"elementor-container elementor-column-gap-default\">\n\t\t\t\t\t<div class=\"elementor-column elementor-col-100 elementor-top-column elementor-element elementor-element-fbfef2b\" data-id=\"fbfef2b\" data-element_type=\"column\" data-e-type=\"column\">\n\t\t\t<div class=\"elementor-widget-wrap elementor-element-populated\">\n\t\t\t\t\t\t<div class=\"elementor-element elementor-element-9230fb1 elementor-widget elementor-widget-image-gallery\" data-id=\"9230fb1\" data-element_type=\"widget\" data-e-type=\"widget\" data-widget_type=\"image-gallery.default\">\n\t\t\t\t<div class=\"elementor-widget-container\">\n\t\t\t\t\t\t\t<div class=\"elementor-image-gallery\">\n\t\t\t<div id='gallery-3' class='gallery galleryid-989 gallery-columns-3 gallery-size-full'><figure class='gallery-item'>\n\t\t\t<div class='gallery-icon landscape'>\n\t\t\t\t<a data-elementor-open-lightbox=\"yes\" data-elementor-lightbox-slideshow=\"9230fb1\" data-elementor-lightbox-title=\"Abuelos - Carol Renaux Photo\" data-e-action-hash=\"#elementor-action%3Aaction%3Dlightbox%26settings%3DeyJpZCI6MTA0MCwidXJsIjoiaHR0cHM6XC9cL3d3dy5jYXJvbHJlbmF1eHBob3RvLmNvbVwvd3AtY29udGVudFwvdXBsb2Fkc1wvMjAyMFwvMDdcL01PU0FJQ08tNC1BQlVFTE9TLTEuanBnIiwic2xpZGVzaG93IjoiOTIzMGZiMSJ9\" href='https:\/\/www.carolrenauxphoto.com\/wp-content\/uploads\/2020\/07\/MOSAICO-4-ABUELOS-1.jpg'><img loading=\"lazy\" decoding=\"async\" width=\"1020\" height=\"680\" src=\"https:\/\/www.carolrenauxphoto.com\/wp-content\/uploads\/2020\/07\/MOSAICO-4-ABUELOS-1.jpg\" class=\"attachment-full size-full\" alt=\"Abuelos - Carol Renaux Photo\" srcset=\"https:\/\/www.carolrenauxphoto.com\/wp-content\/uploads\/2020\/07\/MOSAICO-4-ABUELOS-1.jpg 1020w, https:\/\/www.carolrenauxphoto.com\/wp-content\/uploads\/2020\/07\/MOSAICO-4-ABUELOS-1-300x200.jpg 300w, https:\/\/www.carolrenauxphoto.com\/wp-content\/uploads\/2020\/07\/MOSAICO-4-ABUELOS-1-768x512.jpg 768w\" sizes=\"(max-width: 1020px) 100vw, 1020px\" \/><\/a>\n\t\t\t<\/div><\/figure><figure class='gallery-item'>\n\t\t\t<div class='gallery-icon landscape'>\n\t\t\t\t<a data-elementor-open-lightbox=\"yes\" data-elementor-lightbox-slideshow=\"9230fb1\" data-elementor-lightbox-title=\"Abuelos - Carol Renaux Photo\" data-e-action-hash=\"#elementor-action%3Aaction%3Dlightbox%26settings%3DeyJpZCI6MTA0MSwidXJsIjoiaHR0cHM6XC9cL3d3dy5jYXJvbHJlbmF1eHBob3RvLmNvbVwvd3AtY29udGVudFwvdXBsb2Fkc1wvMjAyMFwvMDdcL01PU0FJQ08tNC1BQlVFTE9TLTIuanBnIiwic2xpZGVzaG93IjoiOTIzMGZiMSJ9\" href='https:\/\/www.carolrenauxphoto.com\/wp-content\/uploads\/2020\/07\/MOSAICO-4-ABUELOS-2.jpg'><img loading=\"lazy\" decoding=\"async\" width=\"1020\" height=\"680\" src=\"https:\/\/www.carolrenauxphoto.com\/wp-content\/uploads\/2020\/07\/MOSAICO-4-ABUELOS-2.jpg\" class=\"attachment-full size-full\" alt=\"Abuelos - Carol Renaux Photo\" srcset=\"https:\/\/www.carolrenauxphoto.com\/wp-content\/uploads\/2020\/07\/MOSAICO-4-ABUELOS-2.jpg 1020w, https:\/\/www.carolrenauxphoto.com\/wp-content\/uploads\/2020\/07\/MOSAICO-4-ABUELOS-2-300x200.jpg 300w, https:\/\/www.carolrenauxphoto.com\/wp-content\/uploads\/2020\/07\/MOSAICO-4-ABUELOS-2-768x512.jpg 768w\" sizes=\"(max-width: 1020px) 100vw, 1020px\" \/><\/a>\n\t\t\t<\/div><\/figure><figure class='gallery-item'>\n\t\t\t<div class='gallery-icon landscape'>\n\t\t\t\t<a data-elementor-open-lightbox=\"yes\" data-elementor-lightbox-slideshow=\"9230fb1\" data-elementor-lightbox-title=\"Abuelos - Carol Renaux Photo\" data-e-action-hash=\"#elementor-action%3Aaction%3Dlightbox%26settings%3DeyJpZCI6MTA0MiwidXJsIjoiaHR0cHM6XC9cL3d3dy5jYXJvbHJlbmF1eHBob3RvLmNvbVwvd3AtY29udGVudFwvdXBsb2Fkc1wvMjAyMFwvMDdcL01PU0FJQ08tNC1BQlVFTE9TLTMuanBnIiwic2xpZGVzaG93IjoiOTIzMGZiMSJ9\" href='https:\/\/www.carolrenauxphoto.com\/wp-content\/uploads\/2020\/07\/MOSAICO-4-ABUELOS-3.jpg'><img loading=\"lazy\" decoding=\"async\" width=\"1020\" height=\"680\" src=\"https:\/\/www.carolrenauxphoto.com\/wp-content\/uploads\/2020\/07\/MOSAICO-4-ABUELOS-3.jpg\" class=\"attachment-full size-full\" alt=\"Abuelos - Carol Renaux Photo\" srcset=\"https:\/\/www.carolrenauxphoto.com\/wp-content\/uploads\/2020\/07\/MOSAICO-4-ABUELOS-3.jpg 1020w, https:\/\/www.carolrenauxphoto.com\/wp-content\/uploads\/2020\/07\/MOSAICO-4-ABUELOS-3-300x200.jpg 300w, https:\/\/www.carolrenauxphoto.com\/wp-content\/uploads\/2020\/07\/MOSAICO-4-ABUELOS-3-768x512.jpg 768w\" sizes=\"(max-width: 1020px) 100vw, 1020px\" \/><\/a>\n\t\t\t<\/div><\/figure><figure class='gallery-item'>\n\t\t\t<div class='gallery-icon landscape'>\n\t\t\t\t<a data-elementor-open-lightbox=\"yes\" data-elementor-lightbox-slideshow=\"9230fb1\" data-elementor-lightbox-title=\"Abuelos - Carol Renaux Photo\" data-e-action-hash=\"#elementor-action%3Aaction%3Dlightbox%26settings%3DeyJpZCI6MTA0MywidXJsIjoiaHR0cHM6XC9cL3d3dy5jYXJvbHJlbmF1eHBob3RvLmNvbVwvd3AtY29udGVudFwvdXBsb2Fkc1wvMjAyMFwvMDdcL01PU0FJQ08tNC1BQlVFTE9TLTQuanBnIiwic2xpZGVzaG93IjoiOTIzMGZiMSJ9\" href='https:\/\/www.carolrenauxphoto.com\/wp-content\/uploads\/2020\/07\/MOSAICO-4-ABUELOS-4.jpg'><img loading=\"lazy\" decoding=\"async\" width=\"1020\" height=\"680\" src=\"https:\/\/www.carolrenauxphoto.com\/wp-content\/uploads\/2020\/07\/MOSAICO-4-ABUELOS-4.jpg\" class=\"attachment-full size-full\" alt=\"Abuelos - Carol Renaux Photo\" srcset=\"https:\/\/www.carolrenauxphoto.com\/wp-content\/uploads\/2020\/07\/MOSAICO-4-ABUELOS-4.jpg 1020w, https:\/\/www.carolrenauxphoto.com\/wp-content\/uploads\/2020\/07\/MOSAICO-4-ABUELOS-4-300x200.jpg 300w, https:\/\/www.carolrenauxphoto.com\/wp-content\/uploads\/2020\/07\/MOSAICO-4-ABUELOS-4-768x512.jpg 768w\" sizes=\"(max-width: 1020px) 100vw, 1020px\" \/><\/a>\n\t\t\t<\/div><\/figure><figure class='gallery-item'>\n\t\t\t<div class='gallery-icon landscape'>\n\t\t\t\t<a data-elementor-open-lightbox=\"yes\" data-elementor-lightbox-slideshow=\"9230fb1\" data-elementor-lightbox-title=\"Abuelos - Carol Renaux Photo\" data-e-action-hash=\"#elementor-action%3Aaction%3Dlightbox%26settings%3DeyJpZCI6MTA0NCwidXJsIjoiaHR0cHM6XC9cL3d3dy5jYXJvbHJlbmF1eHBob3RvLmNvbVwvd3AtY29udGVudFwvdXBsb2Fkc1wvMjAyMFwvMDdcL01PU0FJQ08tNC1BQlVFTE9TLTUuanBnIiwic2xpZGVzaG93IjoiOTIzMGZiMSJ9\" href='https:\/\/www.carolrenauxphoto.com\/wp-content\/uploads\/2020\/07\/MOSAICO-4-ABUELOS-5.jpg'><img loading=\"lazy\" decoding=\"async\" width=\"1020\" height=\"680\" src=\"https:\/\/www.carolrenauxphoto.com\/wp-content\/uploads\/2020\/07\/MOSAICO-4-ABUELOS-5.jpg\" class=\"attachment-full size-full\" alt=\"Abuelos - Carol Renaux Photo\" srcset=\"https:\/\/www.carolrenauxphoto.com\/wp-content\/uploads\/2020\/07\/MOSAICO-4-ABUELOS-5.jpg 1020w, https:\/\/www.carolrenauxphoto.com\/wp-content\/uploads\/2020\/07\/MOSAICO-4-ABUELOS-5-300x200.jpg 300w, https:\/\/www.carolrenauxphoto.com\/wp-content\/uploads\/2020\/07\/MOSAICO-4-ABUELOS-5-768x512.jpg 768w\" sizes=\"(max-width: 1020px) 100vw, 1020px\" \/><\/a>\n\t\t\t<\/div><\/figure><figure class='gallery-item'>\n\t\t\t<div class='gallery-icon landscape'>\n\t\t\t\t<a data-elementor-open-lightbox=\"yes\" data-elementor-lightbox-slideshow=\"9230fb1\" data-elementor-lightbox-title=\"Abuelos - Carol Renaux Photo\" data-e-action-hash=\"#elementor-action%3Aaction%3Dlightbox%26settings%3DeyJpZCI6MTAzOSwidXJsIjoiaHR0cHM6XC9cL3d3dy5jYXJvbHJlbmF1eHBob3RvLmNvbVwvd3AtY29udGVudFwvdXBsb2Fkc1wvMjAyMFwvMDdcL01PU0FJQ08tNC1BQlVFTE9TLTYuanBnIiwic2xpZGVzaG93IjoiOTIzMGZiMSJ9\" href='https:\/\/www.carolrenauxphoto.com\/wp-content\/uploads\/2020\/07\/MOSAICO-4-ABUELOS-6.jpg'><img loading=\"lazy\" decoding=\"async\" width=\"1020\" height=\"680\" src=\"https:\/\/www.carolrenauxphoto.com\/wp-content\/uploads\/2020\/07\/MOSAICO-4-ABUELOS-6.jpg\" class=\"attachment-full size-full\" alt=\"Abuelos - Carol Renaux Photo\" srcset=\"https:\/\/www.carolrenauxphoto.com\/wp-content\/uploads\/2020\/07\/MOSAICO-4-ABUELOS-6.jpg 1020w, https:\/\/www.carolrenauxphoto.com\/wp-content\/uploads\/2020\/07\/MOSAICO-4-ABUELOS-6-300x200.jpg 300w, https:\/\/www.carolrenauxphoto.com\/wp-content\/uploads\/2020\/07\/MOSAICO-4-ABUELOS-6-768x512.jpg 768w\" sizes=\"(max-width: 1020px) 100vw, 1020px\" \/><\/a>\n\t\t\t<\/div><\/figure>\n\t\t<\/div>\n\t\t<\/div>\n\t\t\t\t\t\t<\/div>\n\t\t\t\t<\/div>\n\t\t\t\t\t<\/div>\n\t\t<\/div>\n\t\t\t\t\t<\/div>\n\t\t<\/section>\n\t\t\t\t<\/div>\n\t\t<\/p><\/div>\n\t\t\t\t<\/div>\n\t\t\t\t\t\t\t<div class=\"elementor-accordion-item\">\n\t\t\t\t\t<div id=\"elementor-tab-title-1304\" class=\"elementor-tab-title\" data-tab=\"4\" role=\"button\" aria-controls=\"elementor-tab-content-1304\" aria-expanded=\"false\">\n\t\t\t\t\t\t\t\t\t\t\t\t\t<span class=\"elementor-accordion-icon elementor-accordion-icon-left\" aria-hidden=\"true\">\n\t\t\t\t\t\t\t\t\t\t\t\t\t\t\t<span class=\"elementor-accordion-icon-closed\"><i class=\"fas fa-plus\"><\/i><\/span>\n\t\t\t\t\t\t\t\t<span class=\"elementor-accordion-icon-opened\"><i class=\"fas fa-minus\"><\/i><\/span>\n\t\t\t\t\t\t\t\t\t\t\t\t\t\t<\/span>\n\t\t\t\t\t\t\t\t\t\t\t\t<a class=\"elementor-accordion-title\" tabindex=\"0\">\u00bfQu\u00e9 incluye el reportaje fotogr\u00e1fico de familia en Madrid?<\/a>\n\t\t\t\t\t<\/div>\n\t\t\t\t\t<div id=\"elementor-tab-content-1304\" class=\"elementor-tab-content elementor-clearfix\" data-tab=\"4\" role=\"region\" aria-labelledby=\"elementor-tab-title-1304\"><ol><li>El tiempo necesario para realizar el reportaje. La duraci\u00f3n habitual suele ser de 2 horas, recomiendo hacerlo por las tardes, al atardecer que es cuando la luz es m\u00e1s bonita.<\/li><li>La selecci\u00f3n y edici\u00f3n de las fotograf\u00edas que considere buenas del reportaje.<\/li><li>Sea cual sea el paquete que elij\u00e1is la entrega del reportaje se realiza en Galer\u00eda privada online, DVD personalizado y 3 copias en papel a tama\u00f1o 10&#215;15 pero tengo muchas otras opciones: cajitas con fotos impresas, \u00e1lbumes, lienzos..etc.<\/li><\/ol><\/div>\n\t\t\t\t<\/div>\n\t\t\t\t\t\t\t<div class=\"elementor-accordion-item\">\n\t\t\t\t\t<div id=\"elementor-tab-title-1305\" class=\"elementor-tab-title\" data-tab=\"5\" role=\"button\" aria-controls=\"elementor-tab-content-1305\" aria-expanded=\"false\">\n\t\t\t\t\t\t\t\t\t\t\t\t\t<span class=\"elementor-accordion-icon elementor-accordion-icon-left\" aria-hidden=\"true\">\n\t\t\t\t\t\t\t\t\t\t\t\t\t\t\t<span class=\"elementor-accordion-icon-closed\"><i class=\"fas fa-plus\"><\/i><\/span>\n\t\t\t\t\t\t\t\t<span class=\"elementor-accordion-icon-opened\"><i class=\"fas fa-minus\"><\/i><\/span>\n\t\t\t\t\t\t\t\t\t\t\t\t\t\t<\/span>\n\t\t\t\t\t\t\t\t\t\t\t\t<a class=\"elementor-accordion-title\" tabindex=\"0\">\u00bfY si quiero regalar un reportaje? \u00bfC\u00f3mo lo hago?<\/a>\n\t\t\t\t\t<\/div>\n\t\t\t\t\t<div id=\"elementor-tab-content-1305\" class=\"elementor-tab-content elementor-clearfix\" data-tab=\"5\" role=\"region\" aria-labelledby=\"elementor-tab-title-1305\"><p>En los casos en los que el reportaje es para regalo os suelo preparar una tarjeta regalo personalizada que meter\u00e9 en una cajita kraft muy chula para que pod\u00e1is entreg\u00e1rselo a la familia. Quedamos un d\u00eda para que os lo entregue o si sois de fuera de Madrid, o nos resulta complicado quedar personalmente, os lo env\u00edo por correo.<\/p><p><img loading=\"lazy\" decoding=\"async\" class=\"aligncenter wp-image-1047 size-full\" src=\"https:\/\/www.carolrenauxphoto.com\/wp-content\/uploads\/2020\/07\/tarjeta-regalo-abuelos.jpg\" alt=\"\" width=\"567\" height=\"378\" srcset=\"https:\/\/www.carolrenauxphoto.com\/wp-content\/uploads\/2020\/07\/tarjeta-regalo-abuelos.jpg 567w, https:\/\/www.carolrenauxphoto.com\/wp-content\/uploads\/2020\/07\/tarjeta-regalo-abuelos-300x200.jpg 300w\" sizes=\"(max-width: 567px) 100vw, 567px\" \/><\/p><\/div>\n\t\t\t\t<\/div>\n\t\t\t\t\t\t\t<div class=\"elementor-accordion-item\">\n\t\t\t\t\t<div id=\"elementor-tab-title-1306\" class=\"elementor-tab-title\" data-tab=\"6\" role=\"button\" aria-controls=\"elementor-tab-content-1306\" aria-expanded=\"false\">\n\t\t\t\t\t\t\t\t\t\t\t\t\t<span class=\"elementor-accordion-icon elementor-accordion-icon-left\" aria-hidden=\"true\">\n\t\t\t\t\t\t\t\t\t\t\t\t\t\t\t<span class=\"elementor-accordion-icon-closed\"><i class=\"fas fa-plus\"><\/i><\/span>\n\t\t\t\t\t\t\t\t<span class=\"elementor-accordion-icon-opened\"><i class=\"fas fa-minus\"><\/i><\/span>\n\t\t\t\t\t\t\t\t\t\t\t\t\t\t<\/span>\n\t\t\t\t\t\t\t\t\t\t\t\t<a class=\"elementor-accordion-title\" tabindex=\"0\">\u00a1Quiero realizar un reportaje! \u00bfC\u00f3mo lo hago?<\/a>\n\t\t\t\t\t<\/div>\n\t\t\t\t\t<div id=\"elementor-tab-content-1306\" class=\"elementor-tab-content elementor-clearfix\" data-tab=\"6\" role=\"region\" aria-labelledby=\"elementor-tab-title-1306\"><p>Escr\u00edbeme un email, env\u00edame el formulario de contacto o ll\u00e1mame por tel\u00e9fono y te enviar\u00e9 la informaci\u00f3n detallada con las diferentes opciones. Y si te apetece que quedemos para ver ejemplos de reportajes d\u00edmelo y concretamos d\u00eda y hora para tomar un caf\u00e9.<\/p><\/div>\n\t\t\t\t<\/div>\n\t\t\t\t\t\t\t\t<\/div>\n\t\t\t\t\t\t<\/div>\n\t\t\t\t<\/div>\n\t\t\t\t\t<\/div>\n\t\t<\/div>\n\t\t\t\t\t<\/div>\n\t\t<\/section>\n\t\t\t\t<section class=\"elementor-section elementor-top-section elementor-element elementor-element-fdd8336 elementor-section-boxed elementor-section-height-default elementor-section-height-default\" data-id=\"fdd8336\" data-element_type=\"section\" data-e-type=\"section\">\n\t\t\t\t\t\t<div class=\"elementor-container elementor-column-gap-default\">\n\t\t\t\t\t<div class=\"elementor-column elementor-col-100 elementor-top-column elementor-element elementor-element-65bbc8d\" data-id=\"65bbc8d\" data-element_type=\"column\" data-e-type=\"column\">\n\t\t\t<div class=\"elementor-widget-wrap elementor-element-populated\">\n\t\t\t\t\t\t<div class=\"elementor-element elementor-element-2578317 elementor-widget elementor-widget-heading\" data-id=\"2578317\" data-element_type=\"widget\" data-e-type=\"widget\" data-widget_type=\"heading.default\">\n\t\t\t\t<div class=\"elementor-widget-container\">\n\t\t\t\t\t<h2 class=\"elementor-heading-title elementor-size-default\">\u00a1Quiero reservar!<\/h2>\t\t\t\t<\/div>\n\t\t\t\t<\/div>\n\t\t\t\t<div class=\"elementor-element elementor-element-d76a4f2 elementor-align-center elementor-widget elementor-widget-button\" data-id=\"d76a4f2\" data-element_type=\"widget\" data-e-type=\"widget\" data-widget_type=\"button.default\">\n\t\t\t\t<div class=\"elementor-widget-container\">\n\t\t\t\t\t\t\t\t\t<div class=\"elementor-button-wrapper\">\n\t\t\t\t\t<a class=\"elementor-button elementor-button-link elementor-size-xl\" href=\"https:\/\/www.carolrenauxphoto.com\/en\/hablamos\/#info-reserva\">\n\t\t\t\t\t\t<span class=\"elementor-button-content-wrapper\">\n\t\t\t\t\t\t<span class=\"elementor-button-icon\">\n\t\t\t\t<i aria-hidden=\"true\" class=\"far fa-arrow-alt-circle-right\"><\/i>\t\t\t<\/span>\n\t\t\t\t\t\t\t\t<\/span>\n\t\t\t\t\t<\/a>\n\t\t\t\t<\/div>\n\t\t\t\t\t\t\t\t<\/div>\n\t\t\t\t<\/div>\n\t\t\t\t\t<\/div>\n\t\t<\/div>\n\t\t\t\t\t<\/div>\n\t\t<\/section>\n\t\t\t\t<section class=\"elementor-section elementor-top-section elementor-element elementor-element-eb96baa elementor-section-boxed elementor-section-height-default elementor-section-height-default\" data-id=\"eb96baa\" data-element_type=\"section\" data-e-type=\"section\">\n\t\t\t\t\t\t<div class=\"elementor-container elementor-column-gap-default\">\n\t\t\t\t\t<div class=\"elementor-column elementor-col-100 elementor-top-column elementor-element elementor-element-ebc4d32\" data-id=\"ebc4d32\" data-element_type=\"column\" data-e-type=\"column\">\n\t\t\t<div class=\"elementor-widget-wrap elementor-element-populated\">\n\t\t\t\t\t\t<div class=\"elementor-element elementor-element-7594a6c elementor-widget elementor-widget-image\" data-id=\"7594a6c\" data-element_type=\"widget\" data-e-type=\"widget\" data-widget_type=\"image.default\">\n\t\t\t\t<div class=\"elementor-widget-container\">\n\t\t\t\t\t\t\t\t\t\t\t\t\t\t\t<img loading=\"lazy\" decoding=\"async\" width=\"2282\" height=\"308\" src=\"https:\/\/www.carolrenauxphoto.com\/wp-content\/uploads\/2026\/07\/LOGOS-WEB.png\" class=\"attachment-full size-full wp-image-1695\" alt=\"\" srcset=\"https:\/\/www.carolrenauxphoto.com\/wp-content\/uploads\/2026\/07\/LOGOS-WEB.png 2282w, https:\/\/www.carolrenauxphoto.com\/wp-content\/uploads\/2026\/07\/LOGOS-WEB-300x40.png 300w, https:\/\/www.carolrenauxphoto.com\/wp-content\/uploads\/2026\/07\/LOGOS-WEB-1024x138.png 1024w, https:\/\/www.carolrenauxphoto.com\/wp-content\/uploads\/2026\/07\/LOGOS-WEB-768x104.png 768w, https:\/\/www.carolrenauxphoto.com\/wp-content\/uploads\/2026\/07\/LOGOS-WEB-1536x207.png 1536w, https:\/\/www.carolrenauxphoto.com\/wp-content\/uploads\/2026\/07\/LOGOS-WEB-2048x276.png 2048w\" sizes=\"(max-width: 2282px) 100vw, 2282px\" \/>\t\t\t\t\t\t\t\t\t\t\t\t\t\t\t<\/div>\n\t\t\t\t<\/div>\n\t\t\t\t\t<\/div>\n\t\t<\/div>\n\t\t\t\t\t<\/div>\n\t\t<\/section>\n\t\t\t\t<\/div>","protected":false},"excerpt":{"rendered":"<p>FAMILIA Fotograf\u00eda de familias en Madrid Tal vez la aventura m\u00e1s complicada, divertida y apasionante de nuestras vidas no sea un viaje al otro lado del mundo, ni un nuevo trabajo, ni tirarnos en paraca\u00eddas, sino el crear nuestra propia familia y no morir en el intento. Los ni\u00f1os crecen muy r\u00e1pido y muchas veces &#8230; <a title=\"Familias\" class=\"read-more\" href=\"https:\/\/www.carolrenauxphoto.com\/en\/familias\/\" aria-label=\"Read more about Familias\">Read more<\/a><\/p>","protected":false},"author":1,"featured_media":0,"parent":0,"menu_order":0,"comment_status":"closed","ping_status":"closed","template":"","meta":{"_joinchat":[],"footnotes":""},"class_list":["post-989","page","type-page","status-publish"],"yoast_head":"<!-- This site is optimized with the Yoast SEO plugin v28.1 - https:\/\/yoast.com\/product\/yoast-seo-wordpress\/ -->\n<title>Familias - Fotograf\u00eda de Maternidad, reci\u00e9n nacidos y embarazo en Madrid<\/title>\n<meta name=\"description\" content=\"Fotograf\u00eda de familias en Madrid. Lo importante es que la sesi\u00f3n de fotos sea la oportunidad de disfrutar del rato juntos y yo me encargar\u00e9 de captar vuestra familia tal y como sois.\" \/>\n<meta name=\"robots\" content=\"index, follow, max-snippet:-1, max-image-preview:large, max-video-preview:-1\" \/>\n<link rel=\"canonical\" href=\"https:\/\/www.carolrenauxphoto.com\/en\/familias\/\" \/>\n<meta property=\"og:locale\" content=\"en_GB\" \/>\n<meta property=\"og:type\" content=\"article\" \/>\n<meta property=\"og:title\" content=\"Familias - Fotograf\u00eda de Maternidad, reci\u00e9n nacidos y embarazo en Madrid\" \/>\n<meta property=\"og:description\" content=\"Fotograf\u00eda de familias en Madrid. Lo importante es que la sesi\u00f3n de fotos sea la oportunidad de disfrutar del rato juntos y yo me encargar\u00e9 de captar vuestra familia tal y como sois.\" \/>\n<meta property=\"og:url\" content=\"https:\/\/www.carolrenauxphoto.com\/en\/familias\/\" \/>\n<meta property=\"og:site_name\" content=\"Fotograf\u00eda de Maternidad, reci\u00e9n nacidos y embarazo en Madrid\" \/>\n<meta property=\"article:publisher\" content=\"https:\/\/www.facebook.com\/carolrenauxphoto\/\" \/>\n<meta property=\"article:modified_time\" content=\"2026-07-28T14:15:04+00:00\" \/>\n<meta property=\"og:image\" content=\"https:\/\/www.carolrenauxphoto.com\/wp-content\/uploads\/2020\/07\/cab-familia.jpg\" \/>\n<meta name=\"twitter:card\" content=\"summary_large_image\" \/>\n<script type=\"application\/ld+json\" class=\"yoast-schema-graph\">{\"@context\":\"https:\\\/\\\/schema.org\",\"@graph\":[{\"@type\":\"WebPage\",\"@id\":\"https:\\\/\\\/www.carolrenauxphoto.com\\\/familias\\\/\",\"url\":\"https:\\\/\\\/www.carolrenauxphoto.com\\\/familias\\\/\",\"name\":\"Familias - Fotograf\u00eda de Maternidad, reci\u00e9n nacidos y embarazo en Madrid\",\"isPartOf\":{\"@id\":\"https:\\\/\\\/www.carolrenauxphoto.com\\\/#website\"},\"primaryImageOfPage\":{\"@id\":\"https:\\\/\\\/www.carolrenauxphoto.com\\\/familias\\\/#primaryimage\"},\"image\":{\"@id\":\"https:\\\/\\\/www.carolrenauxphoto.com\\\/familias\\\/#primaryimage\"},\"thumbnailUrl\":\"https:\\\/\\\/www.carolrenauxphoto.com\\\/wp-content\\\/uploads\\\/2020\\\/07\\\/cab-familia.jpg\",\"datePublished\":\"2020-07-16T15:50:49+00:00\",\"dateModified\":\"2026-07-28T14:15:04+00:00\",\"description\":\"Fotograf\u00eda de familias en Madrid. Lo importante es que la sesi\u00f3n de fotos sea la oportunidad de disfrutar del rato juntos y yo me encargar\u00e9 de captar vuestra familia tal y como sois.\",\"breadcrumb\":{\"@id\":\"https:\\\/\\\/www.carolrenauxphoto.com\\\/familias\\\/#breadcrumb\"},\"inLanguage\":\"en-GB\",\"potentialAction\":[{\"@type\":\"ReadAction\",\"target\":[\"https:\\\/\\\/www.carolrenauxphoto.com\\\/familias\\\/\"]}]},{\"@type\":\"ImageObject\",\"inLanguage\":\"en-GB\",\"@id\":\"https:\\\/\\\/www.carolrenauxphoto.com\\\/familias\\\/#primaryimage\",\"url\":\"https:\\\/\\\/www.carolrenauxphoto.com\\\/wp-content\\\/uploads\\\/2020\\\/07\\\/cab-familia.jpg\",\"contentUrl\":\"https:\\\/\\\/www.carolrenauxphoto.com\\\/wp-content\\\/uploads\\\/2020\\\/07\\\/cab-familia.jpg\"},{\"@type\":\"BreadcrumbList\",\"@id\":\"https:\\\/\\\/www.carolrenauxphoto.com\\\/familias\\\/#breadcrumb\",\"itemListElement\":[{\"@type\":\"ListItem\",\"position\":1,\"name\":\"Portada\",\"item\":\"https:\\\/\\\/www.carolrenauxphoto.com\\\/\"},{\"@type\":\"ListItem\",\"position\":2,\"name\":\"Familias\"}]},{\"@type\":\"WebSite\",\"@id\":\"https:\\\/\\\/www.carolrenauxphoto.com\\\/#website\",\"url\":\"https:\\\/\\\/www.carolrenauxphoto.com\\\/\",\"name\":\"Fotograf\u00eda de Maternidad, reci\u00e9n nacidos y embarazo en Madrid\",\"description\":\"Fot\u00f3grafa de Maternidad, reci\u00e9n nacidos y embarazo en Madrid\",\"publisher\":{\"@id\":\"https:\\\/\\\/www.carolrenauxphoto.com\\\/#organization\"},\"potentialAction\":[{\"@type\":\"SearchAction\",\"target\":{\"@type\":\"EntryPoint\",\"urlTemplate\":\"https:\\\/\\\/www.carolrenauxphoto.com\\\/?s={search_term_string}\"},\"query-input\":{\"@type\":\"PropertyValueSpecification\",\"valueRequired\":true,\"valueName\":\"search_term_string\"}}],\"inLanguage\":\"en-GB\"},{\"@type\":\"Organization\",\"@id\":\"https:\\\/\\\/www.carolrenauxphoto.com\\\/#organization\",\"name\":\"Fotograf\u00eda de Maternidad, reci\u00e9n nacidos y embarazo en Madrid\",\"url\":\"https:\\\/\\\/www.carolrenauxphoto.com\\\/\",\"logo\":{\"@type\":\"ImageObject\",\"inLanguage\":\"en-GB\",\"@id\":\"https:\\\/\\\/www.carolrenauxphoto.com\\\/#\\\/schema\\\/logo\\\/image\\\/\",\"url\":\"https:\\\/\\\/www.carolrenauxphoto.com\\\/wp-content\\\/uploads\\\/2020\\\/06\\\/carol-renaux-photo-menu.jpg\",\"contentUrl\":\"https:\\\/\\\/www.carolrenauxphoto.com\\\/wp-content\\\/uploads\\\/2020\\\/06\\\/carol-renaux-photo-menu.jpg\",\"width\":322,\"height\":77,\"caption\":\"Fotograf\u00eda de Maternidad, reci\u00e9n nacidos y embarazo en Madrid\"},\"image\":{\"@id\":\"https:\\\/\\\/www.carolrenauxphoto.com\\\/#\\\/schema\\\/logo\\\/image\\\/\"},\"sameAs\":[\"https:\\\/\\\/www.facebook.com\\\/carolrenauxphoto\\\/\",\"https:\\\/\\\/www.instagram.com\\\/carolrenauxphoto\\\/\",\"https:\\\/\\\/www.pinterest.es\\\/carolrenauxphoto\\\/\"]}]}<\/script>\n<!-- \/ Yoast SEO plugin. -->","yoast_head_json":{"title":"Familias - Fotograf\u00eda de Maternidad, reci\u00e9n nacidos y embarazo en Madrid","description":"Fotograf\u00eda de familias en Madrid. Lo importante es que la sesi\u00f3n de fotos sea la oportunidad de disfrutar del rato juntos y yo me encargar\u00e9 de captar vuestra familia tal y como sois.","robots":{"index":"index","follow":"follow","max-snippet":"max-snippet:-1","max-image-preview":"max-image-preview:large","max-video-preview":"max-video-preview:-1"},"canonical":"https:\/\/www.carolrenauxphoto.com\/en\/familias\/","og_locale":"en_GB","og_type":"article","og_title":"Familias - Fotograf\u00eda de Maternidad, reci\u00e9n nacidos y embarazo en Madrid","og_description":"Fotograf\u00eda de familias en Madrid. Lo importante es que la sesi\u00f3n de fotos sea la oportunidad de disfrutar del rato juntos y yo me encargar\u00e9 de captar vuestra familia tal y como sois.","og_url":"https:\/\/www.carolrenauxphoto.com\/en\/familias\/","og_site_name":"Fotograf\u00eda de Maternidad, reci\u00e9n nacidos y embarazo en Madrid","article_publisher":"https:\/\/www.facebook.com\/carolrenauxphoto\/","article_modified_time":"2026-07-28T14:15:04+00:00","og_image":[{"url":"https:\/\/www.carolrenauxphoto.com\/wp-content\/uploads\/2020\/07\/cab-familia.jpg","type":"","width":"","height":""}],"twitter_card":"summary_large_image","schema":{"@context":"https:\/\/schema.org","@graph":[{"@type":"WebPage","@id":"https:\/\/www.carolrenauxphoto.com\/familias\/","url":"https:\/\/www.carolrenauxphoto.com\/familias\/","name":"Familias - Fotograf\u00eda de Maternidad, reci\u00e9n nacidos y embarazo en Madrid","isPartOf":{"@id":"https:\/\/www.carolrenauxphoto.com\/#website"},"primaryImageOfPage":{"@id":"https:\/\/www.carolrenauxphoto.com\/familias\/#primaryimage"},"image":{"@id":"https:\/\/www.carolrenauxphoto.com\/familias\/#primaryimage"},"thumbnailUrl":"https:\/\/www.carolrenauxphoto.com\/wp-content\/uploads\/2020\/07\/cab-familia.jpg","datePublished":"2020-07-16T15:50:49+00:00","dateModified":"2026-07-28T14:15:04+00:00","description":"Fotograf\u00eda de familias en Madrid. Lo importante es que la sesi\u00f3n de fotos sea la oportunidad de disfrutar del rato juntos y yo me encargar\u00e9 de captar vuestra familia tal y como sois.","breadcrumb":{"@id":"https:\/\/www.carolrenauxphoto.com\/familias\/#breadcrumb"},"inLanguage":"en-GB","potentialAction":[{"@type":"ReadAction","target":["https:\/\/www.carolrenauxphoto.com\/familias\/"]}]},{"@type":"ImageObject","inLanguage":"en-GB","@id":"https:\/\/www.carolrenauxphoto.com\/familias\/#primaryimage","url":"https:\/\/www.carolrenauxphoto.com\/wp-content\/uploads\/2020\/07\/cab-familia.jpg","contentUrl":"https:\/\/www.carolrenauxphoto.com\/wp-content\/uploads\/2020\/07\/cab-familia.jpg"},{"@type":"BreadcrumbList","@id":"https:\/\/www.carolrenauxphoto.com\/familias\/#breadcrumb","itemListElement":[{"@type":"ListItem","position":1,"name":"Portada","item":"https:\/\/www.carolrenauxphoto.com\/"},{"@type":"ListItem","position":2,"name":"Familias"}]},{"@type":"WebSite","@id":"https:\/\/www.carolrenauxphoto.com\/#website","url":"https:\/\/www.carolrenauxphoto.com\/","name":"Fotograf\u00eda de Maternidad, reci\u00e9n nacidos y embarazo en Madrid","description":"Fot\u00f3grafa de Maternidad, reci\u00e9n nacidos y embarazo en Madrid","publisher":{"@id":"https:\/\/www.carolrenauxphoto.com\/#organization"},"potentialAction":[{"@type":"SearchAction","target":{"@type":"EntryPoint","urlTemplate":"https:\/\/www.carolrenauxphoto.com\/?s={search_term_string}"},"query-input":{"@type":"PropertyValueSpecification","valueRequired":true,"valueName":"search_term_string"}}],"inLanguage":"en-GB"},{"@type":"Organization","@id":"https:\/\/www.carolrenauxphoto.com\/#organization","name":"Fotograf\u00eda de Maternidad, reci\u00e9n nacidos y embarazo en Madrid","url":"https:\/\/www.carolrenauxphoto.com\/","logo":{"@type":"ImageObject","inLanguage":"en-GB","@id":"https:\/\/www.carolrenauxphoto.com\/#\/schema\/logo\/image\/","url":"https:\/\/www.carolrenauxphoto.com\/wp-content\/uploads\/2020\/06\/carol-renaux-photo-menu.jpg","contentUrl":"https:\/\/www.carolrenauxphoto.com\/wp-content\/uploads\/2020\/06\/carol-renaux-photo-menu.jpg","width":322,"height":77,"caption":"Fotograf\u00eda de Maternidad, reci\u00e9n nacidos y embarazo en Madrid"},"image":{"@id":"https:\/\/www.carolrenauxphoto.com\/#\/schema\/logo\/image\/"},"sameAs":["https:\/\/www.facebook.com\/carolrenauxphoto\/","https:\/\/www.instagram.com\/carolrenauxphoto\/","https:\/\/www.pinterest.es\/carolrenauxphoto\/"]}]}},"_links":{"self":[{"href":"https:\/\/www.carolrenauxphoto.com\/en\/wp-json\/wp\/v2\/pages\/989","targetHints":{"allow":["GET"]}}],"collection":[{"href":"https:\/\/www.carolrenauxphoto.com\/en\/wp-json\/wp\/v2\/pages"}],"about":[{"href":"https:\/\/www.carolrenauxphoto.com\/en\/wp-json\/wp\/v2\/types\/page"}],"author":[{"embeddable":true,"href":"https:\/\/www.carolrenauxphoto.com\/en\/wp-json\/wp\/v2\/users\/1"}],"replies":[{"embeddable":true,"href":"https:\/\/www.carolrenauxphoto.com\/en\/wp-json\/wp\/v2\/comments?post=989"}],"version-history":[{"count":3,"href":"https:\/\/www.carolrenauxphoto.com\/en\/wp-json\/wp\/v2\/pages\/989\/revisions"}],"predecessor-version":[{"id":1709,"href":"https:\/\/www.carolrenauxphoto.com\/en\/wp-json\/wp\/v2\/pages\/989\/revisions\/1709"}],"wp:attachment":[{"href":"https:\/\/www.carolrenauxphoto.com\/en\/wp-json\/wp\/v2\/media?parent=989"}],"curies":[{"name":"wp","href":"https:\/\/api.w.org\/{rel}","templated":true}]}}